{"id":863,"date":"2020-08-17T11:38:23","date_gmt":"2020-08-17T09:38:23","guid":{"rendered":"https:\/\/www.lacivicapermerano.eu\/?page_id=863"},"modified":"2021-10-03T16:27:24","modified_gmt":"2021-10-03T14:27:24","slug":"candidati","status":"publish","type":"page","link":"https:\/\/www.lacivicapermerano.eu\/de\/candidati\/","title":{"rendered":"I candidati"},"content":{"rendered":"<div id=\"fb-root\"><\/div>\n\t\t<div data-elementor-type=\"wp-page\" data-elementor-id=\"863\" class=\"elementor elementor-863\" data-elementor-post-type=\"page\">\n\t\t\t\t\t\t<section class=\"elementor-section elementor-top-section elementor-element elementor-element-947b11f elementor-section-boxed elementor-section-height-default elementor-section-height-default\" data-id=\"947b11f\" data-element_type=\"section\" data-e-type=\"section\">\n\t\t\t\t\t\t<div class=\"elementor-container elementor-column-gap-default\">\n\t\t\t\t\t<div class=\"elementor-column elementor-col-100 elementor-top-column elementor-element elementor-element-4efd16b\" data-id=\"4efd16b\" data-element_type=\"column\" data-e-type=\"column\">\n\t\t\t<div class=\"elementor-widget-wrap elementor-element-populated\">\n\t\t\t\t\t\t<div class=\"elementor-element elementor-element-2625167 elementor-widget elementor-widget-heading\" data-id=\"2625167\" data-element_type=\"widget\" data-e-type=\"widget\" data-widget_type=\"heading.default\">\n\t\t\t\t<div class=\"elementor-widget-container\">\n\t\t\t\t\t<h1 class=\"elementor-heading-title elementor-size-default\">Kommunalwahlen 2021: die Kandidaten<\/h1>\t\t\t\t<\/div>\n\t\t\t\t<\/div>\n\t\t\t\t\t<\/div>\n\t\t<\/div>\n\t\t\t\t\t<\/div>\n\t\t<\/section>\n\t\t\t\t<section class=\"elementor-section elementor-top-section elementor-element elementor-element-4e6c1db elementor-section-boxed elementor-section-height-default elementor-section-height-default\" data-id=\"4e6c1db\" data-element_type=\"section\" data-e-type=\"section\" data-settings=\"{&quot;background_background&quot;:&quot;classic&quot;}\">\n\t\t\t\t\t\t<div class=\"elementor-container elementor-column-gap-default\">\n\t\t\t\t\t<div class=\"elementor-column elementor-col-100 elementor-top-column elementor-element elementor-element-42fa112\" data-id=\"42fa112\" data-element_type=\"column\" data-e-type=\"column\">\n\t\t\t<div class=\"elementor-widget-wrap elementor-element-populated\">\n\t\t\t\t\t\t<section class=\"elementor-section elementor-inner-section elementor-element elementor-element-ea320e4 elementor-section-boxed elementor-section-height-default elementor-section-height-default\" data-id=\"ea320e4\" data-element_type=\"section\" data-e-type=\"section\">\n\t\t\t\t\t\t<div class=\"elementor-container elementor-column-gap-default\">\n\t\t\t\t\t<div class=\"elementor-column elementor-col-50 elementor-inner-column elementor-element elementor-element-9850332\" data-id=\"9850332\" data-element_type=\"column\" data-e-type=\"column\">\n\t\t\t<div class=\"elementor-widget-wrap elementor-element-populated\">\n\t\t\t\t\t\t<div class=\"elementor-element elementor-element-afe5770 elementor-widget elementor-widget-image\" data-id=\"afe5770\" data-element_type=\"widget\" data-e-type=\"widget\" data-widget_type=\"image.default\">\n\t\t\t\t<div class=\"elementor-widget-container\">\n\t\t\t\t\t\t\t\t\t\t\t\t\t\t\t<img fetchpriority=\"high\" decoding=\"async\" width=\"300\" height=\"200\" src=\"https:\/\/www.lacivicapermerano.eu\/wp-content\/uploads\/2020\/08\/CPM2020_28_balzarini-300x200.jpg\" class=\"attachment-medium size-medium wp-image-916\" alt=\"\" srcset=\"https:\/\/www.lacivicapermerano.eu\/wp-content\/uploads\/2020\/08\/CPM2020_28_balzarini-300x200.jpg 300w, https:\/\/www.lacivicapermerano.eu\/wp-content\/uploads\/2020\/08\/CPM2020_28_balzarini-768x513.jpg 768w, https:\/\/www.lacivicapermerano.eu\/wp-content\/uploads\/2020\/08\/CPM2020_28_balzarini-830x554.jpg 830w, https:\/\/www.lacivicapermerano.eu\/wp-content\/uploads\/2020\/08\/CPM2020_28_balzarini-230x154.jpg 230w, https:\/\/www.lacivicapermerano.eu\/wp-content\/uploads\/2020\/08\/CPM2020_28_balzarini-350x234.jpg 350w, https:\/\/www.lacivicapermerano.eu\/wp-content\/uploads\/2020\/08\/CPM2020_28_balzarini-480x321.jpg 480w, https:\/\/www.lacivicapermerano.eu\/wp-content\/uploads\/2020\/08\/CPM2020_28_balzarini.jpg 1000w\" sizes=\"(max-width: 300px) 100vw, 300px\" \/>\t\t\t\t\t\t\t\t\t\t\t\t\t\t\t<\/div>\n\t\t\t\t<\/div>\n\t\t\t\t<div class=\"elementor-element elementor-element-2d3b482 elementor-align-center elementor-widget elementor-widget-button\" data-id=\"2d3b482\" data-element_type=\"widget\" data-e-type=\"widget\" data-widget_type=\"button.default\">\n\t\t\t\t<div class=\"elementor-widget-container\">\n\t\t\t\t\t\t\t\t\t<div class=\"elementor-button-wrapper\">\n\t\t\t\t\t<a class=\"elementor-button elementor-button-link elementor-size-sm\" href=\"https:\/\/www.lacivicapermerano.eu\/wp-content\/uploads\/2021\/09\/Certificato-Penale-Balzarini-Giorgio.pdf\">\n\t\t\t\t\t\t<span class=\"elementor-button-content-wrapper\">\n\t\t\t\t\t\t\t\t\t<span class=\"elementor-button-text\">Cert. penale<\/span>\n\t\t\t\t\t<\/span>\n\t\t\t\t\t<\/a>\n\t\t\t\t<\/div>\n\t\t\t\t\t\t\t\t<\/div>\n\t\t\t\t<\/div>\n\t\t\t\t\t<\/div>\n\t\t<\/div>\n\t\t\t\t<div class=\"elementor-column elementor-col-50 elementor-inner-column elementor-element elementor-element-a5c3ca9\" data-id=\"a5c3ca9\" data-element_type=\"column\" data-e-type=\"column\">\n\t\t\t<div class=\"elementor-widget-wrap elementor-element-populated\">\n\t\t\t\t\t\t<div class=\"elementor-element elementor-element-67340fe elementor-widget elementor-widget-heading\" data-id=\"67340fe\" data-element_type=\"widget\" data-e-type=\"widget\" data-widget_type=\"heading.default\">\n\t\t\t\t<div class=\"elementor-widget-container\">\n\t\t\t\t\t<h2 class=\"elementor-heading-title elementor-size-default\">Giorgio Balzarini<\/h2>\t\t\t\t<\/div>\n\t\t\t\t<\/div>\n\t\t\t\t<div class=\"elementor-element elementor-element-af2226c elementor-widget elementor-widget-text-editor\" data-id=\"af2226c\" data-element_type=\"widget\" data-e-type=\"widget\" data-widget_type=\"text-editor.default\">\n\t\t\t\t<div class=\"elementor-widget-container\">\n\t\t\t\t\t\t\t\t\t<p>56 anni. Avvocato, impegnato nel volontariato sociale e giovanile, gi\u00e0 vicesindaco.<\/p>\t\t\t\t\t\t\t\t<\/div>\n\t\t\t\t<\/div>\n\t\t\t\t\t<\/div>\n\t\t<\/div>\n\t\t\t\t\t<\/div>\n\t\t<\/section>\n\t\t\t\t<section class=\"elementor-section elementor-inner-section elementor-element elementor-element-82bdd38 elementor-section-boxed elementor-section-height-default elementor-section-height-default\" data-id=\"82bdd38\" data-element_type=\"section\" data-e-type=\"section\">\n\t\t\t\t\t\t<div class=\"elementor-container elementor-column-gap-default\">\n\t\t\t\t\t<div class=\"elementor-column elementor-col-100 elementor-inner-column elementor-element elementor-element-15bf919\" data-id=\"15bf919\" data-element_type=\"column\" data-e-type=\"column\">\n\t\t\t<div class=\"elementor-widget-wrap elementor-element-populated\">\n\t\t\t\t\t\t<div class=\"elementor-element elementor-element-ea13d95 elementor-widget elementor-widget-toggle\" data-id=\"ea13d95\" data-element_type=\"widget\" data-e-type=\"widget\" data-widget_type=\"toggle.default\">\n\t\t\t\t<div class=\"elementor-widget-container\">\n\t\t\t\t\t\t\t<div class=\"elementor-toggle\">\n\t\t\t\t\t\t\t<div class=\"elementor-toggle-item\">\n\t\t\t\t\t<div id=\"elementor-tab-title-2451\" class=\"elementor-tab-title\" data-tab=\"1\" role=\"button\" aria-controls=\"elementor-tab-content-2451\" aria-expanded=\"false\">\n\t\t\t\t\t\t\t\t\t\t\t\t<span class=\"elementor-toggle-icon elementor-toggle-icon-left\" aria-hidden=\"true\">\n\t\t\t\t\t\t\t\t\t\t\t\t\t\t\t<span class=\"elementor-toggle-icon-closed\"><i class=\"fas fa-comment-dots\"><\/i><\/span>\n\t\t\t\t\t\t\t\t<span class=\"elementor-toggle-icon-opened\"><i class=\"elementor-toggle-icon-opened fas fa-caret-up\"><\/i><\/span>\n\t\t\t\t\t\t\t\t\t\t\t\t\t<\/span>\n\t\t\t\t\t\t\t\t\t\t\t\t<a class=\"elementor-toggle-title\" tabindex=\"0\">Mi presento<\/a>\n\t\t\t\t\t<\/div>\n\n\t\t\t\t\t<div id=\"elementor-tab-content-2451\" class=\"elementor-tab-content elementor-clearfix\" data-tab=\"1\" role=\"region\" aria-labelledby=\"elementor-tab-title-2451\"><div class=\"page\" title=\"Page 1\"><div class=\"section\"><div class=\"layoutArea\"><div class=\"column\"><p>Nato il 15 febbraio 1965 in Merano<\/p><p>Residente in Merano, via Alfieri. Sposato, con 3 figli.<\/p><p>Diploma di maturita\u0300 scientifica<br \/>Laureato in Giurisprudenza a Trento (con tesi sui Servizi Pubblici Locali)<\/p><p>Svolto il servizio militare nel 1987\/88 prima ad Aosta alla Scuola Alpina (SMALP), di seguito presso il battaglione di stanza in Glorenza &#8211; Malles Venosta come Ufficiale di complemento dell\u2019Esercito Italiano.<\/p><p>Dal 1995 iniziata la professione legale, dapprima come praticante e poi come avvocato con un proprio studio in p.zza Teatro a Merano (indirizzato in materia civile, in particolare risarcimento del danno e recupero crediti, lavoro, diritto di famiglia, successioni, infortunistica, condominio, locazioni, immigrazione).<\/p><p>Partecipato nel corso degli anni della formazione professionale obbligatoria a numerosi corsi di formazione professionale in vari ambiti tra cui anche in diritto amministrativo, penale e societario.<\/p><p>Dal 2001 al 2007 ho svolto due mandati presso la societa\u0300 delle TERME MERANO SpA, con il ruolo di Vicepresidente;<\/p><p>dal 2000 al 2005 Consigliere comunale<br \/>dal 2005 al 2010 Presidente del Consiglio comunale dal 2010 al 2015 Vicesindaco<br \/>dal 2015 al 2020 Consigliere comunale<\/p><p>dal 1988 al 2000 svolto attivita\u0300 di volontariato \/ educatore nell\u2019AGESCI (scout)<br \/>dal 1990 al 1997 presidente della associazione sportiva Holiday<br \/>dal 2000 al 2010 presidente del centro giovanile Strike Up in Merano, via Roma, 1,<br \/>dal 2007 e per tre anni quale presidente dell\u2019associazione Trait d\u2019Union (a favore di integrazione e convivenza), poi come socio e membro del direttivo;<br \/>dal 2000 sono consulente legale presso il Consultorio familiare P.M. Kolbe di Merano.<br \/>Dal 2020 di nuovo presidente del Centro Giovani Strike Up in Merano, via Roma, 1.<\/p><\/div><\/div><\/div><\/div><\/div>\n\t\t\t\t<\/div>\n\t\t\t\t\t\t\t\t<\/div>\n\t\t\t\t\t\t<\/div>\n\t\t\t\t<\/div>\n\t\t\t\t\t<\/div>\n\t\t<\/div>\n\t\t\t\t\t<\/div>\n\t\t<\/section>\n\t\t\t\t\t<\/div>\n\t\t<\/div>\n\t\t\t\t\t<\/div>\n\t\t<\/section>\n\t\t\t\t<section class=\"elementor-section elementor-top-section elementor-element elementor-element-4bcf7ec elementor-section-boxed elementor-section-height-default elementor-section-height-default\" data-id=\"4bcf7ec\" data-element_type=\"section\" data-e-type=\"section\" data-settings=\"{&quot;background_background&quot;:&quot;classic&quot;}\">\n\t\t\t\t\t\t<div class=\"elementor-container elementor-column-gap-default\">\n\t\t\t\t\t<div class=\"elementor-column elementor-col-100 elementor-top-column elementor-element elementor-element-8ed225b\" data-id=\"8ed225b\" data-element_type=\"column\" data-e-type=\"column\">\n\t\t\t<div class=\"elementor-widget-wrap elementor-element-populated\">\n\t\t\t\t\t\t<section class=\"elementor-section elementor-inner-section elementor-element elementor-element-d7570c9 elementor-section-boxed elementor-section-height-default elementor-section-height-default\" data-id=\"d7570c9\" data-element_type=\"section\" data-e-type=\"section\">\n\t\t\t\t\t\t<div class=\"elementor-container elementor-column-gap-default\">\n\t\t\t\t\t<div class=\"elementor-column elementor-col-50 elementor-inner-column elementor-element elementor-element-3fbc04e\" data-id=\"3fbc04e\" data-element_type=\"column\" data-e-type=\"column\">\n\t\t\t<div class=\"elementor-widget-wrap elementor-element-populated\">\n\t\t\t\t\t\t<div class=\"elementor-element elementor-element-6bd3645 elementor-widget elementor-widget-image\" data-id=\"6bd3645\" data-element_type=\"widget\" data-e-type=\"widget\" data-widget_type=\"image.default\">\n\t\t\t\t<div class=\"elementor-widget-container\">\n\t\t\t\t\t\t\t\t\t\t\t\t\t\t\t<img decoding=\"async\" width=\"300\" height=\"200\" src=\"https:\/\/www.lacivicapermerano.eu\/wp-content\/uploads\/2021\/09\/02-Taranto-300x200.jpeg\" class=\"attachment-medium size-medium wp-image-1481\" alt=\"\" srcset=\"https:\/\/www.lacivicapermerano.eu\/wp-content\/uploads\/2021\/09\/02-Taranto-300x200.jpeg 300w, https:\/\/www.lacivicapermerano.eu\/wp-content\/uploads\/2021\/09\/02-Taranto-1024x684.jpeg 1024w, https:\/\/www.lacivicapermerano.eu\/wp-content\/uploads\/2021\/09\/02-Taranto-768x513.jpeg 768w, https:\/\/www.lacivicapermerano.eu\/wp-content\/uploads\/2021\/09\/02-Taranto-18x12.jpeg 18w, https:\/\/www.lacivicapermerano.eu\/wp-content\/uploads\/2021\/09\/02-Taranto-830x554.jpeg 830w, https:\/\/www.lacivicapermerano.eu\/wp-content\/uploads\/2021\/09\/02-Taranto-230x154.jpeg 230w, https:\/\/www.lacivicapermerano.eu\/wp-content\/uploads\/2021\/09\/02-Taranto-350x234.jpeg 350w, https:\/\/www.lacivicapermerano.eu\/wp-content\/uploads\/2021\/09\/02-Taranto-480x320.jpeg 480w, https:\/\/www.lacivicapermerano.eu\/wp-content\/uploads\/2021\/09\/02-Taranto.jpeg 1504w\" sizes=\"(max-width: 300px) 100vw, 300px\" \/>\t\t\t\t\t\t\t\t\t\t\t\t\t\t\t<\/div>\n\t\t\t\t<\/div>\n\t\t\t\t<div class=\"elementor-element elementor-element-a7f5ca8 elementor-align-center elementor-widget elementor-widget-button\" data-id=\"a7f5ca8\" data-element_type=\"widget\" data-e-type=\"widget\" data-widget_type=\"button.default\">\n\t\t\t\t<div class=\"elementor-widget-container\">\n\t\t\t\t\t\t\t\t\t<div class=\"elementor-button-wrapper\">\n\t\t\t\t\t<a class=\"elementor-button elementor-button-link elementor-size-sm\" href=\"https:\/\/www.lacivicapermerano.eu\/wp-content\/uploads\/2021\/09\/Certificato-Penale-Taranto-Walter.pdf\">\n\t\t\t\t\t\t<span class=\"elementor-button-content-wrapper\">\n\t\t\t\t\t\t\t\t\t<span class=\"elementor-button-text\">Cert. penale<\/span>\n\t\t\t\t\t<\/span>\n\t\t\t\t\t<\/a>\n\t\t\t\t<\/div>\n\t\t\t\t\t\t\t\t<\/div>\n\t\t\t\t<\/div>\n\t\t\t\t\t<\/div>\n\t\t<\/div>\n\t\t\t\t<div class=\"elementor-column elementor-col-50 elementor-inner-column elementor-element elementor-element-41cf5fc\" data-id=\"41cf5fc\" data-element_type=\"column\" data-e-type=\"column\">\n\t\t\t<div class=\"elementor-widget-wrap elementor-element-populated\">\n\t\t\t\t\t\t<div class=\"elementor-element elementor-element-5fdf240 elementor-widget elementor-widget-heading\" data-id=\"5fdf240\" data-element_type=\"widget\" data-e-type=\"widget\" data-widget_type=\"heading.default\">\n\t\t\t\t<div class=\"elementor-widget-container\">\n\t\t\t\t\t<h2 class=\"elementor-heading-title elementor-size-default\">Walter Taranto<\/h2>\t\t\t\t<\/div>\n\t\t\t\t<\/div>\n\t\t\t\t<div class=\"elementor-element elementor-element-fe1a10d elementor-widget elementor-widget-text-editor\" data-id=\"fe1a10d\" data-element_type=\"widget\" data-e-type=\"widget\" data-widget_type=\"text-editor.default\">\n\t\t\t\t<div class=\"elementor-widget-container\">\n\t\t\t\t\t\t\t\t\t<p>57 anni. Consulente aziendale e giornalista sportivo. Attivo nel volontariato e nel mondo delle associazioni. Gi\u00e0 consigliere comunale.<\/p>\t\t\t\t\t\t\t\t<\/div>\n\t\t\t\t<\/div>\n\t\t\t\t\t<\/div>\n\t\t<\/div>\n\t\t\t\t\t<\/div>\n\t\t<\/section>\n\t\t\t\t<section class=\"elementor-section elementor-inner-section elementor-element elementor-element-fbd5ae4 elementor-section-boxed elementor-section-height-default elementor-section-height-default\" data-id=\"fbd5ae4\" data-element_type=\"section\" data-e-type=\"section\">\n\t\t\t\t\t\t<div class=\"elementor-container elementor-column-gap-default\">\n\t\t\t\t\t<div class=\"elementor-column elementor-col-100 elementor-inner-column elementor-element elementor-element-a46e602\" data-id=\"a46e602\" data-element_type=\"column\" data-e-type=\"column\">\n\t\t\t<div class=\"elementor-widget-wrap elementor-element-populated\">\n\t\t\t\t\t\t<div class=\"elementor-element elementor-element-80e4a1e elementor-widget elementor-widget-toggle\" data-id=\"80e4a1e\" data-element_type=\"widget\" data-e-type=\"widget\" data-widget_type=\"toggle.default\">\n\t\t\t\t<div class=\"elementor-widget-container\">\n\t\t\t\t\t\t\t<div class=\"elementor-toggle\">\n\t\t\t\t\t\t\t<div class=\"elementor-toggle-item\">\n\t\t\t\t\t<div id=\"elementor-tab-title-1351\" class=\"elementor-tab-title\" data-tab=\"1\" role=\"button\" aria-controls=\"elementor-tab-content-1351\" aria-expanded=\"false\">\n\t\t\t\t\t\t\t\t\t\t\t\t<span class=\"elementor-toggle-icon elementor-toggle-icon-left\" aria-hidden=\"true\">\n\t\t\t\t\t\t\t\t\t\t\t\t\t\t\t<span class=\"elementor-toggle-icon-closed\"><i class=\"fas fa-comment-dots\"><\/i><\/span>\n\t\t\t\t\t\t\t\t<span class=\"elementor-toggle-icon-opened\"><i class=\"elementor-toggle-icon-opened fas fa-caret-up\"><\/i><\/span>\n\t\t\t\t\t\t\t\t\t\t\t\t\t<\/span>\n\t\t\t\t\t\t\t\t\t\t\t\t<a class=\"elementor-toggle-title\" tabindex=\"0\">Mi presento<\/a>\n\t\t\t\t\t<\/div>\n\n\t\t\t\t\t<div id=\"elementor-tab-content-1351\" class=\"elementor-tab-content elementor-clearfix\" data-tab=\"1\" role=\"region\" aria-labelledby=\"elementor-tab-title-1351\"><div class=\"page\" title=\"Page 1\"><div class=\"section\"><div class=\"layoutArea\"><div class=\"column\"><div class=\"page\" title=\"Page 1\"><div class=\"section\"><div class=\"layoutArea\"><div class=\"column\"><p>Mi chiamo Walter Taranto ho 56 anni, da sempre vivo a Merano con mia moglie Evelyn e i nostri due figli, Luca e Laura, studenti universitari.<br \/>Sono manager pubblicitario e giornalista sportivo.<br \/>Fin da giovanissimo attivo nel mondo dell\u2019associazionismo, attualmente ricopro le cariche di Presidente dell\u2019 Aesse Merano Nuoto e Vicepresidente del Consorzio delle Associazioni Meranesi. Consigliere comunale (2010-2015), assessore al Burgraviato (2010-2015).<\/p><p>Eletto per la seconda volta in consiglio comunale nel 2015, sono attualmente membro della Commissione Affari istituzionali e bilancio del Comune di Merano.<\/p><\/div><\/div><\/div><\/div><\/div><\/div><\/div><\/div><\/div>\n\t\t\t\t<\/div>\n\t\t\t\t\t\t\t\t<\/div>\n\t\t\t\t\t\t<\/div>\n\t\t\t\t<\/div>\n\t\t\t\t\t<\/div>\n\t\t<\/div>\n\t\t\t\t\t<\/div>\n\t\t<\/section>\n\t\t\t\t\t<\/div>\n\t\t<\/div>\n\t\t\t\t\t<\/div>\n\t\t<\/section>\n\t\t\t\t<section class=\"elementor-section elementor-top-section elementor-element elementor-element-1087e16 elementor-section-boxed elementor-section-height-default elementor-section-height-default\" data-id=\"1087e16\" data-element_type=\"section\" data-e-type=\"section\" data-settings=\"{&quot;background_background&quot;:&quot;classic&quot;}\">\n\t\t\t\t\t\t<div class=\"elementor-container elementor-column-gap-default\">\n\t\t\t\t\t<div class=\"elementor-column elementor-col-100 elementor-top-column elementor-element elementor-element-264e0ae\" data-id=\"264e0ae\" data-element_type=\"column\" data-e-type=\"column\">\n\t\t\t<div class=\"elementor-widget-wrap elementor-element-populated\">\n\t\t\t\t\t\t<section class=\"elementor-section elementor-inner-section elementor-element elementor-element-9af85db elementor-section-boxed elementor-section-height-default elementor-section-height-default\" data-id=\"9af85db\" data-element_type=\"section\" data-e-type=\"section\">\n\t\t\t\t\t\t<div class=\"elementor-container elementor-column-gap-default\">\n\t\t\t\t\t<div class=\"elementor-column elementor-col-50 elementor-inner-column elementor-element elementor-element-b3eb777\" data-id=\"b3eb777\" data-element_type=\"column\" data-e-type=\"column\">\n\t\t\t<div class=\"elementor-widget-wrap elementor-element-populated\">\n\t\t\t\t\t\t<div class=\"elementor-element elementor-element-0475720 elementor-widget elementor-widget-image\" data-id=\"0475720\" data-element_type=\"widget\" data-e-type=\"widget\" data-widget_type=\"image.default\">\n\t\t\t\t<div class=\"elementor-widget-container\">\n\t\t\t\t\t\t\t\t\t\t\t\t\t\t\t<img decoding=\"async\" width=\"300\" height=\"200\" src=\"https:\/\/www.lacivicapermerano.eu\/wp-content\/uploads\/2020\/08\/CPM2020_7_casolari-300x200.jpg\" class=\"attachment-medium size-medium wp-image-898\" alt=\"\" srcset=\"https:\/\/www.lacivicapermerano.eu\/wp-content\/uploads\/2020\/08\/CPM2020_7_casolari-300x200.jpg 300w, https:\/\/www.lacivicapermerano.eu\/wp-content\/uploads\/2020\/08\/CPM2020_7_casolari-768x513.jpg 768w, https:\/\/www.lacivicapermerano.eu\/wp-content\/uploads\/2020\/08\/CPM2020_7_casolari-830x554.jpg 830w, https:\/\/www.lacivicapermerano.eu\/wp-content\/uploads\/2020\/08\/CPM2020_7_casolari-230x154.jpg 230w, https:\/\/www.lacivicapermerano.eu\/wp-content\/uploads\/2020\/08\/CPM2020_7_casolari-350x234.jpg 350w, https:\/\/www.lacivicapermerano.eu\/wp-content\/uploads\/2020\/08\/CPM2020_7_casolari-480x321.jpg 480w, https:\/\/www.lacivicapermerano.eu\/wp-content\/uploads\/2020\/08\/CPM2020_7_casolari.jpg 1000w\" sizes=\"(max-width: 300px) 100vw, 300px\" \/>\t\t\t\t\t\t\t\t\t\t\t\t\t\t\t<\/div>\n\t\t\t\t<\/div>\n\t\t\t\t<div class=\"elementor-element elementor-element-0286ef7 elementor-align-center elementor-widget elementor-widget-button\" data-id=\"0286ef7\" data-element_type=\"widget\" data-e-type=\"widget\" data-widget_type=\"button.default\">\n\t\t\t\t<div class=\"elementor-widget-container\">\n\t\t\t\t\t\t\t\t\t<div class=\"elementor-button-wrapper\">\n\t\t\t\t\t<a class=\"elementor-button elementor-button-link elementor-size-sm\" href=\"https:\/\/www.lacivicapermerano.eu\/wp-content\/uploads\/2021\/09\/Certificato-Penale-Casolari-Andrea.pdf\">\n\t\t\t\t\t\t<span class=\"elementor-button-content-wrapper\">\n\t\t\t\t\t\t\t\t\t<span class=\"elementor-button-text\">Cert. penale<\/span>\n\t\t\t\t\t<\/span>\n\t\t\t\t\t<\/a>\n\t\t\t\t<\/div>\n\t\t\t\t\t\t\t\t<\/div>\n\t\t\t\t<\/div>\n\t\t\t\t\t<\/div>\n\t\t<\/div>\n\t\t\t\t<div class=\"elementor-column elementor-col-50 elementor-inner-column elementor-element elementor-element-f365f73\" data-id=\"f365f73\" data-element_type=\"column\" data-e-type=\"column\">\n\t\t\t<div class=\"elementor-widget-wrap elementor-element-populated\">\n\t\t\t\t\t\t<div class=\"elementor-element elementor-element-2200a58 elementor-widget elementor-widget-heading\" data-id=\"2200a58\" data-element_type=\"widget\" data-e-type=\"widget\" data-widget_type=\"heading.default\">\n\t\t\t\t<div class=\"elementor-widget-container\">\n\t\t\t\t\t<h2 class=\"elementor-heading-title elementor-size-default\">Andrea Casolari<\/h2>\t\t\t\t<\/div>\n\t\t\t\t<\/div>\n\t\t\t\t<div class=\"elementor-element elementor-element-1ba5115 elementor-widget elementor-widget-text-editor\" data-id=\"1ba5115\" data-element_type=\"widget\" data-e-type=\"widget\" data-widget_type=\"text-editor.default\">\n\t\t\t\t<div class=\"elementor-widget-container\">\n\t\t\t\t\t\t\t\t\t<p>49 anni. Mi occupo di consulenza finanziaria. Da sempre appassionato di sport, dirigente sportivo per molte associazioni. Gi\u00e0 assessore comunale.<\/p>\t\t\t\t\t\t\t\t<\/div>\n\t\t\t\t<\/div>\n\t\t\t\t\t<\/div>\n\t\t<\/div>\n\t\t\t\t\t<\/div>\n\t\t<\/section>\n\t\t\t\t<section class=\"elementor-section elementor-inner-section elementor-element elementor-element-8320bab elementor-section-boxed elementor-section-height-default elementor-section-height-default\" data-id=\"8320bab\" data-element_type=\"section\" data-e-type=\"section\">\n\t\t\t\t\t\t<div class=\"elementor-container elementor-column-gap-default\">\n\t\t\t\t\t<div class=\"elementor-column elementor-col-100 elementor-inner-column elementor-element elementor-element-4cb5f76\" data-id=\"4cb5f76\" data-element_type=\"column\" data-e-type=\"column\">\n\t\t\t<div class=\"elementor-widget-wrap elementor-element-populated\">\n\t\t\t\t\t\t<div class=\"elementor-element elementor-element-4fcfe30 elementor-widget elementor-widget-toggle\" data-id=\"4fcfe30\" data-element_type=\"widget\" data-e-type=\"widget\" data-widget_type=\"toggle.default\">\n\t\t\t\t<div class=\"elementor-widget-container\">\n\t\t\t\t\t\t\t<div class=\"elementor-toggle\">\n\t\t\t\t\t\t\t<div class=\"elementor-toggle-item\">\n\t\t\t\t\t<div id=\"elementor-tab-title-8361\" class=\"elementor-tab-title\" data-tab=\"1\" role=\"button\" aria-controls=\"elementor-tab-content-8361\" aria-expanded=\"false\">\n\t\t\t\t\t\t\t\t\t\t\t\t<span class=\"elementor-toggle-icon elementor-toggle-icon-left\" aria-hidden=\"true\">\n\t\t\t\t\t\t\t\t\t\t\t\t\t\t\t<span class=\"elementor-toggle-icon-closed\"><i class=\"fas fa-comment-dots\"><\/i><\/span>\n\t\t\t\t\t\t\t\t<span class=\"elementor-toggle-icon-opened\"><i class=\"elementor-toggle-icon-opened fas fa-caret-up\"><\/i><\/span>\n\t\t\t\t\t\t\t\t\t\t\t\t\t<\/span>\n\t\t\t\t\t\t\t\t\t\t\t\t<a class=\"elementor-toggle-title\" tabindex=\"0\">Mi presento<\/a>\n\t\t\t\t\t<\/div>\n\n\t\t\t\t\t<div id=\"elementor-tab-content-8361\" class=\"elementor-tab-content elementor-clearfix\" data-tab=\"1\" role=\"region\" aria-labelledby=\"elementor-tab-title-8361\"><div class=\"page\" title=\"Page 1\"><div class=\"section\"><div class=\"layoutArea\"><div class=\"column\"><p>Diploma di maturita\u0300 nel 1991 presso il liceo scientifico in lingua italiana di Merano<br \/>Esperienze professionali ed incarichi<br \/>Dal 1990 e fino al 2002 sono stato impegnato nell\u2019azienda di famiglia \u201cCasolari S.&amp; C.\u201d, con mansioni amministrative.<br \/>Dal 05 marzo 2002, ed ancora attualmente, come attivita\u0300 lavorativa principale mi occupo di consulenza finanziaria e previdenziale.<br \/>Nel dicembre 2001 ho superato l\u2019esame di abilitazione, da gennaio 2002 sono iscritto all\u2019albo nazionale dei consulenti finanziari.<br \/>Dal 2002 al 2017 ho svolto lavoro da consulente finanziario per il Gruppo Deutsche Bank, e dal 2017 ad oggi per Banca Generali Private<br \/>Dal 2007 al 2008 ho ricoperto la carica di Vicepresidente del consiglio di gestione di Socialfidi, cooperativa di garanzia fidi del terzo settore.<br \/>Dal 2007 al 2010 sono stato Presidente del consiglio di amministrazione di Meranarena srl.<br \/>Dal 2010 al 2015 sono stato Vicepresidente dell\u2019Azienda di Soggiorno e Turismo di Merano.<br \/>Dal 2010 al 2015 ho ricoperto la carica di Assessore del Comune di Merano<br \/>Altre informazioni<br \/>Da sempre appassionato di sport, dirigente sportivo per molte associazioni<br \/>Dal 2009 al 2017 Presidente del Comitato Regionale della P.A. di Bolzano della Federazione Italiana Pallacanestro<br \/>Dal 2009 al 2013 consigliere del Direttivo Nazionale Minibasket per la Federazione Italiana Minibasket<\/p><\/div><\/div><\/div><\/div><\/div>\n\t\t\t\t<\/div>\n\t\t\t\t\t\t\t\t<\/div>\n\t\t\t\t\t\t<\/div>\n\t\t\t\t<\/div>\n\t\t\t\t\t<\/div>\n\t\t<\/div>\n\t\t\t\t\t<\/div>\n\t\t<\/section>\n\t\t\t\t\t<\/div>\n\t\t<\/div>\n\t\t\t\t\t<\/div>\n\t\t<\/section>\n\t\t\t\t<section class=\"elementor-section elementor-top-section elementor-element elementor-element-4544360 elementor-section-boxed elementor-section-height-default elementor-section-height-default\" data-id=\"4544360\" data-element_type=\"section\" data-e-type=\"section\" data-settings=\"{&quot;background_background&quot;:&quot;classic&quot;}\">\n\t\t\t\t\t\t<div class=\"elementor-container elementor-column-gap-default\">\n\t\t\t\t\t<div class=\"elementor-column elementor-col-100 elementor-top-column elementor-element elementor-element-fd8c55e\" data-id=\"fd8c55e\" data-element_type=\"column\" data-e-type=\"column\">\n\t\t\t<div class=\"elementor-widget-wrap elementor-element-populated\">\n\t\t\t\t\t\t<section class=\"elementor-section elementor-inner-section elementor-element elementor-element-b16ed47 elementor-section-boxed elementor-section-height-default elementor-section-height-default\" data-id=\"b16ed47\" data-element_type=\"section\" data-e-type=\"section\">\n\t\t\t\t\t\t<div class=\"elementor-container elementor-column-gap-default\">\n\t\t\t\t\t<div class=\"elementor-column elementor-col-50 elementor-inner-column elementor-element elementor-element-3b3f36d\" data-id=\"3b3f36d\" data-element_type=\"column\" data-e-type=\"column\">\n\t\t\t<div class=\"elementor-widget-wrap elementor-element-populated\">\n\t\t\t\t\t\t<div class=\"elementor-element elementor-element-c35e313 elementor-widget elementor-widget-image\" data-id=\"c35e313\" data-element_type=\"widget\" data-e-type=\"widget\" data-widget_type=\"image.default\">\n\t\t\t\t<div class=\"elementor-widget-container\">\n\t\t\t\t\t\t\t\t\t\t\t\t\t\t\t<img loading=\"lazy\" decoding=\"async\" width=\"300\" height=\"200\" src=\"https:\/\/www.lacivicapermerano.eu\/wp-content\/uploads\/2020\/08\/CPM2020_30_albieri-300x200.jpg\" class=\"attachment-medium size-medium wp-image-903\" alt=\"\" srcset=\"https:\/\/www.lacivicapermerano.eu\/wp-content\/uploads\/2020\/08\/CPM2020_30_albieri-300x200.jpg 300w, https:\/\/www.lacivicapermerano.eu\/wp-content\/uploads\/2020\/08\/CPM2020_30_albieri-768x513.jpg 768w, https:\/\/www.lacivicapermerano.eu\/wp-content\/uploads\/2020\/08\/CPM2020_30_albieri-830x554.jpg 830w, https:\/\/www.lacivicapermerano.eu\/wp-content\/uploads\/2020\/08\/CPM2020_30_albieri-230x154.jpg 230w, https:\/\/www.lacivicapermerano.eu\/wp-content\/uploads\/2020\/08\/CPM2020_30_albieri-350x234.jpg 350w, https:\/\/www.lacivicapermerano.eu\/wp-content\/uploads\/2020\/08\/CPM2020_30_albieri-480x321.jpg 480w, https:\/\/www.lacivicapermerano.eu\/wp-content\/uploads\/2020\/08\/CPM2020_30_albieri.jpg 1000w\" sizes=\"(max-width: 300px) 100vw, 300px\" \/>\t\t\t\t\t\t\t\t\t\t\t\t\t\t\t<\/div>\n\t\t\t\t<\/div>\n\t\t\t\t<div class=\"elementor-element elementor-element-bb480e8 elementor-align-center elementor-widget elementor-widget-button\" data-id=\"bb480e8\" data-element_type=\"widget\" data-e-type=\"widget\" data-widget_type=\"button.default\">\n\t\t\t\t<div class=\"elementor-widget-container\">\n\t\t\t\t\t\t\t\t\t<div class=\"elementor-button-wrapper\">\n\t\t\t\t\t<a class=\"elementor-button elementor-button-link elementor-size-sm\" href=\"https:\/\/www.lacivicapermerano.eu\/wp-content\/uploads\/2021\/09\/Certificato-Penale-Albieri-Emanuela.pdf\">\n\t\t\t\t\t\t<span class=\"elementor-button-content-wrapper\">\n\t\t\t\t\t\t\t\t\t<span class=\"elementor-button-text\">Cert. penale<\/span>\n\t\t\t\t\t<\/span>\n\t\t\t\t\t<\/a>\n\t\t\t\t<\/div>\n\t\t\t\t\t\t\t\t<\/div>\n\t\t\t\t<\/div>\n\t\t\t\t\t<\/div>\n\t\t<\/div>\n\t\t\t\t<div class=\"elementor-column elementor-col-50 elementor-inner-column elementor-element elementor-element-fbbf4f2\" data-id=\"fbbf4f2\" data-element_type=\"column\" data-e-type=\"column\">\n\t\t\t<div class=\"elementor-widget-wrap elementor-element-populated\">\n\t\t\t\t\t\t<div class=\"elementor-element elementor-element-d7962c3 elementor-widget elementor-widget-heading\" data-id=\"d7962c3\" data-element_type=\"widget\" data-e-type=\"widget\" data-widget_type=\"heading.default\">\n\t\t\t\t<div class=\"elementor-widget-container\">\n\t\t\t\t\t<h2 class=\"elementor-heading-title elementor-size-default\">Emanuela \"Ema\" Albieri<\/h2>\t\t\t\t<\/div>\n\t\t\t\t<\/div>\n\t\t\t\t<div class=\"elementor-element elementor-element-3ca95a8 elementor-widget elementor-widget-text-editor\" data-id=\"3ca95a8\" data-element_type=\"widget\" data-e-type=\"widget\" data-widget_type=\"text-editor.default\">\n\t\t\t\t<div class=\"elementor-widget-container\">\n\t\t\t\t\t\t\t\t\t<p>40 anni. Educatrice socio-culturale, mamma e moglie. Da sempre attiva in ambito sociale. Gi\u00e0 consigliera comunale.<\/p>\t\t\t\t\t\t\t\t<\/div>\n\t\t\t\t<\/div>\n\t\t\t\t\t<\/div>\n\t\t<\/div>\n\t\t\t\t\t<\/div>\n\t\t<\/section>\n\t\t\t\t<section class=\"elementor-section elementor-inner-section elementor-element elementor-element-e7c54f2 elementor-section-boxed elementor-section-height-default elementor-section-height-default\" data-id=\"e7c54f2\" data-element_type=\"section\" data-e-type=\"section\">\n\t\t\t\t\t\t<div class=\"elementor-container elementor-column-gap-default\">\n\t\t\t\t\t<div class=\"elementor-column elementor-col-100 elementor-inner-column elementor-element elementor-element-c8761b0\" data-id=\"c8761b0\" data-element_type=\"column\" data-e-type=\"column\">\n\t\t\t<div class=\"elementor-widget-wrap elementor-element-populated\">\n\t\t\t\t\t\t<div class=\"elementor-element elementor-element-e9d1135 elementor-widget elementor-widget-toggle\" data-id=\"e9d1135\" data-element_type=\"widget\" data-e-type=\"widget\" data-widget_type=\"toggle.default\">\n\t\t\t\t<div class=\"elementor-widget-container\">\n\t\t\t\t\t\t\t<div class=\"elementor-toggle\">\n\t\t\t\t\t\t\t<div class=\"elementor-toggle-item\">\n\t\t\t\t\t<div id=\"elementor-tab-title-2451\" class=\"elementor-tab-title\" data-tab=\"1\" role=\"button\" aria-controls=\"elementor-tab-content-2451\" aria-expanded=\"false\">\n\t\t\t\t\t\t\t\t\t\t\t\t<span class=\"elementor-toggle-icon elementor-toggle-icon-left\" aria-hidden=\"true\">\n\t\t\t\t\t\t\t\t\t\t\t\t\t\t\t<span class=\"elementor-toggle-icon-closed\"><i class=\"fas fa-comment-dots\"><\/i><\/span>\n\t\t\t\t\t\t\t\t<span class=\"elementor-toggle-icon-opened\"><i class=\"elementor-toggle-icon-opened fas fa-caret-up\"><\/i><\/span>\n\t\t\t\t\t\t\t\t\t\t\t\t\t<\/span>\n\t\t\t\t\t\t\t\t\t\t\t\t<a class=\"elementor-toggle-title\" tabindex=\"0\">Mi presento<\/a>\n\t\t\t\t\t<\/div>\n\n\t\t\t\t\t<div id=\"elementor-tab-content-2451\" class=\"elementor-tab-content elementor-clearfix\" data-tab=\"1\" role=\"region\" aria-labelledby=\"elementor-tab-title-2451\"><p>Mi chiamo Emanuela Albieri e sono nata a Torino il 30 aprile 1981 da mamma sudtirolese e pap\u00e0 milanese. Ho una sorella, Eleonora, che svolge la professione di avvocato a Roma. Vivo a Merano con mio marito Enrico, broker assicurativo, e le nostre due bellissime bambine, Alice e Greta. Laureata in Scienze dell\u2019Educazione, sto frequentando il Master in \u201cInnovazione e Ricerca per gli Interventi Socio-Educativi\u201d (IRIS) Entrata in consiglio comunale nel 2013, sono stata poi eletta Consigliere comunale alle elezioni del 2015. In amministrazione comunale ricopro la carica di Presidente della Commissione \u201cAffari sociali, culturali, sportivi, della convivenza e del turismo\u201d e di Vicepresidente della Commissione \u201cPari Opportunit\u00e0\u201d.<\/p><\/div>\n\t\t\t\t<\/div>\n\t\t\t\t\t\t\t\t<\/div>\n\t\t\t\t\t\t<\/div>\n\t\t\t\t<\/div>\n\t\t\t\t\t<\/div>\n\t\t<\/div>\n\t\t\t\t\t<\/div>\n\t\t<\/section>\n\t\t\t\t\t<\/div>\n\t\t<\/div>\n\t\t\t\t\t<\/div>\n\t\t<\/section>\n\t\t\t\t<section class=\"elementor-section elementor-top-section elementor-element elementor-element-551e235 elementor-section-boxed elementor-section-height-default elementor-section-height-default\" data-id=\"551e235\" data-element_type=\"section\" data-e-type=\"section\" data-settings=\"{&quot;background_background&quot;:&quot;classic&quot;}\">\n\t\t\t\t\t\t<div class=\"elementor-container elementor-column-gap-default\">\n\t\t\t\t\t<div class=\"elementor-column elementor-col-100 elementor-top-column elementor-element elementor-element-36e9b8a\" data-id=\"36e9b8a\" data-element_type=\"column\" data-e-type=\"column\">\n\t\t\t<div class=\"elementor-widget-wrap elementor-element-populated\">\n\t\t\t\t\t\t<section class=\"elementor-section elementor-inner-section elementor-element elementor-element-7ced691 elementor-section-boxed elementor-section-height-default elementor-section-height-default\" data-id=\"7ced691\" data-element_type=\"section\" data-e-type=\"section\">\n\t\t\t\t\t\t<div class=\"elementor-container elementor-column-gap-default\">\n\t\t\t\t\t<div class=\"elementor-column elementor-col-50 elementor-inner-column elementor-element elementor-element-4a5d125\" data-id=\"4a5d125\" data-element_type=\"column\" data-e-type=\"column\">\n\t\t\t<div class=\"elementor-widget-wrap elementor-element-populated\">\n\t\t\t\t\t\t<div class=\"elementor-element elementor-element-6e6cf37 elementor-widget elementor-widget-image\" data-id=\"6e6cf37\" data-element_type=\"widget\" data-e-type=\"widget\" data-widget_type=\"image.default\">\n\t\t\t\t<div class=\"elementor-widget-container\">\n\t\t\t\t\t\t\t\t\t\t\t\t\t\t\t<img loading=\"lazy\" decoding=\"async\" width=\"300\" height=\"200\" src=\"https:\/\/www.lacivicapermerano.eu\/wp-content\/uploads\/2020\/08\/CPM2020_2_calligione-300x200.jpg\" class=\"attachment-medium size-medium wp-image-899\" alt=\"\" srcset=\"https:\/\/www.lacivicapermerano.eu\/wp-content\/uploads\/2020\/08\/CPM2020_2_calligione-300x200.jpg 300w, https:\/\/www.lacivicapermerano.eu\/wp-content\/uploads\/2020\/08\/CPM2020_2_calligione-768x513.jpg 768w, https:\/\/www.lacivicapermerano.eu\/wp-content\/uploads\/2020\/08\/CPM2020_2_calligione-830x554.jpg 830w, https:\/\/www.lacivicapermerano.eu\/wp-content\/uploads\/2020\/08\/CPM2020_2_calligione-230x154.jpg 230w, https:\/\/www.lacivicapermerano.eu\/wp-content\/uploads\/2020\/08\/CPM2020_2_calligione-350x234.jpg 350w, https:\/\/www.lacivicapermerano.eu\/wp-content\/uploads\/2020\/08\/CPM2020_2_calligione-480x321.jpg 480w, https:\/\/www.lacivicapermerano.eu\/wp-content\/uploads\/2020\/08\/CPM2020_2_calligione.jpg 1000w\" sizes=\"(max-width: 300px) 100vw, 300px\" \/>\t\t\t\t\t\t\t\t\t\t\t\t\t\t\t<\/div>\n\t\t\t\t<\/div>\n\t\t\t\t<div class=\"elementor-element elementor-element-1c3f9e4 elementor-align-center elementor-widget elementor-widget-button\" data-id=\"1c3f9e4\" data-element_type=\"widget\" data-e-type=\"widget\" data-widget_type=\"button.default\">\n\t\t\t\t<div class=\"elementor-widget-container\">\n\t\t\t\t\t\t\t\t\t<div class=\"elementor-button-wrapper\">\n\t\t\t\t\t<a class=\"elementor-button elementor-button-link elementor-size-sm\" href=\"https:\/\/www.lacivicapermerano.eu\/wp-content\/uploads\/2021\/09\/Certificato-Penale-Calligione-Beatrice.pdf\">\n\t\t\t\t\t\t<span class=\"elementor-button-content-wrapper\">\n\t\t\t\t\t\t\t\t\t<span class=\"elementor-button-text\">Cert. penale<\/span>\n\t\t\t\t\t<\/span>\n\t\t\t\t\t<\/a>\n\t\t\t\t<\/div>\n\t\t\t\t\t\t\t\t<\/div>\n\t\t\t\t<\/div>\n\t\t\t\t\t<\/div>\n\t\t<\/div>\n\t\t\t\t<div class=\"elementor-column elementor-col-50 elementor-inner-column elementor-element elementor-element-e18320b\" data-id=\"e18320b\" data-element_type=\"column\" data-e-type=\"column\">\n\t\t\t<div class=\"elementor-widget-wrap elementor-element-populated\">\n\t\t\t\t\t\t<div class=\"elementor-element elementor-element-d170894 elementor-widget elementor-widget-heading\" data-id=\"d170894\" data-element_type=\"widget\" data-e-type=\"widget\" data-widget_type=\"heading.default\">\n\t\t\t\t<div class=\"elementor-widget-container\">\n\t\t\t\t\t<h2 class=\"elementor-heading-title elementor-size-default\">Beatrice Calligione<\/h2>\t\t\t\t<\/div>\n\t\t\t\t<\/div>\n\t\t\t\t<div class=\"elementor-element elementor-element-0dbe7ec elementor-widget elementor-widget-text-editor\" data-id=\"0dbe7ec\" data-element_type=\"widget\" data-e-type=\"widget\" data-widget_type=\"text-editor.default\">\n\t\t\t\t<div class=\"elementor-widget-container\">\n\t\t\t\t\t\t\t\t\t<div class=\"page\" title=\"Page 1\"><div class=\"section\"><div class=\"layoutArea\"><div class=\"column\"><p>54 anni. Nata a Bolzano e da sempre vivo a Merano con il mio compagno e i nostri figli. Da 25 anni mi occupo di mediazione immobiliare.<\/p><\/div><\/div><\/div><\/div>\t\t\t\t\t\t\t\t<\/div>\n\t\t\t\t<\/div>\n\t\t\t\t\t<\/div>\n\t\t<\/div>\n\t\t\t\t\t<\/div>\n\t\t<\/section>\n\t\t\t\t<section class=\"elementor-section elementor-inner-section elementor-element elementor-element-89a7f3d elementor-section-boxed elementor-section-height-default elementor-section-height-default\" data-id=\"89a7f3d\" data-element_type=\"section\" data-e-type=\"section\">\n\t\t\t\t\t\t<div class=\"elementor-container elementor-column-gap-default\">\n\t\t\t\t\t<div class=\"elementor-column elementor-col-100 elementor-inner-column elementor-element elementor-element-81d1bd3\" data-id=\"81d1bd3\" data-element_type=\"column\" data-e-type=\"column\">\n\t\t\t<div class=\"elementor-widget-wrap elementor-element-populated\">\n\t\t\t\t\t\t<div class=\"elementor-element elementor-element-ce5fb8c elementor-widget elementor-widget-toggle\" data-id=\"ce5fb8c\" data-element_type=\"widget\" data-e-type=\"widget\" data-widget_type=\"toggle.default\">\n\t\t\t\t<div class=\"elementor-widget-container\">\n\t\t\t\t\t\t\t<div class=\"elementor-toggle\">\n\t\t\t\t\t\t\t<div class=\"elementor-toggle-item\">\n\t\t\t\t\t<div id=\"elementor-tab-title-2161\" class=\"elementor-tab-title\" data-tab=\"1\" role=\"button\" aria-controls=\"elementor-tab-content-2161\" aria-expanded=\"false\">\n\t\t\t\t\t\t\t\t\t\t\t\t<span class=\"elementor-toggle-icon elementor-toggle-icon-left\" aria-hidden=\"true\">\n\t\t\t\t\t\t\t\t\t\t\t\t\t\t\t<span class=\"elementor-toggle-icon-closed\"><i class=\"fas fa-comment-dots\"><\/i><\/span>\n\t\t\t\t\t\t\t\t<span class=\"elementor-toggle-icon-opened\"><i class=\"elementor-toggle-icon-opened fas fa-caret-up\"><\/i><\/span>\n\t\t\t\t\t\t\t\t\t\t\t\t\t<\/span>\n\t\t\t\t\t\t\t\t\t\t\t\t<a class=\"elementor-toggle-title\" tabindex=\"0\">Mi presento<\/a>\n\t\t\t\t\t<\/div>\n\n\t\t\t\t\t<div id=\"elementor-tab-content-2161\" class=\"elementor-tab-content elementor-clearfix\" data-tab=\"1\" role=\"region\" aria-labelledby=\"elementor-tab-title-2161\"><div class=\"page\" title=\"Page 1\"><div class=\"section\"><div class=\"layoutArea\"><div class=\"column\"><p>Sono nata a Bolzano il 30.09.1967 e da sempre vivo a Merano con il mio compagno e i nostri figli. Sono mamma di Edoardo ed Elias.<br \/>Diplomata nel 1986 al Liceo Linguistico \u201cIstituto Marcelline\u201d di Bolzano, ho frequentato l\u2019Universita\u0300 di Scienze Politiche fino al 1990, anno in cui ho iniziato a lavorare presso l\u2019impresa di costruzioni di famiglia, come addetta alle vendite. Nel 1995 ho aperto una mia agenzia immobiliare e da 25 anni mi occupo di mediazione immobiliare.<\/p><p>Dal 2004 al 2008 ho frequentato la scuola di formazione per Counselor in Biotransenergetica;<br \/>Dal 2010 al 2013 ho frequentato la Scuola di Naturopatia presso l\u2019Istituto RIZA di Verona e nel 2014 ho conseguito il Diploma di Naturopata presso lo stesso Istituto.<br \/>Dal 2012 al 2015 ho frequentato la scuola di formazione per Operatore Shiatsu presso la Scuola Shiatsu I.R.T.E.<\/p><\/div><\/div><\/div><\/div><\/div>\n\t\t\t\t<\/div>\n\t\t\t\t\t\t\t\t<\/div>\n\t\t\t\t\t\t<\/div>\n\t\t\t\t<\/div>\n\t\t\t\t\t<\/div>\n\t\t<\/div>\n\t\t\t\t\t<\/div>\n\t\t<\/section>\n\t\t\t\t\t<\/div>\n\t\t<\/div>\n\t\t\t\t\t<\/div>\n\t\t<\/section>\n\t\t\t\t<section class=\"elementor-section elementor-top-section elementor-element elementor-element-337db4d elementor-section-boxed elementor-section-height-default elementor-section-height-default\" data-id=\"337db4d\" data-element_type=\"section\" data-e-type=\"section\" data-settings=\"{&quot;background_background&quot;:&quot;classic&quot;}\">\n\t\t\t\t\t\t<div class=\"elementor-container elementor-column-gap-default\">\n\t\t\t\t\t<div class=\"elementor-column elementor-col-100 elementor-top-column elementor-element elementor-element-cbe8f05\" data-id=\"cbe8f05\" data-element_type=\"column\" data-e-type=\"column\">\n\t\t\t<div class=\"elementor-widget-wrap elementor-element-populated\">\n\t\t\t\t\t\t<section class=\"elementor-section elementor-inner-section elementor-element elementor-element-998a994 elementor-section-boxed elementor-section-height-default elementor-section-height-default\" data-id=\"998a994\" data-element_type=\"section\" data-e-type=\"section\">\n\t\t\t\t\t\t<div class=\"elementor-container elementor-column-gap-default\">\n\t\t\t\t\t<div class=\"elementor-column elementor-col-50 elementor-inner-column elementor-element elementor-element-dcab577\" data-id=\"dcab577\" data-element_type=\"column\" data-e-type=\"column\">\n\t\t\t<div class=\"elementor-widget-wrap elementor-element-populated\">\n\t\t\t\t\t\t<div class=\"elementor-element elementor-element-993f210 elementor-widget elementor-widget-image\" data-id=\"993f210\" data-element_type=\"widget\" data-e-type=\"widget\" data-widget_type=\"image.default\">\n\t\t\t\t<div class=\"elementor-widget-container\">\n\t\t\t\t\t\t\t\t\t\t\t\t\t\t\t<img loading=\"lazy\" decoding=\"async\" width=\"300\" height=\"200\" src=\"https:\/\/www.lacivicapermerano.eu\/wp-content\/uploads\/2020\/08\/CPM2020_21_toccolini-300x200.jpg\" class=\"attachment-medium size-medium wp-image-909\" alt=\"\" srcset=\"https:\/\/www.lacivicapermerano.eu\/wp-content\/uploads\/2020\/08\/CPM2020_21_toccolini-300x200.jpg 300w, https:\/\/www.lacivicapermerano.eu\/wp-content\/uploads\/2020\/08\/CPM2020_21_toccolini-768x513.jpg 768w, https:\/\/www.lacivicapermerano.eu\/wp-content\/uploads\/2020\/08\/CPM2020_21_toccolini-830x554.jpg 830w, https:\/\/www.lacivicapermerano.eu\/wp-content\/uploads\/2020\/08\/CPM2020_21_toccolini-230x154.jpg 230w, https:\/\/www.lacivicapermerano.eu\/wp-content\/uploads\/2020\/08\/CPM2020_21_toccolini-350x234.jpg 350w, https:\/\/www.lacivicapermerano.eu\/wp-content\/uploads\/2020\/08\/CPM2020_21_toccolini-480x321.jpg 480w, https:\/\/www.lacivicapermerano.eu\/wp-content\/uploads\/2020\/08\/CPM2020_21_toccolini.jpg 1000w\" sizes=\"(max-width: 300px) 100vw, 300px\" \/>\t\t\t\t\t\t\t\t\t\t\t\t\t\t\t<\/div>\n\t\t\t\t<\/div>\n\t\t\t\t<div class=\"elementor-element elementor-element-7b8773f elementor-align-center elementor-widget elementor-widget-button\" data-id=\"7b8773f\" data-element_type=\"widget\" data-e-type=\"widget\" data-widget_type=\"button.default\">\n\t\t\t\t<div class=\"elementor-widget-container\">\n\t\t\t\t\t\t\t\t\t<div class=\"elementor-button-wrapper\">\n\t\t\t\t\t<a class=\"elementor-button elementor-button-link elementor-size-sm\" href=\"https:\/\/www.lacivicapermerano.eu\/wp-content\/uploads\/2021\/09\/Certificato-Penale-Toccoli-Adriano.pdf\">\n\t\t\t\t\t\t<span class=\"elementor-button-content-wrapper\">\n\t\t\t\t\t\t\t\t\t<span class=\"elementor-button-text\">Cert. penale<\/span>\n\t\t\t\t\t<\/span>\n\t\t\t\t\t<\/a>\n\t\t\t\t<\/div>\n\t\t\t\t\t\t\t\t<\/div>\n\t\t\t\t<\/div>\n\t\t\t\t\t<\/div>\n\t\t<\/div>\n\t\t\t\t<div class=\"elementor-column elementor-col-50 elementor-inner-column elementor-element elementor-element-c368227\" data-id=\"c368227\" data-element_type=\"column\" data-e-type=\"column\">\n\t\t\t<div class=\"elementor-widget-wrap elementor-element-populated\">\n\t\t\t\t\t\t<div class=\"elementor-element elementor-element-3079b52 elementor-widget elementor-widget-heading\" data-id=\"3079b52\" data-element_type=\"widget\" data-e-type=\"widget\" data-widget_type=\"heading.default\">\n\t\t\t\t<div class=\"elementor-widget-container\">\n\t\t\t\t\t<h2 class=\"elementor-heading-title elementor-size-default\">Adriano Toccolini<\/h2>\t\t\t\t<\/div>\n\t\t\t\t<\/div>\n\t\t\t\t<div class=\"elementor-element elementor-element-9f0189f elementor-widget elementor-widget-text-editor\" data-id=\"9f0189f\" data-element_type=\"widget\" data-e-type=\"widget\" data-widget_type=\"text-editor.default\">\n\t\t\t\t<div class=\"elementor-widget-container\">\n\t\t\t\t\t\t\t\t\t<p>48 anni. Operaio in Edyna.\u00a0Da diversi anni impegnato nel comitato di quartieri di Piazza San Vigilio.\u00a0Gi\u00e0 consigliere comunale.<\/p>\t\t\t\t\t\t\t\t<\/div>\n\t\t\t\t<\/div>\n\t\t\t\t\t<\/div>\n\t\t<\/div>\n\t\t\t\t\t<\/div>\n\t\t<\/section>\n\t\t\t\t<section class=\"elementor-section elementor-inner-section elementor-element elementor-element-7b35f9e elementor-section-boxed elementor-section-height-default elementor-section-height-default\" data-id=\"7b35f9e\" data-element_type=\"section\" data-e-type=\"section\">\n\t\t\t\t\t\t<div class=\"elementor-container elementor-column-gap-default\">\n\t\t\t\t\t<div class=\"elementor-column elementor-col-100 elementor-inner-column elementor-element elementor-element-816ce10\" data-id=\"816ce10\" data-element_type=\"column\" data-e-type=\"column\">\n\t\t\t<div class=\"elementor-widget-wrap elementor-element-populated\">\n\t\t\t\t\t\t<div class=\"elementor-element elementor-element-fcb9e10 elementor-widget elementor-widget-toggle\" data-id=\"fcb9e10\" data-element_type=\"widget\" data-e-type=\"widget\" data-widget_type=\"toggle.default\">\n\t\t\t\t<div class=\"elementor-widget-container\">\n\t\t\t\t\t\t\t<div class=\"elementor-toggle\">\n\t\t\t\t\t\t\t<div class=\"elementor-toggle-item\">\n\t\t\t\t\t<div id=\"elementor-tab-title-2651\" class=\"elementor-tab-title\" data-tab=\"1\" role=\"button\" aria-controls=\"elementor-tab-content-2651\" aria-expanded=\"false\">\n\t\t\t\t\t\t\t\t\t\t\t\t<span class=\"elementor-toggle-icon elementor-toggle-icon-left\" aria-hidden=\"true\">\n\t\t\t\t\t\t\t\t\t\t\t\t\t\t\t<span class=\"elementor-toggle-icon-closed\"><i class=\"fas fa-comment-dots\"><\/i><\/span>\n\t\t\t\t\t\t\t\t<span class=\"elementor-toggle-icon-opened\"><i class=\"elementor-toggle-icon-opened fas fa-caret-up\"><\/i><\/span>\n\t\t\t\t\t\t\t\t\t\t\t\t\t<\/span>\n\t\t\t\t\t\t\t\t\t\t\t\t<a class=\"elementor-toggle-title\" tabindex=\"0\">Mi presento<\/a>\n\t\t\t\t\t<\/div>\n\n\t\t\t\t\t<div id=\"elementor-tab-content-2651\" class=\"elementor-tab-content elementor-clearfix\" data-tab=\"1\" role=\"region\" aria-labelledby=\"elementor-tab-title-2651\"><div class=\"page\" title=\"Page 1\"><div class=\"section\"><div class=\"layoutArea\"><div class=\"column\"><p>Mi chiamo Adriano Toccolini e sono nato a Merano il 10 aprile del 1973, secondo di tre fratelli, Giorgio e Cesare e da oltre 20 anni convivo con la mia compagna Samantha.<br \/>Ho frequentato l&#8217;Istituto Tecnico Industriale a Bolzano. Dopo il diploma ho lavorato come tecnico informatico e dal 1998 lavoro come operaio addetto alla distribuzione dell&#8217;energia elettrica per Edyna.<\/p><p>Dal 1989 organizzo e promuovo in Piazza San Vigilio il torneo di &#8220;Calcio Splash&#8221;.<br \/>Nel 2005 sono stato eletto presidente del Comitato di Quartiere di Piazza San Vigilio, carica che ho ricoperto fino al 2014.<br \/>Entrato in Consiglio Comunale alle elezioni del 2015, sono attualmente membro della Commissione &#8220;Affari sociali, culturali, sportivi, della convivenza e del turismo&#8221; e della Commissione Comunale della Protezione Civile.<\/p><\/div><\/div><\/div><\/div><\/div>\n\t\t\t\t<\/div>\n\t\t\t\t\t\t\t\t<\/div>\n\t\t\t\t\t\t<\/div>\n\t\t\t\t<\/div>\n\t\t\t\t\t<\/div>\n\t\t<\/div>\n\t\t\t\t\t<\/div>\n\t\t<\/section>\n\t\t\t\t\t<\/div>\n\t\t<\/div>\n\t\t\t\t\t<\/div>\n\t\t<\/section>\n\t\t\t\t<section class=\"elementor-section elementor-top-section elementor-element elementor-element-f90cbc1 elementor-section-boxed elementor-section-height-default elementor-section-height-default\" data-id=\"f90cbc1\" data-element_type=\"section\" data-e-type=\"section\" data-settings=\"{&quot;background_background&quot;:&quot;classic&quot;}\">\n\t\t\t\t\t\t<div class=\"elementor-container elementor-column-gap-default\">\n\t\t\t\t\t<div class=\"elementor-column elementor-col-100 elementor-top-column elementor-element elementor-element-bcd0e0d\" data-id=\"bcd0e0d\" data-element_type=\"column\" data-e-type=\"column\">\n\t\t\t<div class=\"elementor-widget-wrap elementor-element-populated\">\n\t\t\t\t\t\t<section class=\"elementor-section elementor-inner-section elementor-element elementor-element-ad0c37a elementor-section-boxed elementor-section-height-default elementor-section-height-default\" data-id=\"ad0c37a\" data-element_type=\"section\" data-e-type=\"section\">\n\t\t\t\t\t\t<div class=\"elementor-container elementor-column-gap-default\">\n\t\t\t\t\t<div class=\"elementor-column elementor-col-50 elementor-inner-column elementor-element elementor-element-53292c3\" data-id=\"53292c3\" data-element_type=\"column\" data-e-type=\"column\">\n\t\t\t<div class=\"elementor-widget-wrap elementor-element-populated\">\n\t\t\t\t\t\t<div class=\"elementor-element elementor-element-3ff41d0 elementor-widget elementor-widget-image\" data-id=\"3ff41d0\" data-element_type=\"widget\" data-e-type=\"widget\" data-widget_type=\"image.default\">\n\t\t\t\t<div class=\"elementor-widget-container\">\n\t\t\t\t\t\t\t\t\t\t\t\t\t\t\t<img loading=\"lazy\" decoding=\"async\" width=\"300\" height=\"200\" src=\"https:\/\/www.lacivicapermerano.eu\/wp-content\/uploads\/2020\/08\/CPM2020_4_rebellato-300x200.jpg\" class=\"attachment-medium size-medium wp-image-924\" alt=\"\" srcset=\"https:\/\/www.lacivicapermerano.eu\/wp-content\/uploads\/2020\/08\/CPM2020_4_rebellato-300x200.jpg 300w, https:\/\/www.lacivicapermerano.eu\/wp-content\/uploads\/2020\/08\/CPM2020_4_rebellato-768x513.jpg 768w, https:\/\/www.lacivicapermerano.eu\/wp-content\/uploads\/2020\/08\/CPM2020_4_rebellato-830x554.jpg 830w, https:\/\/www.lacivicapermerano.eu\/wp-content\/uploads\/2020\/08\/CPM2020_4_rebellato-230x154.jpg 230w, https:\/\/www.lacivicapermerano.eu\/wp-content\/uploads\/2020\/08\/CPM2020_4_rebellato-350x234.jpg 350w, https:\/\/www.lacivicapermerano.eu\/wp-content\/uploads\/2020\/08\/CPM2020_4_rebellato-480x321.jpg 480w, https:\/\/www.lacivicapermerano.eu\/wp-content\/uploads\/2020\/08\/CPM2020_4_rebellato.jpg 1000w\" sizes=\"(max-width: 300px) 100vw, 300px\" \/>\t\t\t\t\t\t\t\t\t\t\t\t\t\t\t<\/div>\n\t\t\t\t<\/div>\n\t\t\t\t<div class=\"elementor-element elementor-element-32c7499 elementor-align-center elementor-widget elementor-widget-button\" data-id=\"32c7499\" data-element_type=\"widget\" data-e-type=\"widget\" data-widget_type=\"button.default\">\n\t\t\t\t<div class=\"elementor-widget-container\">\n\t\t\t\t\t\t\t\t\t<div class=\"elementor-button-wrapper\">\n\t\t\t\t\t<a class=\"elementor-button elementor-button-link elementor-size-sm\" href=\"https:\/\/www.lacivicapermerano.eu\/wp-content\/uploads\/2021\/09\/certificato-penale-Rebellato.pdf\">\n\t\t\t\t\t\t<span class=\"elementor-button-content-wrapper\">\n\t\t\t\t\t\t\t\t\t<span class=\"elementor-button-text\">Cert. penale<\/span>\n\t\t\t\t\t<\/span>\n\t\t\t\t\t<\/a>\n\t\t\t\t<\/div>\n\t\t\t\t\t\t\t\t<\/div>\n\t\t\t\t<\/div>\n\t\t\t\t\t<\/div>\n\t\t<\/div>\n\t\t\t\t<div class=\"elementor-column elementor-col-50 elementor-inner-column elementor-element elementor-element-ab4142c\" data-id=\"ab4142c\" data-element_type=\"column\" data-e-type=\"column\">\n\t\t\t<div class=\"elementor-widget-wrap elementor-element-populated\">\n\t\t\t\t\t\t<div class=\"elementor-element elementor-element-968bac7 elementor-widget elementor-widget-heading\" data-id=\"968bac7\" data-element_type=\"widget\" data-e-type=\"widget\" data-widget_type=\"heading.default\">\n\t\t\t\t<div class=\"elementor-widget-container\">\n\t\t\t\t\t<h2 class=\"elementor-heading-title elementor-size-default\">Giuliano Rebellato<\/h2>\t\t\t\t<\/div>\n\t\t\t\t<\/div>\n\t\t\t\t<div class=\"elementor-element elementor-element-172df47 elementor-widget elementor-widget-text-editor\" data-id=\"172df47\" data-element_type=\"widget\" data-e-type=\"widget\" data-widget_type=\"text-editor.default\">\n\t\t\t\t<div class=\"elementor-widget-container\">\n\t\t\t\t\t\t\t\t\t<p>50 anni. Laureato in Economia e Commercio. Sono Sales Manager presso un Hotel di Bolzano. La Politica \u00e8 sempre stata una passione, ora desidero dare il mio concreto sostegno.<\/p>\t\t\t\t\t\t\t\t<\/div>\n\t\t\t\t<\/div>\n\t\t\t\t\t<\/div>\n\t\t<\/div>\n\t\t\t\t\t<\/div>\n\t\t<\/section>\n\t\t\t\t<section class=\"elementor-section elementor-inner-section elementor-element elementor-element-4218a80 elementor-section-boxed elementor-section-height-default elementor-section-height-default\" data-id=\"4218a80\" data-element_type=\"section\" data-e-type=\"section\">\n\t\t\t\t\t\t<div class=\"elementor-container elementor-column-gap-default\">\n\t\t\t\t\t<div class=\"elementor-column elementor-col-100 elementor-inner-column elementor-element elementor-element-83ff41c\" data-id=\"83ff41c\" data-element_type=\"column\" data-e-type=\"column\">\n\t\t\t<div class=\"elementor-widget-wrap elementor-element-populated\">\n\t\t\t\t\t\t<div class=\"elementor-element elementor-element-4839485 elementor-widget elementor-widget-toggle\" data-id=\"4839485\" data-element_type=\"widget\" data-e-type=\"widget\" data-widget_type=\"toggle.default\">\n\t\t\t\t<div class=\"elementor-widget-container\">\n\t\t\t\t\t\t\t<div class=\"elementor-toggle\">\n\t\t\t\t\t\t\t<div class=\"elementor-toggle-item\">\n\t\t\t\t\t<div id=\"elementor-tab-title-7571\" class=\"elementor-tab-title\" data-tab=\"1\" role=\"button\" aria-controls=\"elementor-tab-content-7571\" aria-expanded=\"false\">\n\t\t\t\t\t\t\t\t\t\t\t\t<span class=\"elementor-toggle-icon elementor-toggle-icon-left\" aria-hidden=\"true\">\n\t\t\t\t\t\t\t\t\t\t\t\t\t\t\t<span class=\"elementor-toggle-icon-closed\"><i class=\"fas fa-comment-dots\"><\/i><\/span>\n\t\t\t\t\t\t\t\t<span class=\"elementor-toggle-icon-opened\"><i class=\"elementor-toggle-icon-opened fas fa-caret-up\"><\/i><\/span>\n\t\t\t\t\t\t\t\t\t\t\t\t\t<\/span>\n\t\t\t\t\t\t\t\t\t\t\t\t<a class=\"elementor-toggle-title\" tabindex=\"0\">Mi presento<\/a>\n\t\t\t\t\t<\/div>\n\n\t\t\t\t\t<div id=\"elementor-tab-content-7571\" class=\"elementor-tab-content elementor-clearfix\" data-tab=\"1\" role=\"region\" aria-labelledby=\"elementor-tab-title-7571\"><p>Nato a Merano il 12.02.1971, e ivi residente.<\/p><p><br \/>Diploma di Maturit\u00e0 \u201cSegretario d\u2019Amministrazione\u201d Ist. Profess. per il Commercio \u201cL. Einaudi\u201d Merano <br \/>Laurea Economia e Commercio, indirizzo aziendale &#8211; Universit\u00e0 degli Studi di Trento con la tesi dal titolo \u201cLe organizzazioni turistiche in Italia. Il caso delle Province autonome di Trento e Bolzano\u201d<br \/>Master in \u201cTourism management &amp; Human resources\u201d &#8211; Centro Studi Comunicare l\u2019Impresa <br \/><br \/><\/p><p><strong>Esperienze lavorative principali:<\/strong><\/p><ul><li>da marzo 1993 a settembre 1994: Portiere notturno presso l\u2019Hotel Villa Eden****S di Merano (BZ);<\/li><li>da febbraio 2003 a giugno 2005: Agente di commercio per Manzoni SpA;<\/li><li>da gennaio 2006 a agosto 2006: Assistente Sales Office presso Jolly Hotel Vivaldi Berlino;<\/li><li>da settembre 2006 a novembre 2008: Sales al Conference &amp; Incentive Department di Jolly Hotels\/NH Hotels a Milano;<\/li><li>da dicembre 2008 a settembre 2011: Area Sales Manager presso Atahotels a Milano;<\/li><li>da settembre 2011 a tutt\u2019oggi sono dipendente al Four Points by Sheraton Bolzano-Bozen, attualmente ricopro la carica di Sales Manager;<\/li><\/ul><p>\u00a0<\/p><p><strong>Le mie esperienze di volontariato:<\/strong><\/p><ul><li>dal 1989 al 1995 attivit\u00e0 di volontario del Soccorso nella Croce Rossa Italiana \u2013 Sezione Merano;<\/li><li>dal 1990 al 1995 tesoriere della associazione sportiva Holiday<\/li><li>dal 1992 al 1998 attivit\u00e0 di volontariato\/educatore nel gruppo scout Agesci Merano 1<\/li><li>dal 1995 al 1988 Incaricato regionale AGESCI per la branca L\/C<\/li><li>dal 2013 ad oggi attivit\u00e0 di tesoriere e gestione prenotazioni per Associazione Casa Alpina &#8211; Tret<\/li><li>dal 2014 al 2020 sono stato Consigliere con carica di Tesoriere volontario in AIC Alto Adige<\/li><\/ul><p>\u00a0<\/p><p>Hobby: Viaggiare, leggere, cantare, sciare e nuotare<\/p><\/div>\n\t\t\t\t<\/div>\n\t\t\t\t\t\t\t\t<\/div>\n\t\t\t\t\t\t<\/div>\n\t\t\t\t<\/div>\n\t\t\t\t\t<\/div>\n\t\t<\/div>\n\t\t\t\t\t<\/div>\n\t\t<\/section>\n\t\t\t\t\t<\/div>\n\t\t<\/div>\n\t\t\t\t\t<\/div>\n\t\t<\/section>\n\t\t\t\t<section class=\"elementor-section elementor-top-section elementor-element elementor-element-9695a6d elementor-section-boxed elementor-section-height-default elementor-section-height-default\" data-id=\"9695a6d\" data-element_type=\"section\" data-e-type=\"section\" data-settings=\"{&quot;background_background&quot;:&quot;classic&quot;}\">\n\t\t\t\t\t\t<div class=\"elementor-container elementor-column-gap-default\">\n\t\t\t\t\t<div class=\"elementor-column elementor-col-100 elementor-top-column elementor-element elementor-element-37bd44e\" data-id=\"37bd44e\" data-element_type=\"column\" data-e-type=\"column\">\n\t\t\t<div class=\"elementor-widget-wrap elementor-element-populated\">\n\t\t\t\t\t\t<section class=\"elementor-section elementor-inner-section elementor-element elementor-element-79b8d0f elementor-section-boxed elementor-section-height-default elementor-section-height-default\" data-id=\"79b8d0f\" data-element_type=\"section\" data-e-type=\"section\">\n\t\t\t\t\t\t<div class=\"elementor-container elementor-column-gap-default\">\n\t\t\t\t\t<div class=\"elementor-column elementor-col-50 elementor-inner-column elementor-element elementor-element-1313b79\" data-id=\"1313b79\" data-element_type=\"column\" data-e-type=\"column\">\n\t\t\t<div class=\"elementor-widget-wrap elementor-element-populated\">\n\t\t\t\t\t\t<div class=\"elementor-element elementor-element-1a40985 elementor-widget elementor-widget-image\" data-id=\"1a40985\" data-element_type=\"widget\" data-e-type=\"widget\" data-widget_type=\"image.default\">\n\t\t\t\t<div class=\"elementor-widget-container\">\n\t\t\t\t\t\t\t\t\t\t\t\t\t\t\t<img loading=\"lazy\" decoding=\"async\" width=\"300\" height=\"200\" src=\"https:\/\/www.lacivicapermerano.eu\/wp-content\/uploads\/2021\/09\/Foto_candidati20-300x200.jpg\" class=\"attachment-medium size-medium wp-image-1093\" alt=\"Kirsa\" srcset=\"https:\/\/www.lacivicapermerano.eu\/wp-content\/uploads\/2021\/09\/Foto_candidati20-300x200.jpg 300w, https:\/\/www.lacivicapermerano.eu\/wp-content\/uploads\/2021\/09\/Foto_candidati20-768x513.jpg 768w, https:\/\/www.lacivicapermerano.eu\/wp-content\/uploads\/2021\/09\/Foto_candidati20-18x12.jpg 18w, https:\/\/www.lacivicapermerano.eu\/wp-content\/uploads\/2021\/09\/Foto_candidati20-230x154.jpg 230w, https:\/\/www.lacivicapermerano.eu\/wp-content\/uploads\/2021\/09\/Foto_candidati20-350x234.jpg 350w, https:\/\/www.lacivicapermerano.eu\/wp-content\/uploads\/2021\/09\/Foto_candidati20-480x320.jpg 480w, https:\/\/www.lacivicapermerano.eu\/wp-content\/uploads\/2021\/09\/Foto_candidati20.jpg 800w\" sizes=\"(max-width: 300px) 100vw, 300px\" \/>\t\t\t\t\t\t\t\t\t\t\t\t\t\t\t<\/div>\n\t\t\t\t<\/div>\n\t\t\t\t<div class=\"elementor-element elementor-element-0bb032e elementor-align-center elementor-widget elementor-widget-button\" data-id=\"0bb032e\" data-element_type=\"widget\" data-e-type=\"widget\" data-widget_type=\"button.default\">\n\t\t\t\t<div class=\"elementor-widget-container\">\n\t\t\t\t\t\t\t\t\t<div class=\"elementor-button-wrapper\">\n\t\t\t\t\t<a class=\"elementor-button elementor-button-link elementor-size-sm\" href=\"https:\/\/www.lacivicapermerano.eu\/wp-content\/uploads\/2021\/09\/certificato-penale-Baholli.pdf\">\n\t\t\t\t\t\t<span class=\"elementor-button-content-wrapper\">\n\t\t\t\t\t\t\t\t\t<span class=\"elementor-button-text\">Cert. penale<\/span>\n\t\t\t\t\t<\/span>\n\t\t\t\t\t<\/a>\n\t\t\t\t<\/div>\n\t\t\t\t\t\t\t\t<\/div>\n\t\t\t\t<\/div>\n\t\t\t\t\t<\/div>\n\t\t<\/div>\n\t\t\t\t<div class=\"elementor-column elementor-col-50 elementor-inner-column elementor-element elementor-element-97e5e75\" data-id=\"97e5e75\" data-element_type=\"column\" data-e-type=\"column\">\n\t\t\t<div class=\"elementor-widget-wrap elementor-element-populated\">\n\t\t\t\t\t\t<div class=\"elementor-element elementor-element-6e01b23 elementor-widget elementor-widget-heading\" data-id=\"6e01b23\" data-element_type=\"widget\" data-e-type=\"widget\" data-widget_type=\"heading.default\">\n\t\t\t\t<div class=\"elementor-widget-container\">\n\t\t\t\t\t<h2 class=\"elementor-heading-title elementor-size-default\">Kirsa Baholli<\/h2>\t\t\t\t<\/div>\n\t\t\t\t<\/div>\n\t\t\t\t<div class=\"elementor-element elementor-element-443d61d elementor-widget elementor-widget-text-editor\" data-id=\"443d61d\" data-element_type=\"widget\" data-e-type=\"widget\" data-widget_type=\"text-editor.default\">\n\t\t\t\t<div class=\"elementor-widget-container\">\n\t\t\t\t\t\t\t\t\t<p>26 anni. Commessa e mamma a tempo pieno. La politica pu\u00f2 aiutare la nostra citt\u00e0 e io voglio fare la mia parte.\u00a0<\/p>\t\t\t\t\t\t\t\t<\/div>\n\t\t\t\t<\/div>\n\t\t\t\t\t<\/div>\n\t\t<\/div>\n\t\t\t\t\t<\/div>\n\t\t<\/section>\n\t\t\t\t<section class=\"elementor-section elementor-inner-section elementor-element elementor-element-bd41434 elementor-section-boxed elementor-section-height-default elementor-section-height-default\" data-id=\"bd41434\" data-element_type=\"section\" data-e-type=\"section\">\n\t\t\t\t\t\t<div class=\"elementor-container elementor-column-gap-default\">\n\t\t\t\t\t<div class=\"elementor-column elementor-col-100 elementor-inner-column elementor-element elementor-element-67d50ec\" data-id=\"67d50ec\" data-element_type=\"column\" data-e-type=\"column\">\n\t\t\t<div class=\"elementor-widget-wrap elementor-element-populated\">\n\t\t\t\t\t\t<div class=\"elementor-element elementor-element-c3fea62 elementor-widget elementor-widget-toggle\" data-id=\"c3fea62\" data-element_type=\"widget\" data-e-type=\"widget\" data-widget_type=\"toggle.default\">\n\t\t\t\t<div class=\"elementor-widget-container\">\n\t\t\t\t\t\t\t<div class=\"elementor-toggle\">\n\t\t\t\t\t\t\t<div class=\"elementor-toggle-item\">\n\t\t\t\t\t<div id=\"elementor-tab-title-2051\" class=\"elementor-tab-title\" data-tab=\"1\" role=\"button\" aria-controls=\"elementor-tab-content-2051\" aria-expanded=\"false\">\n\t\t\t\t\t\t\t\t\t\t\t\t<span class=\"elementor-toggle-icon elementor-toggle-icon-left\" aria-hidden=\"true\">\n\t\t\t\t\t\t\t\t\t\t\t\t\t\t\t<span class=\"elementor-toggle-icon-closed\"><i class=\"fas fa-comment-dots\"><\/i><\/span>\n\t\t\t\t\t\t\t\t<span class=\"elementor-toggle-icon-opened\"><i class=\"elementor-toggle-icon-opened fas fa-caret-up\"><\/i><\/span>\n\t\t\t\t\t\t\t\t\t\t\t\t\t<\/span>\n\t\t\t\t\t\t\t\t\t\t\t\t<a class=\"elementor-toggle-title\" tabindex=\"0\">Mi presento<\/a>\n\t\t\t\t\t<\/div>\n\n\t\t\t\t\t<div id=\"elementor-tab-content-2051\" class=\"elementor-tab-content elementor-clearfix\" data-tab=\"1\" role=\"region\" aria-labelledby=\"elementor-tab-title-2051\"><p>Ho 26 anni e vivo a Merano da quando ne avevo 14. Sono nata in Albania e mi sono trasferita in Italia da piccola. Sono una commessa e una mamma a tempo pieno, amo i miei figli e la mia famiglia. Mi sono candidata perch\u00e9 penso che la \u201cpolitica\u201d sia l\u2019unico modo per poter cambiare le cose che non vanno bene in citt\u00e0. Voto &#8220;La Civica per Merano&#8221; da quando ho 18 anni, ho fiducia nel gruppo e ci tengo a farne parte.<\/p><\/div>\n\t\t\t\t<\/div>\n\t\t\t\t\t\t\t\t<\/div>\n\t\t\t\t\t\t<\/div>\n\t\t\t\t<\/div>\n\t\t\t\t\t<\/div>\n\t\t<\/div>\n\t\t\t\t\t<\/div>\n\t\t<\/section>\n\t\t\t\t\t<\/div>\n\t\t<\/div>\n\t\t\t\t\t<\/div>\n\t\t<\/section>\n\t\t\t\t<section class=\"elementor-section elementor-top-section elementor-element elementor-element-a5f1a84 elementor-section-boxed elementor-section-height-default elementor-section-height-default\" data-id=\"a5f1a84\" data-element_type=\"section\" data-e-type=\"section\" data-settings=\"{&quot;background_background&quot;:&quot;classic&quot;}\">\n\t\t\t\t\t\t<div class=\"elementor-container elementor-column-gap-default\">\n\t\t\t\t\t<div class=\"elementor-column elementor-col-100 elementor-top-column elementor-element elementor-element-6c62d0f\" data-id=\"6c62d0f\" data-element_type=\"column\" data-e-type=\"column\">\n\t\t\t<div class=\"elementor-widget-wrap elementor-element-populated\">\n\t\t\t\t\t\t<section class=\"elementor-section elementor-inner-section elementor-element elementor-element-96493bf elementor-section-boxed elementor-section-height-default elementor-section-height-default\" data-id=\"96493bf\" data-element_type=\"section\" data-e-type=\"section\">\n\t\t\t\t\t\t<div class=\"elementor-container elementor-column-gap-default\">\n\t\t\t\t\t<div class=\"elementor-column elementor-col-50 elementor-inner-column elementor-element elementor-element-a510da1\" data-id=\"a510da1\" data-element_type=\"column\" data-e-type=\"column\">\n\t\t\t<div class=\"elementor-widget-wrap elementor-element-populated\">\n\t\t\t\t\t\t<div class=\"elementor-element elementor-element-f6562c8 elementor-widget elementor-widget-image\" data-id=\"f6562c8\" data-element_type=\"widget\" data-e-type=\"widget\" data-widget_type=\"image.default\">\n\t\t\t\t<div class=\"elementor-widget-container\">\n\t\t\t\t\t\t\t\t\t\t\t\t\t\t\t<img loading=\"lazy\" decoding=\"async\" width=\"300\" height=\"200\" src=\"https:\/\/www.lacivicapermerano.eu\/wp-content\/uploads\/2020\/08\/CPM2020_6_bellet-300x200.jpg\" class=\"attachment-medium size-medium wp-image-925\" alt=\"\" srcset=\"https:\/\/www.lacivicapermerano.eu\/wp-content\/uploads\/2020\/08\/CPM2020_6_bellet-300x200.jpg 300w, https:\/\/www.lacivicapermerano.eu\/wp-content\/uploads\/2020\/08\/CPM2020_6_bellet-768x513.jpg 768w, https:\/\/www.lacivicapermerano.eu\/wp-content\/uploads\/2020\/08\/CPM2020_6_bellet-830x554.jpg 830w, https:\/\/www.lacivicapermerano.eu\/wp-content\/uploads\/2020\/08\/CPM2020_6_bellet-230x154.jpg 230w, https:\/\/www.lacivicapermerano.eu\/wp-content\/uploads\/2020\/08\/CPM2020_6_bellet-350x234.jpg 350w, https:\/\/www.lacivicapermerano.eu\/wp-content\/uploads\/2020\/08\/CPM2020_6_bellet-480x321.jpg 480w, https:\/\/www.lacivicapermerano.eu\/wp-content\/uploads\/2020\/08\/CPM2020_6_bellet.jpg 1000w\" sizes=\"(max-width: 300px) 100vw, 300px\" \/>\t\t\t\t\t\t\t\t\t\t\t\t\t\t\t<\/div>\n\t\t\t\t<\/div>\n\t\t\t\t<div class=\"elementor-element elementor-element-9c93aba elementor-align-center elementor-widget elementor-widget-button\" data-id=\"9c93aba\" data-element_type=\"widget\" data-e-type=\"widget\" data-widget_type=\"button.default\">\n\t\t\t\t<div class=\"elementor-widget-container\">\n\t\t\t\t\t\t\t\t\t<div class=\"elementor-button-wrapper\">\n\t\t\t\t\t<a class=\"elementor-button elementor-button-link elementor-size-sm\" href=\"https:\/\/www.lacivicapermerano.eu\/wp-content\/uploads\/2021\/09\/certificato-penale-Bellet.pdf\">\n\t\t\t\t\t\t<span class=\"elementor-button-content-wrapper\">\n\t\t\t\t\t\t\t\t\t<span class=\"elementor-button-text\">Cert. penale<\/span>\n\t\t\t\t\t<\/span>\n\t\t\t\t\t<\/a>\n\t\t\t\t<\/div>\n\t\t\t\t\t\t\t\t<\/div>\n\t\t\t\t<\/div>\n\t\t\t\t\t<\/div>\n\t\t<\/div>\n\t\t\t\t<div class=\"elementor-column elementor-col-50 elementor-inner-column elementor-element elementor-element-ca03a21\" data-id=\"ca03a21\" data-element_type=\"column\" data-e-type=\"column\">\n\t\t\t<div class=\"elementor-widget-wrap elementor-element-populated\">\n\t\t\t\t\t\t<div class=\"elementor-element elementor-element-da6c769 elementor-widget elementor-widget-heading\" data-id=\"da6c769\" data-element_type=\"widget\" data-e-type=\"widget\" data-widget_type=\"heading.default\">\n\t\t\t\t<div class=\"elementor-widget-container\">\n\t\t\t\t\t<h2 class=\"elementor-heading-title elementor-size-default\">Mirco Bellet<\/h2>\t\t\t\t<\/div>\n\t\t\t\t<\/div>\n\t\t\t\t<div class=\"elementor-element elementor-element-e5235cc elementor-widget elementor-widget-text-editor\" data-id=\"e5235cc\" data-element_type=\"widget\" data-e-type=\"widget\" data-widget_type=\"text-editor.default\">\n\t\t\t\t<div class=\"elementor-widget-container\">\n\t\t\t\t\t\t\t\t\t<p>38 anni.\u00a0Lavoro in Edyna.\u00a0Sono nato e vivo da sempre a Merano e voglio dare il mio piccolo contributo per migliorarla.<\/p>\t\t\t\t\t\t\t\t<\/div>\n\t\t\t\t<\/div>\n\t\t\t\t\t<\/div>\n\t\t<\/div>\n\t\t\t\t\t<\/div>\n\t\t<\/section>\n\t\t\t\t<section class=\"elementor-section elementor-inner-section elementor-element elementor-element-221cdfe elementor-section-boxed elementor-section-height-default elementor-section-height-default\" data-id=\"221cdfe\" data-element_type=\"section\" data-e-type=\"section\">\n\t\t\t\t\t\t<div class=\"elementor-container elementor-column-gap-default\">\n\t\t\t\t\t<div class=\"elementor-column elementor-col-100 elementor-inner-column elementor-element elementor-element-ae2f681\" data-id=\"ae2f681\" data-element_type=\"column\" data-e-type=\"column\">\n\t\t\t<div class=\"elementor-widget-wrap elementor-element-populated\">\n\t\t\t\t\t\t<div class=\"elementor-element elementor-element-9e35f4e elementor-widget elementor-widget-toggle\" data-id=\"9e35f4e\" data-element_type=\"widget\" data-e-type=\"widget\" data-widget_type=\"toggle.default\">\n\t\t\t\t<div class=\"elementor-widget-container\">\n\t\t\t\t\t\t\t<div class=\"elementor-toggle\">\n\t\t\t\t\t\t\t<div class=\"elementor-toggle-item\">\n\t\t\t\t\t<div id=\"elementor-tab-title-1651\" class=\"elementor-tab-title\" data-tab=\"1\" role=\"button\" aria-controls=\"elementor-tab-content-1651\" aria-expanded=\"false\">\n\t\t\t\t\t\t\t\t\t\t\t\t<span class=\"elementor-toggle-icon elementor-toggle-icon-left\" aria-hidden=\"true\">\n\t\t\t\t\t\t\t\t\t\t\t\t\t\t\t<span class=\"elementor-toggle-icon-closed\"><i class=\"fas fa-comment-dots\"><\/i><\/span>\n\t\t\t\t\t\t\t\t<span class=\"elementor-toggle-icon-opened\"><i class=\"elementor-toggle-icon-opened fas fa-caret-up\"><\/i><\/span>\n\t\t\t\t\t\t\t\t\t\t\t\t\t<\/span>\n\t\t\t\t\t\t\t\t\t\t\t\t<a class=\"elementor-toggle-title\" tabindex=\"0\">Mi presento<\/a>\n\t\t\t\t\t<\/div>\n\n\t\t\t\t\t<div id=\"elementor-tab-content-1651\" class=\"elementor-tab-content elementor-clearfix\" data-tab=\"1\" role=\"region\" aria-labelledby=\"elementor-tab-title-1651\"><div class=\"page\" title=\"Page 1\"><div class=\"section\"><div class=\"layoutArea\"><div class=\"column\"><p>Mirco Bellet, 38 anni, sposato e padre di due figli.<\/p><p>Da dodici anni lavoro come addetto alla distribuzione dell&#8217;energia elettrica in Edyna (Alperia). Mi ricandido perche\u0301 voglio dare un contributo per migliorare la nostra citta\u0300.<\/p><\/div><\/div><\/div><\/div><\/div>\n\t\t\t\t<\/div>\n\t\t\t\t\t\t\t\t<\/div>\n\t\t\t\t\t\t<\/div>\n\t\t\t\t<\/div>\n\t\t\t\t\t<\/div>\n\t\t<\/div>\n\t\t\t\t\t<\/div>\n\t\t<\/section>\n\t\t\t\t\t<\/div>\n\t\t<\/div>\n\t\t\t\t\t<\/div>\n\t\t<\/section>\n\t\t\t\t<section class=\"elementor-section elementor-top-section elementor-element elementor-element-d651298 elementor-section-boxed elementor-section-height-default elementor-section-height-default\" data-id=\"d651298\" data-element_type=\"section\" data-e-type=\"section\" data-settings=\"{&quot;background_background&quot;:&quot;classic&quot;}\">\n\t\t\t\t\t\t<div class=\"elementor-container elementor-column-gap-default\">\n\t\t\t\t\t<div class=\"elementor-column elementor-col-100 elementor-top-column elementor-element elementor-element-0736301\" data-id=\"0736301\" data-element_type=\"column\" data-e-type=\"column\">\n\t\t\t<div class=\"elementor-widget-wrap elementor-element-populated\">\n\t\t\t\t\t\t<section class=\"elementor-section elementor-inner-section elementor-element elementor-element-3145618 elementor-section-boxed elementor-section-height-default elementor-section-height-default\" data-id=\"3145618\" data-element_type=\"section\" data-e-type=\"section\">\n\t\t\t\t\t\t<div class=\"elementor-container elementor-column-gap-default\">\n\t\t\t\t\t<div class=\"elementor-column elementor-col-50 elementor-inner-column elementor-element elementor-element-1272526\" data-id=\"1272526\" data-element_type=\"column\" data-e-type=\"column\">\n\t\t\t<div class=\"elementor-widget-wrap elementor-element-populated\">\n\t\t\t\t\t\t<div class=\"elementor-element elementor-element-5fe61eb elementor-widget elementor-widget-image\" data-id=\"5fe61eb\" data-element_type=\"widget\" data-e-type=\"widget\" data-widget_type=\"image.default\">\n\t\t\t\t<div class=\"elementor-widget-container\">\n\t\t\t\t\t\t\t\t\t\t\t\t\t\t\t<img loading=\"lazy\" decoding=\"async\" width=\"300\" height=\"200\" src=\"https:\/\/www.lacivicapermerano.eu\/wp-content\/uploads\/2020\/08\/CPM2020_17_bergamo-300x200.jpg\" class=\"attachment-medium size-medium wp-image-926\" alt=\"\" srcset=\"https:\/\/www.lacivicapermerano.eu\/wp-content\/uploads\/2020\/08\/CPM2020_17_bergamo-300x200.jpg 300w, https:\/\/www.lacivicapermerano.eu\/wp-content\/uploads\/2020\/08\/CPM2020_17_bergamo-768x513.jpg 768w, https:\/\/www.lacivicapermerano.eu\/wp-content\/uploads\/2020\/08\/CPM2020_17_bergamo-830x554.jpg 830w, https:\/\/www.lacivicapermerano.eu\/wp-content\/uploads\/2020\/08\/CPM2020_17_bergamo-230x154.jpg 230w, https:\/\/www.lacivicapermerano.eu\/wp-content\/uploads\/2020\/08\/CPM2020_17_bergamo-350x234.jpg 350w, https:\/\/www.lacivicapermerano.eu\/wp-content\/uploads\/2020\/08\/CPM2020_17_bergamo-480x321.jpg 480w, https:\/\/www.lacivicapermerano.eu\/wp-content\/uploads\/2020\/08\/CPM2020_17_bergamo.jpg 1000w\" sizes=\"(max-width: 300px) 100vw, 300px\" \/>\t\t\t\t\t\t\t\t\t\t\t\t\t\t\t<\/div>\n\t\t\t\t<\/div>\n\t\t\t\t<div class=\"elementor-element elementor-element-ce8cdc3 elementor-align-center elementor-widget elementor-widget-button\" data-id=\"ce8cdc3\" data-element_type=\"widget\" data-e-type=\"widget\" data-widget_type=\"button.default\">\n\t\t\t\t<div class=\"elementor-widget-container\">\n\t\t\t\t\t\t\t\t\t<div class=\"elementor-button-wrapper\">\n\t\t\t\t\t<a class=\"elementor-button elementor-button-link elementor-size-sm\" href=\"https:\/\/www.lacivicapermerano.eu\/wp-content\/uploads\/2021\/09\/certificato-penale-Bergamo.pdf\">\n\t\t\t\t\t\t<span class=\"elementor-button-content-wrapper\">\n\t\t\t\t\t\t\t\t\t<span class=\"elementor-button-text\">Cert. penale<\/span>\n\t\t\t\t\t<\/span>\n\t\t\t\t\t<\/a>\n\t\t\t\t<\/div>\n\t\t\t\t\t\t\t\t<\/div>\n\t\t\t\t<\/div>\n\t\t\t\t\t<\/div>\n\t\t<\/div>\n\t\t\t\t<div class=\"elementor-column elementor-col-50 elementor-inner-column elementor-element elementor-element-8106926\" data-id=\"8106926\" data-element_type=\"column\" data-e-type=\"column\">\n\t\t\t<div class=\"elementor-widget-wrap elementor-element-populated\">\n\t\t\t\t\t\t<div class=\"elementor-element elementor-element-a9492c7 elementor-widget elementor-widget-heading\" data-id=\"a9492c7\" data-element_type=\"widget\" data-e-type=\"widget\" data-widget_type=\"heading.default\">\n\t\t\t\t<div class=\"elementor-widget-container\">\n\t\t\t\t\t<h2 class=\"elementor-heading-title elementor-size-default\">Simon Bergamo<\/h2>\t\t\t\t<\/div>\n\t\t\t\t<\/div>\n\t\t\t\t<div class=\"elementor-element elementor-element-6a270db elementor-widget elementor-widget-text-editor\" data-id=\"6a270db\" data-element_type=\"widget\" data-e-type=\"widget\" data-widget_type=\"text-editor.default\">\n\t\t\t\t<div class=\"elementor-widget-container\">\n\t\t\t\t\t\t\t\t\t<p>46 anni. Padre di 2 figli. Spazzacamino di mestiere, pompiere nel tempo libero e ciclista amatoriale quando ha tempo.<\/p>\t\t\t\t\t\t\t\t<\/div>\n\t\t\t\t<\/div>\n\t\t\t\t\t<\/div>\n\t\t<\/div>\n\t\t\t\t\t<\/div>\n\t\t<\/section>\n\t\t\t\t<section class=\"elementor-section elementor-inner-section elementor-element elementor-element-d3b4d0b elementor-section-boxed elementor-section-height-default elementor-section-height-default\" data-id=\"d3b4d0b\" data-element_type=\"section\" data-e-type=\"section\">\n\t\t\t\t\t\t<div class=\"elementor-container elementor-column-gap-default\">\n\t\t\t\t\t<div class=\"elementor-column elementor-col-100 elementor-inner-column elementor-element elementor-element-9afd573\" data-id=\"9afd573\" data-element_type=\"column\" data-e-type=\"column\">\n\t\t\t<div class=\"elementor-widget-wrap elementor-element-populated\">\n\t\t\t\t\t\t<div class=\"elementor-element elementor-element-0680962 elementor-widget elementor-widget-toggle\" data-id=\"0680962\" data-element_type=\"widget\" data-e-type=\"widget\" data-widget_type=\"toggle.default\">\n\t\t\t\t<div class=\"elementor-widget-container\">\n\t\t\t\t\t\t\t<div class=\"elementor-toggle\">\n\t\t\t\t\t\t\t<div class=\"elementor-toggle-item\">\n\t\t\t\t\t<div id=\"elementor-tab-title-6811\" class=\"elementor-tab-title\" data-tab=\"1\" role=\"button\" aria-controls=\"elementor-tab-content-6811\" aria-expanded=\"false\">\n\t\t\t\t\t\t\t\t\t\t\t\t<span class=\"elementor-toggle-icon elementor-toggle-icon-left\" aria-hidden=\"true\">\n\t\t\t\t\t\t\t\t\t\t\t\t\t\t\t<span class=\"elementor-toggle-icon-closed\"><i class=\"fas fa-comment-dots\"><\/i><\/span>\n\t\t\t\t\t\t\t\t<span class=\"elementor-toggle-icon-opened\"><i class=\"elementor-toggle-icon-opened fas fa-caret-up\"><\/i><\/span>\n\t\t\t\t\t\t\t\t\t\t\t\t\t<\/span>\n\t\t\t\t\t\t\t\t\t\t\t\t<a class=\"elementor-toggle-title\" tabindex=\"0\">Mi presento<\/a>\n\t\t\t\t\t<\/div>\n\n\t\t\t\t\t<div id=\"elementor-tab-content-6811\" class=\"elementor-tab-content elementor-clearfix\" data-tab=\"1\" role=\"region\" aria-labelledby=\"elementor-tab-title-6811\"><div class=\"page\" title=\"Page 1\"><div class=\"section\"><div class=\"layoutArea\"><div class=\"column\"><p>Nato a Merano il 22.04.1975<br \/>Scuola elementare e media a Merano Maia Alta<\/p><p>inizio lavoro nel 1990 nella ditta di spazzacamino del padre. Dal 2004 titolare della ditta Bergamo Simon spazzacamino 2011 Maestro Artigiano.<\/p><p>Attualmente vivo in via scena 38\/A<br \/>Divorziato e padre di Ivan ( 2002 ) e Marvin ( 2004 )<\/p><p>sono presidente del \u201c Technischer Ausschuss der Suedtiroler Kaminkehrer \u201c sono nel direttivo della sezione ciclismo dello sportclub Merano<br \/>sono pompiere nei vigili del fuoco di maia alta<br \/>2 volte campione provinciale di ciclocross ( fuoristrada )<\/p><p>attivo nella civica per Merano<\/p><\/div><\/div><\/div><\/div><\/div>\n\t\t\t\t<\/div>\n\t\t\t\t\t\t\t\t<\/div>\n\t\t\t\t\t\t<\/div>\n\t\t\t\t<\/div>\n\t\t\t\t\t<\/div>\n\t\t<\/div>\n\t\t\t\t\t<\/div>\n\t\t<\/section>\n\t\t\t\t\t<\/div>\n\t\t<\/div>\n\t\t\t\t\t<\/div>\n\t\t<\/section>\n\t\t\t\t<section class=\"elementor-section elementor-top-section elementor-element elementor-element-77ba06a elementor-section-boxed elementor-section-height-default elementor-section-height-default\" data-id=\"77ba06a\" data-element_type=\"section\" data-e-type=\"section\" data-settings=\"{&quot;background_background&quot;:&quot;classic&quot;}\">\n\t\t\t\t\t\t<div class=\"elementor-container elementor-column-gap-default\">\n\t\t\t\t\t<div class=\"elementor-column elementor-col-100 elementor-top-column elementor-element elementor-element-0463772\" data-id=\"0463772\" data-element_type=\"column\" data-e-type=\"column\">\n\t\t\t<div class=\"elementor-widget-wrap elementor-element-populated\">\n\t\t\t\t\t\t<section class=\"elementor-section elementor-inner-section elementor-element elementor-element-3fb98cf elementor-section-boxed elementor-section-height-default elementor-section-height-default\" data-id=\"3fb98cf\" data-element_type=\"section\" data-e-type=\"section\">\n\t\t\t\t\t\t<div class=\"elementor-container elementor-column-gap-default\">\n\t\t\t\t\t<div class=\"elementor-column elementor-col-50 elementor-inner-column elementor-element elementor-element-21951ba\" data-id=\"21951ba\" data-element_type=\"column\" data-e-type=\"column\">\n\t\t\t<div class=\"elementor-widget-wrap elementor-element-populated\">\n\t\t\t\t\t\t<div class=\"elementor-element elementor-element-b73fc01 elementor-widget elementor-widget-image\" data-id=\"b73fc01\" data-element_type=\"widget\" data-e-type=\"widget\" data-widget_type=\"image.default\">\n\t\t\t\t<div class=\"elementor-widget-container\">\n\t\t\t\t\t\t\t\t\t\t\t\t\t\t\t<img loading=\"lazy\" decoding=\"async\" width=\"300\" height=\"200\" src=\"https:\/\/www.lacivicapermerano.eu\/wp-content\/uploads\/2020\/08\/CPM2020_23_bonfiglio-300x200.jpg\" class=\"attachment-medium size-medium wp-image-929\" alt=\"\" srcset=\"https:\/\/www.lacivicapermerano.eu\/wp-content\/uploads\/2020\/08\/CPM2020_23_bonfiglio-300x200.jpg 300w, https:\/\/www.lacivicapermerano.eu\/wp-content\/uploads\/2020\/08\/CPM2020_23_bonfiglio-768x513.jpg 768w, https:\/\/www.lacivicapermerano.eu\/wp-content\/uploads\/2020\/08\/CPM2020_23_bonfiglio-830x554.jpg 830w, https:\/\/www.lacivicapermerano.eu\/wp-content\/uploads\/2020\/08\/CPM2020_23_bonfiglio-230x154.jpg 230w, https:\/\/www.lacivicapermerano.eu\/wp-content\/uploads\/2020\/08\/CPM2020_23_bonfiglio-350x234.jpg 350w, https:\/\/www.lacivicapermerano.eu\/wp-content\/uploads\/2020\/08\/CPM2020_23_bonfiglio-480x321.jpg 480w, https:\/\/www.lacivicapermerano.eu\/wp-content\/uploads\/2020\/08\/CPM2020_23_bonfiglio.jpg 1000w\" sizes=\"(max-width: 300px) 100vw, 300px\" \/>\t\t\t\t\t\t\t\t\t\t\t\t\t\t\t<\/div>\n\t\t\t\t<\/div>\n\t\t\t\t<div class=\"elementor-element elementor-element-8f7f616 elementor-align-center elementor-widget elementor-widget-button\" data-id=\"8f7f616\" data-element_type=\"widget\" data-e-type=\"widget\" data-widget_type=\"button.default\">\n\t\t\t\t<div class=\"elementor-widget-container\">\n\t\t\t\t\t\t\t\t\t<div class=\"elementor-button-wrapper\">\n\t\t\t\t\t<a class=\"elementor-button elementor-button-link elementor-size-sm\" href=\"https:\/\/www.lacivicapermerano.eu\/wp-content\/uploads\/2021\/09\/certificato-penale-Bonfiglio.pdf\">\n\t\t\t\t\t\t<span class=\"elementor-button-content-wrapper\">\n\t\t\t\t\t\t\t\t\t<span class=\"elementor-button-text\">Cert. penale<\/span>\n\t\t\t\t\t<\/span>\n\t\t\t\t\t<\/a>\n\t\t\t\t<\/div>\n\t\t\t\t\t\t\t\t<\/div>\n\t\t\t\t<\/div>\n\t\t\t\t\t<\/div>\n\t\t<\/div>\n\t\t\t\t<div class=\"elementor-column elementor-col-50 elementor-inner-column elementor-element elementor-element-0e861e8\" data-id=\"0e861e8\" data-element_type=\"column\" data-e-type=\"column\">\n\t\t\t<div class=\"elementor-widget-wrap elementor-element-populated\">\n\t\t\t\t\t\t<div class=\"elementor-element elementor-element-bcb1bbd elementor-widget elementor-widget-heading\" data-id=\"bcb1bbd\" data-element_type=\"widget\" data-e-type=\"widget\" data-widget_type=\"heading.default\">\n\t\t\t\t<div class=\"elementor-widget-container\">\n\t\t\t\t\t<h2 class=\"elementor-heading-title elementor-size-default\">Francesco \"Franco\" Bonfiglio<\/h2>\t\t\t\t<\/div>\n\t\t\t\t<\/div>\n\t\t\t\t<div class=\"elementor-element elementor-element-73b6a4e elementor-widget elementor-widget-text-editor\" data-id=\"73b6a4e\" data-element_type=\"widget\" data-e-type=\"widget\" data-widget_type=\"text-editor.default\">\n\t\t\t\t<div class=\"elementor-widget-container\">\n\t\t\t\t\t\t\t\t\t<p>54 anni. Marito e padre. Impiegato. Una nuova esperienza per una Merano che vuole cambiare.<\/p>\t\t\t\t\t\t\t\t<\/div>\n\t\t\t\t<\/div>\n\t\t\t\t\t<\/div>\n\t\t<\/div>\n\t\t\t\t\t<\/div>\n\t\t<\/section>\n\t\t\t\t<section class=\"elementor-section elementor-inner-section elementor-element elementor-element-8359549 elementor-section-boxed elementor-section-height-default elementor-section-height-default\" data-id=\"8359549\" data-element_type=\"section\" data-e-type=\"section\">\n\t\t\t\t\t\t<div class=\"elementor-container elementor-column-gap-default\">\n\t\t\t\t\t<div class=\"elementor-column elementor-col-100 elementor-inner-column elementor-element elementor-element-88322ac\" data-id=\"88322ac\" data-element_type=\"column\" data-e-type=\"column\">\n\t\t\t<div class=\"elementor-widget-wrap elementor-element-populated\">\n\t\t\t\t\t\t<div class=\"elementor-element elementor-element-5181413 elementor-widget elementor-widget-toggle\" data-id=\"5181413\" data-element_type=\"widget\" data-e-type=\"widget\" data-widget_type=\"toggle.default\">\n\t\t\t\t<div class=\"elementor-widget-container\">\n\t\t\t\t\t\t\t<div class=\"elementor-toggle\">\n\t\t\t\t\t\t\t<div class=\"elementor-toggle-item\">\n\t\t\t\t\t<div id=\"elementor-tab-title-8541\" class=\"elementor-tab-title\" data-tab=\"1\" role=\"button\" aria-controls=\"elementor-tab-content-8541\" aria-expanded=\"false\">\n\t\t\t\t\t\t\t\t\t\t\t\t<span class=\"elementor-toggle-icon elementor-toggle-icon-left\" aria-hidden=\"true\">\n\t\t\t\t\t\t\t\t\t\t\t\t\t\t\t<span class=\"elementor-toggle-icon-closed\"><i class=\"fas fa-comment-dots\"><\/i><\/span>\n\t\t\t\t\t\t\t\t<span class=\"elementor-toggle-icon-opened\"><i class=\"elementor-toggle-icon-opened fas fa-caret-up\"><\/i><\/span>\n\t\t\t\t\t\t\t\t\t\t\t\t\t<\/span>\n\t\t\t\t\t\t\t\t\t\t\t\t<a class=\"elementor-toggle-title\" tabindex=\"0\">Mi presento<\/a>\n\t\t\t\t\t<\/div>\n\n\t\t\t\t\t<div id=\"elementor-tab-content-8541\" class=\"elementor-tab-content elementor-clearfix\" data-tab=\"1\" role=\"region\" aria-labelledby=\"elementor-tab-title-8541\"><div class=\"page\" title=\"Page 1\"><div class=\"section\"><div class=\"layoutArea\"><div class=\"column\"><p>Nasce a Cermes (BZ) il 16 marzo 1967.<br \/>Da sempre vive a Merano dove frequenta tutte le scuole dell\u2019obbligo e si diploma come ragioniere presso l\u2019Istituto Tecnico Commerciale \u201cL.Pisano\u201d.<\/p><p>Dopo aver assolto gli obblighi di leva, inizia la propria carriera lavorativa:<\/p><p>Euronorm S.p.A.: impiegato amministrativo dal 1989 al 1996.<br \/>Tir Service S.r.l.: impiegato nella disposizione dal 1996 al 1999.<br \/>Fercam S.p.a.: impiegato nella disposizione dal 1999 al 2003.<br \/>Rudolf Hartmann S.a.s.: responsabile logistica e disposizione dal 2003 ad oggi.<\/p><p>Sposato con Pamela e padre di Adele.<br \/>Interessi: viaggi, musica, lettura, cinema, tecnologia. Sport praticati: sci, mountain bike, jogging e fitness.<\/p><\/div><\/div><\/div><\/div><\/div>\n\t\t\t\t<\/div>\n\t\t\t\t\t\t\t\t<\/div>\n\t\t\t\t\t\t<\/div>\n\t\t\t\t<\/div>\n\t\t\t\t\t<\/div>\n\t\t<\/div>\n\t\t\t\t\t<\/div>\n\t\t<\/section>\n\t\t\t\t\t<\/div>\n\t\t<\/div>\n\t\t\t\t\t<\/div>\n\t\t<\/section>\n\t\t\t\t<section class=\"elementor-section elementor-top-section elementor-element elementor-element-4378d9d elementor-section-boxed elementor-section-height-default elementor-section-height-default\" data-id=\"4378d9d\" data-element_type=\"section\" data-e-type=\"section\" data-settings=\"{&quot;background_background&quot;:&quot;classic&quot;}\">\n\t\t\t\t\t\t<div class=\"elementor-container elementor-column-gap-default\">\n\t\t\t\t\t<div class=\"elementor-column elementor-col-100 elementor-top-column elementor-element elementor-element-2d75ad3\" data-id=\"2d75ad3\" data-element_type=\"column\" data-e-type=\"column\">\n\t\t\t<div class=\"elementor-widget-wrap elementor-element-populated\">\n\t\t\t\t\t\t<section class=\"elementor-section elementor-inner-section elementor-element elementor-element-1f3b8a2 elementor-section-boxed elementor-section-height-default elementor-section-height-default\" data-id=\"1f3b8a2\" data-element_type=\"section\" data-e-type=\"section\">\n\t\t\t\t\t\t<div class=\"elementor-container elementor-column-gap-default\">\n\t\t\t\t\t<div class=\"elementor-column elementor-col-50 elementor-inner-column elementor-element elementor-element-92cd752\" data-id=\"92cd752\" data-element_type=\"column\" data-e-type=\"column\">\n\t\t\t<div class=\"elementor-widget-wrap elementor-element-populated\">\n\t\t\t\t\t\t<div class=\"elementor-element elementor-element-fcd48eb elementor-widget elementor-widget-image\" data-id=\"fcd48eb\" data-element_type=\"widget\" data-e-type=\"widget\" data-widget_type=\"image.default\">\n\t\t\t\t<div class=\"elementor-widget-container\">\n\t\t\t\t\t\t\t\t\t\t\t\t\t\t\t<img loading=\"lazy\" decoding=\"async\" width=\"300\" height=\"200\" src=\"https:\/\/www.lacivicapermerano.eu\/wp-content\/uploads\/2021\/09\/Foto_candidati3-300x200.jpg\" class=\"attachment-medium size-medium wp-image-1094\" alt=\"\" srcset=\"https:\/\/www.lacivicapermerano.eu\/wp-content\/uploads\/2021\/09\/Foto_candidati3-300x200.jpg 300w, https:\/\/www.lacivicapermerano.eu\/wp-content\/uploads\/2021\/09\/Foto_candidati3-768x513.jpg 768w, https:\/\/www.lacivicapermerano.eu\/wp-content\/uploads\/2021\/09\/Foto_candidati3-18x12.jpg 18w, https:\/\/www.lacivicapermerano.eu\/wp-content\/uploads\/2021\/09\/Foto_candidati3-230x154.jpg 230w, https:\/\/www.lacivicapermerano.eu\/wp-content\/uploads\/2021\/09\/Foto_candidati3-350x234.jpg 350w, https:\/\/www.lacivicapermerano.eu\/wp-content\/uploads\/2021\/09\/Foto_candidati3-480x320.jpg 480w, https:\/\/www.lacivicapermerano.eu\/wp-content\/uploads\/2021\/09\/Foto_candidati3.jpg 800w\" sizes=\"(max-width: 300px) 100vw, 300px\" \/>\t\t\t\t\t\t\t\t\t\t\t\t\t\t\t<\/div>\n\t\t\t\t<\/div>\n\t\t\t\t<div class=\"elementor-element elementor-element-53c00a1 elementor-align-center elementor-widget elementor-widget-button\" data-id=\"53c00a1\" data-element_type=\"widget\" data-e-type=\"widget\" data-widget_type=\"button.default\">\n\t\t\t\t<div class=\"elementor-widget-container\">\n\t\t\t\t\t\t\t\t\t<div class=\"elementor-button-wrapper\">\n\t\t\t\t\t<a class=\"elementor-button elementor-button-link elementor-size-sm\" href=\"https:\/\/www.lacivicapermerano.eu\/wp-content\/uploads\/2021\/09\/certificato-penale-Cappello.pdf\">\n\t\t\t\t\t\t<span class=\"elementor-button-content-wrapper\">\n\t\t\t\t\t\t\t\t\t<span class=\"elementor-button-text\">Cert. penale<\/span>\n\t\t\t\t\t<\/span>\n\t\t\t\t\t<\/a>\n\t\t\t\t<\/div>\n\t\t\t\t\t\t\t\t<\/div>\n\t\t\t\t<\/div>\n\t\t\t\t\t<\/div>\n\t\t<\/div>\n\t\t\t\t<div class=\"elementor-column elementor-col-50 elementor-inner-column elementor-element elementor-element-7ec17b6\" data-id=\"7ec17b6\" data-element_type=\"column\" data-e-type=\"column\">\n\t\t\t<div class=\"elementor-widget-wrap elementor-element-populated\">\n\t\t\t\t\t\t<div class=\"elementor-element elementor-element-c697489 elementor-widget elementor-widget-heading\" data-id=\"c697489\" data-element_type=\"widget\" data-e-type=\"widget\" data-widget_type=\"heading.default\">\n\t\t\t\t<div class=\"elementor-widget-container\">\n\t\t\t\t\t<h2 class=\"elementor-heading-title elementor-size-default\">Maria Cristina \"Chicca\" Cappello<\/h2>\t\t\t\t<\/div>\n\t\t\t\t<\/div>\n\t\t\t\t<div class=\"elementor-element elementor-element-e3ddcc3 elementor-widget elementor-widget-text-editor\" data-id=\"e3ddcc3\" data-element_type=\"widget\" data-e-type=\"widget\" data-widget_type=\"text-editor.default\">\n\t\t\t\t<div class=\"elementor-widget-container\">\n\t\t\t\t\t\t\t\t\t<p>Romana classe &#8217;68. Meranese dal 2008. Coordinatrice per l&#8217;assistenza domiciliare per Merano e Burgraviato. Con la Civica dal 2010.<\/p>\t\t\t\t\t\t\t\t<\/div>\n\t\t\t\t<\/div>\n\t\t\t\t\t<\/div>\n\t\t<\/div>\n\t\t\t\t\t<\/div>\n\t\t<\/section>\n\t\t\t\t<section class=\"elementor-section elementor-inner-section elementor-element elementor-element-cba7613 elementor-section-boxed elementor-section-height-default elementor-section-height-default\" data-id=\"cba7613\" data-element_type=\"section\" data-e-type=\"section\">\n\t\t\t\t\t\t<div class=\"elementor-container elementor-column-gap-default\">\n\t\t\t\t\t<div class=\"elementor-column elementor-col-100 elementor-inner-column elementor-element elementor-element-b6c2e1d\" data-id=\"b6c2e1d\" data-element_type=\"column\" data-e-type=\"column\">\n\t\t\t<div class=\"elementor-widget-wrap elementor-element-populated\">\n\t\t\t\t\t\t<div class=\"elementor-element elementor-element-8b30bab elementor-widget elementor-widget-toggle\" data-id=\"8b30bab\" data-element_type=\"widget\" data-e-type=\"widget\" data-widget_type=\"toggle.default\">\n\t\t\t\t<div class=\"elementor-widget-container\">\n\t\t\t\t\t\t\t<div class=\"elementor-toggle\">\n\t\t\t\t\t\t\t<div class=\"elementor-toggle-item\">\n\t\t\t\t\t<div id=\"elementor-tab-title-1451\" class=\"elementor-tab-title\" data-tab=\"1\" role=\"button\" aria-controls=\"elementor-tab-content-1451\" aria-expanded=\"false\">\n\t\t\t\t\t\t\t\t\t\t\t\t<span class=\"elementor-toggle-icon elementor-toggle-icon-left\" aria-hidden=\"true\">\n\t\t\t\t\t\t\t\t\t\t\t\t\t\t\t<span class=\"elementor-toggle-icon-closed\"><i class=\"fas fa-comment-dots\"><\/i><\/span>\n\t\t\t\t\t\t\t\t<span class=\"elementor-toggle-icon-opened\"><i class=\"elementor-toggle-icon-opened fas fa-caret-up\"><\/i><\/span>\n\t\t\t\t\t\t\t\t\t\t\t\t\t<\/span>\n\t\t\t\t\t\t\t\t\t\t\t\t<a class=\"elementor-toggle-title\" tabindex=\"0\">Mi presento<\/a>\n\t\t\t\t\t<\/div>\n\n\t\t\t\t\t<div id=\"elementor-tab-content-1451\" class=\"elementor-tab-content elementor-clearfix\" data-tab=\"1\" role=\"region\" aria-labelledby=\"elementor-tab-title-1451\"><p>Mi chiamo Cristina &#8220;Chicca&#8221; Cappello. Sono nata a Roma nel 1968. Vivo in Alto Adige dal 1998 e sono meranese acquisita dal 2008. Sono una persona estroversa e sempre pronta a mettersi in gioco. Dal 2015 sono socio lavoratore e Coordinatrice assistenza domiciliare Merano e Burgraviato con la Cooperativa Sociale Tempo Zeit, in pi\u00f9 collaboro attivamente con svariate associazioni sul territorio in molteplici attivit\u00e0, che portano ad aggregazione e inclusione tra le varie fasce di et\u00e0. Sono convinta che fare &#8220;rete&#8221; con diverse associazioni dei territorio porti ad una buona riuscita di visioni e obiettivi volti al successo di un fine comune, indipendentemente dal tipo di attivit\u00e0 che si svolge e di far sentire le persone coinvolte parte attiva della comunit\u00e0.<br \/>La mia prima partecipazione alla vita politica Meranese risale al 2010 proprio con La Civica per Merano nella quale, quest&#8217;anno, mi sono rimessa in gioco per portare avanti progetti che condivido e in cui credo fortemente e che porteranno beneficio alla collettivit\u00e0.<\/p><\/div>\n\t\t\t\t<\/div>\n\t\t\t\t\t\t\t\t<\/div>\n\t\t\t\t\t\t<\/div>\n\t\t\t\t<\/div>\n\t\t\t\t\t<\/div>\n\t\t<\/div>\n\t\t\t\t\t<\/div>\n\t\t<\/section>\n\t\t\t\t\t<\/div>\n\t\t<\/div>\n\t\t\t\t\t<\/div>\n\t\t<\/section>\n\t\t\t\t<section class=\"elementor-section elementor-top-section elementor-element elementor-element-45f20bb elementor-section-boxed elementor-section-height-default elementor-section-height-default\" data-id=\"45f20bb\" data-element_type=\"section\" data-e-type=\"section\" data-settings=\"{&quot;background_background&quot;:&quot;classic&quot;}\">\n\t\t\t\t\t\t<div class=\"elementor-container elementor-column-gap-default\">\n\t\t\t\t\t<div class=\"elementor-column elementor-col-100 elementor-top-column elementor-element elementor-element-b450505\" data-id=\"b450505\" data-element_type=\"column\" data-e-type=\"column\">\n\t\t\t<div class=\"elementor-widget-wrap elementor-element-populated\">\n\t\t\t\t\t\t<section class=\"elementor-section elementor-inner-section elementor-element elementor-element-9694113 elementor-section-boxed elementor-section-height-default elementor-section-height-default\" data-id=\"9694113\" data-element_type=\"section\" data-e-type=\"section\">\n\t\t\t\t\t\t<div class=\"elementor-container elementor-column-gap-default\">\n\t\t\t\t\t<div class=\"elementor-column elementor-col-50 elementor-inner-column elementor-element elementor-element-5c0f391\" data-id=\"5c0f391\" data-element_type=\"column\" data-e-type=\"column\">\n\t\t\t<div class=\"elementor-widget-wrap elementor-element-populated\">\n\t\t\t\t\t\t<div class=\"elementor-element elementor-element-e5d8aac elementor-widget elementor-widget-image\" data-id=\"e5d8aac\" data-element_type=\"widget\" data-e-type=\"widget\" data-widget_type=\"image.default\">\n\t\t\t\t<div class=\"elementor-widget-container\">\n\t\t\t\t\t\t\t\t\t\t\t\t\t\t\t<img loading=\"lazy\" decoding=\"async\" width=\"300\" height=\"200\" src=\"https:\/\/www.lacivicapermerano.eu\/wp-content\/uploads\/2021\/09\/Foto_candidati2-300x200.jpg\" class=\"attachment-medium size-medium wp-image-1095\" alt=\"\" srcset=\"https:\/\/www.lacivicapermerano.eu\/wp-content\/uploads\/2021\/09\/Foto_candidati2-300x200.jpg 300w, https:\/\/www.lacivicapermerano.eu\/wp-content\/uploads\/2021\/09\/Foto_candidati2-768x513.jpg 768w, https:\/\/www.lacivicapermerano.eu\/wp-content\/uploads\/2021\/09\/Foto_candidati2-18x12.jpg 18w, https:\/\/www.lacivicapermerano.eu\/wp-content\/uploads\/2021\/09\/Foto_candidati2-230x154.jpg 230w, https:\/\/www.lacivicapermerano.eu\/wp-content\/uploads\/2021\/09\/Foto_candidati2-350x234.jpg 350w, https:\/\/www.lacivicapermerano.eu\/wp-content\/uploads\/2021\/09\/Foto_candidati2-480x320.jpg 480w, https:\/\/www.lacivicapermerano.eu\/wp-content\/uploads\/2021\/09\/Foto_candidati2.jpg 800w\" sizes=\"(max-width: 300px) 100vw, 300px\" \/>\t\t\t\t\t\t\t\t\t\t\t\t\t\t\t<\/div>\n\t\t\t\t<\/div>\n\t\t\t\t<div class=\"elementor-element elementor-element-64e9bfc elementor-align-center elementor-widget elementor-widget-button\" data-id=\"64e9bfc\" data-element_type=\"widget\" data-e-type=\"widget\" data-widget_type=\"button.default\">\n\t\t\t\t<div class=\"elementor-widget-container\">\n\t\t\t\t\t\t\t\t\t<div class=\"elementor-button-wrapper\">\n\t\t\t\t\t<a class=\"elementor-button elementor-button-link elementor-size-sm\" href=\"https:\/\/www.lacivicapermerano.eu\/wp-content\/uploads\/2021\/09\/Certificato-Penale-Carbone-Alice.pdf\">\n\t\t\t\t\t\t<span class=\"elementor-button-content-wrapper\">\n\t\t\t\t\t\t\t\t\t<span class=\"elementor-button-text\">Cert. penale<\/span>\n\t\t\t\t\t<\/span>\n\t\t\t\t\t<\/a>\n\t\t\t\t<\/div>\n\t\t\t\t\t\t\t\t<\/div>\n\t\t\t\t<\/div>\n\t\t\t\t\t<\/div>\n\t\t<\/div>\n\t\t\t\t<div class=\"elementor-column elementor-col-50 elementor-inner-column elementor-element elementor-element-8f00ea2\" data-id=\"8f00ea2\" data-element_type=\"column\" data-e-type=\"column\">\n\t\t\t<div class=\"elementor-widget-wrap elementor-element-populated\">\n\t\t\t\t\t\t<div class=\"elementor-element elementor-element-0786316 elementor-widget elementor-widget-heading\" data-id=\"0786316\" data-element_type=\"widget\" data-e-type=\"widget\" data-widget_type=\"heading.default\">\n\t\t\t\t<div class=\"elementor-widget-container\">\n\t\t\t\t\t<h2 class=\"elementor-heading-title elementor-size-default\">Alice Carbone<\/h2>\t\t\t\t<\/div>\n\t\t\t\t<\/div>\n\t\t\t\t<div class=\"elementor-element elementor-element-8de9f90 elementor-widget elementor-widget-text-editor\" data-id=\"8de9f90\" data-element_type=\"widget\" data-e-type=\"widget\" data-widget_type=\"text-editor.default\">\n\t\t\t\t<div class=\"elementor-widget-container\">\n\t\t\t\t\t\t\t\t\t<div class=\"page\" title=\"Page 1\"><div class=\"section\"><div class=\"layoutArea\"><div class=\"column\"><p>Alice Carbone, 31 anni. Nata e cresciuta a Merano. Sono disegnatrice tecnica per uno studio di progettazione, ma sono appassionata di salute e benessere. Ho un\u2019anima curiosa e riflessiva, e desidero esserci per il cambiamento.<\/p><\/div><\/div><\/div><\/div>\t\t\t\t\t\t\t\t<\/div>\n\t\t\t\t<\/div>\n\t\t\t\t\t<\/div>\n\t\t<\/div>\n\t\t\t\t\t<\/div>\n\t\t<\/section>\n\t\t\t\t<section class=\"elementor-section elementor-inner-section elementor-element elementor-element-d00c490 elementor-section-boxed elementor-section-height-default elementor-section-height-default\" data-id=\"d00c490\" data-element_type=\"section\" data-e-type=\"section\">\n\t\t\t\t\t\t<div class=\"elementor-container elementor-column-gap-default\">\n\t\t\t\t\t<div class=\"elementor-column elementor-col-100 elementor-inner-column elementor-element elementor-element-c8db734\" data-id=\"c8db734\" data-element_type=\"column\" data-e-type=\"column\">\n\t\t\t<div class=\"elementor-widget-wrap elementor-element-populated\">\n\t\t\t\t\t\t<div class=\"elementor-element elementor-element-84e7202 elementor-widget elementor-widget-toggle\" data-id=\"84e7202\" data-element_type=\"widget\" data-e-type=\"widget\" data-widget_type=\"toggle.default\">\n\t\t\t\t<div class=\"elementor-widget-container\">\n\t\t\t\t\t\t\t<div class=\"elementor-toggle\">\n\t\t\t\t\t\t\t<div class=\"elementor-toggle-item\">\n\t\t\t\t\t<div id=\"elementor-tab-title-1391\" class=\"elementor-tab-title\" data-tab=\"1\" role=\"button\" aria-controls=\"elementor-tab-content-1391\" aria-expanded=\"false\">\n\t\t\t\t\t\t\t\t\t\t\t\t<span class=\"elementor-toggle-icon elementor-toggle-icon-left\" aria-hidden=\"true\">\n\t\t\t\t\t\t\t\t\t\t\t\t\t\t\t<span class=\"elementor-toggle-icon-closed\"><i class=\"fas fa-comment-dots\"><\/i><\/span>\n\t\t\t\t\t\t\t\t<span class=\"elementor-toggle-icon-opened\"><i class=\"elementor-toggle-icon-opened fas fa-caret-up\"><\/i><\/span>\n\t\t\t\t\t\t\t\t\t\t\t\t\t<\/span>\n\t\t\t\t\t\t\t\t\t\t\t\t<a class=\"elementor-toggle-title\" tabindex=\"0\">Mi presento<\/a>\n\t\t\t\t\t<\/div>\n\n\t\t\t\t\t<div id=\"elementor-tab-content-1391\" class=\"elementor-tab-content elementor-clearfix\" data-tab=\"1\" role=\"region\" aria-labelledby=\"elementor-tab-title-1391\"><div class=\"page\" title=\"Page 1\"><div class=\"section\"><div class=\"layoutArea\"><div class=\"column\"><p>Mi chiamo Alice Carbone e sono nata a Merano, il 20 maggio 1990.<br \/>Nel 2009 ho conseguito il diploma di maturita\u0300 classica presso il Liceo G. Carducci di Merano.<\/p><p>La fine delle scuole superiori ha segnato per me l\u2019inizio della ricerca del mio posto nel mondo, che ho accolto come un\u2019avventura. La vasta scelta di percorsi formativi, la mia irrefrenabile curiosita\u0300 alimentata da una grande fame di conoscere, il desiderio di vivere nella meraviglia, hanno tracciato un cammino tortuoso, fatto di battute d\u2019arresto e ripartenze.<\/p><p>Il mio interesse in questi anni ha viaggiato lungo una spirale centripeta, portandomi dal generale al particolare, dalla volonta\u0300 di salvaguardare la natura del pianeta al desiderio di conoscere la natura dell\u2019uomo.<\/p><p>2009-2011<br \/>Ho frequentato un anno di Ingegneria Ambientale, ma poi ho capito che ad appassionarmi era in realta\u0300 il connubio tra tecnica e creativita\u0300, cosi\u0300 mi sono trasferita al corso di Ingegneria Edile- Architettura. Sempre a Trento. Ma la vita aveva altri piani per me e mi ha spinta su un altro binario.<\/p><p>2011-2016<br \/>Naturopatia: ho frequentato i 5 anni dell\u2019Istituto di Medicina Globale di Padova per diventare operatrice olistica. Questi studi mi hanno permesso di approfondire la conoscenza di discipline investigative naturali che mirano al mantenimento e al recupero dello stato di benessere attraverso la conoscenza dei sottili equilibri che regolano la vita.<\/p><p>2014-2015<br \/>Un anno di Giurisprudenza. La volonta\u0300 era quella di imparare a leggere il tessuto normativo che regola la vita della comunita\u0300, intuirne la trama ed apprendere gli strumenti per divenire cittadini consapevoli dei propri diritti e doveri. Tuttavia, portare avanti due studi contemporaneamente, risultava complicato.<\/p><p>2017-2020<br \/>Spontaneo e\u0300 stato invece il proseguimento degli studi nel campo della salute attraverso la frequentazione di un corso triennale presso la Federazione Italiana Yoga per diventare insegnante.<\/p><p>A seguito di queste esperienze, e\u0300 riaffiorata la mia passione per l\u2019architettura che mi ha spinta a cercare impiego nel settore. Ora lavoro presso uno studio di progettazione a Merano, con l\u2019ambizione di poter integrare un giorno materia tecnica e umanistica, al fine di costruire un mondo bello e armonioso in cui vivere. In questo senso, ritengo che partecipare attivamente alla vita politica della mia citta\u0300, anche attraverso la candidatura, sia un modo per onorare questi valori per me fondamentali.<\/p><\/div><\/div><\/div><\/div><\/div>\n\t\t\t\t<\/div>\n\t\t\t\t\t\t\t\t<\/div>\n\t\t\t\t\t\t<\/div>\n\t\t\t\t<\/div>\n\t\t\t\t\t<\/div>\n\t\t<\/div>\n\t\t\t\t\t<\/div>\n\t\t<\/section>\n\t\t\t\t\t<\/div>\n\t\t<\/div>\n\t\t\t\t\t<\/div>\n\t\t<\/section>\n\t\t\t\t<section class=\"elementor-section elementor-top-section elementor-element elementor-element-bd53b71 elementor-section-boxed elementor-section-height-default elementor-section-height-default\" data-id=\"bd53b71\" data-element_type=\"section\" data-e-type=\"section\" data-settings=\"{&quot;background_background&quot;:&quot;classic&quot;}\">\n\t\t\t\t\t\t<div class=\"elementor-container elementor-column-gap-default\">\n\t\t\t\t\t<div class=\"elementor-column elementor-col-100 elementor-top-column elementor-element elementor-element-5971108\" data-id=\"5971108\" data-element_type=\"column\" data-e-type=\"column\">\n\t\t\t<div class=\"elementor-widget-wrap elementor-element-populated\">\n\t\t\t\t\t\t<section class=\"elementor-section elementor-inner-section elementor-element elementor-element-6ac96bb elementor-section-boxed elementor-section-height-default elementor-section-height-default\" data-id=\"6ac96bb\" data-element_type=\"section\" data-e-type=\"section\">\n\t\t\t\t\t\t<div class=\"elementor-container elementor-column-gap-default\">\n\t\t\t\t\t<div class=\"elementor-column elementor-col-50 elementor-inner-column elementor-element elementor-element-877aff8\" data-id=\"877aff8\" data-element_type=\"column\" data-e-type=\"column\">\n\t\t\t<div class=\"elementor-widget-wrap elementor-element-populated\">\n\t\t\t\t\t\t<div class=\"elementor-element elementor-element-7168f4b elementor-widget elementor-widget-image\" data-id=\"7168f4b\" data-element_type=\"widget\" data-e-type=\"widget\" data-widget_type=\"image.default\">\n\t\t\t\t<div class=\"elementor-widget-container\">\n\t\t\t\t\t\t\t\t\t\t\t\t\t\t\t<img loading=\"lazy\" decoding=\"async\" width=\"300\" height=\"200\" src=\"https:\/\/www.lacivicapermerano.eu\/wp-content\/uploads\/2020\/08\/CPM2020_1_.casotti-300x200.jpg\" class=\"attachment-medium size-medium wp-image-923\" alt=\"\" srcset=\"https:\/\/www.lacivicapermerano.eu\/wp-content\/uploads\/2020\/08\/CPM2020_1_.casotti-300x200.jpg 300w, https:\/\/www.lacivicapermerano.eu\/wp-content\/uploads\/2020\/08\/CPM2020_1_.casotti-768x513.jpg 768w, https:\/\/www.lacivicapermerano.eu\/wp-content\/uploads\/2020\/08\/CPM2020_1_.casotti-830x554.jpg 830w, https:\/\/www.lacivicapermerano.eu\/wp-content\/uploads\/2020\/08\/CPM2020_1_.casotti-230x154.jpg 230w, https:\/\/www.lacivicapermerano.eu\/wp-content\/uploads\/2020\/08\/CPM2020_1_.casotti-350x234.jpg 350w, https:\/\/www.lacivicapermerano.eu\/wp-content\/uploads\/2020\/08\/CPM2020_1_.casotti-480x321.jpg 480w, https:\/\/www.lacivicapermerano.eu\/wp-content\/uploads\/2020\/08\/CPM2020_1_.casotti.jpg 1000w\" sizes=\"(max-width: 300px) 100vw, 300px\" \/>\t\t\t\t\t\t\t\t\t\t\t\t\t\t\t<\/div>\n\t\t\t\t<\/div>\n\t\t\t\t<div class=\"elementor-element elementor-element-677f210 elementor-align-center elementor-widget elementor-widget-button\" data-id=\"677f210\" data-element_type=\"widget\" data-e-type=\"widget\" data-widget_type=\"button.default\">\n\t\t\t\t<div class=\"elementor-widget-container\">\n\t\t\t\t\t\t\t\t\t<div class=\"elementor-button-wrapper\">\n\t\t\t\t\t<a class=\"elementor-button elementor-button-link elementor-size-sm\" href=\"https:\/\/www.lacivicapermerano.eu\/wp-content\/uploads\/2021\/09\/certificato-penale-Casotti.pdf\">\n\t\t\t\t\t\t<span class=\"elementor-button-content-wrapper\">\n\t\t\t\t\t\t\t\t\t<span class=\"elementor-button-text\">Cert. penale<\/span>\n\t\t\t\t\t<\/span>\n\t\t\t\t\t<\/a>\n\t\t\t\t<\/div>\n\t\t\t\t\t\t\t\t<\/div>\n\t\t\t\t<\/div>\n\t\t\t\t\t<\/div>\n\t\t<\/div>\n\t\t\t\t<div class=\"elementor-column elementor-col-50 elementor-inner-column elementor-element elementor-element-96bd1ee\" data-id=\"96bd1ee\" data-element_type=\"column\" data-e-type=\"column\">\n\t\t\t<div class=\"elementor-widget-wrap elementor-element-populated\">\n\t\t\t\t\t\t<div class=\"elementor-element elementor-element-f42a6b9 elementor-widget elementor-widget-heading\" data-id=\"f42a6b9\" data-element_type=\"widget\" data-e-type=\"widget\" data-widget_type=\"heading.default\">\n\t\t\t\t<div class=\"elementor-widget-container\">\n\t\t\t\t\t<h2 class=\"elementor-heading-title elementor-size-default\">Massimiliano Casotti<\/h2>\t\t\t\t<\/div>\n\t\t\t\t<\/div>\n\t\t\t\t<div class=\"elementor-element elementor-element-a2bf070 elementor-widget elementor-widget-text-editor\" data-id=\"a2bf070\" data-element_type=\"widget\" data-e-type=\"widget\" data-widget_type=\"text-editor.default\">\n\t\t\t\t<div class=\"elementor-widget-container\">\n\t\t\t\t\t\t\t\t\t<div class=\"page\" title=\"Page 1\"><div class=\"section\"><div class=\"layoutArea\"><div class=\"column\"><p>46 anni. Sposato e padre di due stupende bimbe.\u00a0Lavoro in ASM Spa dove sono il coordinatore raccolta rifiuti. Da sempre attivo nel volontariato.<\/p><\/div><\/div><\/div><\/div>\t\t\t\t\t\t\t\t<\/div>\n\t\t\t\t<\/div>\n\t\t\t\t\t<\/div>\n\t\t<\/div>\n\t\t\t\t\t<\/div>\n\t\t<\/section>\n\t\t\t\t<section class=\"elementor-section elementor-inner-section elementor-element elementor-element-dec5c1b elementor-section-boxed elementor-section-height-default elementor-section-height-default\" data-id=\"dec5c1b\" data-element_type=\"section\" data-e-type=\"section\">\n\t\t\t\t\t\t<div class=\"elementor-container elementor-column-gap-default\">\n\t\t\t\t\t<div class=\"elementor-column elementor-col-100 elementor-inner-column elementor-element elementor-element-81605e6\" data-id=\"81605e6\" data-element_type=\"column\" data-e-type=\"column\">\n\t\t\t<div class=\"elementor-widget-wrap elementor-element-populated\">\n\t\t\t\t\t\t<div class=\"elementor-element elementor-element-c55a6fe elementor-widget elementor-widget-toggle\" data-id=\"c55a6fe\" data-element_type=\"widget\" data-e-type=\"widget\" data-widget_type=\"toggle.default\">\n\t\t\t\t<div class=\"elementor-widget-container\">\n\t\t\t\t\t\t\t<div class=\"elementor-toggle\">\n\t\t\t\t\t\t\t<div class=\"elementor-toggle-item\">\n\t\t\t\t\t<div id=\"elementor-tab-title-2061\" class=\"elementor-tab-title\" data-tab=\"1\" role=\"button\" aria-controls=\"elementor-tab-content-2061\" aria-expanded=\"false\">\n\t\t\t\t\t\t\t\t\t\t\t\t<span class=\"elementor-toggle-icon elementor-toggle-icon-left\" aria-hidden=\"true\">\n\t\t\t\t\t\t\t\t\t\t\t\t\t\t\t<span class=\"elementor-toggle-icon-closed\"><i class=\"fas fa-comment-dots\"><\/i><\/span>\n\t\t\t\t\t\t\t\t<span class=\"elementor-toggle-icon-opened\"><i class=\"elementor-toggle-icon-opened fas fa-caret-up\"><\/i><\/span>\n\t\t\t\t\t\t\t\t\t\t\t\t\t<\/span>\n\t\t\t\t\t\t\t\t\t\t\t\t<a class=\"elementor-toggle-title\" tabindex=\"0\">Mi presento<\/a>\n\t\t\t\t\t<\/div>\n\n\t\t\t\t\t<div id=\"elementor-tab-content-2061\" class=\"elementor-tab-content elementor-clearfix\" data-tab=\"1\" role=\"region\" aria-labelledby=\"elementor-tab-title-2061\"><div class=\"page\" title=\"Page 1\"><div class=\"section\"><div class=\"layoutArea\"><div class=\"column\"><p>Sono Massimiliano Casotti sposato e padre di due stupende bimbe.<br \/>Lavoro in ASM spa (Azienda servizi Municipalizzati) e sono il coordinatore raccolta rifiuti.<br \/>Mi piace andare in montagna, gustarmi la natura e raccogliere funghi.<br \/>Faccio volontariato all\u2019interno dell\u2019associazione giovanile CILLA dedicandomi ai ragazzi delle medie svolgendo con loro varie attivita\u0300.<\/p><\/div><\/div><\/div><\/div><\/div>\n\t\t\t\t<\/div>\n\t\t\t\t\t\t\t\t<\/div>\n\t\t\t\t\t\t<\/div>\n\t\t\t\t<\/div>\n\t\t\t\t\t<\/div>\n\t\t<\/div>\n\t\t\t\t\t<\/div>\n\t\t<\/section>\n\t\t\t\t\t<\/div>\n\t\t<\/div>\n\t\t\t\t\t<\/div>\n\t\t<\/section>\n\t\t\t\t<section class=\"elementor-section elementor-top-section elementor-element elementor-element-51a5c20 elementor-section-boxed elementor-section-height-default elementor-section-height-default\" data-id=\"51a5c20\" data-element_type=\"section\" data-e-type=\"section\" data-settings=\"{&quot;background_background&quot;:&quot;classic&quot;}\">\n\t\t\t\t\t\t<div class=\"elementor-container elementor-column-gap-default\">\n\t\t\t\t\t<div class=\"elementor-column elementor-col-100 elementor-top-column elementor-element elementor-element-a85ff21\" data-id=\"a85ff21\" data-element_type=\"column\" data-e-type=\"column\">\n\t\t\t<div class=\"elementor-widget-wrap elementor-element-populated\">\n\t\t\t\t\t\t<section class=\"elementor-section elementor-inner-section elementor-element elementor-element-d13f687 elementor-section-boxed elementor-section-height-default elementor-section-height-default\" data-id=\"d13f687\" data-element_type=\"section\" data-e-type=\"section\">\n\t\t\t\t\t\t<div class=\"elementor-container elementor-column-gap-default\">\n\t\t\t\t\t<div class=\"elementor-column elementor-col-50 elementor-inner-column elementor-element elementor-element-adab2a2\" data-id=\"adab2a2\" data-element_type=\"column\" data-e-type=\"column\">\n\t\t\t<div class=\"elementor-widget-wrap elementor-element-populated\">\n\t\t\t\t\t\t<div class=\"elementor-element elementor-element-4810007 elementor-widget elementor-widget-image\" data-id=\"4810007\" data-element_type=\"widget\" data-e-type=\"widget\" data-widget_type=\"image.default\">\n\t\t\t\t<div class=\"elementor-widget-container\">\n\t\t\t\t\t\t\t\t\t\t\t\t\t\t\t<img loading=\"lazy\" decoding=\"async\" width=\"300\" height=\"200\" src=\"https:\/\/www.lacivicapermerano.eu\/wp-content\/uploads\/2021\/09\/Foto_candidati10-300x200.jpg\" class=\"attachment-medium size-medium wp-image-1096\" alt=\"\" srcset=\"https:\/\/www.lacivicapermerano.eu\/wp-content\/uploads\/2021\/09\/Foto_candidati10-300x200.jpg 300w, https:\/\/www.lacivicapermerano.eu\/wp-content\/uploads\/2021\/09\/Foto_candidati10-768x513.jpg 768w, https:\/\/www.lacivicapermerano.eu\/wp-content\/uploads\/2021\/09\/Foto_candidati10-18x12.jpg 18w, https:\/\/www.lacivicapermerano.eu\/wp-content\/uploads\/2021\/09\/Foto_candidati10-230x154.jpg 230w, https:\/\/www.lacivicapermerano.eu\/wp-content\/uploads\/2021\/09\/Foto_candidati10-350x234.jpg 350w, https:\/\/www.lacivicapermerano.eu\/wp-content\/uploads\/2021\/09\/Foto_candidati10-480x320.jpg 480w, https:\/\/www.lacivicapermerano.eu\/wp-content\/uploads\/2021\/09\/Foto_candidati10.jpg 800w\" sizes=\"(max-width: 300px) 100vw, 300px\" \/>\t\t\t\t\t\t\t\t\t\t\t\t\t\t\t<\/div>\n\t\t\t\t<\/div>\n\t\t\t\t<div class=\"elementor-element elementor-element-7191369 elementor-align-center elementor-widget elementor-widget-button\" data-id=\"7191369\" data-element_type=\"widget\" data-e-type=\"widget\" data-widget_type=\"button.default\">\n\t\t\t\t<div class=\"elementor-widget-container\">\n\t\t\t\t\t\t\t\t\t<div class=\"elementor-button-wrapper\">\n\t\t\t\t\t<a class=\"elementor-button elementor-button-link elementor-size-sm\" href=\"https:\/\/www.lacivicapermerano.eu\/wp-content\/uploads\/2021\/09\/Certificato-Penale-Cioffi-Mirko.pdf\">\n\t\t\t\t\t\t<span class=\"elementor-button-content-wrapper\">\n\t\t\t\t\t\t\t\t\t<span class=\"elementor-button-text\">Cert. penale<\/span>\n\t\t\t\t\t<\/span>\n\t\t\t\t\t<\/a>\n\t\t\t\t<\/div>\n\t\t\t\t\t\t\t\t<\/div>\n\t\t\t\t<\/div>\n\t\t\t\t\t<\/div>\n\t\t<\/div>\n\t\t\t\t<div class=\"elementor-column elementor-col-50 elementor-inner-column elementor-element elementor-element-ad87550\" data-id=\"ad87550\" data-element_type=\"column\" data-e-type=\"column\">\n\t\t\t<div class=\"elementor-widget-wrap elementor-element-populated\">\n\t\t\t\t\t\t<div class=\"elementor-element elementor-element-827b5c1 elementor-widget elementor-widget-heading\" data-id=\"827b5c1\" data-element_type=\"widget\" data-e-type=\"widget\" data-widget_type=\"heading.default\">\n\t\t\t\t<div class=\"elementor-widget-container\">\n\t\t\t\t\t<h2 class=\"elementor-heading-title elementor-size-default\">Mirko Cioffi<\/h2>\t\t\t\t<\/div>\n\t\t\t\t<\/div>\n\t\t\t\t<div class=\"elementor-element elementor-element-485bd17 elementor-widget elementor-widget-text-editor\" data-id=\"485bd17\" data-element_type=\"widget\" data-e-type=\"widget\" data-widget_type=\"text-editor.default\">\n\t\t\t\t<div class=\"elementor-widget-container\">\n\t\t\t\t\t\t\t\t\t<p>42 anni. Meranese DOC. Macchinista di treni, sposato e orgoglioso padre di due splendidi bambini.<\/p>\t\t\t\t\t\t\t\t<\/div>\n\t\t\t\t<\/div>\n\t\t\t\t\t<\/div>\n\t\t<\/div>\n\t\t\t\t\t<\/div>\n\t\t<\/section>\n\t\t\t\t<section class=\"elementor-section elementor-inner-section elementor-element elementor-element-b25996b elementor-section-boxed elementor-section-height-default elementor-section-height-default\" data-id=\"b25996b\" data-element_type=\"section\" data-e-type=\"section\">\n\t\t\t\t\t\t<div class=\"elementor-container elementor-column-gap-default\">\n\t\t\t\t\t<div class=\"elementor-column elementor-col-100 elementor-inner-column elementor-element elementor-element-2937eec\" data-id=\"2937eec\" data-element_type=\"column\" data-e-type=\"column\">\n\t\t\t<div class=\"elementor-widget-wrap elementor-element-populated\">\n\t\t\t\t\t\t<div class=\"elementor-element elementor-element-de57ab8 elementor-widget elementor-widget-toggle\" data-id=\"de57ab8\" data-element_type=\"widget\" data-e-type=\"widget\" data-widget_type=\"toggle.default\">\n\t\t\t\t<div class=\"elementor-widget-container\">\n\t\t\t\t\t\t\t<div class=\"elementor-toggle\">\n\t\t\t\t\t\t\t<div class=\"elementor-toggle-item\">\n\t\t\t\t\t<div id=\"elementor-tab-title-2331\" class=\"elementor-tab-title\" data-tab=\"1\" role=\"button\" aria-controls=\"elementor-tab-content-2331\" aria-expanded=\"false\">\n\t\t\t\t\t\t\t\t\t\t\t\t<span class=\"elementor-toggle-icon elementor-toggle-icon-left\" aria-hidden=\"true\">\n\t\t\t\t\t\t\t\t\t\t\t\t\t\t\t<span class=\"elementor-toggle-icon-closed\"><i class=\"fas fa-comment-dots\"><\/i><\/span>\n\t\t\t\t\t\t\t\t<span class=\"elementor-toggle-icon-opened\"><i class=\"elementor-toggle-icon-opened fas fa-caret-up\"><\/i><\/span>\n\t\t\t\t\t\t\t\t\t\t\t\t\t<\/span>\n\t\t\t\t\t\t\t\t\t\t\t\t<a class=\"elementor-toggle-title\" tabindex=\"0\">Mi presento<\/a>\n\t\t\t\t\t<\/div>\n\n\t\t\t\t\t<div id=\"elementor-tab-content-2331\" class=\"elementor-tab-content elementor-clearfix\" data-tab=\"1\" role=\"region\" aria-labelledby=\"elementor-tab-title-2331\">Mi chiamo Mirko Cioffi e sono meranese DOC. Ho 42 anni, sposato con Svetlana e ho due meravigliosi figli.,\nMi sono diplomato all&#8217;ITC &#8220;L. Pisano&#8221; nel 1999, anno in cui sono poi partito per svolgere il periodo di leva nel corpo degli Alpini, scaglione 8\/99.\nSono in possesso del patentino di bilinguismo B. Da 17 anni sono macchinista di treni.\nHo innumerevoli hobby e passioni, tra cui lo sport, la buona cunica, i viaggi e stare in compagnia. Donatore di sangue dal 1998.\nHo accettato di candidarmi perch\u00e9, come detto, sono meranese dalla nascita e ci tengo a valorizzare al meglio la nostra splendida citt\u00e0.<\/div>\n\t\t\t\t<\/div>\n\t\t\t\t\t\t\t\t<\/div>\n\t\t\t\t\t\t<\/div>\n\t\t\t\t<\/div>\n\t\t\t\t\t<\/div>\n\t\t<\/div>\n\t\t\t\t\t<\/div>\n\t\t<\/section>\n\t\t\t\t\t<\/div>\n\t\t<\/div>\n\t\t\t\t\t<\/div>\n\t\t<\/section>\n\t\t\t\t<section class=\"elementor-section elementor-top-section elementor-element elementor-element-201ad43 elementor-section-boxed elementor-section-height-default elementor-section-height-default\" data-id=\"201ad43\" data-element_type=\"section\" data-e-type=\"section\" data-settings=\"{&quot;background_background&quot;:&quot;classic&quot;}\">\n\t\t\t\t\t\t<div class=\"elementor-container elementor-column-gap-default\">\n\t\t\t\t\t<div class=\"elementor-column elementor-col-100 elementor-top-column elementor-element elementor-element-b5b9bc2\" data-id=\"b5b9bc2\" data-element_type=\"column\" data-e-type=\"column\">\n\t\t\t<div class=\"elementor-widget-wrap elementor-element-populated\">\n\t\t\t\t\t\t<section class=\"elementor-section elementor-inner-section elementor-element elementor-element-f987fd0 elementor-section-boxed elementor-section-height-default elementor-section-height-default\" data-id=\"f987fd0\" data-element_type=\"section\" data-e-type=\"section\">\n\t\t\t\t\t\t<div class=\"elementor-container elementor-column-gap-default\">\n\t\t\t\t\t<div class=\"elementor-column elementor-col-50 elementor-inner-column elementor-element elementor-element-16b9c0d\" data-id=\"16b9c0d\" data-element_type=\"column\" data-e-type=\"column\">\n\t\t\t<div class=\"elementor-widget-wrap elementor-element-populated\">\n\t\t\t\t\t\t<div class=\"elementor-element elementor-element-a88ef62 elementor-widget elementor-widget-image\" data-id=\"a88ef62\" data-element_type=\"widget\" data-e-type=\"widget\" data-widget_type=\"image.default\">\n\t\t\t\t<div class=\"elementor-widget-container\">\n\t\t\t\t\t\t\t\t\t\t\t\t\t\t\t<img loading=\"lazy\" decoding=\"async\" width=\"300\" height=\"200\" src=\"https:\/\/www.lacivicapermerano.eu\/wp-content\/uploads\/2021\/09\/Foto_candidati6-300x200.jpg\" class=\"attachment-medium size-medium wp-image-1097\" alt=\"\" srcset=\"https:\/\/www.lacivicapermerano.eu\/wp-content\/uploads\/2021\/09\/Foto_candidati6-300x200.jpg 300w, https:\/\/www.lacivicapermerano.eu\/wp-content\/uploads\/2021\/09\/Foto_candidati6-768x513.jpg 768w, https:\/\/www.lacivicapermerano.eu\/wp-content\/uploads\/2021\/09\/Foto_candidati6-18x12.jpg 18w, https:\/\/www.lacivicapermerano.eu\/wp-content\/uploads\/2021\/09\/Foto_candidati6-230x154.jpg 230w, https:\/\/www.lacivicapermerano.eu\/wp-content\/uploads\/2021\/09\/Foto_candidati6-350x234.jpg 350w, https:\/\/www.lacivicapermerano.eu\/wp-content\/uploads\/2021\/09\/Foto_candidati6-480x320.jpg 480w, https:\/\/www.lacivicapermerano.eu\/wp-content\/uploads\/2021\/09\/Foto_candidati6.jpg 800w\" sizes=\"(max-width: 300px) 100vw, 300px\" \/>\t\t\t\t\t\t\t\t\t\t\t\t\t\t\t<\/div>\n\t\t\t\t<\/div>\n\t\t\t\t<div class=\"elementor-element elementor-element-a62b054 elementor-align-center elementor-widget elementor-widget-button\" data-id=\"a62b054\" data-element_type=\"widget\" data-e-type=\"widget\" data-widget_type=\"button.default\">\n\t\t\t\t<div class=\"elementor-widget-container\">\n\t\t\t\t\t\t\t\t\t<div class=\"elementor-button-wrapper\">\n\t\t\t\t\t<a class=\"elementor-button elementor-button-link elementor-size-sm\" href=\"https:\/\/www.lacivicapermerano.eu\/wp-content\/uploads\/2021\/09\/certificato-penale-Coin.pdf\">\n\t\t\t\t\t\t<span class=\"elementor-button-content-wrapper\">\n\t\t\t\t\t\t\t\t\t<span class=\"elementor-button-text\">Cert. penale<\/span>\n\t\t\t\t\t<\/span>\n\t\t\t\t\t<\/a>\n\t\t\t\t<\/div>\n\t\t\t\t\t\t\t\t<\/div>\n\t\t\t\t<\/div>\n\t\t\t\t\t<\/div>\n\t\t<\/div>\n\t\t\t\t<div class=\"elementor-column elementor-col-50 elementor-inner-column elementor-element elementor-element-62b0765\" data-id=\"62b0765\" data-element_type=\"column\" data-e-type=\"column\">\n\t\t\t<div class=\"elementor-widget-wrap elementor-element-populated\">\n\t\t\t\t\t\t<div class=\"elementor-element elementor-element-6c637c5 elementor-widget elementor-widget-heading\" data-id=\"6c637c5\" data-element_type=\"widget\" data-e-type=\"widget\" data-widget_type=\"heading.default\">\n\t\t\t\t<div class=\"elementor-widget-container\">\n\t\t\t\t\t<h2 class=\"elementor-heading-title elementor-size-default\">Mario Coin<\/h2>\t\t\t\t<\/div>\n\t\t\t\t<\/div>\n\t\t\t\t<div class=\"elementor-element elementor-element-35456a9 elementor-widget elementor-widget-text-editor\" data-id=\"35456a9\" data-element_type=\"widget\" data-e-type=\"widget\" data-widget_type=\"text-editor.default\">\n\t\t\t\t<div class=\"elementor-widget-container\">\n\t\t\t\t\t\t\t\t\t<p>Meranese di 77 anni. Pensionato, marito, pap\u00e0 e nonno. Ex ristoratore, ora ho finalmente tempo di dedicarmi alle mie passioni.<\/p>\t\t\t\t\t\t\t\t<\/div>\n\t\t\t\t<\/div>\n\t\t\t\t\t<\/div>\n\t\t<\/div>\n\t\t\t\t\t<\/div>\n\t\t<\/section>\n\t\t\t\t<section class=\"elementor-section elementor-inner-section elementor-element elementor-element-bbd01a9 elementor-section-boxed elementor-section-height-default elementor-section-height-default\" data-id=\"bbd01a9\" data-element_type=\"section\" data-e-type=\"section\">\n\t\t\t\t\t\t<div class=\"elementor-container elementor-column-gap-default\">\n\t\t\t\t\t<div class=\"elementor-column elementor-col-100 elementor-inner-column elementor-element elementor-element-3cd5b4e\" data-id=\"3cd5b4e\" data-element_type=\"column\" data-e-type=\"column\">\n\t\t\t<div class=\"elementor-widget-wrap elementor-element-populated\">\n\t\t\t\t\t\t<div class=\"elementor-element elementor-element-a8c120b elementor-widget elementor-widget-toggle\" data-id=\"a8c120b\" data-element_type=\"widget\" data-e-type=\"widget\" data-widget_type=\"toggle.default\">\n\t\t\t\t<div class=\"elementor-widget-container\">\n\t\t\t\t\t\t\t<div class=\"elementor-toggle\">\n\t\t\t\t\t\t\t<div class=\"elementor-toggle-item\">\n\t\t\t\t\t<div id=\"elementor-tab-title-1761\" class=\"elementor-tab-title\" data-tab=\"1\" role=\"button\" aria-controls=\"elementor-tab-content-1761\" aria-expanded=\"false\">\n\t\t\t\t\t\t\t\t\t\t\t\t<span class=\"elementor-toggle-icon elementor-toggle-icon-left\" aria-hidden=\"true\">\n\t\t\t\t\t\t\t\t\t\t\t\t\t\t\t<span class=\"elementor-toggle-icon-closed\"><i class=\"fas fa-comment-dots\"><\/i><\/span>\n\t\t\t\t\t\t\t\t<span class=\"elementor-toggle-icon-opened\"><i class=\"elementor-toggle-icon-opened fas fa-caret-up\"><\/i><\/span>\n\t\t\t\t\t\t\t\t\t\t\t\t\t<\/span>\n\t\t\t\t\t\t\t\t\t\t\t\t<a class=\"elementor-toggle-title\" tabindex=\"0\">Mi presento<\/a>\n\t\t\t\t\t<\/div>\n\n\t\t\t\t\t<div id=\"elementor-tab-content-1761\" class=\"elementor-tab-content elementor-clearfix\" data-tab=\"1\" role=\"region\" aria-labelledby=\"elementor-tab-title-1761\"><p>Sono nato nel 1945 a Merano, dove ho sempre vissuto. Sono pap\u00e0 di Haimo, nonno di due splendide nipoti e dal 2012 sono sposato con Inge. Ho frequentato le scuole dell\u2019obbligo a Merano e due anni di Istituto Tecnico Industriale\u00a0 a Bolzano. Dopo aver lasciato gli studi ho iniziato a lavorare come barista al bar Piccolo in corso Libert\u00e0 fino al 1965, anno in cui ho prestato il servizio di leva come alpino. Nel 1967 mi sono messo in proprio e ho preso in mano la gestione del bar OSTERIA AL CANTINONE, nell\u2019attuale piazzetta Coin. Piazzetta Coin, infatti, deve il suo nome proprio a mio pap\u00e0, Sante Coin che, emigrato da Dolo in Alto Adige nel 1935, nel 1944 aveva aperto la storica mescita di vini a Maia Bassa.<\/p><p>Ho gestito il bar di mio padre fino al \u00a01989,\u00a0 poi ho preso in gestione il Maiser Rathausstube di via Matteotti, (ribattezzato successivamente \u201cIl Ristorantino\u201d), che ho ceduto dopo 25 anni di onorata attivit\u00e0.<\/p><p>Oggi mi godo la mia pensione, coltivando la mia grande passione come degustatore di vini.<\/p><\/div>\n\t\t\t\t<\/div>\n\t\t\t\t\t\t\t\t<\/div>\n\t\t\t\t\t\t<\/div>\n\t\t\t\t<\/div>\n\t\t\t\t\t<\/div>\n\t\t<\/div>\n\t\t\t\t\t<\/div>\n\t\t<\/section>\n\t\t\t\t\t<\/div>\n\t\t<\/div>\n\t\t\t\t\t<\/div>\n\t\t<\/section>\n\t\t\t\t<section class=\"elementor-section elementor-top-section elementor-element elementor-element-2837724 elementor-section-boxed elementor-section-height-default elementor-section-height-default\" data-id=\"2837724\" data-element_type=\"section\" data-e-type=\"section\" data-settings=\"{&quot;background_background&quot;:&quot;classic&quot;}\">\n\t\t\t\t\t\t<div class=\"elementor-container elementor-column-gap-default\">\n\t\t\t\t\t<div class=\"elementor-column elementor-col-100 elementor-top-column elementor-element elementor-element-d3cb633\" data-id=\"d3cb633\" data-element_type=\"column\" data-e-type=\"column\">\n\t\t\t<div class=\"elementor-widget-wrap elementor-element-populated\">\n\t\t\t\t\t\t<section class=\"elementor-section elementor-inner-section elementor-element elementor-element-cc12c3b elementor-section-boxed elementor-section-height-default elementor-section-height-default\" data-id=\"cc12c3b\" data-element_type=\"section\" data-e-type=\"section\">\n\t\t\t\t\t\t<div class=\"elementor-container elementor-column-gap-default\">\n\t\t\t\t\t<div class=\"elementor-column elementor-col-50 elementor-inner-column elementor-element elementor-element-d54dcab\" data-id=\"d54dcab\" data-element_type=\"column\" data-e-type=\"column\">\n\t\t\t<div class=\"elementor-widget-wrap elementor-element-populated\">\n\t\t\t\t\t\t<div class=\"elementor-element elementor-element-691f350 elementor-widget elementor-widget-image\" data-id=\"691f350\" data-element_type=\"widget\" data-e-type=\"widget\" data-widget_type=\"image.default\">\n\t\t\t\t<div class=\"elementor-widget-container\">\n\t\t\t\t\t\t\t\t\t\t\t\t\t\t\t<img loading=\"lazy\" decoding=\"async\" width=\"300\" height=\"200\" src=\"https:\/\/www.lacivicapermerano.eu\/wp-content\/uploads\/2021\/09\/Foto_candidati18-300x200.jpg\" class=\"attachment-medium size-medium wp-image-1098\" alt=\"\" srcset=\"https:\/\/www.lacivicapermerano.eu\/wp-content\/uploads\/2021\/09\/Foto_candidati18-300x200.jpg 300w, https:\/\/www.lacivicapermerano.eu\/wp-content\/uploads\/2021\/09\/Foto_candidati18-768x513.jpg 768w, https:\/\/www.lacivicapermerano.eu\/wp-content\/uploads\/2021\/09\/Foto_candidati18-18x12.jpg 18w, https:\/\/www.lacivicapermerano.eu\/wp-content\/uploads\/2021\/09\/Foto_candidati18-230x154.jpg 230w, https:\/\/www.lacivicapermerano.eu\/wp-content\/uploads\/2021\/09\/Foto_candidati18-350x234.jpg 350w, https:\/\/www.lacivicapermerano.eu\/wp-content\/uploads\/2021\/09\/Foto_candidati18-480x320.jpg 480w, https:\/\/www.lacivicapermerano.eu\/wp-content\/uploads\/2021\/09\/Foto_candidati18.jpg 800w\" sizes=\"(max-width: 300px) 100vw, 300px\" \/>\t\t\t\t\t\t\t\t\t\t\t\t\t\t\t<\/div>\n\t\t\t\t<\/div>\n\t\t\t\t<div class=\"elementor-element elementor-element-0bccb5a elementor-align-center elementor-widget elementor-widget-button\" data-id=\"0bccb5a\" data-element_type=\"widget\" data-e-type=\"widget\" data-widget_type=\"button.default\">\n\t\t\t\t<div class=\"elementor-widget-container\">\n\t\t\t\t\t\t\t\t\t<div class=\"elementor-button-wrapper\">\n\t\t\t\t\t<a class=\"elementor-button elementor-button-link elementor-size-sm\" href=\"https:\/\/www.lacivicapermerano.eu\/wp-content\/uploads\/2021\/09\/Certificato-Penale-Dellaserra-Denise.pdf\">\n\t\t\t\t\t\t<span class=\"elementor-button-content-wrapper\">\n\t\t\t\t\t\t\t\t\t<span class=\"elementor-button-text\">Cert. penale<\/span>\n\t\t\t\t\t<\/span>\n\t\t\t\t\t<\/a>\n\t\t\t\t<\/div>\n\t\t\t\t\t\t\t\t<\/div>\n\t\t\t\t<\/div>\n\t\t\t\t\t<\/div>\n\t\t<\/div>\n\t\t\t\t<div class=\"elementor-column elementor-col-50 elementor-inner-column elementor-element elementor-element-ddcdba5\" data-id=\"ddcdba5\" data-element_type=\"column\" data-e-type=\"column\">\n\t\t\t<div class=\"elementor-widget-wrap elementor-element-populated\">\n\t\t\t\t\t\t<div class=\"elementor-element elementor-element-29a50e4 elementor-widget elementor-widget-heading\" data-id=\"29a50e4\" data-element_type=\"widget\" data-e-type=\"widget\" data-widget_type=\"heading.default\">\n\t\t\t\t<div class=\"elementor-widget-container\">\n\t\t\t\t\t<h2 class=\"elementor-heading-title elementor-size-default\">Denise Dallaserra<\/h2>\t\t\t\t<\/div>\n\t\t\t\t<\/div>\n\t\t\t\t<div class=\"elementor-element elementor-element-b0f668e elementor-widget elementor-widget-text-editor\" data-id=\"b0f668e\" data-element_type=\"widget\" data-e-type=\"widget\" data-widget_type=\"text-editor.default\">\n\t\t\t\t<div class=\"elementor-widget-container\">\n\t\t\t\t\t\t\t\t\t<p>44 anni. Nata a Merano ma dal 1996 al 2004 ho vissuto in Emilia Romagna. Sono mamma di tre figli e lavoro in una farmacia del Burgraviato.<\/p>\t\t\t\t\t\t\t\t<\/div>\n\t\t\t\t<\/div>\n\t\t\t\t\t<\/div>\n\t\t<\/div>\n\t\t\t\t\t<\/div>\n\t\t<\/section>\n\t\t\t\t<section class=\"elementor-section elementor-inner-section elementor-element elementor-element-4e6adda elementor-section-boxed elementor-section-height-default elementor-section-height-default\" data-id=\"4e6adda\" data-element_type=\"section\" data-e-type=\"section\">\n\t\t\t\t\t\t<div class=\"elementor-container elementor-column-gap-default\">\n\t\t\t\t\t<div class=\"elementor-column elementor-col-100 elementor-inner-column elementor-element elementor-element-1aefb14\" data-id=\"1aefb14\" data-element_type=\"column\" data-e-type=\"column\">\n\t\t\t<div class=\"elementor-widget-wrap elementor-element-populated\">\n\t\t\t\t\t\t<div class=\"elementor-element elementor-element-76c7b0a elementor-widget elementor-widget-toggle\" data-id=\"76c7b0a\" data-element_type=\"widget\" data-e-type=\"widget\" data-widget_type=\"toggle.default\">\n\t\t\t\t<div class=\"elementor-widget-container\">\n\t\t\t\t\t\t\t<div class=\"elementor-toggle\">\n\t\t\t\t\t\t\t<div class=\"elementor-toggle-item\">\n\t\t\t\t\t<div id=\"elementor-tab-title-1241\" class=\"elementor-tab-title\" data-tab=\"1\" role=\"button\" aria-controls=\"elementor-tab-content-1241\" aria-expanded=\"false\">\n\t\t\t\t\t\t\t\t\t\t\t\t<span class=\"elementor-toggle-icon elementor-toggle-icon-left\" aria-hidden=\"true\">\n\t\t\t\t\t\t\t\t\t\t\t\t\t\t\t<span class=\"elementor-toggle-icon-closed\"><i class=\"fas fa-comment-dots\"><\/i><\/span>\n\t\t\t\t\t\t\t\t<span class=\"elementor-toggle-icon-opened\"><i class=\"elementor-toggle-icon-opened fas fa-caret-up\"><\/i><\/span>\n\t\t\t\t\t\t\t\t\t\t\t\t\t<\/span>\n\t\t\t\t\t\t\t\t\t\t\t\t<a class=\"elementor-toggle-title\" tabindex=\"0\">Mi presento<\/a>\n\t\t\t\t\t<\/div>\n\n\t\t\t\t\t<div id=\"elementor-tab-content-1241\" class=\"elementor-tab-content elementor-clearfix\" data-tab=\"1\" role=\"region\" aria-labelledby=\"elementor-tab-title-1241\"><p>Sono nata a Merano il 24 marzo del 1977 ed ho vissuto fuori provincia per circa dieci anni per motivi di studio e lavoro. Sono mamma di tre figli: Federico, Riccardo ed Alessandro.<\/p><p>Mi sono diplomata nel 1996 al Liceo Scientifico \u201c Pascal\u201d di Merano e poi ho studiato presso la facolta\u2019 di Farmacia a Bologna fino al 2001.<\/p><p>Nel 2004 mi sono ritrasferita a Merano dopo la nascita del mio primo figlio e nel 2005 ho iniziato a lavorare presso una farmacia del Burgraviato dove tuttora lavoro.<\/p><p>Ho deciso di entrare nel mondo della politica perch\u00e9\u2019 vorrei essere parte attiva della comunit\u00e0 . Sono una persona molto dinamica ed determinata \u00a0e vorrei dare il mio contributo per rendere Merano pi\u00f9 sicura , pulita e a misura d\u2019uomo come era un tempo.<\/p><\/div>\n\t\t\t\t<\/div>\n\t\t\t\t\t\t\t\t<\/div>\n\t\t\t\t\t\t<\/div>\n\t\t\t\t<\/div>\n\t\t\t\t\t<\/div>\n\t\t<\/div>\n\t\t\t\t\t<\/div>\n\t\t<\/section>\n\t\t\t\t\t<\/div>\n\t\t<\/div>\n\t\t\t\t\t<\/div>\n\t\t<\/section>\n\t\t\t\t<section class=\"elementor-section elementor-top-section elementor-element elementor-element-cd60bb9 elementor-section-boxed elementor-section-height-default elementor-section-height-default\" data-id=\"cd60bb9\" data-element_type=\"section\" data-e-type=\"section\" data-settings=\"{&quot;background_background&quot;:&quot;classic&quot;}\">\n\t\t\t\t\t\t<div class=\"elementor-container elementor-column-gap-default\">\n\t\t\t\t\t<div class=\"elementor-column elementor-col-100 elementor-top-column elementor-element elementor-element-5c40aeb\" data-id=\"5c40aeb\" data-element_type=\"column\" data-e-type=\"column\">\n\t\t\t<div class=\"elementor-widget-wrap elementor-element-populated\">\n\t\t\t\t\t\t<section class=\"elementor-section elementor-inner-section elementor-element elementor-element-89e904f elementor-section-boxed elementor-section-height-default elementor-section-height-default\" data-id=\"89e904f\" data-element_type=\"section\" data-e-type=\"section\">\n\t\t\t\t\t\t<div class=\"elementor-container elementor-column-gap-default\">\n\t\t\t\t\t<div class=\"elementor-column elementor-col-50 elementor-inner-column elementor-element elementor-element-a80642a\" data-id=\"a80642a\" data-element_type=\"column\" data-e-type=\"column\">\n\t\t\t<div class=\"elementor-widget-wrap elementor-element-populated\">\n\t\t\t\t\t\t<div class=\"elementor-element elementor-element-5f31dc6 elementor-widget elementor-widget-image\" data-id=\"5f31dc6\" data-element_type=\"widget\" data-e-type=\"widget\" data-widget_type=\"image.default\">\n\t\t\t\t<div class=\"elementor-widget-container\">\n\t\t\t\t\t\t\t\t\t\t\t\t\t\t\t<img loading=\"lazy\" decoding=\"async\" width=\"300\" height=\"200\" src=\"https:\/\/www.lacivicapermerano.eu\/wp-content\/uploads\/2020\/08\/CPM2020_15_denobili-300x200.jpg\" class=\"attachment-medium size-medium wp-image-918\" alt=\"\" srcset=\"https:\/\/www.lacivicapermerano.eu\/wp-content\/uploads\/2020\/08\/CPM2020_15_denobili-300x200.jpg 300w, https:\/\/www.lacivicapermerano.eu\/wp-content\/uploads\/2020\/08\/CPM2020_15_denobili-768x513.jpg 768w, https:\/\/www.lacivicapermerano.eu\/wp-content\/uploads\/2020\/08\/CPM2020_15_denobili-830x554.jpg 830w, https:\/\/www.lacivicapermerano.eu\/wp-content\/uploads\/2020\/08\/CPM2020_15_denobili-230x154.jpg 230w, https:\/\/www.lacivicapermerano.eu\/wp-content\/uploads\/2020\/08\/CPM2020_15_denobili-350x234.jpg 350w, https:\/\/www.lacivicapermerano.eu\/wp-content\/uploads\/2020\/08\/CPM2020_15_denobili-480x321.jpg 480w, https:\/\/www.lacivicapermerano.eu\/wp-content\/uploads\/2020\/08\/CPM2020_15_denobili.jpg 1000w\" sizes=\"(max-width: 300px) 100vw, 300px\" \/>\t\t\t\t\t\t\t\t\t\t\t\t\t\t\t<\/div>\n\t\t\t\t<\/div>\n\t\t\t\t<div class=\"elementor-element elementor-element-44c9495 elementor-align-center elementor-widget elementor-widget-button\" data-id=\"44c9495\" data-element_type=\"widget\" data-e-type=\"widget\" data-widget_type=\"button.default\">\n\t\t\t\t<div class=\"elementor-widget-container\">\n\t\t\t\t\t\t\t\t\t<div class=\"elementor-button-wrapper\">\n\t\t\t\t\t<a class=\"elementor-button elementor-button-link elementor-size-sm\" href=\"https:\/\/www.lacivicapermerano.eu\/wp-content\/uploads\/2021\/09\/certificato-penale-De-Nobili.pdf\">\n\t\t\t\t\t\t<span class=\"elementor-button-content-wrapper\">\n\t\t\t\t\t\t\t\t\t<span class=\"elementor-button-text\">Cert. penale<\/span>\n\t\t\t\t\t<\/span>\n\t\t\t\t\t<\/a>\n\t\t\t\t<\/div>\n\t\t\t\t\t\t\t\t<\/div>\n\t\t\t\t<\/div>\n\t\t\t\t\t<\/div>\n\t\t<\/div>\n\t\t\t\t<div class=\"elementor-column elementor-col-50 elementor-inner-column elementor-element elementor-element-94fb6f2\" data-id=\"94fb6f2\" data-element_type=\"column\" data-e-type=\"column\">\n\t\t\t<div class=\"elementor-widget-wrap elementor-element-populated\">\n\t\t\t\t\t\t<div class=\"elementor-element elementor-element-e74e086 elementor-widget elementor-widget-heading\" data-id=\"e74e086\" data-element_type=\"widget\" data-e-type=\"widget\" data-widget_type=\"heading.default\">\n\t\t\t\t<div class=\"elementor-widget-container\">\n\t\t\t\t\t<h2 class=\"elementor-heading-title elementor-size-default\">Emanuele De Nobili<\/h2>\t\t\t\t<\/div>\n\t\t\t\t<\/div>\n\t\t\t\t<div class=\"elementor-element elementor-element-0ae9e16 elementor-widget elementor-widget-text-editor\" data-id=\"0ae9e16\" data-element_type=\"widget\" data-e-type=\"widget\" data-widget_type=\"text-editor.default\">\n\t\t\t\t<div class=\"elementor-widget-container\">\n\t\t\t\t\t\t\t\t\t<p>51 anni.\u00a0Sono medico chirurgo e mi occupo principalmente di medicina preventiva.\u2063 Membro di varie associazioni sul territorio, consulente e docente.<\/p>\t\t\t\t\t\t\t\t<\/div>\n\t\t\t\t<\/div>\n\t\t\t\t\t<\/div>\n\t\t<\/div>\n\t\t\t\t\t<\/div>\n\t\t<\/section>\n\t\t\t\t<section class=\"elementor-section elementor-inner-section elementor-element elementor-element-8380812 elementor-section-boxed elementor-section-height-default elementor-section-height-default\" data-id=\"8380812\" data-element_type=\"section\" data-e-type=\"section\">\n\t\t\t\t\t\t<div class=\"elementor-container elementor-column-gap-default\">\n\t\t\t\t\t<div class=\"elementor-column elementor-col-100 elementor-inner-column elementor-element elementor-element-86ae06d\" data-id=\"86ae06d\" data-element_type=\"column\" data-e-type=\"column\">\n\t\t\t<div class=\"elementor-widget-wrap elementor-element-populated\">\n\t\t\t\t\t\t<div class=\"elementor-element elementor-element-d20fcde elementor-widget elementor-widget-toggle\" data-id=\"d20fcde\" data-element_type=\"widget\" data-e-type=\"widget\" data-widget_type=\"toggle.default\">\n\t\t\t\t<div class=\"elementor-widget-container\">\n\t\t\t\t\t\t\t<div class=\"elementor-toggle\">\n\t\t\t\t\t\t\t<div class=\"elementor-toggle-item\">\n\t\t\t\t\t<div id=\"elementor-tab-title-2201\" class=\"elementor-tab-title\" data-tab=\"1\" role=\"button\" aria-controls=\"elementor-tab-content-2201\" aria-expanded=\"false\">\n\t\t\t\t\t\t\t\t\t\t\t\t<span class=\"elementor-toggle-icon elementor-toggle-icon-left\" aria-hidden=\"true\">\n\t\t\t\t\t\t\t\t\t\t\t\t\t\t\t<span class=\"elementor-toggle-icon-closed\"><i class=\"fas fa-comment-dots\"><\/i><\/span>\n\t\t\t\t\t\t\t\t<span class=\"elementor-toggle-icon-opened\"><i class=\"elementor-toggle-icon-opened fas fa-caret-up\"><\/i><\/span>\n\t\t\t\t\t\t\t\t\t\t\t\t\t<\/span>\n\t\t\t\t\t\t\t\t\t\t\t\t<a class=\"elementor-toggle-title\" tabindex=\"0\">Mi presento<\/a>\n\t\t\t\t\t<\/div>\n\n\t\t\t\t\t<div id=\"elementor-tab-content-2201\" class=\"elementor-tab-content elementor-clearfix\" data-tab=\"1\" role=\"region\" aria-labelledby=\"elementor-tab-title-2201\"><div class=\"page\" title=\"Page 1\"><div class=\"section\"><div class=\"layoutArea\"><div class=\"column\"><p>Emanuele De Nobili, nato a Udine il 29\/11\/1969<br \/>Sposato con Barbara dal 2007, abbiamo una figlia di 12 anni di nome Beatrice.<br \/>Diploma di Maturita\u0300 scientifica nel 1988.<br \/>Laurea in Medicina e Chirurgia nel 1996.<br \/>Specializzazione in Otorinolaringoiatria nel 2000 e in Idrologia Medica nel 2009.<br \/>Diploma di formazione quadriennale in Medicina ad indirizzo estetico nel 2004.<br \/>Corsi di alta formazione con certificazione in esperto in ozono-terapia, medicina anti-aging e microbioma intestinale.<br \/>Docente al master universitario di II livello in medicina anti-aging a Bologna per il 2020.<br \/>Attualmente ricopro l\u2019incarico di Direttore Sanitario del Longevity Medical Centre Villa Eden di Merano, citta\u0300 in cui sono residente da gennaio 2012.<br \/>Hobby: viaggi e cucina (Diplomato Sommelier e Delegato della delegazione di Merano dell\u2019Accademia Italiana della Cucina).<\/p><\/div><\/div><\/div><\/div><\/div>\n\t\t\t\t<\/div>\n\t\t\t\t\t\t\t\t<\/div>\n\t\t\t\t\t\t<\/div>\n\t\t\t\t<\/div>\n\t\t\t\t\t<\/div>\n\t\t<\/div>\n\t\t\t\t\t<\/div>\n\t\t<\/section>\n\t\t\t\t\t<\/div>\n\t\t<\/div>\n\t\t\t\t\t<\/div>\n\t\t<\/section>\n\t\t\t\t<section class=\"elementor-section elementor-top-section elementor-element elementor-element-41a1754 elementor-section-boxed elementor-section-height-default elementor-section-height-default\" data-id=\"41a1754\" data-element_type=\"section\" data-e-type=\"section\" data-settings=\"{&quot;background_background&quot;:&quot;classic&quot;}\">\n\t\t\t\t\t\t<div class=\"elementor-container elementor-column-gap-default\">\n\t\t\t\t\t<div class=\"elementor-column elementor-col-100 elementor-top-column elementor-element elementor-element-87b03c1\" data-id=\"87b03c1\" data-element_type=\"column\" data-e-type=\"column\">\n\t\t\t<div class=\"elementor-widget-wrap elementor-element-populated\">\n\t\t\t\t\t\t<section class=\"elementor-section elementor-inner-section elementor-element elementor-element-e03a0c6 elementor-section-boxed elementor-section-height-default elementor-section-height-default\" data-id=\"e03a0c6\" data-element_type=\"section\" data-e-type=\"section\">\n\t\t\t\t\t\t<div class=\"elementor-container elementor-column-gap-default\">\n\t\t\t\t\t<div class=\"elementor-column elementor-col-50 elementor-inner-column elementor-element elementor-element-578bf33\" data-id=\"578bf33\" data-element_type=\"column\" data-e-type=\"column\">\n\t\t\t<div class=\"elementor-widget-wrap elementor-element-populated\">\n\t\t\t\t\t\t<div class=\"elementor-element elementor-element-067a907 elementor-widget elementor-widget-image\" data-id=\"067a907\" data-element_type=\"widget\" data-e-type=\"widget\" data-widget_type=\"image.default\">\n\t\t\t\t<div class=\"elementor-widget-container\">\n\t\t\t\t\t\t\t\t\t\t\t\t\t\t\t<img loading=\"lazy\" decoding=\"async\" width=\"300\" height=\"200\" src=\"https:\/\/www.lacivicapermerano.eu\/wp-content\/uploads\/2020\/08\/CPM2020_32_dellafiore-300x200.jpg\" class=\"attachment-medium size-medium wp-image-906\" alt=\"\" srcset=\"https:\/\/www.lacivicapermerano.eu\/wp-content\/uploads\/2020\/08\/CPM2020_32_dellafiore-300x200.jpg 300w, https:\/\/www.lacivicapermerano.eu\/wp-content\/uploads\/2020\/08\/CPM2020_32_dellafiore-768x512.jpg 768w, https:\/\/www.lacivicapermerano.eu\/wp-content\/uploads\/2020\/08\/CPM2020_32_dellafiore-830x554.jpg 830w, https:\/\/www.lacivicapermerano.eu\/wp-content\/uploads\/2020\/08\/CPM2020_32_dellafiore-230x153.jpg 230w, https:\/\/www.lacivicapermerano.eu\/wp-content\/uploads\/2020\/08\/CPM2020_32_dellafiore-350x233.jpg 350w, https:\/\/www.lacivicapermerano.eu\/wp-content\/uploads\/2020\/08\/CPM2020_32_dellafiore-480x320.jpg 480w, https:\/\/www.lacivicapermerano.eu\/wp-content\/uploads\/2020\/08\/CPM2020_32_dellafiore.jpg 1000w\" sizes=\"(max-width: 300px) 100vw, 300px\" \/>\t\t\t\t\t\t\t\t\t\t\t\t\t\t\t<\/div>\n\t\t\t\t<\/div>\n\t\t\t\t<div class=\"elementor-element elementor-element-f3ee4a0 elementor-align-center elementor-widget elementor-widget-button\" data-id=\"f3ee4a0\" data-element_type=\"widget\" data-e-type=\"widget\" data-widget_type=\"button.default\">\n\t\t\t\t<div class=\"elementor-widget-container\">\n\t\t\t\t\t\t\t\t\t<div class=\"elementor-button-wrapper\">\n\t\t\t\t\t<a class=\"elementor-button elementor-button-link elementor-size-sm\" href=\"https:\/\/www.lacivicapermerano.eu\/wp-content\/uploads\/2021\/09\/certificato-penale-Dellafiore.pdf\">\n\t\t\t\t\t\t<span class=\"elementor-button-content-wrapper\">\n\t\t\t\t\t\t\t\t\t<span class=\"elementor-button-text\">Cert. penale<\/span>\n\t\t\t\t\t<\/span>\n\t\t\t\t\t<\/a>\n\t\t\t\t<\/div>\n\t\t\t\t\t\t\t\t<\/div>\n\t\t\t\t<\/div>\n\t\t\t\t\t<\/div>\n\t\t<\/div>\n\t\t\t\t<div class=\"elementor-column elementor-col-50 elementor-inner-column elementor-element elementor-element-06e86d5\" data-id=\"06e86d5\" data-element_type=\"column\" data-e-type=\"column\">\n\t\t\t<div class=\"elementor-widget-wrap elementor-element-populated\">\n\t\t\t\t\t\t<div class=\"elementor-element elementor-element-8f3cb01 elementor-widget elementor-widget-heading\" data-id=\"8f3cb01\" data-element_type=\"widget\" data-e-type=\"widget\" data-widget_type=\"heading.default\">\n\t\t\t\t<div class=\"elementor-widget-container\">\n\t\t\t\t\t<h2 class=\"elementor-heading-title elementor-size-default\">Mauro Dellafiore<\/h2>\t\t\t\t<\/div>\n\t\t\t\t<\/div>\n\t\t\t\t<div class=\"elementor-element elementor-element-afcd169 elementor-widget elementor-widget-text-editor\" data-id=\"afcd169\" data-element_type=\"widget\" data-e-type=\"widget\" data-widget_type=\"text-editor.default\">\n\t\t\t\t<div class=\"elementor-widget-container\">\n\t\t\t\t\t\t\t\t\t<p>37 anni. educatore socio culturale. Attivo nel volontariato, lavoro da anni in ambito giovanile. Membro del comitato di quartiere \u201crione musicisti\u201d.<\/p>\t\t\t\t\t\t\t\t<\/div>\n\t\t\t\t<\/div>\n\t\t\t\t\t<\/div>\n\t\t<\/div>\n\t\t\t\t\t<\/div>\n\t\t<\/section>\n\t\t\t\t<section class=\"elementor-section elementor-inner-section elementor-element elementor-element-6fc590e elementor-section-boxed elementor-section-height-default elementor-section-height-default\" data-id=\"6fc590e\" data-element_type=\"section\" data-e-type=\"section\">\n\t\t\t\t\t\t<div class=\"elementor-container elementor-column-gap-default\">\n\t\t\t\t\t<div class=\"elementor-column elementor-col-100 elementor-inner-column elementor-element elementor-element-bc3524d\" data-id=\"bc3524d\" data-element_type=\"column\" data-e-type=\"column\">\n\t\t\t<div class=\"elementor-widget-wrap elementor-element-populated\">\n\t\t\t\t\t\t<div class=\"elementor-element elementor-element-dcd07f1 elementor-widget elementor-widget-toggle\" data-id=\"dcd07f1\" data-element_type=\"widget\" data-e-type=\"widget\" data-widget_type=\"toggle.default\">\n\t\t\t\t<div class=\"elementor-widget-container\">\n\t\t\t\t\t\t\t<div class=\"elementor-toggle\">\n\t\t\t\t\t\t\t<div class=\"elementor-toggle-item\">\n\t\t\t\t\t<div id=\"elementor-tab-title-2311\" class=\"elementor-tab-title\" data-tab=\"1\" role=\"button\" aria-controls=\"elementor-tab-content-2311\" aria-expanded=\"false\">\n\t\t\t\t\t\t\t\t\t\t\t\t<span class=\"elementor-toggle-icon elementor-toggle-icon-left\" aria-hidden=\"true\">\n\t\t\t\t\t\t\t\t\t\t\t\t\t\t\t<span class=\"elementor-toggle-icon-closed\"><i class=\"fas fa-comment-dots\"><\/i><\/span>\n\t\t\t\t\t\t\t\t<span class=\"elementor-toggle-icon-opened\"><i class=\"elementor-toggle-icon-opened fas fa-caret-up\"><\/i><\/span>\n\t\t\t\t\t\t\t\t\t\t\t\t\t<\/span>\n\t\t\t\t\t\t\t\t\t\t\t\t<a class=\"elementor-toggle-title\" tabindex=\"0\">Mi presento<\/a>\n\t\t\t\t\t<\/div>\n\n\t\t\t\t\t<div id=\"elementor-tab-content-2311\" class=\"elementor-tab-content elementor-clearfix\" data-tab=\"1\" role=\"region\" aria-labelledby=\"elementor-tab-title-2311\"><div class=\"page\" title=\"Page 1\"><div class=\"section\"><div class=\"layoutArea\"><div class=\"column\"><p>Mi Chiamo Mauro Dellafiore, ho 37 anni e sono meranese dalla nascita. Vivo nel quartiere musicisti con la mia<\/p><p>compagna e i miei 2 figli.<br \/>Laureato in scienze dell\u2019educazione e della formazione, lavoro da 12 anni nel sociale in ambito giovanile.<\/p><p>Sono una persona attiva nel volontariato e faccio parte del comitato di quartiere \u201crione musicisti\u201d, dove cerco di dare il mio contributo per migliorare la nostra comunita\u0300.<\/p><p>Da sempre appassionato di politica e attento alle problematiche del mio comune mi ricandido con la civica per Merano perche\u0301 credo fortemente in questa forza politica che opera scelte di buon senso per la nostra comunita\u0300 con competenza e razionalita\u0300 al di fuori dalle ideologie di partito \u201cdestra e sinistra\u201d.<\/p><\/div><\/div><\/div><\/div><\/div>\n\t\t\t\t<\/div>\n\t\t\t\t\t\t\t\t<\/div>\n\t\t\t\t\t\t<\/div>\n\t\t\t\t<\/div>\n\t\t\t\t\t<\/div>\n\t\t<\/div>\n\t\t\t\t\t<\/div>\n\t\t<\/section>\n\t\t\t\t\t<\/div>\n\t\t<\/div>\n\t\t\t\t\t<\/div>\n\t\t<\/section>\n\t\t\t\t<section class=\"elementor-section elementor-top-section elementor-element elementor-element-b0b6ba2 elementor-section-boxed elementor-section-height-default elementor-section-height-default\" data-id=\"b0b6ba2\" data-element_type=\"section\" data-e-type=\"section\" data-settings=\"{&quot;background_background&quot;:&quot;classic&quot;}\">\n\t\t\t\t\t\t<div class=\"elementor-container elementor-column-gap-default\">\n\t\t\t\t\t<div class=\"elementor-column elementor-col-100 elementor-top-column elementor-element elementor-element-8a00822\" data-id=\"8a00822\" data-element_type=\"column\" data-e-type=\"column\">\n\t\t\t<div class=\"elementor-widget-wrap elementor-element-populated\">\n\t\t\t\t\t\t<section class=\"elementor-section elementor-inner-section elementor-element elementor-element-07146e6 elementor-section-boxed elementor-section-height-default elementor-section-height-default\" data-id=\"07146e6\" data-element_type=\"section\" data-e-type=\"section\">\n\t\t\t\t\t\t<div class=\"elementor-container elementor-column-gap-default\">\n\t\t\t\t\t<div class=\"elementor-column elementor-col-50 elementor-inner-column elementor-element elementor-element-35622fa\" data-id=\"35622fa\" data-element_type=\"column\" data-e-type=\"column\">\n\t\t\t<div class=\"elementor-widget-wrap elementor-element-populated\">\n\t\t\t\t\t\t<div class=\"elementor-element elementor-element-7aa0f4e elementor-widget elementor-widget-image\" data-id=\"7aa0f4e\" data-element_type=\"widget\" data-e-type=\"widget\" data-widget_type=\"image.default\">\n\t\t\t\t<div class=\"elementor-widget-container\">\n\t\t\t\t\t\t\t\t\t\t\t\t\t\t\t<img loading=\"lazy\" decoding=\"async\" width=\"300\" height=\"200\" src=\"https:\/\/www.lacivicapermerano.eu\/wp-content\/uploads\/2021\/09\/Foto_candidati14-300x200.jpg\" class=\"attachment-medium size-medium wp-image-1099\" alt=\"\" srcset=\"https:\/\/www.lacivicapermerano.eu\/wp-content\/uploads\/2021\/09\/Foto_candidati14-300x200.jpg 300w, https:\/\/www.lacivicapermerano.eu\/wp-content\/uploads\/2021\/09\/Foto_candidati14-768x513.jpg 768w, https:\/\/www.lacivicapermerano.eu\/wp-content\/uploads\/2021\/09\/Foto_candidati14-18x12.jpg 18w, https:\/\/www.lacivicapermerano.eu\/wp-content\/uploads\/2021\/09\/Foto_candidati14-230x154.jpg 230w, https:\/\/www.lacivicapermerano.eu\/wp-content\/uploads\/2021\/09\/Foto_candidati14-350x234.jpg 350w, https:\/\/www.lacivicapermerano.eu\/wp-content\/uploads\/2021\/09\/Foto_candidati14-480x320.jpg 480w, https:\/\/www.lacivicapermerano.eu\/wp-content\/uploads\/2021\/09\/Foto_candidati14.jpg 800w\" sizes=\"(max-width: 300px) 100vw, 300px\" \/>\t\t\t\t\t\t\t\t\t\t\t\t\t\t\t<\/div>\n\t\t\t\t<\/div>\n\t\t\t\t<div class=\"elementor-element elementor-element-c1f85e7 elementor-align-center elementor-widget elementor-widget-button\" data-id=\"c1f85e7\" data-element_type=\"widget\" data-e-type=\"widget\" data-widget_type=\"button.default\">\n\t\t\t\t<div class=\"elementor-widget-container\">\n\t\t\t\t\t\t\t\t\t<div class=\"elementor-button-wrapper\">\n\t\t\t\t\t<a class=\"elementor-button elementor-button-link elementor-size-sm\" href=\"https:\/\/www.lacivicapermerano.eu\/wp-content\/uploads\/2021\/09\/Certificato-Penale-Di-Mauro-Cira.pdf\">\n\t\t\t\t\t\t<span class=\"elementor-button-content-wrapper\">\n\t\t\t\t\t\t\t\t\t<span class=\"elementor-button-text\">Cert. penale<\/span>\n\t\t\t\t\t<\/span>\n\t\t\t\t\t<\/a>\n\t\t\t\t<\/div>\n\t\t\t\t\t\t\t\t<\/div>\n\t\t\t\t<\/div>\n\t\t\t\t\t<\/div>\n\t\t<\/div>\n\t\t\t\t<div class=\"elementor-column elementor-col-50 elementor-inner-column elementor-element elementor-element-759ef00\" data-id=\"759ef00\" data-element_type=\"column\" data-e-type=\"column\">\n\t\t\t<div class=\"elementor-widget-wrap elementor-element-populated\">\n\t\t\t\t\t\t<div class=\"elementor-element elementor-element-6547f83 elementor-widget elementor-widget-heading\" data-id=\"6547f83\" data-element_type=\"widget\" data-e-type=\"widget\" data-widget_type=\"heading.default\">\n\t\t\t\t<div class=\"elementor-widget-container\">\n\t\t\t\t\t<h2 class=\"elementor-heading-title elementor-size-default\">Cira \"Scila\" Di Mauro<\/h2>\t\t\t\t<\/div>\n\t\t\t\t<\/div>\n\t\t\t\t<div class=\"elementor-element elementor-element-62c5c08 elementor-widget elementor-widget-text-editor\" data-id=\"62c5c08\" data-element_type=\"widget\" data-e-type=\"widget\" data-widget_type=\"text-editor.default\">\n\t\t\t\t<div class=\"elementor-widget-container\">\n\t\t\t\t\t\t\t\t\t<p>36 anni. Nata a Napoli ma cresciuta a Merano. Faccio la mamma, la moglie e la commessa. Mi candido con la Civica perch\u00e9 condivido tante idee con questo affiatatissimo gruppo.\u00a0<\/p>\t\t\t\t\t\t\t\t<\/div>\n\t\t\t\t<\/div>\n\t\t\t\t\t<\/div>\n\t\t<\/div>\n\t\t\t\t\t<\/div>\n\t\t<\/section>\n\t\t\t\t<section class=\"elementor-section elementor-inner-section elementor-element elementor-element-e491330 elementor-section-boxed elementor-section-height-default elementor-section-height-default\" data-id=\"e491330\" data-element_type=\"section\" data-e-type=\"section\">\n\t\t\t\t\t\t<div class=\"elementor-container elementor-column-gap-default\">\n\t\t\t\t\t<div class=\"elementor-column elementor-col-100 elementor-inner-column elementor-element elementor-element-3d4792c\" data-id=\"3d4792c\" data-element_type=\"column\" data-e-type=\"column\">\n\t\t\t<div class=\"elementor-widget-wrap elementor-element-populated\">\n\t\t\t\t\t\t<div class=\"elementor-element elementor-element-4f04663 elementor-widget elementor-widget-toggle\" data-id=\"4f04663\" data-element_type=\"widget\" data-e-type=\"widget\" data-widget_type=\"toggle.default\">\n\t\t\t\t<div class=\"elementor-widget-container\">\n\t\t\t\t\t\t\t<div class=\"elementor-toggle\">\n\t\t\t\t\t\t\t<div class=\"elementor-toggle-item\">\n\t\t\t\t\t<div id=\"elementor-tab-title-8281\" class=\"elementor-tab-title\" data-tab=\"1\" role=\"button\" aria-controls=\"elementor-tab-content-8281\" aria-expanded=\"false\">\n\t\t\t\t\t\t\t\t\t\t\t\t<span class=\"elementor-toggle-icon elementor-toggle-icon-left\" aria-hidden=\"true\">\n\t\t\t\t\t\t\t\t\t\t\t\t\t\t\t<span class=\"elementor-toggle-icon-closed\"><i class=\"fas fa-comment-dots\"><\/i><\/span>\n\t\t\t\t\t\t\t\t<span class=\"elementor-toggle-icon-opened\"><i class=\"elementor-toggle-icon-opened fas fa-caret-up\"><\/i><\/span>\n\t\t\t\t\t\t\t\t\t\t\t\t\t<\/span>\n\t\t\t\t\t\t\t\t\t\t\t\t<a class=\"elementor-toggle-title\" tabindex=\"0\">Mi presento<\/a>\n\t\t\t\t\t<\/div>\n\n\t\t\t\t\t<div id=\"elementor-tab-content-8281\" class=\"elementor-tab-content elementor-clearfix\" data-tab=\"1\" role=\"region\" aria-labelledby=\"elementor-tab-title-8281\"><p>Mi chiamo Cira Di Mauro, nata a Napoli il 18.08.1985 ma cresciuta a Merano che reputo la mia citt\u00e0. Sono sposata con Martin da 18 anni e dal nostro matrimonio \u00e8 nata Jasmin, la nostra gioia pi\u00f9 grande. Lavoro come commessa ed ho sempre lavorato a contatto con il pubblico. Mi piacerebbe portare pi\u00f9 sicurezza ed iniziative per la nostra Merano. Essendo madre, moglie ma prima di tutto donna desidererei Merano essere un posto pi\u00f9 sicuro, soprattutto nelle ore serali ed anche in periferia. Desidero una merano pi\u00f9 inclusiva per tutte le fasce d\u2019et\u00e0.<\/p><\/div>\n\t\t\t\t<\/div>\n\t\t\t\t\t\t\t\t<\/div>\n\t\t\t\t\t\t<\/div>\n\t\t\t\t<\/div>\n\t\t\t\t\t<\/div>\n\t\t<\/div>\n\t\t\t\t\t<\/div>\n\t\t<\/section>\n\t\t\t\t\t<\/div>\n\t\t<\/div>\n\t\t\t\t\t<\/div>\n\t\t<\/section>\n\t\t\t\t<section class=\"elementor-section elementor-top-section elementor-element elementor-element-454278b elementor-section-boxed elementor-section-height-default elementor-section-height-default\" data-id=\"454278b\" data-element_type=\"section\" data-e-type=\"section\" data-settings=\"{&quot;background_background&quot;:&quot;classic&quot;}\">\n\t\t\t\t\t\t<div class=\"elementor-container elementor-column-gap-default\">\n\t\t\t\t\t<div class=\"elementor-column elementor-col-100 elementor-top-column elementor-element elementor-element-3e9445c\" data-id=\"3e9445c\" data-element_type=\"column\" data-e-type=\"column\">\n\t\t\t<div class=\"elementor-widget-wrap elementor-element-populated\">\n\t\t\t\t\t\t<section class=\"elementor-section elementor-inner-section elementor-element elementor-element-5692187 elementor-section-boxed elementor-section-height-default elementor-section-height-default\" data-id=\"5692187\" data-element_type=\"section\" data-e-type=\"section\">\n\t\t\t\t\t\t<div class=\"elementor-container elementor-column-gap-default\">\n\t\t\t\t\t<div class=\"elementor-column elementor-col-50 elementor-inner-column elementor-element elementor-element-4f98c4c\" data-id=\"4f98c4c\" data-element_type=\"column\" data-e-type=\"column\">\n\t\t\t<div class=\"elementor-widget-wrap elementor-element-populated\">\n\t\t\t\t\t\t<div class=\"elementor-element elementor-element-f7be72e elementor-widget elementor-widget-image\" data-id=\"f7be72e\" data-element_type=\"widget\" data-e-type=\"widget\" data-widget_type=\"image.default\">\n\t\t\t\t<div class=\"elementor-widget-container\">\n\t\t\t\t\t\t\t\t\t\t\t\t\t\t\t<img loading=\"lazy\" decoding=\"async\" width=\"300\" height=\"200\" src=\"https:\/\/www.lacivicapermerano.eu\/wp-content\/uploads\/2020\/08\/CPM2020_16_divirgilio-300x200.jpg\" class=\"attachment-medium size-medium wp-image-917\" alt=\"\" srcset=\"https:\/\/www.lacivicapermerano.eu\/wp-content\/uploads\/2020\/08\/CPM2020_16_divirgilio-300x200.jpg 300w, https:\/\/www.lacivicapermerano.eu\/wp-content\/uploads\/2020\/08\/CPM2020_16_divirgilio-768x513.jpg 768w, https:\/\/www.lacivicapermerano.eu\/wp-content\/uploads\/2020\/08\/CPM2020_16_divirgilio-830x554.jpg 830w, https:\/\/www.lacivicapermerano.eu\/wp-content\/uploads\/2020\/08\/CPM2020_16_divirgilio-230x154.jpg 230w, https:\/\/www.lacivicapermerano.eu\/wp-content\/uploads\/2020\/08\/CPM2020_16_divirgilio-350x234.jpg 350w, https:\/\/www.lacivicapermerano.eu\/wp-content\/uploads\/2020\/08\/CPM2020_16_divirgilio-480x321.jpg 480w, https:\/\/www.lacivicapermerano.eu\/wp-content\/uploads\/2020\/08\/CPM2020_16_divirgilio.jpg 1000w\" sizes=\"(max-width: 300px) 100vw, 300px\" \/>\t\t\t\t\t\t\t\t\t\t\t\t\t\t\t<\/div>\n\t\t\t\t<\/div>\n\t\t\t\t<div class=\"elementor-element elementor-element-30433be elementor-align-center elementor-widget elementor-widget-button\" data-id=\"30433be\" data-element_type=\"widget\" data-e-type=\"widget\" data-widget_type=\"button.default\">\n\t\t\t\t<div class=\"elementor-widget-container\">\n\t\t\t\t\t\t\t\t\t<div class=\"elementor-button-wrapper\">\n\t\t\t\t\t<a class=\"elementor-button elementor-button-link elementor-size-sm\" href=\"https:\/\/www.lacivicapermerano.eu\/wp-content\/uploads\/2021\/09\/Certificato-Penale-Di-Virgilio-Adriana.pdf\">\n\t\t\t\t\t\t<span class=\"elementor-button-content-wrapper\">\n\t\t\t\t\t\t\t\t\t<span class=\"elementor-button-text\">Cert. penale<\/span>\n\t\t\t\t\t<\/span>\n\t\t\t\t\t<\/a>\n\t\t\t\t<\/div>\n\t\t\t\t\t\t\t\t<\/div>\n\t\t\t\t<\/div>\n\t\t\t\t\t<\/div>\n\t\t<\/div>\n\t\t\t\t<div class=\"elementor-column elementor-col-50 elementor-inner-column elementor-element elementor-element-1186c7a\" data-id=\"1186c7a\" data-element_type=\"column\" data-e-type=\"column\">\n\t\t\t<div class=\"elementor-widget-wrap elementor-element-populated\">\n\t\t\t\t\t\t<div class=\"elementor-element elementor-element-75e064d elementor-widget elementor-widget-heading\" data-id=\"75e064d\" data-element_type=\"widget\" data-e-type=\"widget\" data-widget_type=\"heading.default\">\n\t\t\t\t<div class=\"elementor-widget-container\">\n\t\t\t\t\t<h2 class=\"elementor-heading-title elementor-size-default\">Adriana Di Virgilio<\/h2>\t\t\t\t<\/div>\n\t\t\t\t<\/div>\n\t\t\t\t<div class=\"elementor-element elementor-element-10af2e9 elementor-widget elementor-widget-text-editor\" data-id=\"10af2e9\" data-element_type=\"widget\" data-e-type=\"widget\" data-widget_type=\"text-editor.default\">\n\t\t\t\t<div class=\"elementor-widget-container\">\n\t\t\t\t\t\t\t\t\t<p>51 anni. Nata a Catania e vivo a Merano da oltre 10 anni con la mia famiglia. Lavoro nel settore amministrativo. Per la seconda volta ho deciso di candidandomi con la lista Civica per Merano.<\/p>\t\t\t\t\t\t\t\t<\/div>\n\t\t\t\t<\/div>\n\t\t\t\t\t<\/div>\n\t\t<\/div>\n\t\t\t\t\t<\/div>\n\t\t<\/section>\n\t\t\t\t<section class=\"elementor-section elementor-inner-section elementor-element elementor-element-0f72221 elementor-section-boxed elementor-section-height-default elementor-section-height-default\" data-id=\"0f72221\" data-element_type=\"section\" data-e-type=\"section\">\n\t\t\t\t\t\t<div class=\"elementor-container elementor-column-gap-default\">\n\t\t\t\t\t<div class=\"elementor-column elementor-col-100 elementor-inner-column elementor-element elementor-element-c16248c\" data-id=\"c16248c\" data-element_type=\"column\" data-e-type=\"column\">\n\t\t\t<div class=\"elementor-widget-wrap elementor-element-populated\">\n\t\t\t\t\t\t<div class=\"elementor-element elementor-element-3e8b262 elementor-widget elementor-widget-toggle\" data-id=\"3e8b262\" data-element_type=\"widget\" data-e-type=\"widget\" data-widget_type=\"toggle.default\">\n\t\t\t\t<div class=\"elementor-widget-container\">\n\t\t\t\t\t\t\t<div class=\"elementor-toggle\">\n\t\t\t\t\t\t\t<div class=\"elementor-toggle-item\">\n\t\t\t\t\t<div id=\"elementor-tab-title-6551\" class=\"elementor-tab-title\" data-tab=\"1\" role=\"button\" aria-controls=\"elementor-tab-content-6551\" aria-expanded=\"false\">\n\t\t\t\t\t\t\t\t\t\t\t\t<span class=\"elementor-toggle-icon elementor-toggle-icon-left\" aria-hidden=\"true\">\n\t\t\t\t\t\t\t\t\t\t\t\t\t\t\t<span class=\"elementor-toggle-icon-closed\"><i class=\"fas fa-comment-dots\"><\/i><\/span>\n\t\t\t\t\t\t\t\t<span class=\"elementor-toggle-icon-opened\"><i class=\"elementor-toggle-icon-opened fas fa-caret-up\"><\/i><\/span>\n\t\t\t\t\t\t\t\t\t\t\t\t\t<\/span>\n\t\t\t\t\t\t\t\t\t\t\t\t<a class=\"elementor-toggle-title\" tabindex=\"0\">Mi presento<\/a>\n\t\t\t\t\t<\/div>\n\n\t\t\t\t\t<div id=\"elementor-tab-content-6551\" class=\"elementor-tab-content elementor-clearfix\" data-tab=\"1\" role=\"region\" aria-labelledby=\"elementor-tab-title-6551\"><p>Potete scaricare da <a href=\"https:\/\/www.lacivicapermerano.eu\/wp-content\/uploads\/2020\/09\/AboutMe_DiVirgilio.pdf\">qui<\/a> il mio Curriculum Vitae<\/p><\/div>\n\t\t\t\t<\/div>\n\t\t\t\t\t\t\t\t<\/div>\n\t\t\t\t\t\t<\/div>\n\t\t\t\t<\/div>\n\t\t\t\t\t<\/div>\n\t\t<\/div>\n\t\t\t\t\t<\/div>\n\t\t<\/section>\n\t\t\t\t\t<\/div>\n\t\t<\/div>\n\t\t\t\t\t<\/div>\n\t\t<\/section>\n\t\t\t\t<section class=\"elementor-section elementor-top-section elementor-element elementor-element-28dc048 elementor-section-boxed elementor-section-height-default elementor-section-height-default\" data-id=\"28dc048\" data-element_type=\"section\" data-e-type=\"section\" data-settings=\"{&quot;background_background&quot;:&quot;classic&quot;}\">\n\t\t\t\t\t\t<div class=\"elementor-container elementor-column-gap-default\">\n\t\t\t\t\t<div class=\"elementor-column elementor-col-100 elementor-top-column elementor-element elementor-element-88e7bd2\" data-id=\"88e7bd2\" data-element_type=\"column\" data-e-type=\"column\">\n\t\t\t<div class=\"elementor-widget-wrap elementor-element-populated\">\n\t\t\t\t\t\t<section class=\"elementor-section elementor-inner-section elementor-element elementor-element-3bae426 elementor-section-boxed elementor-section-height-default elementor-section-height-default\" data-id=\"3bae426\" data-element_type=\"section\" data-e-type=\"section\">\n\t\t\t\t\t\t<div class=\"elementor-container elementor-column-gap-default\">\n\t\t\t\t\t<div class=\"elementor-column elementor-col-50 elementor-inner-column elementor-element elementor-element-46a3c5b\" data-id=\"46a3c5b\" data-element_type=\"column\" data-e-type=\"column\">\n\t\t\t<div class=\"elementor-widget-wrap elementor-element-populated\">\n\t\t\t\t\t\t<div class=\"elementor-element elementor-element-5b21cb5 elementor-widget elementor-widget-image\" data-id=\"5b21cb5\" data-element_type=\"widget\" data-e-type=\"widget\" data-widget_type=\"image.default\">\n\t\t\t\t<div class=\"elementor-widget-container\">\n\t\t\t\t\t\t\t\t\t\t\t\t\t\t\t<img loading=\"lazy\" decoding=\"async\" width=\"300\" height=\"200\" src=\"https:\/\/www.lacivicapermerano.eu\/wp-content\/uploads\/2021\/09\/Foto_candidati9-300x200.jpg\" class=\"attachment-medium size-medium wp-image-1100\" alt=\"\" srcset=\"https:\/\/www.lacivicapermerano.eu\/wp-content\/uploads\/2021\/09\/Foto_candidati9-300x200.jpg 300w, https:\/\/www.lacivicapermerano.eu\/wp-content\/uploads\/2021\/09\/Foto_candidati9-768x513.jpg 768w, https:\/\/www.lacivicapermerano.eu\/wp-content\/uploads\/2021\/09\/Foto_candidati9-18x12.jpg 18w, https:\/\/www.lacivicapermerano.eu\/wp-content\/uploads\/2021\/09\/Foto_candidati9-230x154.jpg 230w, https:\/\/www.lacivicapermerano.eu\/wp-content\/uploads\/2021\/09\/Foto_candidati9-350x234.jpg 350w, https:\/\/www.lacivicapermerano.eu\/wp-content\/uploads\/2021\/09\/Foto_candidati9-480x320.jpg 480w, https:\/\/www.lacivicapermerano.eu\/wp-content\/uploads\/2021\/09\/Foto_candidati9.jpg 800w\" sizes=\"(max-width: 300px) 100vw, 300px\" \/>\t\t\t\t\t\t\t\t\t\t\t\t\t\t\t<\/div>\n\t\t\t\t<\/div>\n\t\t\t\t<div class=\"elementor-element elementor-element-4d5ce69 elementor-align-center elementor-widget elementor-widget-button\" data-id=\"4d5ce69\" data-element_type=\"widget\" data-e-type=\"widget\" data-widget_type=\"button.default\">\n\t\t\t\t<div class=\"elementor-widget-container\">\n\t\t\t\t\t\t\t\t\t<div class=\"elementor-button-wrapper\">\n\t\t\t\t\t<a class=\"elementor-button elementor-button-link elementor-size-sm\" href=\"https:\/\/www.lacivicapermerano.eu\/wp-content\/uploads\/2021\/09\/Certificato-Penale-Dondi-Raffaella.pdf\">\n\t\t\t\t\t\t<span class=\"elementor-button-content-wrapper\">\n\t\t\t\t\t\t\t\t\t<span class=\"elementor-button-text\">Cert. penale<\/span>\n\t\t\t\t\t<\/span>\n\t\t\t\t\t<\/a>\n\t\t\t\t<\/div>\n\t\t\t\t\t\t\t\t<\/div>\n\t\t\t\t<\/div>\n\t\t\t\t\t<\/div>\n\t\t<\/div>\n\t\t\t\t<div class=\"elementor-column elementor-col-50 elementor-inner-column elementor-element elementor-element-cc67db3\" data-id=\"cc67db3\" data-element_type=\"column\" data-e-type=\"column\">\n\t\t\t<div class=\"elementor-widget-wrap elementor-element-populated\">\n\t\t\t\t\t\t<div class=\"elementor-element elementor-element-09a4a00 elementor-widget elementor-widget-heading\" data-id=\"09a4a00\" data-element_type=\"widget\" data-e-type=\"widget\" data-widget_type=\"heading.default\">\n\t\t\t\t<div class=\"elementor-widget-container\">\n\t\t\t\t\t<h2 class=\"elementor-heading-title elementor-size-default\">Raffaella Dondi<\/h2>\t\t\t\t<\/div>\n\t\t\t\t<\/div>\n\t\t\t\t<div class=\"elementor-element elementor-element-c8da3a7 elementor-widget elementor-widget-text-editor\" data-id=\"c8da3a7\" data-element_type=\"widget\" data-e-type=\"widget\" data-widget_type=\"text-editor.default\">\n\t\t\t\t<div class=\"elementor-widget-container\">\n\t\t\t\t\t\t\t\t\t<p>46 anni. Originaria altoatesina. Grande appassionata di viaggi, eno-culinaria e sport.<\/p>\t\t\t\t\t\t\t\t<\/div>\n\t\t\t\t<\/div>\n\t\t\t\t\t<\/div>\n\t\t<\/div>\n\t\t\t\t\t<\/div>\n\t\t<\/section>\n\t\t\t\t<section class=\"elementor-section elementor-inner-section elementor-element elementor-element-bbb9454 elementor-section-boxed elementor-section-height-default elementor-section-height-default\" data-id=\"bbb9454\" data-element_type=\"section\" data-e-type=\"section\">\n\t\t\t\t\t\t<div class=\"elementor-container elementor-column-gap-default\">\n\t\t\t\t\t<div class=\"elementor-column elementor-col-100 elementor-inner-column elementor-element elementor-element-f5b911f\" data-id=\"f5b911f\" data-element_type=\"column\" data-e-type=\"column\">\n\t\t\t<div class=\"elementor-widget-wrap elementor-element-populated\">\n\t\t\t\t\t\t<div class=\"elementor-element elementor-element-f0fda0f elementor-widget elementor-widget-toggle\" data-id=\"f0fda0f\" data-element_type=\"widget\" data-e-type=\"widget\" data-widget_type=\"toggle.default\">\n\t\t\t\t<div class=\"elementor-widget-container\">\n\t\t\t\t\t\t\t<div class=\"elementor-toggle\">\n\t\t\t\t\t\t\t<div class=\"elementor-toggle-item\">\n\t\t\t\t\t<div id=\"elementor-tab-title-2521\" class=\"elementor-tab-title\" data-tab=\"1\" role=\"button\" aria-controls=\"elementor-tab-content-2521\" aria-expanded=\"false\">\n\t\t\t\t\t\t\t\t\t\t\t\t<span class=\"elementor-toggle-icon elementor-toggle-icon-left\" aria-hidden=\"true\">\n\t\t\t\t\t\t\t\t\t\t\t\t\t\t\t<span class=\"elementor-toggle-icon-closed\"><i class=\"fas fa-comment-dots\"><\/i><\/span>\n\t\t\t\t\t\t\t\t<span class=\"elementor-toggle-icon-opened\"><i class=\"elementor-toggle-icon-opened fas fa-caret-up\"><\/i><\/span>\n\t\t\t\t\t\t\t\t\t\t\t\t\t<\/span>\n\t\t\t\t\t\t\t\t\t\t\t\t<a class=\"elementor-toggle-title\" tabindex=\"0\">Mi presento<\/a>\n\t\t\t\t\t<\/div>\n\n\t\t\t\t\t<div id=\"elementor-tab-content-2521\" class=\"elementor-tab-content elementor-clearfix\" data-tab=\"1\" role=\"region\" aria-labelledby=\"elementor-tab-title-2521\"><p>Mi chiamo Raffaella. 46 anni, originaria altoatesina, con importante vissuto nella stupenda capitale sabauda. Formata da esperienze professionali eterogenee in ambiti e citt\u00e0 differenti, coltivo la grande passione per i viaggi, la montagna, l&#8217;eno-culinaria e lo sport. Da curiosa e avventuriera quale sono, \u00e8 nata pochi mesi fa \u201cCacciatrice di orizzonti\u201d; il nome del mio blog che trovate su www.raffaelladondi.it<\/p><\/div>\n\t\t\t\t<\/div>\n\t\t\t\t\t\t\t\t<\/div>\n\t\t\t\t\t\t<\/div>\n\t\t\t\t<\/div>\n\t\t\t\t\t<\/div>\n\t\t<\/div>\n\t\t\t\t\t<\/div>\n\t\t<\/section>\n\t\t\t\t\t<\/div>\n\t\t<\/div>\n\t\t\t\t\t<\/div>\n\t\t<\/section>\n\t\t\t\t<section class=\"elementor-section elementor-top-section elementor-element elementor-element-66ebadb elementor-section-boxed elementor-section-height-default elementor-section-height-default\" data-id=\"66ebadb\" data-element_type=\"section\" data-e-type=\"section\" data-settings=\"{&quot;background_background&quot;:&quot;classic&quot;}\">\n\t\t\t\t\t\t<div class=\"elementor-container elementor-column-gap-default\">\n\t\t\t\t\t<div class=\"elementor-column elementor-col-100 elementor-top-column elementor-element elementor-element-9f2d775\" data-id=\"9f2d775\" data-element_type=\"column\" data-e-type=\"column\">\n\t\t\t<div class=\"elementor-widget-wrap elementor-element-populated\">\n\t\t\t\t\t\t<section class=\"elementor-section elementor-inner-section elementor-element elementor-element-5898189 elementor-section-boxed elementor-section-height-default elementor-section-height-default\" data-id=\"5898189\" data-element_type=\"section\" data-e-type=\"section\">\n\t\t\t\t\t\t<div class=\"elementor-container elementor-column-gap-default\">\n\t\t\t\t\t<div class=\"elementor-column elementor-col-50 elementor-inner-column elementor-element elementor-element-74aad34\" data-id=\"74aad34\" data-element_type=\"column\" data-e-type=\"column\">\n\t\t\t<div class=\"elementor-widget-wrap elementor-element-populated\">\n\t\t\t\t\t\t<div class=\"elementor-element elementor-element-83d6804 elementor-widget elementor-widget-image\" data-id=\"83d6804\" data-element_type=\"widget\" data-e-type=\"widget\" data-widget_type=\"image.default\">\n\t\t\t\t<div class=\"elementor-widget-container\">\n\t\t\t\t\t\t\t\t\t\t\t\t\t\t\t<img loading=\"lazy\" decoding=\"async\" width=\"300\" height=\"200\" src=\"https:\/\/www.lacivicapermerano.eu\/wp-content\/uploads\/2021\/09\/Foto_candidati5-300x200.jpg\" class=\"attachment-medium size-medium wp-image-1101\" alt=\"\" srcset=\"https:\/\/www.lacivicapermerano.eu\/wp-content\/uploads\/2021\/09\/Foto_candidati5-300x200.jpg 300w, https:\/\/www.lacivicapermerano.eu\/wp-content\/uploads\/2021\/09\/Foto_candidati5-768x513.jpg 768w, https:\/\/www.lacivicapermerano.eu\/wp-content\/uploads\/2021\/09\/Foto_candidati5-18x12.jpg 18w, https:\/\/www.lacivicapermerano.eu\/wp-content\/uploads\/2021\/09\/Foto_candidati5-230x154.jpg 230w, https:\/\/www.lacivicapermerano.eu\/wp-content\/uploads\/2021\/09\/Foto_candidati5-350x234.jpg 350w, https:\/\/www.lacivicapermerano.eu\/wp-content\/uploads\/2021\/09\/Foto_candidati5-480x320.jpg 480w, https:\/\/www.lacivicapermerano.eu\/wp-content\/uploads\/2021\/09\/Foto_candidati5.jpg 800w\" sizes=\"(max-width: 300px) 100vw, 300px\" \/>\t\t\t\t\t\t\t\t\t\t\t\t\t\t\t<\/div>\n\t\t\t\t<\/div>\n\t\t\t\t<div class=\"elementor-element elementor-element-799c9b9 elementor-align-center elementor-widget elementor-widget-button\" data-id=\"799c9b9\" data-element_type=\"widget\" data-e-type=\"widget\" data-widget_type=\"button.default\">\n\t\t\t\t<div class=\"elementor-widget-container\">\n\t\t\t\t\t\t\t\t\t<div class=\"elementor-button-wrapper\">\n\t\t\t\t\t<a class=\"elementor-button elementor-button-link elementor-size-sm\" href=\"https:\/\/www.lacivicapermerano.eu\/wp-content\/uploads\/2021\/09\/certificato-penale-Ianni.pdf\">\n\t\t\t\t\t\t<span class=\"elementor-button-content-wrapper\">\n\t\t\t\t\t\t\t\t\t<span class=\"elementor-button-text\">Cert. penale<\/span>\n\t\t\t\t\t<\/span>\n\t\t\t\t\t<\/a>\n\t\t\t\t<\/div>\n\t\t\t\t\t\t\t\t<\/div>\n\t\t\t\t<\/div>\n\t\t\t\t\t<\/div>\n\t\t<\/div>\n\t\t\t\t<div class=\"elementor-column elementor-col-50 elementor-inner-column elementor-element elementor-element-7079b42\" data-id=\"7079b42\" data-element_type=\"column\" data-e-type=\"column\">\n\t\t\t<div class=\"elementor-widget-wrap elementor-element-populated\">\n\t\t\t\t\t\t<div class=\"elementor-element elementor-element-cf020c6 elementor-widget elementor-widget-heading\" data-id=\"cf020c6\" data-element_type=\"widget\" data-e-type=\"widget\" data-widget_type=\"heading.default\">\n\t\t\t\t<div class=\"elementor-widget-container\">\n\t\t\t\t\t<h2 class=\"elementor-heading-title elementor-size-default\">Carmen Katia Iann\u00ec<\/h2>\t\t\t\t<\/div>\n\t\t\t\t<\/div>\n\t\t\t\t<div class=\"elementor-element elementor-element-fab86ae elementor-widget elementor-widget-text-editor\" data-id=\"fab86ae\" data-element_type=\"widget\" data-e-type=\"widget\" data-widget_type=\"text-editor.default\">\n\t\t\t\t<div class=\"elementor-widget-container\">\n\t\t\t\t\t\t\t\t\t<p>40 anni. Avvocato. Di origini calabresi, meranese d\u2019adozione. New entry della politica.<\/p>\t\t\t\t\t\t\t\t<\/div>\n\t\t\t\t<\/div>\n\t\t\t\t\t<\/div>\n\t\t<\/div>\n\t\t\t\t\t<\/div>\n\t\t<\/section>\n\t\t\t\t<section class=\"elementor-section elementor-inner-section elementor-element elementor-element-543de75 elementor-section-boxed elementor-section-height-default elementor-section-height-default\" data-id=\"543de75\" data-element_type=\"section\" data-e-type=\"section\">\n\t\t\t\t\t\t<div class=\"elementor-container elementor-column-gap-default\">\n\t\t\t\t\t<div class=\"elementor-column elementor-col-100 elementor-inner-column elementor-element elementor-element-46de276\" data-id=\"46de276\" data-element_type=\"column\" data-e-type=\"column\">\n\t\t\t<div class=\"elementor-widget-wrap elementor-element-populated\">\n\t\t\t\t\t\t<div class=\"elementor-element elementor-element-9fcd6fe elementor-widget elementor-widget-toggle\" data-id=\"9fcd6fe\" data-element_type=\"widget\" data-e-type=\"widget\" data-widget_type=\"toggle.default\">\n\t\t\t\t<div class=\"elementor-widget-container\">\n\t\t\t\t\t\t\t<div class=\"elementor-toggle\">\n\t\t\t\t\t\t\t<div class=\"elementor-toggle-item\">\n\t\t\t\t\t<div id=\"elementor-tab-title-1671\" class=\"elementor-tab-title\" data-tab=\"1\" role=\"button\" aria-controls=\"elementor-tab-content-1671\" aria-expanded=\"false\">\n\t\t\t\t\t\t\t\t\t\t\t\t<span class=\"elementor-toggle-icon elementor-toggle-icon-left\" aria-hidden=\"true\">\n\t\t\t\t\t\t\t\t\t\t\t\t\t\t\t<span class=\"elementor-toggle-icon-closed\"><i class=\"fas fa-comment-dots\"><\/i><\/span>\n\t\t\t\t\t\t\t\t<span class=\"elementor-toggle-icon-opened\"><i class=\"elementor-toggle-icon-opened fas fa-caret-up\"><\/i><\/span>\n\t\t\t\t\t\t\t\t\t\t\t\t\t<\/span>\n\t\t\t\t\t\t\t\t\t\t\t\t<a class=\"elementor-toggle-title\" tabindex=\"0\">Mi presento<\/a>\n\t\t\t\t\t<\/div>\n\n\t\t\t\t\t<div id=\"elementor-tab-content-1671\" class=\"elementor-tab-content elementor-clearfix\" data-tab=\"1\" role=\"region\" aria-labelledby=\"elementor-tab-title-1671\"><div class=\"page\" title=\"Page 1\"><div class=\"section\"><div class=\"layoutArea\"><div class=\"column\"><p>Mi chiamo Carmen Katia Ianni\u0300 e sono di origini calabresi. Sono nata a Melito di Porto Salvo, in provincia di Reggio Calabria, il 29 luglio del 1981. Vivo a Merano, la mia citta\u0300 \u201cadottiva\u201d, dal 2007. Sono moglie e madre di una bambina di nome Antonia. Dal dicembre del 2008 esercito la professione di avvocato.<\/p><\/div><\/div><\/div><\/div><\/div>\n\t\t\t\t<\/div>\n\t\t\t\t\t\t\t\t<\/div>\n\t\t\t\t\t\t<\/div>\n\t\t\t\t<\/div>\n\t\t\t\t\t<\/div>\n\t\t<\/div>\n\t\t\t\t\t<\/div>\n\t\t<\/section>\n\t\t\t\t\t<\/div>\n\t\t<\/div>\n\t\t\t\t\t<\/div>\n\t\t<\/section>\n\t\t\t\t<section class=\"elementor-section elementor-top-section elementor-element elementor-element-e509d7f elementor-section-boxed elementor-section-height-default elementor-section-height-default\" data-id=\"e509d7f\" data-element_type=\"section\" data-e-type=\"section\" data-settings=\"{&quot;background_background&quot;:&quot;classic&quot;}\">\n\t\t\t\t\t\t<div class=\"elementor-container elementor-column-gap-default\">\n\t\t\t\t\t<div class=\"elementor-column elementor-col-100 elementor-top-column elementor-element elementor-element-2d845cb\" data-id=\"2d845cb\" data-element_type=\"column\" data-e-type=\"column\">\n\t\t\t<div class=\"elementor-widget-wrap elementor-element-populated\">\n\t\t\t\t\t\t<section class=\"elementor-section elementor-inner-section elementor-element elementor-element-47cc848 elementor-section-boxed elementor-section-height-default elementor-section-height-default\" data-id=\"47cc848\" data-element_type=\"section\" data-e-type=\"section\">\n\t\t\t\t\t\t<div class=\"elementor-container elementor-column-gap-default\">\n\t\t\t\t\t<div class=\"elementor-column elementor-col-50 elementor-inner-column elementor-element elementor-element-72285e6\" data-id=\"72285e6\" data-element_type=\"column\" data-e-type=\"column\">\n\t\t\t<div class=\"elementor-widget-wrap elementor-element-populated\">\n\t\t\t\t\t\t<div class=\"elementor-element elementor-element-2719bee elementor-widget elementor-widget-image\" data-id=\"2719bee\" data-element_type=\"widget\" data-e-type=\"widget\" data-widget_type=\"image.default\">\n\t\t\t\t<div class=\"elementor-widget-container\">\n\t\t\t\t\t\t\t\t\t\t\t\t\t\t\t<img loading=\"lazy\" decoding=\"async\" width=\"300\" height=\"200\" src=\"https:\/\/www.lacivicapermerano.eu\/wp-content\/uploads\/2020\/08\/CPM2020_5_klimek-300x200.jpg\" class=\"attachment-medium size-medium wp-image-931\" alt=\"\" srcset=\"https:\/\/www.lacivicapermerano.eu\/wp-content\/uploads\/2020\/08\/CPM2020_5_klimek-300x200.jpg 300w, https:\/\/www.lacivicapermerano.eu\/wp-content\/uploads\/2020\/08\/CPM2020_5_klimek-768x513.jpg 768w, https:\/\/www.lacivicapermerano.eu\/wp-content\/uploads\/2020\/08\/CPM2020_5_klimek-830x554.jpg 830w, https:\/\/www.lacivicapermerano.eu\/wp-content\/uploads\/2020\/08\/CPM2020_5_klimek-230x154.jpg 230w, https:\/\/www.lacivicapermerano.eu\/wp-content\/uploads\/2020\/08\/CPM2020_5_klimek-350x234.jpg 350w, https:\/\/www.lacivicapermerano.eu\/wp-content\/uploads\/2020\/08\/CPM2020_5_klimek-480x321.jpg 480w, https:\/\/www.lacivicapermerano.eu\/wp-content\/uploads\/2020\/08\/CPM2020_5_klimek.jpg 1000w\" sizes=\"(max-width: 300px) 100vw, 300px\" \/>\t\t\t\t\t\t\t\t\t\t\t\t\t\t\t<\/div>\n\t\t\t\t<\/div>\n\t\t\t\t<div class=\"elementor-element elementor-element-72d0eb0 elementor-align-center elementor-widget elementor-widget-button\" data-id=\"72d0eb0\" data-element_type=\"widget\" data-e-type=\"widget\" data-widget_type=\"button.default\">\n\t\t\t\t<div class=\"elementor-widget-container\">\n\t\t\t\t\t\t\t\t\t<div class=\"elementor-button-wrapper\">\n\t\t\t\t\t<a class=\"elementor-button elementor-button-link elementor-size-sm\" href=\"https:\/\/www.lacivicapermerano.eu\/wp-content\/uploads\/2021\/09\/certificato-penale-Klimek.pdf\">\n\t\t\t\t\t\t<span class=\"elementor-button-content-wrapper\">\n\t\t\t\t\t\t\t\t\t<span class=\"elementor-button-text\">Cert. penale<\/span>\n\t\t\t\t\t<\/span>\n\t\t\t\t\t<\/a>\n\t\t\t\t<\/div>\n\t\t\t\t\t\t\t\t<\/div>\n\t\t\t\t<\/div>\n\t\t\t\t\t<\/div>\n\t\t<\/div>\n\t\t\t\t<div class=\"elementor-column elementor-col-50 elementor-inner-column elementor-element elementor-element-3cc4cec\" data-id=\"3cc4cec\" data-element_type=\"column\" data-e-type=\"column\">\n\t\t\t<div class=\"elementor-widget-wrap elementor-element-populated\">\n\t\t\t\t\t\t<div class=\"elementor-element elementor-element-cbb4cdf elementor-widget elementor-widget-heading\" data-id=\"cbb4cdf\" data-element_type=\"widget\" data-e-type=\"widget\" data-widget_type=\"heading.default\">\n\t\t\t\t<div class=\"elementor-widget-container\">\n\t\t\t\t\t<h2 class=\"elementor-heading-title elementor-size-default\">Adam Ireneusz Klimek<\/h2>\t\t\t\t<\/div>\n\t\t\t\t<\/div>\n\t\t\t\t<div class=\"elementor-element elementor-element-3318bab elementor-widget elementor-widget-text-editor\" data-id=\"3318bab\" data-element_type=\"widget\" data-e-type=\"widget\" data-widget_type=\"text-editor.default\">\n\t\t\t\t<div class=\"elementor-widget-container\">\n\t\t\t\t\t\t\t\t\t<p>51 anni. Nato in Polonia, ma vivo in Italia dal 2002. Laureato in storia.\u00a0Per anni allenatore di pallamano in diverse societa\u0300 italiane. Da dieci anni lavoro nel settore alberghiero.<\/p>\t\t\t\t\t\t\t\t<\/div>\n\t\t\t\t<\/div>\n\t\t\t\t\t<\/div>\n\t\t<\/div>\n\t\t\t\t\t<\/div>\n\t\t<\/section>\n\t\t\t\t<section class=\"elementor-section elementor-inner-section elementor-element elementor-element-f9c8e4f elementor-section-boxed elementor-section-height-default elementor-section-height-default\" data-id=\"f9c8e4f\" data-element_type=\"section\" data-e-type=\"section\">\n\t\t\t\t\t\t<div class=\"elementor-container elementor-column-gap-default\">\n\t\t\t\t\t<div class=\"elementor-column elementor-col-100 elementor-inner-column elementor-element elementor-element-010dffb\" data-id=\"010dffb\" data-element_type=\"column\" data-e-type=\"column\">\n\t\t\t<div class=\"elementor-widget-wrap elementor-element-populated\">\n\t\t\t\t\t\t<div class=\"elementor-element elementor-element-8035e47 elementor-widget elementor-widget-toggle\" data-id=\"8035e47\" data-element_type=\"widget\" data-e-type=\"widget\" data-widget_type=\"toggle.default\">\n\t\t\t\t<div class=\"elementor-widget-container\">\n\t\t\t\t\t\t\t<div class=\"elementor-toggle\">\n\t\t\t\t\t\t\t<div class=\"elementor-toggle-item\">\n\t\t\t\t\t<div id=\"elementor-tab-title-1341\" class=\"elementor-tab-title\" data-tab=\"1\" role=\"button\" aria-controls=\"elementor-tab-content-1341\" aria-expanded=\"false\">\n\t\t\t\t\t\t\t\t\t\t\t\t<span class=\"elementor-toggle-icon elementor-toggle-icon-left\" aria-hidden=\"true\">\n\t\t\t\t\t\t\t\t\t\t\t\t\t\t\t<span class=\"elementor-toggle-icon-closed\"><i class=\"fas fa-comment-dots\"><\/i><\/span>\n\t\t\t\t\t\t\t\t<span class=\"elementor-toggle-icon-opened\"><i class=\"elementor-toggle-icon-opened fas fa-caret-up\"><\/i><\/span>\n\t\t\t\t\t\t\t\t\t\t\t\t\t<\/span>\n\t\t\t\t\t\t\t\t\t\t\t\t<a class=\"elementor-toggle-title\" tabindex=\"0\">Mi presento<\/a>\n\t\t\t\t\t<\/div>\n\n\t\t\t\t\t<div id=\"elementor-tab-content-1341\" class=\"elementor-tab-content elementor-clearfix\" data-tab=\"1\" role=\"region\" aria-labelledby=\"elementor-tab-title-1341\"><div class=\"page\" title=\"Page 1\"><div class=\"section\"><div class=\"layoutArea\"><div class=\"column\"><p>Mi chiamo Adam Ireneusz Klimek ho 50 anni e sono nato in Polonia, ma vivo in Italia dal 2002 e da due anni a Merano con mia moglie Elwira.<br \/>Nel mio percorso di studi ho conseguito una laurea in storia.<br \/>Fin da giovane sono stato un giocatore di pallamano e per anni ho ricoperto il ruolo di allenatore di questa disciplina sportiva in diverse societa\u0300 italiane.<\/p><p>Da dieci anni sto lavorando negli hotel come barista o cameriere e attualmente sono hausmeister.<\/p><\/div><\/div><\/div><\/div><\/div>\n\t\t\t\t<\/div>\n\t\t\t\t\t\t\t\t<\/div>\n\t\t\t\t\t\t<\/div>\n\t\t\t\t<\/div>\n\t\t\t\t\t<\/div>\n\t\t<\/div>\n\t\t\t\t\t<\/div>\n\t\t<\/section>\n\t\t\t\t\t<\/div>\n\t\t<\/div>\n\t\t\t\t\t<\/div>\n\t\t<\/section>\n\t\t\t\t<section class=\"elementor-section elementor-top-section elementor-element elementor-element-32663b9 elementor-section-boxed elementor-section-height-default elementor-section-height-default\" data-id=\"32663b9\" data-element_type=\"section\" data-e-type=\"section\" data-settings=\"{&quot;background_background&quot;:&quot;classic&quot;}\">\n\t\t\t\t\t\t<div class=\"elementor-container elementor-column-gap-default\">\n\t\t\t\t\t<div class=\"elementor-column elementor-col-100 elementor-top-column elementor-element elementor-element-cfdacbe\" data-id=\"cfdacbe\" data-element_type=\"column\" data-e-type=\"column\">\n\t\t\t<div class=\"elementor-widget-wrap elementor-element-populated\">\n\t\t\t\t\t\t<section class=\"elementor-section elementor-inner-section elementor-element elementor-element-8b7b446 elementor-section-boxed elementor-section-height-default elementor-section-height-default\" data-id=\"8b7b446\" data-element_type=\"section\" data-e-type=\"section\">\n\t\t\t\t\t\t<div class=\"elementor-container elementor-column-gap-default\">\n\t\t\t\t\t<div class=\"elementor-column elementor-col-50 elementor-inner-column elementor-element elementor-element-a33852a\" data-id=\"a33852a\" data-element_type=\"column\" data-e-type=\"column\">\n\t\t\t<div class=\"elementor-widget-wrap elementor-element-populated\">\n\t\t\t\t\t\t<div class=\"elementor-element elementor-element-06ce7bc elementor-widget elementor-widget-image\" data-id=\"06ce7bc\" data-element_type=\"widget\" data-e-type=\"widget\" data-widget_type=\"image.default\">\n\t\t\t\t<div class=\"elementor-widget-container\">\n\t\t\t\t\t\t\t\t\t\t\t\t\t\t\t<img loading=\"lazy\" decoding=\"async\" width=\"300\" height=\"200\" src=\"https:\/\/www.lacivicapermerano.eu\/wp-content\/uploads\/2021\/09\/Foto_candidati7-300x200.jpg\" class=\"attachment-medium size-medium wp-image-1102\" alt=\"\" srcset=\"https:\/\/www.lacivicapermerano.eu\/wp-content\/uploads\/2021\/09\/Foto_candidati7-300x200.jpg 300w, https:\/\/www.lacivicapermerano.eu\/wp-content\/uploads\/2021\/09\/Foto_candidati7-768x513.jpg 768w, https:\/\/www.lacivicapermerano.eu\/wp-content\/uploads\/2021\/09\/Foto_candidati7-18x12.jpg 18w, https:\/\/www.lacivicapermerano.eu\/wp-content\/uploads\/2021\/09\/Foto_candidati7-230x154.jpg 230w, https:\/\/www.lacivicapermerano.eu\/wp-content\/uploads\/2021\/09\/Foto_candidati7-350x234.jpg 350w, https:\/\/www.lacivicapermerano.eu\/wp-content\/uploads\/2021\/09\/Foto_candidati7-480x320.jpg 480w, https:\/\/www.lacivicapermerano.eu\/wp-content\/uploads\/2021\/09\/Foto_candidati7.jpg 800w\" sizes=\"(max-width: 300px) 100vw, 300px\" \/>\t\t\t\t\t\t\t\t\t\t\t\t\t\t\t<\/div>\n\t\t\t\t<\/div>\n\t\t\t\t<div class=\"elementor-element elementor-element-717e066 elementor-align-center elementor-widget elementor-widget-button\" data-id=\"717e066\" data-element_type=\"widget\" data-e-type=\"widget\" data-widget_type=\"button.default\">\n\t\t\t\t<div class=\"elementor-widget-container\">\n\t\t\t\t\t\t\t\t\t<div class=\"elementor-button-wrapper\">\n\t\t\t\t\t<a class=\"elementor-button elementor-button-link elementor-size-sm\" href=\"https:\/\/www.lacivicapermerano.eu\/wp-content\/uploads\/2021\/09\/Certificato-Penale-Langer-Alexis.pdf\">\n\t\t\t\t\t\t<span class=\"elementor-button-content-wrapper\">\n\t\t\t\t\t\t\t\t\t<span class=\"elementor-button-text\">Cert. penale<\/span>\n\t\t\t\t\t<\/span>\n\t\t\t\t\t<\/a>\n\t\t\t\t<\/div>\n\t\t\t\t\t\t\t\t<\/div>\n\t\t\t\t<\/div>\n\t\t\t\t\t<\/div>\n\t\t<\/div>\n\t\t\t\t<div class=\"elementor-column elementor-col-50 elementor-inner-column elementor-element elementor-element-94d5d53\" data-id=\"94d5d53\" data-element_type=\"column\" data-e-type=\"column\">\n\t\t\t<div class=\"elementor-widget-wrap elementor-element-populated\">\n\t\t\t\t\t\t<div class=\"elementor-element elementor-element-1c41c02 elementor-widget elementor-widget-heading\" data-id=\"1c41c02\" data-element_type=\"widget\" data-e-type=\"widget\" data-widget_type=\"heading.default\">\n\t\t\t\t<div class=\"elementor-widget-container\">\n\t\t\t\t\t<h2 class=\"elementor-heading-title elementor-size-default\">Alexis Langer<\/h2>\t\t\t\t<\/div>\n\t\t\t\t<\/div>\n\t\t\t\t<div class=\"elementor-element elementor-element-26debec elementor-widget elementor-widget-text-editor\" data-id=\"26debec\" data-element_type=\"widget\" data-e-type=\"widget\" data-widget_type=\"text-editor.default\">\n\t\t\t\t<div class=\"elementor-widget-container\">\n\t\t\t\t\t\t\t\t\t<p>43 anni. Meranese di nascita e da sempre residente nella nostra bella citt\u00e0. Giramondo (prima), pap\u00e0 (ora) e barista da quando ne ho memoria.<\/p>\t\t\t\t\t\t\t\t<\/div>\n\t\t\t\t<\/div>\n\t\t\t\t\t<\/div>\n\t\t<\/div>\n\t\t\t\t\t<\/div>\n\t\t<\/section>\n\t\t\t\t<section class=\"elementor-section elementor-inner-section elementor-element elementor-element-2422ed5 elementor-section-boxed elementor-section-height-default elementor-section-height-default\" data-id=\"2422ed5\" data-element_type=\"section\" data-e-type=\"section\">\n\t\t\t\t\t\t<div class=\"elementor-container elementor-column-gap-default\">\n\t\t\t\t\t<div class=\"elementor-column elementor-col-100 elementor-inner-column elementor-element elementor-element-596979f\" data-id=\"596979f\" data-element_type=\"column\" data-e-type=\"column\">\n\t\t\t<div class=\"elementor-widget-wrap elementor-element-populated\">\n\t\t\t\t\t\t<div class=\"elementor-element elementor-element-54d5950 elementor-widget elementor-widget-toggle\" data-id=\"54d5950\" data-element_type=\"widget\" data-e-type=\"widget\" data-widget_type=\"toggle.default\">\n\t\t\t\t<div class=\"elementor-widget-container\">\n\t\t\t\t\t\t\t<div class=\"elementor-toggle\">\n\t\t\t\t\t\t\t<div class=\"elementor-toggle-item\">\n\t\t\t\t\t<div id=\"elementor-tab-title-8891\" class=\"elementor-tab-title\" data-tab=\"1\" role=\"button\" aria-controls=\"elementor-tab-content-8891\" aria-expanded=\"false\">\n\t\t\t\t\t\t\t\t\t\t\t\t<span class=\"elementor-toggle-icon elementor-toggle-icon-left\" aria-hidden=\"true\">\n\t\t\t\t\t\t\t\t\t\t\t\t\t\t\t<span class=\"elementor-toggle-icon-closed\"><i class=\"fas fa-comment-dots\"><\/i><\/span>\n\t\t\t\t\t\t\t\t<span class=\"elementor-toggle-icon-opened\"><i class=\"elementor-toggle-icon-opened fas fa-caret-up\"><\/i><\/span>\n\t\t\t\t\t\t\t\t\t\t\t\t\t<\/span>\n\t\t\t\t\t\t\t\t\t\t\t\t<a class=\"elementor-toggle-title\" tabindex=\"0\">Mi presento<\/a>\n\t\t\t\t\t<\/div>\n\n\t\t\t\t\t<div id=\"elementor-tab-content-8891\" class=\"elementor-tab-content elementor-clearfix\" data-tab=\"1\" role=\"region\" aria-labelledby=\"elementor-tab-title-8891\"><p>Mi chiamo Alexis Langer. Cittadino olandese, nato a Merano il 16\/12\/78. Diplomato presso la scuola alberghiera &#8220;Kaiserhof&#8221; nel 1998. Innamorato dei miei tre figli, lavoro ormai da un quarto di secolo\u00a0lavoro in gastronomia.<\/p><p>Ho scelto l&#8217;affiatassimo gruppo della Civica perch\u00e9 voglio dare il mio apporto per migliorare la mia citt\u00e0.<\/p><\/div>\n\t\t\t\t<\/div>\n\t\t\t\t\t\t\t\t<\/div>\n\t\t\t\t\t\t<\/div>\n\t\t\t\t<\/div>\n\t\t\t\t\t<\/div>\n\t\t<\/div>\n\t\t\t\t\t<\/div>\n\t\t<\/section>\n\t\t\t\t\t<\/div>\n\t\t<\/div>\n\t\t\t\t\t<\/div>\n\t\t<\/section>\n\t\t\t\t<section class=\"elementor-section elementor-top-section elementor-element elementor-element-3ec7ff9 elementor-section-boxed elementor-section-height-default elementor-section-height-default\" data-id=\"3ec7ff9\" data-element_type=\"section\" data-e-type=\"section\" data-settings=\"{&quot;background_background&quot;:&quot;classic&quot;}\">\n\t\t\t\t\t\t<div class=\"elementor-container elementor-column-gap-default\">\n\t\t\t\t\t<div class=\"elementor-column elementor-col-100 elementor-top-column elementor-element elementor-element-89217a0\" data-id=\"89217a0\" data-element_type=\"column\" data-e-type=\"column\">\n\t\t\t<div class=\"elementor-widget-wrap elementor-element-populated\">\n\t\t\t\t\t\t<section class=\"elementor-section elementor-inner-section elementor-element elementor-element-71ced0e elementor-section-boxed elementor-section-height-default elementor-section-height-default\" data-id=\"71ced0e\" data-element_type=\"section\" data-e-type=\"section\">\n\t\t\t\t\t\t<div class=\"elementor-container elementor-column-gap-default\">\n\t\t\t\t\t<div class=\"elementor-column elementor-col-50 elementor-inner-column elementor-element elementor-element-63b3081\" data-id=\"63b3081\" data-element_type=\"column\" data-e-type=\"column\">\n\t\t\t<div class=\"elementor-widget-wrap elementor-element-populated\">\n\t\t\t\t\t\t<div class=\"elementor-element elementor-element-62e6071 elementor-widget elementor-widget-image\" data-id=\"62e6071\" data-element_type=\"widget\" data-e-type=\"widget\" data-widget_type=\"image.default\">\n\t\t\t\t<div class=\"elementor-widget-container\">\n\t\t\t\t\t\t\t\t\t\t\t\t\t\t\t<img loading=\"lazy\" decoding=\"async\" width=\"300\" height=\"200\" src=\"https:\/\/www.lacivicapermerano.eu\/wp-content\/uploads\/2021\/09\/Foto_candidati1-300x200.jpg\" class=\"attachment-medium size-medium wp-image-1103\" alt=\"\" srcset=\"https:\/\/www.lacivicapermerano.eu\/wp-content\/uploads\/2021\/09\/Foto_candidati1-300x200.jpg 300w, https:\/\/www.lacivicapermerano.eu\/wp-content\/uploads\/2021\/09\/Foto_candidati1-768x513.jpg 768w, https:\/\/www.lacivicapermerano.eu\/wp-content\/uploads\/2021\/09\/Foto_candidati1-18x12.jpg 18w, https:\/\/www.lacivicapermerano.eu\/wp-content\/uploads\/2021\/09\/Foto_candidati1-230x154.jpg 230w, https:\/\/www.lacivicapermerano.eu\/wp-content\/uploads\/2021\/09\/Foto_candidati1-350x234.jpg 350w, https:\/\/www.lacivicapermerano.eu\/wp-content\/uploads\/2021\/09\/Foto_candidati1-480x320.jpg 480w, https:\/\/www.lacivicapermerano.eu\/wp-content\/uploads\/2021\/09\/Foto_candidati1.jpg 800w\" sizes=\"(max-width: 300px) 100vw, 300px\" \/>\t\t\t\t\t\t\t\t\t\t\t\t\t\t\t<\/div>\n\t\t\t\t<\/div>\n\t\t\t\t<div class=\"elementor-element elementor-element-2396727 elementor-align-center elementor-widget elementor-widget-button\" data-id=\"2396727\" data-element_type=\"widget\" data-e-type=\"widget\" data-widget_type=\"button.default\">\n\t\t\t\t<div class=\"elementor-widget-container\">\n\t\t\t\t\t\t\t\t\t<div class=\"elementor-button-wrapper\">\n\t\t\t\t\t<a class=\"elementor-button elementor-button-link elementor-size-sm\" href=\"https:\/\/www.lacivicapermerano.eu\/wp-content\/uploads\/2021\/09\/certificato-penale-Marano.pdf\">\n\t\t\t\t\t\t<span class=\"elementor-button-content-wrapper\">\n\t\t\t\t\t\t\t\t\t<span class=\"elementor-button-text\">Cert. penale<\/span>\n\t\t\t\t\t<\/span>\n\t\t\t\t\t<\/a>\n\t\t\t\t<\/div>\n\t\t\t\t\t\t\t\t<\/div>\n\t\t\t\t<\/div>\n\t\t\t\t\t<\/div>\n\t\t<\/div>\n\t\t\t\t<div class=\"elementor-column elementor-col-50 elementor-inner-column elementor-element elementor-element-7439991\" data-id=\"7439991\" data-element_type=\"column\" data-e-type=\"column\">\n\t\t\t<div class=\"elementor-widget-wrap elementor-element-populated\">\n\t\t\t\t\t\t<div class=\"elementor-element elementor-element-83c1359 elementor-widget elementor-widget-heading\" data-id=\"83c1359\" data-element_type=\"widget\" data-e-type=\"widget\" data-widget_type=\"heading.default\">\n\t\t\t\t<div class=\"elementor-widget-container\">\n\t\t\t\t\t<h2 class=\"elementor-heading-title elementor-size-default\">Francesco Marano<\/h2>\t\t\t\t<\/div>\n\t\t\t\t<\/div>\n\t\t\t\t<div class=\"elementor-element elementor-element-5e6b98e elementor-widget elementor-widget-text-editor\" data-id=\"5e6b98e\" data-element_type=\"widget\" data-e-type=\"widget\" data-widget_type=\"text-editor.default\">\n\t\t\t\t<div class=\"elementor-widget-container\">\n\t\t\t\t\t\t\t\t\t<p>53 anni. Medico del lavoro. Sposato e quattro volte pap\u00e0.<\/p>\t\t\t\t\t\t\t\t<\/div>\n\t\t\t\t<\/div>\n\t\t\t\t\t<\/div>\n\t\t<\/div>\n\t\t\t\t\t<\/div>\n\t\t<\/section>\n\t\t\t\t<section class=\"elementor-section elementor-inner-section elementor-element elementor-element-912a99b elementor-section-boxed elementor-section-height-default elementor-section-height-default\" data-id=\"912a99b\" data-element_type=\"section\" data-e-type=\"section\">\n\t\t\t\t\t\t<div class=\"elementor-container elementor-column-gap-default\">\n\t\t\t\t\t<div class=\"elementor-column elementor-col-100 elementor-inner-column elementor-element elementor-element-23bd682\" data-id=\"23bd682\" data-element_type=\"column\" data-e-type=\"column\">\n\t\t\t<div class=\"elementor-widget-wrap elementor-element-populated\">\n\t\t\t\t\t\t<div class=\"elementor-element elementor-element-807c529 elementor-widget elementor-widget-toggle\" data-id=\"807c529\" data-element_type=\"widget\" data-e-type=\"widget\" data-widget_type=\"toggle.default\">\n\t\t\t\t<div class=\"elementor-widget-container\">\n\t\t\t\t\t\t\t<div class=\"elementor-toggle\">\n\t\t\t\t\t\t\t<div class=\"elementor-toggle-item\">\n\t\t\t\t\t<div id=\"elementor-tab-title-1341\" class=\"elementor-tab-title\" data-tab=\"1\" role=\"button\" aria-controls=\"elementor-tab-content-1341\" aria-expanded=\"false\">\n\t\t\t\t\t\t\t\t\t\t\t\t<span class=\"elementor-toggle-icon elementor-toggle-icon-left\" aria-hidden=\"true\">\n\t\t\t\t\t\t\t\t\t\t\t\t\t\t\t<span class=\"elementor-toggle-icon-closed\"><i class=\"fas fa-comment-dots\"><\/i><\/span>\n\t\t\t\t\t\t\t\t<span class=\"elementor-toggle-icon-opened\"><i class=\"elementor-toggle-icon-opened fas fa-caret-up\"><\/i><\/span>\n\t\t\t\t\t\t\t\t\t\t\t\t\t<\/span>\n\t\t\t\t\t\t\t\t\t\t\t\t<a class=\"elementor-toggle-title\" tabindex=\"0\">Mi presento<\/a>\n\t\t\t\t\t<\/div>\n\n\t\t\t\t\t<div id=\"elementor-tab-content-1341\" class=\"elementor-tab-content elementor-clearfix\" data-tab=\"1\" role=\"region\" aria-labelledby=\"elementor-tab-title-1341\"><p>Mi chiamo Francesco Marano. Sono Medico del Lavoro &#8211; Libero professionista. Sposato con 4 figli.<\/p><p>La Salute e la Sicurezza sono il migliore investimento per il futuro della Nostra citt\u00e0. E io voglio dare una mano.<\/p><\/div>\n\t\t\t\t<\/div>\n\t\t\t\t\t\t\t\t<\/div>\n\t\t\t\t\t\t<\/div>\n\t\t\t\t<\/div>\n\t\t\t\t\t<\/div>\n\t\t<\/div>\n\t\t\t\t\t<\/div>\n\t\t<\/section>\n\t\t\t\t\t<\/div>\n\t\t<\/div>\n\t\t\t\t\t<\/div>\n\t\t<\/section>\n\t\t\t\t<section class=\"elementor-section elementor-top-section elementor-element elementor-element-1c28f99 elementor-section-boxed elementor-section-height-default elementor-section-height-default\" data-id=\"1c28f99\" data-element_type=\"section\" data-e-type=\"section\" data-settings=\"{&quot;background_background&quot;:&quot;classic&quot;}\">\n\t\t\t\t\t\t<div class=\"elementor-container elementor-column-gap-default\">\n\t\t\t\t\t<div class=\"elementor-column elementor-col-100 elementor-top-column elementor-element elementor-element-c860de2\" data-id=\"c860de2\" data-element_type=\"column\" data-e-type=\"column\">\n\t\t\t<div class=\"elementor-widget-wrap elementor-element-populated\">\n\t\t\t\t\t\t<section class=\"elementor-section elementor-inner-section elementor-element elementor-element-7ae6266 elementor-section-boxed elementor-section-height-default elementor-section-height-default\" data-id=\"7ae6266\" data-element_type=\"section\" data-e-type=\"section\">\n\t\t\t\t\t\t<div class=\"elementor-container elementor-column-gap-default\">\n\t\t\t\t\t<div class=\"elementor-column elementor-col-50 elementor-inner-column elementor-element elementor-element-8dd820f\" data-id=\"8dd820f\" data-element_type=\"column\" data-e-type=\"column\">\n\t\t\t<div class=\"elementor-widget-wrap elementor-element-populated\">\n\t\t\t\t\t\t<div class=\"elementor-element elementor-element-22c9b82 elementor-widget elementor-widget-image\" data-id=\"22c9b82\" data-element_type=\"widget\" data-e-type=\"widget\" data-widget_type=\"image.default\">\n\t\t\t\t<div class=\"elementor-widget-container\">\n\t\t\t\t\t\t\t\t\t\t\t\t\t\t\t<img loading=\"lazy\" decoding=\"async\" width=\"300\" height=\"200\" src=\"https:\/\/www.lacivicapermerano.eu\/wp-content\/uploads\/2021\/09\/Foto_candidati16-300x200.jpg\" class=\"attachment-medium size-medium wp-image-1104\" alt=\"\" srcset=\"https:\/\/www.lacivicapermerano.eu\/wp-content\/uploads\/2021\/09\/Foto_candidati16-300x200.jpg 300w, https:\/\/www.lacivicapermerano.eu\/wp-content\/uploads\/2021\/09\/Foto_candidati16-768x513.jpg 768w, https:\/\/www.lacivicapermerano.eu\/wp-content\/uploads\/2021\/09\/Foto_candidati16-18x12.jpg 18w, https:\/\/www.lacivicapermerano.eu\/wp-content\/uploads\/2021\/09\/Foto_candidati16-230x154.jpg 230w, https:\/\/www.lacivicapermerano.eu\/wp-content\/uploads\/2021\/09\/Foto_candidati16-350x234.jpg 350w, https:\/\/www.lacivicapermerano.eu\/wp-content\/uploads\/2021\/09\/Foto_candidati16-480x320.jpg 480w, https:\/\/www.lacivicapermerano.eu\/wp-content\/uploads\/2021\/09\/Foto_candidati16.jpg 800w\" sizes=\"(max-width: 300px) 100vw, 300px\" \/>\t\t\t\t\t\t\t\t\t\t\t\t\t\t\t<\/div>\n\t\t\t\t<\/div>\n\t\t\t\t<div class=\"elementor-element elementor-element-665c424 elementor-align-center elementor-widget elementor-widget-button\" data-id=\"665c424\" data-element_type=\"widget\" data-e-type=\"widget\" data-widget_type=\"button.default\">\n\t\t\t\t<div class=\"elementor-widget-container\">\n\t\t\t\t\t\t\t\t\t<div class=\"elementor-button-wrapper\">\n\t\t\t\t\t<a class=\"elementor-button elementor-button-link elementor-size-sm\" href=\"https:\/\/www.lacivicapermerano.eu\/wp-content\/uploads\/2021\/09\/Certificato-Penale-Moro-Igor.pdf\">\n\t\t\t\t\t\t<span class=\"elementor-button-content-wrapper\">\n\t\t\t\t\t\t\t\t\t<span class=\"elementor-button-text\">Cert. penale<\/span>\n\t\t\t\t\t<\/span>\n\t\t\t\t\t<\/a>\n\t\t\t\t<\/div>\n\t\t\t\t\t\t\t\t<\/div>\n\t\t\t\t<\/div>\n\t\t\t\t\t<\/div>\n\t\t<\/div>\n\t\t\t\t<div class=\"elementor-column elementor-col-50 elementor-inner-column elementor-element elementor-element-1660869\" data-id=\"1660869\" data-element_type=\"column\" data-e-type=\"column\">\n\t\t\t<div class=\"elementor-widget-wrap elementor-element-populated\">\n\t\t\t\t\t\t<div class=\"elementor-element elementor-element-61c6828 elementor-widget elementor-widget-heading\" data-id=\"61c6828\" data-element_type=\"widget\" data-e-type=\"widget\" data-widget_type=\"heading.default\">\n\t\t\t\t<div class=\"elementor-widget-container\">\n\t\t\t\t\t<h2 class=\"elementor-heading-title elementor-size-default\">Igor Moro<\/h2>\t\t\t\t<\/div>\n\t\t\t\t<\/div>\n\t\t\t\t<div class=\"elementor-element elementor-element-dab6d00 elementor-widget elementor-widget-text-editor\" data-id=\"dab6d00\" data-element_type=\"widget\" data-e-type=\"widget\" data-widget_type=\"text-editor.default\">\n\t\t\t\t<div class=\"elementor-widget-container\">\n\t\t\t\t\t\t\t\t\t<p>46 anni. Amministratore di condominio e meranese da sempre.<\/p>\t\t\t\t\t\t\t\t<\/div>\n\t\t\t\t<\/div>\n\t\t\t\t\t<\/div>\n\t\t<\/div>\n\t\t\t\t\t<\/div>\n\t\t<\/section>\n\t\t\t\t<section class=\"elementor-section elementor-inner-section elementor-element elementor-element-b9e2bcc elementor-section-boxed elementor-section-height-default elementor-section-height-default\" data-id=\"b9e2bcc\" data-element_type=\"section\" data-e-type=\"section\">\n\t\t\t\t\t\t<div class=\"elementor-container elementor-column-gap-default\">\n\t\t\t\t\t<div class=\"elementor-column elementor-col-100 elementor-inner-column elementor-element elementor-element-52c4dec\" data-id=\"52c4dec\" data-element_type=\"column\" data-e-type=\"column\">\n\t\t\t<div class=\"elementor-widget-wrap elementor-element-populated\">\n\t\t\t\t\t\t<div class=\"elementor-element elementor-element-f6786a7 elementor-widget elementor-widget-toggle\" data-id=\"f6786a7\" data-element_type=\"widget\" data-e-type=\"widget\" data-widget_type=\"toggle.default\">\n\t\t\t\t<div class=\"elementor-widget-container\">\n\t\t\t\t\t\t\t<div class=\"elementor-toggle\">\n\t\t\t\t\t\t\t<div class=\"elementor-toggle-item\">\n\t\t\t\t\t<div id=\"elementor-tab-title-2581\" class=\"elementor-tab-title\" data-tab=\"1\" role=\"button\" aria-controls=\"elementor-tab-content-2581\" aria-expanded=\"false\">\n\t\t\t\t\t\t\t\t\t\t\t\t<span class=\"elementor-toggle-icon elementor-toggle-icon-left\" aria-hidden=\"true\">\n\t\t\t\t\t\t\t\t\t\t\t\t\t\t\t<span class=\"elementor-toggle-icon-closed\"><i class=\"fas fa-comment-dots\"><\/i><\/span>\n\t\t\t\t\t\t\t\t<span class=\"elementor-toggle-icon-opened\"><i class=\"elementor-toggle-icon-opened fas fa-caret-up\"><\/i><\/span>\n\t\t\t\t\t\t\t\t\t\t\t\t\t<\/span>\n\t\t\t\t\t\t\t\t\t\t\t\t<a class=\"elementor-toggle-title\" tabindex=\"0\">Mi presento<\/a>\n\t\t\t\t\t<\/div>\n\n\t\t\t\t\t<div id=\"elementor-tab-content-2581\" class=\"elementor-tab-content elementor-clearfix\" data-tab=\"1\" role=\"region\" aria-labelledby=\"elementor-tab-title-2581\"><p>46 anni, da sempre vivo a Merano, sposato dal 2004 con Lesia con la quale condivido la gioia di due figli Giulia e Vadim. Lavoro come amministratore di condominio nella mia societ\u00e0 di immobili dopo essere stato per molti anni impiegato amministrativo in varie realt\u00e0 meranesi e societ\u00e0 sportive. Da sempre grande appassionato di sport seguo nel mio tempo libero gli avvenimenti che si svolgono nella nostra fantastica zona. Per la prima volta candidato perch\u00e9 credo fortemente nei valori della Civica per Merano e per mettermi al servizio della cittadinanza.<\/p><\/div>\n\t\t\t\t<\/div>\n\t\t\t\t\t\t\t\t<\/div>\n\t\t\t\t\t\t<\/div>\n\t\t\t\t<\/div>\n\t\t\t\t\t<\/div>\n\t\t<\/div>\n\t\t\t\t\t<\/div>\n\t\t<\/section>\n\t\t\t\t\t<\/div>\n\t\t<\/div>\n\t\t\t\t\t<\/div>\n\t\t<\/section>\n\t\t\t\t<section class=\"elementor-section elementor-top-section elementor-element elementor-element-c69cbaa elementor-section-boxed elementor-section-height-default elementor-section-height-default\" data-id=\"c69cbaa\" data-element_type=\"section\" data-e-type=\"section\" data-settings=\"{&quot;background_background&quot;:&quot;classic&quot;}\">\n\t\t\t\t\t\t<div class=\"elementor-container elementor-column-gap-default\">\n\t\t\t\t\t<div class=\"elementor-column elementor-col-100 elementor-top-column elementor-element elementor-element-6959425\" data-id=\"6959425\" data-element_type=\"column\" data-e-type=\"column\">\n\t\t\t<div class=\"elementor-widget-wrap elementor-element-populated\">\n\t\t\t\t\t\t<section class=\"elementor-section elementor-inner-section elementor-element elementor-element-12b15d4 elementor-section-boxed elementor-section-height-default elementor-section-height-default\" data-id=\"12b15d4\" data-element_type=\"section\" data-e-type=\"section\">\n\t\t\t\t\t\t<div class=\"elementor-container elementor-column-gap-default\">\n\t\t\t\t\t<div class=\"elementor-column elementor-col-50 elementor-inner-column elementor-element elementor-element-63ce951\" data-id=\"63ce951\" data-element_type=\"column\" data-e-type=\"column\">\n\t\t\t<div class=\"elementor-widget-wrap elementor-element-populated\">\n\t\t\t\t\t\t<div class=\"elementor-element elementor-element-299547a elementor-widget elementor-widget-image\" data-id=\"299547a\" data-element_type=\"widget\" data-e-type=\"widget\" data-widget_type=\"image.default\">\n\t\t\t\t<div class=\"elementor-widget-container\">\n\t\t\t\t\t\t\t\t\t\t\t\t\t\t\t<img loading=\"lazy\" decoding=\"async\" width=\"300\" height=\"200\" src=\"https:\/\/www.lacivicapermerano.eu\/wp-content\/uploads\/2021\/09\/Foto_candidati11-300x200.jpg\" class=\"attachment-medium size-medium wp-image-1105\" alt=\"\" srcset=\"https:\/\/www.lacivicapermerano.eu\/wp-content\/uploads\/2021\/09\/Foto_candidati11-300x200.jpg 300w, https:\/\/www.lacivicapermerano.eu\/wp-content\/uploads\/2021\/09\/Foto_candidati11-768x513.jpg 768w, https:\/\/www.lacivicapermerano.eu\/wp-content\/uploads\/2021\/09\/Foto_candidati11-18x12.jpg 18w, https:\/\/www.lacivicapermerano.eu\/wp-content\/uploads\/2021\/09\/Foto_candidati11-230x154.jpg 230w, https:\/\/www.lacivicapermerano.eu\/wp-content\/uploads\/2021\/09\/Foto_candidati11-350x234.jpg 350w, https:\/\/www.lacivicapermerano.eu\/wp-content\/uploads\/2021\/09\/Foto_candidati11-480x320.jpg 480w, https:\/\/www.lacivicapermerano.eu\/wp-content\/uploads\/2021\/09\/Foto_candidati11.jpg 800w\" sizes=\"(max-width: 300px) 100vw, 300px\" \/>\t\t\t\t\t\t\t\t\t\t\t\t\t\t\t<\/div>\n\t\t\t\t<\/div>\n\t\t\t\t<div class=\"elementor-element elementor-element-f901e27 elementor-align-center elementor-widget elementor-widget-button\" data-id=\"f901e27\" data-element_type=\"widget\" data-e-type=\"widget\" data-widget_type=\"button.default\">\n\t\t\t\t<div class=\"elementor-widget-container\">\n\t\t\t\t\t\t\t\t\t<div class=\"elementor-button-wrapper\">\n\t\t\t\t\t<a class=\"elementor-button elementor-button-link elementor-size-sm\" href=\"https:\/\/www.lacivicapermerano.eu\/wp-content\/uploads\/2021\/09\/certificato-penale-Ndiaye.pdf\">\n\t\t\t\t\t\t<span class=\"elementor-button-content-wrapper\">\n\t\t\t\t\t\t\t\t\t<span class=\"elementor-button-text\">Cert. penale<\/span>\n\t\t\t\t\t<\/span>\n\t\t\t\t\t<\/a>\n\t\t\t\t<\/div>\n\t\t\t\t\t\t\t\t<\/div>\n\t\t\t\t<\/div>\n\t\t\t\t\t<\/div>\n\t\t<\/div>\n\t\t\t\t<div class=\"elementor-column elementor-col-50 elementor-inner-column elementor-element elementor-element-f3e45f7\" data-id=\"f3e45f7\" data-element_type=\"column\" data-e-type=\"column\">\n\t\t\t<div class=\"elementor-widget-wrap elementor-element-populated\">\n\t\t\t\t\t\t<div class=\"elementor-element elementor-element-a0ac6a9 elementor-widget elementor-widget-heading\" data-id=\"a0ac6a9\" data-element_type=\"widget\" data-e-type=\"widget\" data-widget_type=\"heading.default\">\n\t\t\t\t<div class=\"elementor-widget-container\">\n\t\t\t\t\t<h2 class=\"elementor-heading-title elementor-size-default\">Mamadou Lamine Ndiaye<\/h2>\t\t\t\t<\/div>\n\t\t\t\t<\/div>\n\t\t\t\t<div class=\"elementor-element elementor-element-7180f60 elementor-widget elementor-widget-text-editor\" data-id=\"7180f60\" data-element_type=\"widget\" data-e-type=\"widget\" data-widget_type=\"text-editor.default\">\n\t\t\t\t<div class=\"elementor-widget-container\">\n\t\t\t\t\t\t\t\t\t<p>Senegalese classe 1996. Dal 2015 vivo a Merano. Amante dello sport, lavoro in Croce Rossa.<\/p>\t\t\t\t\t\t\t\t<\/div>\n\t\t\t\t<\/div>\n\t\t\t\t\t<\/div>\n\t\t<\/div>\n\t\t\t\t\t<\/div>\n\t\t<\/section>\n\t\t\t\t<section class=\"elementor-section elementor-inner-section elementor-element elementor-element-b0be2c9 elementor-section-boxed elementor-section-height-default elementor-section-height-default\" data-id=\"b0be2c9\" data-element_type=\"section\" data-e-type=\"section\">\n\t\t\t\t\t\t<div class=\"elementor-container elementor-column-gap-default\">\n\t\t\t\t\t<div class=\"elementor-column elementor-col-100 elementor-inner-column elementor-element elementor-element-c9916e8\" data-id=\"c9916e8\" data-element_type=\"column\" data-e-type=\"column\">\n\t\t\t<div class=\"elementor-widget-wrap elementor-element-populated\">\n\t\t\t\t\t\t<div class=\"elementor-element elementor-element-aa0863f elementor-widget elementor-widget-toggle\" data-id=\"aa0863f\" data-element_type=\"widget\" data-e-type=\"widget\" data-widget_type=\"toggle.default\">\n\t\t\t\t<div class=\"elementor-widget-container\">\n\t\t\t\t\t\t\t<div class=\"elementor-toggle\">\n\t\t\t\t\t\t\t<div class=\"elementor-toggle-item\">\n\t\t\t\t\t<div id=\"elementor-tab-title-1781\" class=\"elementor-tab-title\" data-tab=\"1\" role=\"button\" aria-controls=\"elementor-tab-content-1781\" aria-expanded=\"false\">\n\t\t\t\t\t\t\t\t\t\t\t\t<span class=\"elementor-toggle-icon elementor-toggle-icon-left\" aria-hidden=\"true\">\n\t\t\t\t\t\t\t\t\t\t\t\t\t\t\t<span class=\"elementor-toggle-icon-closed\"><i class=\"fas fa-comment-dots\"><\/i><\/span>\n\t\t\t\t\t\t\t\t<span class=\"elementor-toggle-icon-opened\"><i class=\"elementor-toggle-icon-opened fas fa-caret-up\"><\/i><\/span>\n\t\t\t\t\t\t\t\t\t\t\t\t\t<\/span>\n\t\t\t\t\t\t\t\t\t\t\t\t<a class=\"elementor-toggle-title\" tabindex=\"0\">Mi presento<\/a>\n\t\t\t\t\t<\/div>\n\n\t\t\t\t\t<div id=\"elementor-tab-content-1781\" class=\"elementor-tab-content elementor-clearfix\" data-tab=\"1\" role=\"region\" aria-labelledby=\"elementor-tab-title-1781\"><p>Mi chiamo Mamadou sono nato nel 1996 provengo dal Senegal e vivo a Merano dal 2015, Vivo insieme a mio fratello minore. In Italia ho conseguito prima il diploma di terza media e quindi quello della scuola Alberghiera. Ho lavorato presso il ristorante etnico ed ora sono dipendente della Croce Rossa a tempo indeterminato. Amo il basket ed alleno una squadra di ragazzi. Ho accettato volentieri di candidare con la Civica per Merano per i suoi valori di integrazione.<\/p><\/div>\n\t\t\t\t<\/div>\n\t\t\t\t\t\t\t\t<\/div>\n\t\t\t\t\t\t<\/div>\n\t\t\t\t<\/div>\n\t\t\t\t\t<\/div>\n\t\t<\/div>\n\t\t\t\t\t<\/div>\n\t\t<\/section>\n\t\t\t\t\t<\/div>\n\t\t<\/div>\n\t\t\t\t\t<\/div>\n\t\t<\/section>\n\t\t\t\t<section class=\"elementor-section elementor-top-section elementor-element elementor-element-4be76ec elementor-section-boxed elementor-section-height-default elementor-section-height-default\" data-id=\"4be76ec\" data-element_type=\"section\" data-e-type=\"section\" data-settings=\"{&quot;background_background&quot;:&quot;classic&quot;}\">\n\t\t\t\t\t\t<div class=\"elementor-container elementor-column-gap-default\">\n\t\t\t\t\t<div class=\"elementor-column elementor-col-100 elementor-top-column elementor-element elementor-element-6c19311\" data-id=\"6c19311\" data-element_type=\"column\" data-e-type=\"column\">\n\t\t\t<div class=\"elementor-widget-wrap elementor-element-populated\">\n\t\t\t\t\t\t<section class=\"elementor-section elementor-inner-section elementor-element elementor-element-7b01060 elementor-section-boxed elementor-section-height-default elementor-section-height-default\" data-id=\"7b01060\" data-element_type=\"section\" data-e-type=\"section\">\n\t\t\t\t\t\t<div class=\"elementor-container elementor-column-gap-default\">\n\t\t\t\t\t<div class=\"elementor-column elementor-col-50 elementor-inner-column elementor-element elementor-element-86a5bcd\" data-id=\"86a5bcd\" data-element_type=\"column\" data-e-type=\"column\">\n\t\t\t<div class=\"elementor-widget-wrap elementor-element-populated\">\n\t\t\t\t\t\t<div class=\"elementor-element elementor-element-4309808 elementor-widget elementor-widget-image\" data-id=\"4309808\" data-element_type=\"widget\" data-e-type=\"widget\" data-widget_type=\"image.default\">\n\t\t\t\t<div class=\"elementor-widget-container\">\n\t\t\t\t\t\t\t\t\t\t\t\t\t\t\t<img loading=\"lazy\" decoding=\"async\" width=\"300\" height=\"200\" src=\"https:\/\/www.lacivicapermerano.eu\/wp-content\/uploads\/2020\/08\/CPM2020_11_panza-300x200.jpg\" class=\"attachment-medium size-medium wp-image-904\" alt=\"\" srcset=\"https:\/\/www.lacivicapermerano.eu\/wp-content\/uploads\/2020\/08\/CPM2020_11_panza-300x200.jpg 300w, https:\/\/www.lacivicapermerano.eu\/wp-content\/uploads\/2020\/08\/CPM2020_11_panza-768x513.jpg 768w, https:\/\/www.lacivicapermerano.eu\/wp-content\/uploads\/2020\/08\/CPM2020_11_panza-830x554.jpg 830w, https:\/\/www.lacivicapermerano.eu\/wp-content\/uploads\/2020\/08\/CPM2020_11_panza-230x154.jpg 230w, https:\/\/www.lacivicapermerano.eu\/wp-content\/uploads\/2020\/08\/CPM2020_11_panza-350x234.jpg 350w, https:\/\/www.lacivicapermerano.eu\/wp-content\/uploads\/2020\/08\/CPM2020_11_panza-480x321.jpg 480w, https:\/\/www.lacivicapermerano.eu\/wp-content\/uploads\/2020\/08\/CPM2020_11_panza.jpg 1000w\" sizes=\"(max-width: 300px) 100vw, 300px\" \/>\t\t\t\t\t\t\t\t\t\t\t\t\t\t\t<\/div>\n\t\t\t\t<\/div>\n\t\t\t\t<div class=\"elementor-element elementor-element-f91aa15 elementor-align-center elementor-widget elementor-widget-button\" data-id=\"f91aa15\" data-element_type=\"widget\" data-e-type=\"widget\" data-widget_type=\"button.default\">\n\t\t\t\t<div class=\"elementor-widget-container\">\n\t\t\t\t\t\t\t\t\t<div class=\"elementor-button-wrapper\">\n\t\t\t\t\t<a class=\"elementor-button elementor-button-link elementor-size-sm\" href=\"https:\/\/www.lacivicapermerano.eu\/wp-content\/uploads\/2021\/09\/certificato-penale-Panza.pdf\">\n\t\t\t\t\t\t<span class=\"elementor-button-content-wrapper\">\n\t\t\t\t\t\t\t\t\t<span class=\"elementor-button-text\">Cert. penale<\/span>\n\t\t\t\t\t<\/span>\n\t\t\t\t\t<\/a>\n\t\t\t\t<\/div>\n\t\t\t\t\t\t\t\t<\/div>\n\t\t\t\t<\/div>\n\t\t\t\t\t<\/div>\n\t\t<\/div>\n\t\t\t\t<div class=\"elementor-column elementor-col-50 elementor-inner-column elementor-element elementor-element-979151c\" data-id=\"979151c\" data-element_type=\"column\" data-e-type=\"column\">\n\t\t\t<div class=\"elementor-widget-wrap elementor-element-populated\">\n\t\t\t\t\t\t<div class=\"elementor-element elementor-element-759088f elementor-widget elementor-widget-heading\" data-id=\"759088f\" data-element_type=\"widget\" data-e-type=\"widget\" data-widget_type=\"heading.default\">\n\t\t\t\t<div class=\"elementor-widget-container\">\n\t\t\t\t\t<h2 class=\"elementor-heading-title elementor-size-default\">Davide Panza<\/h2>\t\t\t\t<\/div>\n\t\t\t\t<\/div>\n\t\t\t\t<div class=\"elementor-element elementor-element-9352dc7 elementor-widget elementor-widget-text-editor\" data-id=\"9352dc7\" data-element_type=\"widget\" data-e-type=\"widget\" data-widget_type=\"text-editor.default\">\n\t\t\t\t<div class=\"elementor-widget-container\">\n\t\t\t\t\t\t\t\t\t<p>31 anni. Pap\u00e0, operaio Piroche Cosmetiques, atleta master ASMerano nuoto e pallanuoto, responsabile squadra under13 di pallanuoto.<\/p>\t\t\t\t\t\t\t\t<\/div>\n\t\t\t\t<\/div>\n\t\t\t\t\t<\/div>\n\t\t<\/div>\n\t\t\t\t\t<\/div>\n\t\t<\/section>\n\t\t\t\t<section class=\"elementor-section elementor-inner-section elementor-element elementor-element-59acf64 elementor-section-boxed elementor-section-height-default elementor-section-height-default\" data-id=\"59acf64\" data-element_type=\"section\" data-e-type=\"section\">\n\t\t\t\t\t\t<div class=\"elementor-container elementor-column-gap-default\">\n\t\t\t\t\t<div class=\"elementor-column elementor-col-100 elementor-inner-column elementor-element elementor-element-46d27f2\" data-id=\"46d27f2\" data-element_type=\"column\" data-e-type=\"column\">\n\t\t\t<div class=\"elementor-widget-wrap elementor-element-populated\">\n\t\t\t\t\t\t<div class=\"elementor-element elementor-element-06a166e elementor-widget elementor-widget-toggle\" data-id=\"06a166e\" data-element_type=\"widget\" data-e-type=\"widget\" data-widget_type=\"toggle.default\">\n\t\t\t\t<div class=\"elementor-widget-container\">\n\t\t\t\t\t\t\t<div class=\"elementor-toggle\">\n\t\t\t\t\t\t\t<div class=\"elementor-toggle-item\">\n\t\t\t\t\t<div id=\"elementor-tab-title-6951\" class=\"elementor-tab-title\" data-tab=\"1\" role=\"button\" aria-controls=\"elementor-tab-content-6951\" aria-expanded=\"false\">\n\t\t\t\t\t\t\t\t\t\t\t\t<span class=\"elementor-toggle-icon elementor-toggle-icon-left\" aria-hidden=\"true\">\n\t\t\t\t\t\t\t\t\t\t\t\t\t\t\t<span class=\"elementor-toggle-icon-closed\"><i class=\"fas fa-comment-dots\"><\/i><\/span>\n\t\t\t\t\t\t\t\t<span class=\"elementor-toggle-icon-opened\"><i class=\"elementor-toggle-icon-opened fas fa-caret-up\"><\/i><\/span>\n\t\t\t\t\t\t\t\t\t\t\t\t\t<\/span>\n\t\t\t\t\t\t\t\t\t\t\t\t<a class=\"elementor-toggle-title\" tabindex=\"0\">Mi presento<\/a>\n\t\t\t\t\t<\/div>\n\n\t\t\t\t\t<div id=\"elementor-tab-content-6951\" class=\"elementor-tab-content elementor-clearfix\" data-tab=\"1\" role=\"region\" aria-labelledby=\"elementor-tab-title-6951\"><div class=\"page\" title=\"Page 1\"><div class=\"section\"><div class=\"layoutArea\"><div class=\"column\"><p>Davide Panza, nato a Merano, classe 89. Diplomato all&#8217;Istituto Tecnico Commerciale di Merano.<\/p><p>Dal 2009 lavoro presso la ditta meranese Piroche Cosmetiques come responsabile del reparto confezionamento dei cosmetici e come operaio nel reparto produzione\/laboratorio. Tra il 2016 e il 2018 ho lavorato per la Lepanto Marine di Peschiera del Garda nella gestione del noleggio barche da diporto (prenotazioni, gestione clienti, manutenzione e consegna barche). Qui ho avuto occasione di utilizzare le mie conoscenze delle lingue tedesco, inglese e olandese nella gestione dei clienti.<\/p><p>Dall&#8217;eta\u0300 di 6 anni sono un&#8217;atleta dell&#8217; A.S. Merano Nuoto e dal 2010 sono passato alla sezione pallanuoto, dove dal 2019 sono responsabile della squadra Under 13. Ho conseguito il titolo di Allievo Istruttore di nuoto e sono momentaneamente iscritto al corso di Istruttore di Base.<\/p><p>Amo lo sport in generale e tutto cio\u0300 che esso insegna sia ad atleti che allenatori, e cioe\u0300 il gioco di squadra, il rispetto per l&#8217;avversario, il rispetto per le regole e l&#8217;agonismo. Oltre a nuoto e pallanuoto sono un amante della bici, che utilizzo giornalmente anche allo scopo di preservare l&#8217;ambiente.<\/p><p>Sono un nuovo candidato della lista La Civica Per Merano, perche\u0301 mi trovo rispecchiato appieno nei miei valori ed interessi.<\/p><\/div><\/div><\/div><\/div><\/div>\n\t\t\t\t<\/div>\n\t\t\t\t\t\t\t\t<\/div>\n\t\t\t\t\t\t<\/div>\n\t\t\t\t<\/div>\n\t\t\t\t\t<\/div>\n\t\t<\/div>\n\t\t\t\t\t<\/div>\n\t\t<\/section>\n\t\t\t\t\t<\/div>\n\t\t<\/div>\n\t\t\t\t\t<\/div>\n\t\t<\/section>\n\t\t\t\t<section class=\"elementor-section elementor-top-section elementor-element elementor-element-21ab15c elementor-section-boxed elementor-section-height-default elementor-section-height-default\" data-id=\"21ab15c\" data-element_type=\"section\" data-e-type=\"section\" data-settings=\"{&quot;background_background&quot;:&quot;classic&quot;}\">\n\t\t\t\t\t\t<div class=\"elementor-container elementor-column-gap-default\">\n\t\t\t\t\t<div class=\"elementor-column elementor-col-100 elementor-top-column elementor-element elementor-element-ce6325b\" data-id=\"ce6325b\" data-element_type=\"column\" data-e-type=\"column\">\n\t\t\t<div class=\"elementor-widget-wrap elementor-element-populated\">\n\t\t\t\t\t\t<section class=\"elementor-section elementor-inner-section elementor-element elementor-element-eedcb9c elementor-section-boxed elementor-section-height-default elementor-section-height-default\" data-id=\"eedcb9c\" data-element_type=\"section\" data-e-type=\"section\">\n\t\t\t\t\t\t<div class=\"elementor-container elementor-column-gap-default\">\n\t\t\t\t\t<div class=\"elementor-column elementor-col-50 elementor-inner-column elementor-element elementor-element-f80be8a\" data-id=\"f80be8a\" data-element_type=\"column\" data-e-type=\"column\">\n\t\t\t<div class=\"elementor-widget-wrap elementor-element-populated\">\n\t\t\t\t\t\t<div class=\"elementor-element elementor-element-4afcbef elementor-widget elementor-widget-image\" data-id=\"4afcbef\" data-element_type=\"widget\" data-e-type=\"widget\" data-widget_type=\"image.default\">\n\t\t\t\t<div class=\"elementor-widget-container\">\n\t\t\t\t\t\t\t\t\t\t\t\t\t\t\t<img loading=\"lazy\" decoding=\"async\" width=\"300\" height=\"200\" src=\"https:\/\/www.lacivicapermerano.eu\/wp-content\/uploads\/2020\/08\/CPM2020_25_piva-300x200.jpg\" class=\"attachment-medium size-medium wp-image-911\" alt=\"\" srcset=\"https:\/\/www.lacivicapermerano.eu\/wp-content\/uploads\/2020\/08\/CPM2020_25_piva-300x200.jpg 300w, https:\/\/www.lacivicapermerano.eu\/wp-content\/uploads\/2020\/08\/CPM2020_25_piva-768x513.jpg 768w, https:\/\/www.lacivicapermerano.eu\/wp-content\/uploads\/2020\/08\/CPM2020_25_piva-830x554.jpg 830w, https:\/\/www.lacivicapermerano.eu\/wp-content\/uploads\/2020\/08\/CPM2020_25_piva-230x154.jpg 230w, https:\/\/www.lacivicapermerano.eu\/wp-content\/uploads\/2020\/08\/CPM2020_25_piva-350x234.jpg 350w, https:\/\/www.lacivicapermerano.eu\/wp-content\/uploads\/2020\/08\/CPM2020_25_piva-480x321.jpg 480w, https:\/\/www.lacivicapermerano.eu\/wp-content\/uploads\/2020\/08\/CPM2020_25_piva.jpg 1000w\" sizes=\"(max-width: 300px) 100vw, 300px\" \/>\t\t\t\t\t\t\t\t\t\t\t\t\t\t\t<\/div>\n\t\t\t\t<\/div>\n\t\t\t\t<div class=\"elementor-element elementor-element-b0c697f elementor-align-center elementor-widget elementor-widget-button\" data-id=\"b0c697f\" data-element_type=\"widget\" data-e-type=\"widget\" data-widget_type=\"button.default\">\n\t\t\t\t<div class=\"elementor-widget-container\">\n\t\t\t\t\t\t\t\t\t<div class=\"elementor-button-wrapper\">\n\t\t\t\t\t<a class=\"elementor-button elementor-button-link elementor-size-sm\" href=\"https:\/\/www.lacivicapermerano.eu\/wp-content\/uploads\/2021\/09\/certificato-penale-Piva.pdf\">\n\t\t\t\t\t\t<span class=\"elementor-button-content-wrapper\">\n\t\t\t\t\t\t\t\t\t<span class=\"elementor-button-text\">Cert. penale<\/span>\n\t\t\t\t\t<\/span>\n\t\t\t\t\t<\/a>\n\t\t\t\t<\/div>\n\t\t\t\t\t\t\t\t<\/div>\n\t\t\t\t<\/div>\n\t\t\t\t\t<\/div>\n\t\t<\/div>\n\t\t\t\t<div class=\"elementor-column elementor-col-50 elementor-inner-column elementor-element elementor-element-9e3fecd\" data-id=\"9e3fecd\" data-element_type=\"column\" data-e-type=\"column\">\n\t\t\t<div class=\"elementor-widget-wrap elementor-element-populated\">\n\t\t\t\t\t\t<div class=\"elementor-element elementor-element-c4ddbd7 elementor-widget elementor-widget-heading\" data-id=\"c4ddbd7\" data-element_type=\"widget\" data-e-type=\"widget\" data-widget_type=\"heading.default\">\n\t\t\t\t<div class=\"elementor-widget-container\">\n\t\t\t\t\t<h2 class=\"elementor-heading-title elementor-size-default\">Lorenza Piva<\/h2>\t\t\t\t<\/div>\n\t\t\t\t<\/div>\n\t\t\t\t<div class=\"elementor-element elementor-element-850dcfc elementor-widget elementor-widget-text-editor\" data-id=\"850dcfc\" data-element_type=\"widget\" data-e-type=\"widget\" data-widget_type=\"text-editor.default\">\n\t\t\t\t<div class=\"elementor-widget-container\">\n\t\t\t\t\t\t\t\t\t<p>55 anni. Madre di due figli , psicologa psicoterapeuta libero professionista. <br \/>Credo nella forza di questo questo gruppo e vorrei impegnarmi a dare un contributo!<\/p>\t\t\t\t\t\t\t\t<\/div>\n\t\t\t\t<\/div>\n\t\t\t\t\t<\/div>\n\t\t<\/div>\n\t\t\t\t\t<\/div>\n\t\t<\/section>\n\t\t\t\t<section class=\"elementor-section elementor-inner-section elementor-element elementor-element-b37ba92 elementor-section-boxed elementor-section-height-default elementor-section-height-default\" data-id=\"b37ba92\" data-element_type=\"section\" data-e-type=\"section\">\n\t\t\t\t\t\t<div class=\"elementor-container elementor-column-gap-default\">\n\t\t\t\t\t<div class=\"elementor-column elementor-col-100 elementor-inner-column elementor-element elementor-element-0e672d1\" data-id=\"0e672d1\" data-element_type=\"column\" data-e-type=\"column\">\n\t\t\t<div class=\"elementor-widget-wrap elementor-element-populated\">\n\t\t\t\t\t\t<div class=\"elementor-element elementor-element-b4545bc elementor-widget elementor-widget-toggle\" data-id=\"b4545bc\" data-element_type=\"widget\" data-e-type=\"widget\" data-widget_type=\"toggle.default\">\n\t\t\t\t<div class=\"elementor-widget-container\">\n\t\t\t\t\t\t\t<div class=\"elementor-toggle\">\n\t\t\t\t\t\t\t<div class=\"elementor-toggle-item\">\n\t\t\t\t\t<div id=\"elementor-tab-title-1891\" class=\"elementor-tab-title\" data-tab=\"1\" role=\"button\" aria-controls=\"elementor-tab-content-1891\" aria-expanded=\"false\">\n\t\t\t\t\t\t\t\t\t\t\t\t<span class=\"elementor-toggle-icon elementor-toggle-icon-left\" aria-hidden=\"true\">\n\t\t\t\t\t\t\t\t\t\t\t\t\t\t\t<span class=\"elementor-toggle-icon-closed\"><i class=\"fas fa-comment-dots\"><\/i><\/span>\n\t\t\t\t\t\t\t\t<span class=\"elementor-toggle-icon-opened\"><i class=\"elementor-toggle-icon-opened fas fa-caret-up\"><\/i><\/span>\n\t\t\t\t\t\t\t\t\t\t\t\t\t<\/span>\n\t\t\t\t\t\t\t\t\t\t\t\t<a class=\"elementor-toggle-title\" tabindex=\"0\">Mi presento<\/a>\n\t\t\t\t\t<\/div>\n\n\t\t\t\t\t<div id=\"elementor-tab-content-1891\" class=\"elementor-tab-content elementor-clearfix\" data-tab=\"1\" role=\"region\" aria-labelledby=\"elementor-tab-title-1891\"><div class=\"page\" title=\"Page 1\"><div class=\"section\"><div class=\"layoutArea\"><div class=\"column\"><p>Mi chiamo Lorenza Piva, sono nata a Merano, vivo a Marlengo con il mio compagno Marco e i nostri figli, Jarno e Sofia.<br \/>Sono psicologa e psicoterapeuta, ho il mio studio a Merano e lavoro sia in ambito clinico che in ambito aziendale come psicologa coach e consulente aziendale.<\/p><p>Nel 1992 mi sono laureata in Economia e Commercia a Verona e ho lavorato nell\u2019agenzia di assicurazione dei miei genitori a Merano. Nel 2002 ho deciso di iscrivermi a psicologia laureandomi prima a Bergamo in psicologia clinica e poi specializzandomi a Bologna in psicodramma.<br \/>Percorsi, quello di Economia e quello di psicologia che mi hanno permesso di ampliare le mie competenze, di potermi confrontare in ambiti diversi e quindi di diversificare la mia attivita\u0300.<\/p><p>Nel mio tempo libero mi piace praticare sport, attualmente mi diverto a girare in Mountainbike e correre. Canto in un coro Gospel a Merano.<br \/>Cambiamento, flessibilita\u0300, apertura, tenacia e costanza sono caratteristiche che cerco di coltivare ogni giorno.<\/p><\/div><\/div><\/div><\/div><\/div>\n\t\t\t\t<\/div>\n\t\t\t\t\t\t\t\t<\/div>\n\t\t\t\t\t\t<\/div>\n\t\t\t\t<\/div>\n\t\t\t\t\t<\/div>\n\t\t<\/div>\n\t\t\t\t\t<\/div>\n\t\t<\/section>\n\t\t\t\t\t<\/div>\n\t\t<\/div>\n\t\t\t\t\t<\/div>\n\t\t<\/section>\n\t\t\t\t<section class=\"elementor-section elementor-top-section elementor-element elementor-element-72ee58e elementor-section-boxed elementor-section-height-default elementor-section-height-default\" data-id=\"72ee58e\" data-element_type=\"section\" data-e-type=\"section\" data-settings=\"{&quot;background_background&quot;:&quot;classic&quot;}\">\n\t\t\t\t\t\t<div class=\"elementor-container elementor-column-gap-default\">\n\t\t\t\t\t<div class=\"elementor-column elementor-col-100 elementor-top-column elementor-element elementor-element-01fa175\" data-id=\"01fa175\" data-element_type=\"column\" data-e-type=\"column\">\n\t\t\t<div class=\"elementor-widget-wrap elementor-element-populated\">\n\t\t\t\t\t\t<section class=\"elementor-section elementor-inner-section elementor-element elementor-element-17965d1 elementor-section-boxed elementor-section-height-default elementor-section-height-default\" data-id=\"17965d1\" data-element_type=\"section\" data-e-type=\"section\">\n\t\t\t\t\t\t<div class=\"elementor-container elementor-column-gap-default\">\n\t\t\t\t\t<div class=\"elementor-column elementor-col-50 elementor-inner-column elementor-element elementor-element-bc4af12\" data-id=\"bc4af12\" data-element_type=\"column\" data-e-type=\"column\">\n\t\t\t<div class=\"elementor-widget-wrap elementor-element-populated\">\n\t\t\t\t\t\t<div class=\"elementor-element elementor-element-445913e elementor-widget elementor-widget-image\" data-id=\"445913e\" data-element_type=\"widget\" data-e-type=\"widget\" data-widget_type=\"image.default\">\n\t\t\t\t<div class=\"elementor-widget-container\">\n\t\t\t\t\t\t\t\t\t\t\t\t\t\t\t<img loading=\"lazy\" decoding=\"async\" width=\"300\" height=\"200\" src=\"https:\/\/www.lacivicapermerano.eu\/wp-content\/uploads\/2021\/09\/Foto_candidati8-300x200.jpg\" class=\"attachment-medium size-medium wp-image-1106\" alt=\"\" srcset=\"https:\/\/www.lacivicapermerano.eu\/wp-content\/uploads\/2021\/09\/Foto_candidati8-300x200.jpg 300w, https:\/\/www.lacivicapermerano.eu\/wp-content\/uploads\/2021\/09\/Foto_candidati8-768x513.jpg 768w, https:\/\/www.lacivicapermerano.eu\/wp-content\/uploads\/2021\/09\/Foto_candidati8-18x12.jpg 18w, https:\/\/www.lacivicapermerano.eu\/wp-content\/uploads\/2021\/09\/Foto_candidati8-230x154.jpg 230w, https:\/\/www.lacivicapermerano.eu\/wp-content\/uploads\/2021\/09\/Foto_candidati8-350x234.jpg 350w, https:\/\/www.lacivicapermerano.eu\/wp-content\/uploads\/2021\/09\/Foto_candidati8-480x320.jpg 480w, https:\/\/www.lacivicapermerano.eu\/wp-content\/uploads\/2021\/09\/Foto_candidati8.jpg 800w\" sizes=\"(max-width: 300px) 100vw, 300px\" \/>\t\t\t\t\t\t\t\t\t\t\t\t\t\t\t<\/div>\n\t\t\t\t<\/div>\n\t\t\t\t<div class=\"elementor-element elementor-element-f428a6a elementor-align-center elementor-widget elementor-widget-button\" data-id=\"f428a6a\" data-element_type=\"widget\" data-e-type=\"widget\" data-widget_type=\"button.default\">\n\t\t\t\t<div class=\"elementor-widget-container\">\n\t\t\t\t\t\t\t\t\t<div class=\"elementor-button-wrapper\">\n\t\t\t\t\t<a class=\"elementor-button elementor-button-link elementor-size-sm\" href=\"https:\/\/www.lacivicapermerano.eu\/wp-content\/uploads\/2021\/09\/certificato-penale-Portogallo.pdf\">\n\t\t\t\t\t\t<span class=\"elementor-button-content-wrapper\">\n\t\t\t\t\t\t\t\t\t<span class=\"elementor-button-text\">Cert. penale<\/span>\n\t\t\t\t\t<\/span>\n\t\t\t\t\t<\/a>\n\t\t\t\t<\/div>\n\t\t\t\t\t\t\t\t<\/div>\n\t\t\t\t<\/div>\n\t\t\t\t\t<\/div>\n\t\t<\/div>\n\t\t\t\t<div class=\"elementor-column elementor-col-50 elementor-inner-column elementor-element elementor-element-b0296bc\" data-id=\"b0296bc\" data-element_type=\"column\" data-e-type=\"column\">\n\t\t\t<div class=\"elementor-widget-wrap elementor-element-populated\">\n\t\t\t\t\t\t<div class=\"elementor-element elementor-element-626d292 elementor-widget elementor-widget-heading\" data-id=\"626d292\" data-element_type=\"widget\" data-e-type=\"widget\" data-widget_type=\"heading.default\">\n\t\t\t\t<div class=\"elementor-widget-container\">\n\t\t\t\t\t<h2 class=\"elementor-heading-title elementor-size-default\">Letizia Portogallo<\/h2>\t\t\t\t<\/div>\n\t\t\t\t<\/div>\n\t\t\t\t<div class=\"elementor-element elementor-element-59bdf9f elementor-widget elementor-widget-text-editor\" data-id=\"59bdf9f\" data-element_type=\"widget\" data-e-type=\"widget\" data-widget_type=\"text-editor.default\">\n\t\t\t\t<div class=\"elementor-widget-container\">\n\t\t\t\t\t\t\t\t\t<p>46 anni. Meranese da sempre. Imprenditrice edile. Voglio mettere la mia esperienza al servizio gruppo de &#8220;La Civica&#8221; e della mia citt\u00e0.<\/p>\t\t\t\t\t\t\t\t<\/div>\n\t\t\t\t<\/div>\n\t\t\t\t\t<\/div>\n\t\t<\/div>\n\t\t\t\t\t<\/div>\n\t\t<\/section>\n\t\t\t\t<section class=\"elementor-section elementor-inner-section elementor-element elementor-element-a26723b elementor-section-boxed elementor-section-height-default elementor-section-height-default\" data-id=\"a26723b\" data-element_type=\"section\" data-e-type=\"section\">\n\t\t\t\t\t\t<div class=\"elementor-container elementor-column-gap-default\">\n\t\t\t\t\t<div class=\"elementor-column elementor-col-100 elementor-inner-column elementor-element elementor-element-05a920f\" data-id=\"05a920f\" data-element_type=\"column\" data-e-type=\"column\">\n\t\t\t<div class=\"elementor-widget-wrap elementor-element-populated\">\n\t\t\t\t\t\t<div class=\"elementor-element elementor-element-47a5d0a elementor-widget elementor-widget-toggle\" data-id=\"47a5d0a\" data-element_type=\"widget\" data-e-type=\"widget\" data-widget_type=\"toggle.default\">\n\t\t\t\t<div class=\"elementor-widget-container\">\n\t\t\t\t\t\t\t<div class=\"elementor-toggle\">\n\t\t\t\t\t\t\t<div class=\"elementor-toggle-item\">\n\t\t\t\t\t<div id=\"elementor-tab-title-7511\" class=\"elementor-tab-title\" data-tab=\"1\" role=\"button\" aria-controls=\"elementor-tab-content-7511\" aria-expanded=\"false\">\n\t\t\t\t\t\t\t\t\t\t\t\t<span class=\"elementor-toggle-icon elementor-toggle-icon-left\" aria-hidden=\"true\">\n\t\t\t\t\t\t\t\t\t\t\t\t\t\t\t<span class=\"elementor-toggle-icon-closed\"><i class=\"fas fa-comment-dots\"><\/i><\/span>\n\t\t\t\t\t\t\t\t<span class=\"elementor-toggle-icon-opened\"><i class=\"elementor-toggle-icon-opened fas fa-caret-up\"><\/i><\/span>\n\t\t\t\t\t\t\t\t\t\t\t\t\t<\/span>\n\t\t\t\t\t\t\t\t\t\t\t\t<a class=\"elementor-toggle-title\" tabindex=\"0\">Mi presento<\/a>\n\t\t\t\t\t<\/div>\n\n\t\t\t\t\t<div id=\"elementor-tab-content-7511\" class=\"elementor-tab-content elementor-clearfix\" data-tab=\"1\" role=\"region\" aria-labelledby=\"elementor-tab-title-7511\"><p>46 anni. Sono nata e vivo a Merano. Mi occupo della gestione amministrativa dell&#8217;azienda di famiglia da oltre 20 anni. Credo che la mia esperienza posso essere d&#8217;aiuto al gruppo de &#8220;La Civica&#8221;.<\/p><\/div>\n\t\t\t\t<\/div>\n\t\t\t\t\t\t\t\t<\/div>\n\t\t\t\t\t\t<\/div>\n\t\t\t\t<\/div>\n\t\t\t\t\t<\/div>\n\t\t<\/div>\n\t\t\t\t\t<\/div>\n\t\t<\/section>\n\t\t\t\t\t<\/div>\n\t\t<\/div>\n\t\t\t\t\t<\/div>\n\t\t<\/section>\n\t\t\t\t<section class=\"elementor-section elementor-top-section elementor-element elementor-element-058da1b elementor-section-boxed elementor-section-height-default elementor-section-height-default\" data-id=\"058da1b\" data-element_type=\"section\" data-e-type=\"section\" data-settings=\"{&quot;background_background&quot;:&quot;classic&quot;}\">\n\t\t\t\t\t\t<div class=\"elementor-container elementor-column-gap-default\">\n\t\t\t\t\t<div class=\"elementor-column elementor-col-100 elementor-top-column elementor-element elementor-element-738bbff\" data-id=\"738bbff\" data-element_type=\"column\" data-e-type=\"column\">\n\t\t\t<div class=\"elementor-widget-wrap elementor-element-populated\">\n\t\t\t\t\t\t<section class=\"elementor-section elementor-inner-section elementor-element elementor-element-ca25ab2 elementor-section-boxed elementor-section-height-default elementor-section-height-default\" data-id=\"ca25ab2\" data-element_type=\"section\" data-e-type=\"section\">\n\t\t\t\t\t\t<div class=\"elementor-container elementor-column-gap-default\">\n\t\t\t\t\t<div class=\"elementor-column elementor-col-50 elementor-inner-column elementor-element elementor-element-677deb0\" data-id=\"677deb0\" data-element_type=\"column\" data-e-type=\"column\">\n\t\t\t<div class=\"elementor-widget-wrap elementor-element-populated\">\n\t\t\t\t\t\t<div class=\"elementor-element elementor-element-c5022b2 elementor-widget elementor-widget-image\" data-id=\"c5022b2\" data-element_type=\"widget\" data-e-type=\"widget\" data-widget_type=\"image.default\">\n\t\t\t\t<div class=\"elementor-widget-container\">\n\t\t\t\t\t\t\t\t\t\t\t\t\t\t\t<img loading=\"lazy\" decoding=\"async\" width=\"300\" height=\"200\" src=\"https:\/\/www.lacivicapermerano.eu\/wp-content\/uploads\/2021\/09\/Foto_candidati19-300x200.jpg\" class=\"attachment-medium size-medium wp-image-1107\" alt=\"\" srcset=\"https:\/\/www.lacivicapermerano.eu\/wp-content\/uploads\/2021\/09\/Foto_candidati19-300x200.jpg 300w, https:\/\/www.lacivicapermerano.eu\/wp-content\/uploads\/2021\/09\/Foto_candidati19-768x513.jpg 768w, https:\/\/www.lacivicapermerano.eu\/wp-content\/uploads\/2021\/09\/Foto_candidati19-18x12.jpg 18w, https:\/\/www.lacivicapermerano.eu\/wp-content\/uploads\/2021\/09\/Foto_candidati19-230x154.jpg 230w, https:\/\/www.lacivicapermerano.eu\/wp-content\/uploads\/2021\/09\/Foto_candidati19-350x234.jpg 350w, https:\/\/www.lacivicapermerano.eu\/wp-content\/uploads\/2021\/09\/Foto_candidati19-480x320.jpg 480w, https:\/\/www.lacivicapermerano.eu\/wp-content\/uploads\/2021\/09\/Foto_candidati19.jpg 800w\" sizes=\"(max-width: 300px) 100vw, 300px\" \/>\t\t\t\t\t\t\t\t\t\t\t\t\t\t\t<\/div>\n\t\t\t\t<\/div>\n\t\t\t\t<div class=\"elementor-element elementor-element-10a2277 elementor-align-center elementor-widget elementor-widget-button\" data-id=\"10a2277\" data-element_type=\"widget\" data-e-type=\"widget\" data-widget_type=\"button.default\">\n\t\t\t\t<div class=\"elementor-widget-container\">\n\t\t\t\t\t\t\t\t\t<div class=\"elementor-button-wrapper\">\n\t\t\t\t\t<a class=\"elementor-button elementor-button-link elementor-size-sm\" href=\"https:\/\/www.lacivicapermerano.eu\/wp-content\/uploads\/2021\/09\/certificato-penale-Rausa.pdf\">\n\t\t\t\t\t\t<span class=\"elementor-button-content-wrapper\">\n\t\t\t\t\t\t\t\t\t<span class=\"elementor-button-text\">Cert. penale<\/span>\n\t\t\t\t\t<\/span>\n\t\t\t\t\t<\/a>\n\t\t\t\t<\/div>\n\t\t\t\t\t\t\t\t<\/div>\n\t\t\t\t<\/div>\n\t\t\t\t\t<\/div>\n\t\t<\/div>\n\t\t\t\t<div class=\"elementor-column elementor-col-50 elementor-inner-column elementor-element elementor-element-de36240\" data-id=\"de36240\" data-element_type=\"column\" data-e-type=\"column\">\n\t\t\t<div class=\"elementor-widget-wrap elementor-element-populated\">\n\t\t\t\t\t\t<div class=\"elementor-element elementor-element-248046d elementor-widget elementor-widget-heading\" data-id=\"248046d\" data-element_type=\"widget\" data-e-type=\"widget\" data-widget_type=\"heading.default\">\n\t\t\t\t<div class=\"elementor-widget-container\">\n\t\t\t\t\t<h2 class=\"elementor-heading-title elementor-size-default\">Massimiliano Rausa<\/h2>\t\t\t\t<\/div>\n\t\t\t\t<\/div>\n\t\t\t\t<div class=\"elementor-element elementor-element-7d11591 elementor-widget elementor-widget-text-editor\" data-id=\"7d11591\" data-element_type=\"widget\" data-e-type=\"widget\" data-widget_type=\"text-editor.default\">\n\t\t\t\t<div class=\"elementor-widget-container\">\n\t\t\t\t\t\t\t\t\t<p>48 anni. Ufficiale E.I.<br \/>Napoletano e meranese.<\/p><p>&#8220;Una delle offese che si fanno alla Costituzione \u00e8 l\u2019indifferenza alla politica&#8221; (P. Calamandrei)<\/p>\t\t\t\t\t\t\t\t<\/div>\n\t\t\t\t<\/div>\n\t\t\t\t\t<\/div>\n\t\t<\/div>\n\t\t\t\t\t<\/div>\n\t\t<\/section>\n\t\t\t\t<section class=\"elementor-section elementor-inner-section elementor-element elementor-element-0a1e604 elementor-section-boxed elementor-section-height-default elementor-section-height-default\" data-id=\"0a1e604\" data-element_type=\"section\" data-e-type=\"section\">\n\t\t\t\t\t\t<div class=\"elementor-container elementor-column-gap-default\">\n\t\t\t\t\t<div class=\"elementor-column elementor-col-100 elementor-inner-column elementor-element elementor-element-b442195\" data-id=\"b442195\" data-element_type=\"column\" data-e-type=\"column\">\n\t\t\t<div class=\"elementor-widget-wrap elementor-element-populated\">\n\t\t\t\t\t\t<div class=\"elementor-element elementor-element-dfaef23 elementor-widget elementor-widget-toggle\" data-id=\"dfaef23\" data-element_type=\"widget\" data-e-type=\"widget\" data-widget_type=\"toggle.default\">\n\t\t\t\t<div class=\"elementor-widget-container\">\n\t\t\t\t\t\t\t<div class=\"elementor-toggle\">\n\t\t\t\t\t\t\t<div class=\"elementor-toggle-item\">\n\t\t\t\t\t<div id=\"elementor-tab-title-2341\" class=\"elementor-tab-title\" data-tab=\"1\" role=\"button\" aria-controls=\"elementor-tab-content-2341\" aria-expanded=\"false\">\n\t\t\t\t\t\t\t\t\t\t\t\t<span class=\"elementor-toggle-icon elementor-toggle-icon-left\" aria-hidden=\"true\">\n\t\t\t\t\t\t\t\t\t\t\t\t\t\t\t<span class=\"elementor-toggle-icon-closed\"><i class=\"fas fa-comment-dots\"><\/i><\/span>\n\t\t\t\t\t\t\t\t<span class=\"elementor-toggle-icon-opened\"><i class=\"elementor-toggle-icon-opened fas fa-caret-up\"><\/i><\/span>\n\t\t\t\t\t\t\t\t\t\t\t\t\t<\/span>\n\t\t\t\t\t\t\t\t\t\t\t\t<a class=\"elementor-toggle-title\" tabindex=\"0\">Mi presento<\/a>\n\t\t\t\t\t<\/div>\n\n\t\t\t\t\t<div id=\"elementor-tab-content-2341\" class=\"elementor-tab-content elementor-clearfix\" data-tab=\"1\" role=\"region\" aria-labelledby=\"elementor-tab-title-2341\"><p>Potete scaricare da <a href=\"https:\/\/www.lacivicapermerano.eu\/wp-content\/uploads\/2020\/08\/AboutMe_Rausa.pdf\">qui<\/a> il mio Curriculum Vitae<\/p><\/div>\n\t\t\t\t<\/div>\n\t\t\t\t\t\t\t\t<\/div>\n\t\t\t\t\t\t<\/div>\n\t\t\t\t<\/div>\n\t\t\t\t\t<\/div>\n\t\t<\/div>\n\t\t\t\t\t<\/div>\n\t\t<\/section>\n\t\t\t\t\t<\/div>\n\t\t<\/div>\n\t\t\t\t\t<\/div>\n\t\t<\/section>\n\t\t\t\t<section class=\"elementor-section elementor-top-section elementor-element elementor-element-31491fe elementor-section-boxed elementor-section-height-default elementor-section-height-default\" data-id=\"31491fe\" data-element_type=\"section\" data-e-type=\"section\" data-settings=\"{&quot;background_background&quot;:&quot;classic&quot;}\">\n\t\t\t\t\t\t<div class=\"elementor-container elementor-column-gap-default\">\n\t\t\t\t\t<div class=\"elementor-column elementor-col-100 elementor-top-column elementor-element elementor-element-1ddd386\" data-id=\"1ddd386\" data-element_type=\"column\" data-e-type=\"column\">\n\t\t\t<div class=\"elementor-widget-wrap elementor-element-populated\">\n\t\t\t\t\t\t<section class=\"elementor-section elementor-inner-section elementor-element elementor-element-f2f2580 elementor-section-boxed elementor-section-height-default elementor-section-height-default\" data-id=\"f2f2580\" data-element_type=\"section\" data-e-type=\"section\">\n\t\t\t\t\t\t<div class=\"elementor-container elementor-column-gap-default\">\n\t\t\t\t\t<div class=\"elementor-column elementor-col-50 elementor-inner-column elementor-element elementor-element-6b7e932\" data-id=\"6b7e932\" data-element_type=\"column\" data-e-type=\"column\">\n\t\t\t<div class=\"elementor-widget-wrap elementor-element-populated\">\n\t\t\t\t\t\t<div class=\"elementor-element elementor-element-72d93b6 elementor-widget elementor-widget-image\" data-id=\"72d93b6\" data-element_type=\"widget\" data-e-type=\"widget\" data-widget_type=\"image.default\">\n\t\t\t\t<div class=\"elementor-widget-container\">\n\t\t\t\t\t\t\t\t\t\t\t\t\t\t\t<img loading=\"lazy\" decoding=\"async\" width=\"300\" height=\"200\" src=\"https:\/\/www.lacivicapermerano.eu\/wp-content\/uploads\/2021\/09\/Foto_candidati4-300x200.jpg\" class=\"attachment-medium size-medium wp-image-1108\" alt=\"\" srcset=\"https:\/\/www.lacivicapermerano.eu\/wp-content\/uploads\/2021\/09\/Foto_candidati4-300x200.jpg 300w, https:\/\/www.lacivicapermerano.eu\/wp-content\/uploads\/2021\/09\/Foto_candidati4-768x513.jpg 768w, https:\/\/www.lacivicapermerano.eu\/wp-content\/uploads\/2021\/09\/Foto_candidati4-18x12.jpg 18w, https:\/\/www.lacivicapermerano.eu\/wp-content\/uploads\/2021\/09\/Foto_candidati4-230x154.jpg 230w, https:\/\/www.lacivicapermerano.eu\/wp-content\/uploads\/2021\/09\/Foto_candidati4-350x234.jpg 350w, https:\/\/www.lacivicapermerano.eu\/wp-content\/uploads\/2021\/09\/Foto_candidati4-480x320.jpg 480w, https:\/\/www.lacivicapermerano.eu\/wp-content\/uploads\/2021\/09\/Foto_candidati4.jpg 800w\" sizes=\"(max-width: 300px) 100vw, 300px\" \/>\t\t\t\t\t\t\t\t\t\t\t\t\t\t\t<\/div>\n\t\t\t\t<\/div>\n\t\t\t\t<div class=\"elementor-element elementor-element-864118e elementor-align-center elementor-widget elementor-widget-button\" data-id=\"864118e\" data-element_type=\"widget\" data-e-type=\"widget\" data-widget_type=\"button.default\">\n\t\t\t\t<div class=\"elementor-widget-container\">\n\t\t\t\t\t\t\t\t\t<div class=\"elementor-button-wrapper\">\n\t\t\t\t\t<a class=\"elementor-button elementor-button-link elementor-size-sm\" href=\"https:\/\/www.lacivicapermerano.eu\/wp-content\/uploads\/2021\/09\/Certificato-Penale-Rizzi-Fabio.pdf\">\n\t\t\t\t\t\t<span class=\"elementor-button-content-wrapper\">\n\t\t\t\t\t\t\t\t\t<span class=\"elementor-button-text\">Cert. penale<\/span>\n\t\t\t\t\t<\/span>\n\t\t\t\t\t<\/a>\n\t\t\t\t<\/div>\n\t\t\t\t\t\t\t\t<\/div>\n\t\t\t\t<\/div>\n\t\t\t\t\t<\/div>\n\t\t<\/div>\n\t\t\t\t<div class=\"elementor-column elementor-col-50 elementor-inner-column elementor-element elementor-element-e99b621\" data-id=\"e99b621\" data-element_type=\"column\" data-e-type=\"column\">\n\t\t\t<div class=\"elementor-widget-wrap elementor-element-populated\">\n\t\t\t\t\t\t<div class=\"elementor-element elementor-element-e039681 elementor-widget elementor-widget-heading\" data-id=\"e039681\" data-element_type=\"widget\" data-e-type=\"widget\" data-widget_type=\"heading.default\">\n\t\t\t\t<div class=\"elementor-widget-container\">\n\t\t\t\t\t<h2 class=\"elementor-heading-title elementor-size-default\">Fabio Rizzi<\/h2>\t\t\t\t<\/div>\n\t\t\t\t<\/div>\n\t\t\t\t<div class=\"elementor-element elementor-element-ea1bc34 elementor-widget elementor-widget-text-editor\" data-id=\"ea1bc34\" data-element_type=\"widget\" data-e-type=\"widget\" data-widget_type=\"text-editor.default\">\n\t\t\t\t<div class=\"elementor-widget-container\">\n\t\t\t\t\t\t\t\t\t<p>Classe 1965. Meranese di razza e commerciante. Dal 1996 al 2000 ho ricoperto la carica di consigliere comunale e capogruppo consiliare nella lista Chist<\/p>\t\t\t\t\t\t\t\t<\/div>\n\t\t\t\t<\/div>\n\t\t\t\t\t<\/div>\n\t\t<\/div>\n\t\t\t\t\t<\/div>\n\t\t<\/section>\n\t\t\t\t<section class=\"elementor-section elementor-inner-section elementor-element elementor-element-0e0767e elementor-section-boxed elementor-section-height-default elementor-section-height-default\" data-id=\"0e0767e\" data-element_type=\"section\" data-e-type=\"section\">\n\t\t\t\t\t\t<div class=\"elementor-container elementor-column-gap-default\">\n\t\t\t\t\t<div class=\"elementor-column elementor-col-100 elementor-inner-column elementor-element elementor-element-3a63da5\" data-id=\"3a63da5\" data-element_type=\"column\" data-e-type=\"column\">\n\t\t\t<div class=\"elementor-widget-wrap elementor-element-populated\">\n\t\t\t\t\t\t<div class=\"elementor-element elementor-element-31a1f20 elementor-widget elementor-widget-toggle\" data-id=\"31a1f20\" data-element_type=\"widget\" data-e-type=\"widget\" data-widget_type=\"toggle.default\">\n\t\t\t\t<div class=\"elementor-widget-container\">\n\t\t\t\t\t\t\t<div class=\"elementor-toggle\">\n\t\t\t\t\t\t\t<div class=\"elementor-toggle-item\">\n\t\t\t\t\t<div id=\"elementor-tab-title-5201\" class=\"elementor-tab-title\" data-tab=\"1\" role=\"button\" aria-controls=\"elementor-tab-content-5201\" aria-expanded=\"false\">\n\t\t\t\t\t\t\t\t\t\t\t\t<span class=\"elementor-toggle-icon elementor-toggle-icon-left\" aria-hidden=\"true\">\n\t\t\t\t\t\t\t\t\t\t\t\t\t\t\t<span class=\"elementor-toggle-icon-closed\"><i class=\"fas fa-comment-dots\"><\/i><\/span>\n\t\t\t\t\t\t\t\t<span class=\"elementor-toggle-icon-opened\"><i class=\"elementor-toggle-icon-opened fas fa-caret-up\"><\/i><\/span>\n\t\t\t\t\t\t\t\t\t\t\t\t\t<\/span>\n\t\t\t\t\t\t\t\t\t\t\t\t<a class=\"elementor-toggle-title\" tabindex=\"0\">Mi presento<\/a>\n\t\t\t\t\t<\/div>\n\n\t\t\t\t\t<div id=\"elementor-tab-content-5201\" class=\"elementor-tab-content elementor-clearfix\" data-tab=\"1\" role=\"region\" aria-labelledby=\"elementor-tab-title-5201\"><p>Sono nato a Merano il 02\/05\/1965 e da sempre vivo a Merano. Ho un figlio di 20 anni che vive con me ed attualmente frequenta l&#8217;universit\u00e0 di scienze motorie. Nel 1984 mi sono diplomato ragioniere all&#8217;istituto L. Pisano di Merano. Nel 1985 ho fatto il servizio militare e dal gennaio 1987 sono entrato nell&#8217;attivit\u00e0 commerciale di famiglia che gestisco attualmente. Da alcuni anni ricopro la carica di vicepresidente dell&#8217;Unione commercio, turismo e servizi di Merano. Dal 2016 al 2019 ho ricoperto anche la vicepresidenza dell&#8217;Unione commercio del Burgraviato. Sono presente come consigliere nel direttivo del Tennis Club Merano. Dal 1996 al 2000 ho ricoperto la carica di consigliere comunale e capogruppo consiliare nella lista Chist\u00e8.<\/p><\/div>\n\t\t\t\t<\/div>\n\t\t\t\t\t\t\t\t<\/div>\n\t\t\t\t\t\t<\/div>\n\t\t\t\t<\/div>\n\t\t\t\t\t<\/div>\n\t\t<\/div>\n\t\t\t\t\t<\/div>\n\t\t<\/section>\n\t\t\t\t\t<\/div>\n\t\t<\/div>\n\t\t\t\t\t<\/div>\n\t\t<\/section>\n\t\t\t\t<section class=\"elementor-section elementor-top-section elementor-element elementor-element-0c44351 elementor-section-boxed elementor-section-height-default elementor-section-height-default\" data-id=\"0c44351\" data-element_type=\"section\" data-e-type=\"section\" data-settings=\"{&quot;background_background&quot;:&quot;classic&quot;}\">\n\t\t\t\t\t\t<div class=\"elementor-container elementor-column-gap-default\">\n\t\t\t\t\t<div class=\"elementor-column elementor-col-100 elementor-top-column elementor-element elementor-element-b66d20a\" data-id=\"b66d20a\" data-element_type=\"column\" data-e-type=\"column\">\n\t\t\t<div class=\"elementor-widget-wrap elementor-element-populated\">\n\t\t\t\t\t\t<section class=\"elementor-section elementor-inner-section elementor-element elementor-element-1a2c1e4 elementor-section-boxed elementor-section-height-default elementor-section-height-default\" data-id=\"1a2c1e4\" data-element_type=\"section\" data-e-type=\"section\">\n\t\t\t\t\t\t<div class=\"elementor-container elementor-column-gap-default\">\n\t\t\t\t\t<div class=\"elementor-column elementor-col-50 elementor-inner-column elementor-element elementor-element-93aa2a4\" data-id=\"93aa2a4\" data-element_type=\"column\" data-e-type=\"column\">\n\t\t\t<div class=\"elementor-widget-wrap elementor-element-populated\">\n\t\t\t\t\t\t<div class=\"elementor-element elementor-element-003b88b elementor-widget elementor-widget-image\" data-id=\"003b88b\" data-element_type=\"widget\" data-e-type=\"widget\" data-widget_type=\"image.default\">\n\t\t\t\t<div class=\"elementor-widget-container\">\n\t\t\t\t\t\t\t\t\t\t\t\t\t\t\t<img loading=\"lazy\" decoding=\"async\" width=\"300\" height=\"200\" src=\"https:\/\/www.lacivicapermerano.eu\/wp-content\/uploads\/2020\/08\/CPM2020_10_rizzo-300x200.jpg\" class=\"attachment-medium size-medium wp-image-902\" alt=\"\" srcset=\"https:\/\/www.lacivicapermerano.eu\/wp-content\/uploads\/2020\/08\/CPM2020_10_rizzo-300x200.jpg 300w, https:\/\/www.lacivicapermerano.eu\/wp-content\/uploads\/2020\/08\/CPM2020_10_rizzo-768x513.jpg 768w, https:\/\/www.lacivicapermerano.eu\/wp-content\/uploads\/2020\/08\/CPM2020_10_rizzo-830x554.jpg 830w, https:\/\/www.lacivicapermerano.eu\/wp-content\/uploads\/2020\/08\/CPM2020_10_rizzo-230x154.jpg 230w, https:\/\/www.lacivicapermerano.eu\/wp-content\/uploads\/2020\/08\/CPM2020_10_rizzo-350x234.jpg 350w, https:\/\/www.lacivicapermerano.eu\/wp-content\/uploads\/2020\/08\/CPM2020_10_rizzo-480x321.jpg 480w, https:\/\/www.lacivicapermerano.eu\/wp-content\/uploads\/2020\/08\/CPM2020_10_rizzo.jpg 1000w\" sizes=\"(max-width: 300px) 100vw, 300px\" \/>\t\t\t\t\t\t\t\t\t\t\t\t\t\t\t<\/div>\n\t\t\t\t<\/div>\n\t\t\t\t<div class=\"elementor-element elementor-element-39bd76c elementor-align-center elementor-widget elementor-widget-button\" data-id=\"39bd76c\" data-element_type=\"widget\" data-e-type=\"widget\" data-widget_type=\"button.default\">\n\t\t\t\t<div class=\"elementor-widget-container\">\n\t\t\t\t\t\t\t\t\t<div class=\"elementor-button-wrapper\">\n\t\t\t\t\t<a class=\"elementor-button elementor-button-link elementor-size-sm\" href=\"https:\/\/www.lacivicapermerano.eu\/wp-content\/uploads\/2021\/09\/certificato-penale-Rizzo.pdf\">\n\t\t\t\t\t\t<span class=\"elementor-button-content-wrapper\">\n\t\t\t\t\t\t\t\t\t<span class=\"elementor-button-text\">Cert. penale<\/span>\n\t\t\t\t\t<\/span>\n\t\t\t\t\t<\/a>\n\t\t\t\t<\/div>\n\t\t\t\t\t\t\t\t<\/div>\n\t\t\t\t<\/div>\n\t\t\t\t\t<\/div>\n\t\t<\/div>\n\t\t\t\t<div class=\"elementor-column elementor-col-50 elementor-inner-column elementor-element elementor-element-2559d0e\" data-id=\"2559d0e\" data-element_type=\"column\" data-e-type=\"column\">\n\t\t\t<div class=\"elementor-widget-wrap elementor-element-populated\">\n\t\t\t\t\t\t<div class=\"elementor-element elementor-element-01a0c01 elementor-widget elementor-widget-heading\" data-id=\"01a0c01\" data-element_type=\"widget\" data-e-type=\"widget\" data-widget_type=\"heading.default\">\n\t\t\t\t<div class=\"elementor-widget-container\">\n\t\t\t\t\t<h2 class=\"elementor-heading-title elementor-size-default\">Andrea Rizzo<\/h2>\t\t\t\t<\/div>\n\t\t\t\t<\/div>\n\t\t\t\t<div class=\"elementor-element elementor-element-c2a93da elementor-widget elementor-widget-text-editor\" data-id=\"c2a93da\" data-element_type=\"widget\" data-e-type=\"widget\" data-widget_type=\"text-editor.default\">\n\t\t\t\t<div class=\"elementor-widget-container\">\n\t\t\t\t\t\t\t\t\t<p>43 anni. Da sempre vivo a Merano, sono sposato dal 2005 con Roberta, con cui condivido la gioia di due figli, Serena ed Alessandro. Lavoro come impiegato presso uno studio notarile<\/p>\t\t\t\t\t\t\t\t<\/div>\n\t\t\t\t<\/div>\n\t\t\t\t\t<\/div>\n\t\t<\/div>\n\t\t\t\t\t<\/div>\n\t\t<\/section>\n\t\t\t\t<section class=\"elementor-section elementor-inner-section elementor-element elementor-element-b4d9e91 elementor-section-boxed elementor-section-height-default elementor-section-height-default\" data-id=\"b4d9e91\" data-element_type=\"section\" data-e-type=\"section\">\n\t\t\t\t\t\t<div class=\"elementor-container elementor-column-gap-default\">\n\t\t\t\t\t<div class=\"elementor-column elementor-col-100 elementor-inner-column elementor-element elementor-element-5745dea\" data-id=\"5745dea\" data-element_type=\"column\" data-e-type=\"column\">\n\t\t\t<div class=\"elementor-widget-wrap elementor-element-populated\">\n\t\t\t\t\t\t<div class=\"elementor-element elementor-element-52cfa5b elementor-widget elementor-widget-toggle\" data-id=\"52cfa5b\" data-element_type=\"widget\" data-e-type=\"widget\" data-widget_type=\"toggle.default\">\n\t\t\t\t<div class=\"elementor-widget-container\">\n\t\t\t\t\t\t\t<div class=\"elementor-toggle\">\n\t\t\t\t\t\t\t<div class=\"elementor-toggle-item\">\n\t\t\t\t\t<div id=\"elementor-tab-title-8681\" class=\"elementor-tab-title\" data-tab=\"1\" role=\"button\" aria-controls=\"elementor-tab-content-8681\" aria-expanded=\"false\">\n\t\t\t\t\t\t\t\t\t\t\t\t<span class=\"elementor-toggle-icon elementor-toggle-icon-left\" aria-hidden=\"true\">\n\t\t\t\t\t\t\t\t\t\t\t\t\t\t\t<span class=\"elementor-toggle-icon-closed\"><i class=\"fas fa-comment-dots\"><\/i><\/span>\n\t\t\t\t\t\t\t\t<span class=\"elementor-toggle-icon-opened\"><i class=\"elementor-toggle-icon-opened fas fa-caret-up\"><\/i><\/span>\n\t\t\t\t\t\t\t\t\t\t\t\t\t<\/span>\n\t\t\t\t\t\t\t\t\t\t\t\t<a class=\"elementor-toggle-title\" tabindex=\"0\">Mi presento<\/a>\n\t\t\t\t\t<\/div>\n\n\t\t\t\t\t<div id=\"elementor-tab-content-8681\" class=\"elementor-tab-content elementor-clearfix\" data-tab=\"1\" role=\"region\" aria-labelledby=\"elementor-tab-title-8681\"><div class=\"page\" title=\"Page 1\"><div class=\"section\"><div class=\"layoutArea\"><div class=\"column\"><p>Mi chiamo Andrea Rizzo, ho 43 anni, da sempre vivo a Merano, sono sposato dal 2005 con Roberta, con cui condivido la gioia di due figli, Serena ed Alessandro, rispettivamente di 13 e 10 anni.<br \/>Diplomato al Liceo Classico G. Carducci di Merano, dal 2010 lavoro come impiegato presso uno studio notarile di Merano e mi occupo principalmente della stesura di contratti immobiliari nonche\u0301 della consulenza che precede la stipula dei contratti.<\/p><p>Collaboro con lo staff tecnico della sezione pallanuoto dell&#8217; A.S. Merano, societa\u0300 per cui sono tesserato anche come atleta della squadra di pallanuoto master.<\/p><\/div><\/div><\/div><\/div><\/div>\n\t\t\t\t<\/div>\n\t\t\t\t\t\t\t\t<\/div>\n\t\t\t\t\t\t<\/div>\n\t\t\t\t<\/div>\n\t\t\t\t\t<\/div>\n\t\t<\/div>\n\t\t\t\t\t<\/div>\n\t\t<\/section>\n\t\t\t\t\t<\/div>\n\t\t<\/div>\n\t\t\t\t\t<\/div>\n\t\t<\/section>\n\t\t\t\t<section class=\"elementor-section elementor-top-section elementor-element elementor-element-e0848c8 elementor-section-boxed elementor-section-height-default elementor-section-height-default\" data-id=\"e0848c8\" data-element_type=\"section\" data-e-type=\"section\" data-settings=\"{&quot;background_background&quot;:&quot;classic&quot;}\">\n\t\t\t\t\t\t<div class=\"elementor-container elementor-column-gap-default\">\n\t\t\t\t\t<div class=\"elementor-column elementor-col-100 elementor-top-column elementor-element elementor-element-74390bb\" data-id=\"74390bb\" data-element_type=\"column\" data-e-type=\"column\">\n\t\t\t<div class=\"elementor-widget-wrap elementor-element-populated\">\n\t\t\t\t\t\t<section class=\"elementor-section elementor-inner-section elementor-element elementor-element-5b616d7 elementor-section-boxed elementor-section-height-default elementor-section-height-default\" data-id=\"5b616d7\" data-element_type=\"section\" data-e-type=\"section\">\n\t\t\t\t\t\t<div class=\"elementor-container elementor-column-gap-default\">\n\t\t\t\t\t<div class=\"elementor-column elementor-col-50 elementor-inner-column elementor-element elementor-element-500f5ef\" data-id=\"500f5ef\" data-element_type=\"column\" data-e-type=\"column\">\n\t\t\t<div class=\"elementor-widget-wrap elementor-element-populated\">\n\t\t\t\t\t\t<div class=\"elementor-element elementor-element-afd3a7a elementor-widget elementor-widget-image\" data-id=\"afd3a7a\" data-element_type=\"widget\" data-e-type=\"widget\" data-widget_type=\"image.default\">\n\t\t\t\t<div class=\"elementor-widget-container\">\n\t\t\t\t\t\t\t\t\t\t\t\t\t\t\t<img loading=\"lazy\" decoding=\"async\" width=\"300\" height=\"200\" src=\"https:\/\/www.lacivicapermerano.eu\/wp-content\/uploads\/2021\/09\/Foto_candidati21-300x200.jpg\" class=\"attachment-medium size-medium wp-image-1109\" alt=\"\" srcset=\"https:\/\/www.lacivicapermerano.eu\/wp-content\/uploads\/2021\/09\/Foto_candidati21-300x200.jpg 300w, https:\/\/www.lacivicapermerano.eu\/wp-content\/uploads\/2021\/09\/Foto_candidati21-768x513.jpg 768w, https:\/\/www.lacivicapermerano.eu\/wp-content\/uploads\/2021\/09\/Foto_candidati21-18x12.jpg 18w, https:\/\/www.lacivicapermerano.eu\/wp-content\/uploads\/2021\/09\/Foto_candidati21-230x154.jpg 230w, https:\/\/www.lacivicapermerano.eu\/wp-content\/uploads\/2021\/09\/Foto_candidati21-350x234.jpg 350w, https:\/\/www.lacivicapermerano.eu\/wp-content\/uploads\/2021\/09\/Foto_candidati21-480x320.jpg 480w, https:\/\/www.lacivicapermerano.eu\/wp-content\/uploads\/2021\/09\/Foto_candidati21.jpg 800w\" sizes=\"(max-width: 300px) 100vw, 300px\" \/>\t\t\t\t\t\t\t\t\t\t\t\t\t\t\t<\/div>\n\t\t\t\t<\/div>\n\t\t\t\t<div class=\"elementor-element elementor-element-1b9389d elementor-align-center elementor-widget elementor-widget-button\" data-id=\"1b9389d\" data-element_type=\"widget\" data-e-type=\"widget\" data-widget_type=\"button.default\">\n\t\t\t\t<div class=\"elementor-widget-container\">\n\t\t\t\t\t\t\t\t\t<div class=\"elementor-button-wrapper\">\n\t\t\t\t\t<a class=\"elementor-button elementor-button-link elementor-size-sm\" href=\"https:\/\/www.lacivicapermerano.eu\/wp-content\/uploads\/2021\/09\/Certificato-Penale-Rodriguez-Terrero-Yicel.pdf\">\n\t\t\t\t\t\t<span class=\"elementor-button-content-wrapper\">\n\t\t\t\t\t\t\t\t\t<span class=\"elementor-button-text\">Cert. penale<\/span>\n\t\t\t\t\t<\/span>\n\t\t\t\t\t<\/a>\n\t\t\t\t<\/div>\n\t\t\t\t\t\t\t\t<\/div>\n\t\t\t\t<\/div>\n\t\t\t\t\t<\/div>\n\t\t<\/div>\n\t\t\t\t<div class=\"elementor-column elementor-col-50 elementor-inner-column elementor-element elementor-element-963bd1b\" data-id=\"963bd1b\" data-element_type=\"column\" data-e-type=\"column\">\n\t\t\t<div class=\"elementor-widget-wrap elementor-element-populated\">\n\t\t\t\t\t\t<div class=\"elementor-element elementor-element-e2b49da elementor-widget elementor-widget-heading\" data-id=\"e2b49da\" data-element_type=\"widget\" data-e-type=\"widget\" data-widget_type=\"heading.default\">\n\t\t\t\t<div class=\"elementor-widget-container\">\n\t\t\t\t\t<h2 class=\"elementor-heading-title elementor-size-default\">Yicel Rodriguez<\/h2>\t\t\t\t<\/div>\n\t\t\t\t<\/div>\n\t\t\t\t<div class=\"elementor-element elementor-element-88617e6 elementor-widget elementor-widget-text-editor\" data-id=\"88617e6\" data-element_type=\"widget\" data-e-type=\"widget\" data-widget_type=\"text-editor.default\">\n\t\t\t\t<div class=\"elementor-widget-container\">\n\t\t\t\t\t\t\t\t\t<p>34 anni. Cubana di nascita, mamma e meranese da 17 anni.<\/p>\t\t\t\t\t\t\t\t<\/div>\n\t\t\t\t<\/div>\n\t\t\t\t\t<\/div>\n\t\t<\/div>\n\t\t\t\t\t<\/div>\n\t\t<\/section>\n\t\t\t\t<section class=\"elementor-section elementor-inner-section elementor-element elementor-element-dade5d4 elementor-section-boxed elementor-section-height-default elementor-section-height-default\" data-id=\"dade5d4\" data-element_type=\"section\" data-e-type=\"section\">\n\t\t\t\t\t\t<div class=\"elementor-container elementor-column-gap-default\">\n\t\t\t\t\t<div class=\"elementor-column elementor-col-100 elementor-inner-column elementor-element elementor-element-0a66fbc\" data-id=\"0a66fbc\" data-element_type=\"column\" data-e-type=\"column\">\n\t\t\t<div class=\"elementor-widget-wrap elementor-element-populated\">\n\t\t\t\t\t\t<div class=\"elementor-element elementor-element-e07a88f elementor-widget elementor-widget-toggle\" data-id=\"e07a88f\" data-element_type=\"widget\" data-e-type=\"widget\" data-widget_type=\"toggle.default\">\n\t\t\t\t<div class=\"elementor-widget-container\">\n\t\t\t\t\t\t\t<div class=\"elementor-toggle\">\n\t\t\t\t\t\t\t<div class=\"elementor-toggle-item\">\n\t\t\t\t\t<div id=\"elementor-tab-title-2351\" class=\"elementor-tab-title\" data-tab=\"1\" role=\"button\" aria-controls=\"elementor-tab-content-2351\" aria-expanded=\"false\">\n\t\t\t\t\t\t\t\t\t\t\t\t<span class=\"elementor-toggle-icon elementor-toggle-icon-left\" aria-hidden=\"true\">\n\t\t\t\t\t\t\t\t\t\t\t\t\t\t\t<span class=\"elementor-toggle-icon-closed\"><i class=\"fas fa-comment-dots\"><\/i><\/span>\n\t\t\t\t\t\t\t\t<span class=\"elementor-toggle-icon-opened\"><i class=\"elementor-toggle-icon-opened fas fa-caret-up\"><\/i><\/span>\n\t\t\t\t\t\t\t\t\t\t\t\t\t<\/span>\n\t\t\t\t\t\t\t\t\t\t\t\t<a class=\"elementor-toggle-title\" tabindex=\"0\">Mi presento<\/a>\n\t\t\t\t\t<\/div>\n\n\t\t\t\t\t<div id=\"elementor-tab-content-2351\" class=\"elementor-tab-content elementor-clearfix\" data-tab=\"1\" role=\"region\" aria-labelledby=\"elementor-tab-title-2351\"><p>Mi chiamo Yicel, ho 34 anni, sono nata a Cuba e da 17 anni sono in Italia.<\/p><p>Ho un figlio di 13 anni.<\/p><p>Sono bilingue.<\/p><p>Da 4 anni gestisco da sola un esercizio pubblico (un bar) in centro a Merano e mi trovo molto bene sia nel mestiere che faccio, mi piace molto il contatto con le persone, poter parlare con loro, confrontarmi sui vari problemi che ci affliggono, ma sempre con il sorriso sulle labbra, perch\u00e9 sono una persona positiva.<\/p><p>E mi trovo molto bene anche nella mia Merano, \u00e8 una citt\u00e0 che sento mia.<\/p><p>Voglio dare il mio contributo perch\u00e9 credo che tutti dovrebbero fare qualcosa di positivo per migliorare la citt\u00e0 in cui vivono e io voglio essere da esempio e fare qualcosa di concreto per migliorare.<\/p><p>Il mio impegno \u00e8 per una Merano che sostenga e tuteli chi lavora, senza che vengano messi inutili bastoni tra le ruote, mi piacerebbe vedere la via O. Huber nuovamente aperta alla circolazione, con riattivazione dei Blupark in modo tale che le zone meno frequentate riacquistino una nuova vita.<\/p><p>Mi piacerebbe anche avere una citt\u00e0 sempre pi\u00f9 sicura dove il contrasto alla criminalit\u00e0 sia ancora pi\u00f9 efficiente ed efficace.<\/p><\/div>\n\t\t\t\t<\/div>\n\t\t\t\t\t\t\t\t<\/div>\n\t\t\t\t\t\t<\/div>\n\t\t\t\t<\/div>\n\t\t\t\t\t<\/div>\n\t\t<\/div>\n\t\t\t\t\t<\/div>\n\t\t<\/section>\n\t\t\t\t\t<\/div>\n\t\t<\/div>\n\t\t\t\t\t<\/div>\n\t\t<\/section>\n\t\t\t\t<section class=\"elementor-section elementor-top-section elementor-element elementor-element-1dd0939 elementor-section-boxed elementor-section-height-default elementor-section-height-default\" data-id=\"1dd0939\" data-element_type=\"section\" data-e-type=\"section\" data-settings=\"{&quot;background_background&quot;:&quot;classic&quot;}\">\n\t\t\t\t\t\t<div class=\"elementor-container elementor-column-gap-default\">\n\t\t\t\t\t<div class=\"elementor-column elementor-col-100 elementor-top-column elementor-element elementor-element-7d6aa4f\" data-id=\"7d6aa4f\" data-element_type=\"column\" data-e-type=\"column\">\n\t\t\t<div class=\"elementor-widget-wrap elementor-element-populated\">\n\t\t\t\t\t\t<section class=\"elementor-section elementor-inner-section elementor-element elementor-element-14f712f elementor-section-boxed elementor-section-height-default elementor-section-height-default\" data-id=\"14f712f\" data-element_type=\"section\" data-e-type=\"section\">\n\t\t\t\t\t\t<div class=\"elementor-container elementor-column-gap-default\">\n\t\t\t\t\t<div class=\"elementor-column elementor-col-50 elementor-inner-column elementor-element elementor-element-1a3e91d\" data-id=\"1a3e91d\" data-element_type=\"column\" data-e-type=\"column\">\n\t\t\t<div class=\"elementor-widget-wrap elementor-element-populated\">\n\t\t\t\t\t\t<div class=\"elementor-element elementor-element-7ef59ef elementor-widget elementor-widget-image\" data-id=\"7ef59ef\" data-element_type=\"widget\" data-e-type=\"widget\" data-widget_type=\"image.default\">\n\t\t\t\t<div class=\"elementor-widget-container\">\n\t\t\t\t\t\t\t\t\t\t\t\t\t\t\t<img loading=\"lazy\" decoding=\"async\" width=\"300\" height=\"200\" src=\"https:\/\/www.lacivicapermerano.eu\/wp-content\/uploads\/2020\/08\/CPM2020_12_rossi-300x200.jpg\" class=\"attachment-medium size-medium wp-image-896\" alt=\"\" srcset=\"https:\/\/www.lacivicapermerano.eu\/wp-content\/uploads\/2020\/08\/CPM2020_12_rossi-300x200.jpg 300w, https:\/\/www.lacivicapermerano.eu\/wp-content\/uploads\/2020\/08\/CPM2020_12_rossi-768x513.jpg 768w, https:\/\/www.lacivicapermerano.eu\/wp-content\/uploads\/2020\/08\/CPM2020_12_rossi-830x554.jpg 830w, https:\/\/www.lacivicapermerano.eu\/wp-content\/uploads\/2020\/08\/CPM2020_12_rossi-230x154.jpg 230w, https:\/\/www.lacivicapermerano.eu\/wp-content\/uploads\/2020\/08\/CPM2020_12_rossi-350x234.jpg 350w, https:\/\/www.lacivicapermerano.eu\/wp-content\/uploads\/2020\/08\/CPM2020_12_rossi-480x321.jpg 480w, https:\/\/www.lacivicapermerano.eu\/wp-content\/uploads\/2020\/08\/CPM2020_12_rossi.jpg 1000w\" sizes=\"(max-width: 300px) 100vw, 300px\" \/>\t\t\t\t\t\t\t\t\t\t\t\t\t\t\t<\/div>\n\t\t\t\t<\/div>\n\t\t\t\t<div class=\"elementor-element elementor-element-371a24c elementor-align-center elementor-widget elementor-widget-button\" data-id=\"371a24c\" data-element_type=\"widget\" data-e-type=\"widget\" data-widget_type=\"button.default\">\n\t\t\t\t<div class=\"elementor-widget-container\">\n\t\t\t\t\t\t\t\t\t<div class=\"elementor-button-wrapper\">\n\t\t\t\t\t<a class=\"elementor-button elementor-button-link elementor-size-sm\" href=\"https:\/\/www.lacivicapermerano.eu\/wp-content\/uploads\/2021\/09\/certificato-penale-Rossi.pdf\">\n\t\t\t\t\t\t<span class=\"elementor-button-content-wrapper\">\n\t\t\t\t\t\t\t\t\t<span class=\"elementor-button-text\">Cert. penale<\/span>\n\t\t\t\t\t<\/span>\n\t\t\t\t\t<\/a>\n\t\t\t\t<\/div>\n\t\t\t\t\t\t\t\t<\/div>\n\t\t\t\t<\/div>\n\t\t\t\t\t<\/div>\n\t\t<\/div>\n\t\t\t\t<div class=\"elementor-column elementor-col-50 elementor-inner-column elementor-element elementor-element-fe668d0\" data-id=\"fe668d0\" data-element_type=\"column\" data-e-type=\"column\">\n\t\t\t<div class=\"elementor-widget-wrap elementor-element-populated\">\n\t\t\t\t\t\t<div class=\"elementor-element elementor-element-e2a5911 elementor-widget elementor-widget-heading\" data-id=\"e2a5911\" data-element_type=\"widget\" data-e-type=\"widget\" data-widget_type=\"heading.default\">\n\t\t\t\t<div class=\"elementor-widget-container\">\n\t\t\t\t\t<h2 class=\"elementor-heading-title elementor-size-default\">Isabella Rossi<\/h2>\t\t\t\t<\/div>\n\t\t\t\t<\/div>\n\t\t\t\t<div class=\"elementor-element elementor-element-1a9d012 elementor-widget elementor-widget-text-editor\" data-id=\"1a9d012\" data-element_type=\"widget\" data-e-type=\"widget\" data-widget_type=\"text-editor.default\">\n\t\t\t\t<div class=\"elementor-widget-container\">\n\t\t\t\t\t\t\t\t\t<p>58 anni. Architetto. Arrivata a Merano da Padova 28 anni fa, voglio restituire qualcosa a una citt\u00e0 che mi ha dato tanto.<\/p>\t\t\t\t\t\t\t\t<\/div>\n\t\t\t\t<\/div>\n\t\t\t\t\t<\/div>\n\t\t<\/div>\n\t\t\t\t\t<\/div>\n\t\t<\/section>\n\t\t\t\t<section class=\"elementor-section elementor-inner-section elementor-element elementor-element-98fece3 elementor-section-boxed elementor-section-height-default elementor-section-height-default\" data-id=\"98fece3\" data-element_type=\"section\" data-e-type=\"section\">\n\t\t\t\t\t\t<div class=\"elementor-container elementor-column-gap-default\">\n\t\t\t\t\t<div class=\"elementor-column elementor-col-100 elementor-inner-column elementor-element elementor-element-b04755d\" data-id=\"b04755d\" data-element_type=\"column\" data-e-type=\"column\">\n\t\t\t<div class=\"elementor-widget-wrap elementor-element-populated\">\n\t\t\t\t\t\t<div class=\"elementor-element elementor-element-b894052 elementor-widget elementor-widget-toggle\" data-id=\"b894052\" data-element_type=\"widget\" data-e-type=\"widget\" data-widget_type=\"toggle.default\">\n\t\t\t\t<div class=\"elementor-widget-container\">\n\t\t\t\t\t\t\t<div class=\"elementor-toggle\">\n\t\t\t\t\t\t\t<div class=\"elementor-toggle-item\">\n\t\t\t\t\t<div id=\"elementor-tab-title-1931\" class=\"elementor-tab-title\" data-tab=\"1\" role=\"button\" aria-controls=\"elementor-tab-content-1931\" aria-expanded=\"false\">\n\t\t\t\t\t\t\t\t\t\t\t\t<span class=\"elementor-toggle-icon elementor-toggle-icon-left\" aria-hidden=\"true\">\n\t\t\t\t\t\t\t\t\t\t\t\t\t\t\t<span class=\"elementor-toggle-icon-closed\"><i class=\"fas fa-comment-dots\"><\/i><\/span>\n\t\t\t\t\t\t\t\t<span class=\"elementor-toggle-icon-opened\"><i class=\"elementor-toggle-icon-opened fas fa-caret-up\"><\/i><\/span>\n\t\t\t\t\t\t\t\t\t\t\t\t\t<\/span>\n\t\t\t\t\t\t\t\t\t\t\t\t<a class=\"elementor-toggle-title\" tabindex=\"0\">Mi presento<\/a>\n\t\t\t\t\t<\/div>\n\n\t\t\t\t\t<div id=\"elementor-tab-content-1931\" class=\"elementor-tab-content elementor-clearfix\" data-tab=\"1\" role=\"region\" aria-labelledby=\"elementor-tab-title-1931\"><div class=\"page\" title=\"Page 1\"><div class=\"section\"><div class=\"layoutArea\"><div class=\"column\"><p>Mi chiamo Isabella Rossi e sono nata a Bolzano nel 1962, dove ho vissuto i primi anni della mia vita. Poi pero\u0300, nel 1967, la mia famiglia si e\u0300 trasferita a Padova, dove sono rimasta fino a 30 anni. Ho conseguito la laurea in Architettura a Venezia e nel 1992 sono tornata in Alto Adige, a Merano, dove svolgo la mia professione di architetto, prima in uno studio di progettazione e adesso come libera professionista.<\/p><p>Non ho mai fatto attivita\u0300 politica, fino a quando quest\u2019anno ho avuto l\u2019opportunita\u0300 di candidarmi nella Civica per Merano. Con entusiasmo ho aderito a questo importante progetto elettorale, in quanto penso sia giusto provare a dare il proprio contributo, ciascuno relativamente al proprio ambito di conoscenza. Inoltre credo che chi, come me, pur essendoci nato, in questa terra non ci e\u0300 cresciuto, possa dare un importante apporto, in quanto ha inevitabilmente una prospettiva del tutto diversa e scevra da qualsiasi condizionamento. Una prospettiva nuova dalla quale osservare persone, fatti ed eventi con maggiore obiettivita\u0300.<\/p><\/div><\/div><\/div><\/div><\/div>\n\t\t\t\t<\/div>\n\t\t\t\t\t\t\t\t<\/div>\n\t\t\t\t\t\t<\/div>\n\t\t\t\t<\/div>\n\t\t\t\t\t<\/div>\n\t\t<\/div>\n\t\t\t\t\t<\/div>\n\t\t<\/section>\n\t\t\t\t\t<\/div>\n\t\t<\/div>\n\t\t\t\t\t<\/div>\n\t\t<\/section>\n\t\t\t\t<section class=\"elementor-section elementor-top-section elementor-element elementor-element-13e1608 elementor-section-boxed elementor-section-height-default elementor-section-height-default\" data-id=\"13e1608\" data-element_type=\"section\" data-e-type=\"section\" data-settings=\"{&quot;background_background&quot;:&quot;classic&quot;}\">\n\t\t\t\t\t\t<div class=\"elementor-container elementor-column-gap-default\">\n\t\t\t\t\t<div class=\"elementor-column elementor-col-100 elementor-top-column elementor-element elementor-element-de6baf5\" data-id=\"de6baf5\" data-element_type=\"column\" data-e-type=\"column\">\n\t\t\t<div class=\"elementor-widget-wrap elementor-element-populated\">\n\t\t\t\t\t\t<section class=\"elementor-section elementor-inner-section elementor-element elementor-element-906e3dd elementor-section-boxed elementor-section-height-default elementor-section-height-default\" data-id=\"906e3dd\" data-element_type=\"section\" data-e-type=\"section\">\n\t\t\t\t\t\t<div class=\"elementor-container elementor-column-gap-default\">\n\t\t\t\t\t<div class=\"elementor-column elementor-col-50 elementor-inner-column elementor-element elementor-element-ad7cede\" data-id=\"ad7cede\" data-element_type=\"column\" data-e-type=\"column\">\n\t\t\t<div class=\"elementor-widget-wrap elementor-element-populated\">\n\t\t\t\t\t\t<div class=\"elementor-element elementor-element-81a8e1a elementor-widget elementor-widget-image\" data-id=\"81a8e1a\" data-element_type=\"widget\" data-e-type=\"widget\" data-widget_type=\"image.default\">\n\t\t\t\t<div class=\"elementor-widget-container\">\n\t\t\t\t\t\t\t\t\t\t\t\t\t\t\t<img loading=\"lazy\" decoding=\"async\" width=\"300\" height=\"200\" src=\"https:\/\/www.lacivicapermerano.eu\/wp-content\/uploads\/2020\/08\/CPM2020_8_rossignoli-300x200.jpg\" class=\"attachment-medium size-medium wp-image-915\" alt=\"\" srcset=\"https:\/\/www.lacivicapermerano.eu\/wp-content\/uploads\/2020\/08\/CPM2020_8_rossignoli-300x200.jpg 300w, https:\/\/www.lacivicapermerano.eu\/wp-content\/uploads\/2020\/08\/CPM2020_8_rossignoli-768x513.jpg 768w, https:\/\/www.lacivicapermerano.eu\/wp-content\/uploads\/2020\/08\/CPM2020_8_rossignoli-830x554.jpg 830w, https:\/\/www.lacivicapermerano.eu\/wp-content\/uploads\/2020\/08\/CPM2020_8_rossignoli-230x154.jpg 230w, https:\/\/www.lacivicapermerano.eu\/wp-content\/uploads\/2020\/08\/CPM2020_8_rossignoli-350x234.jpg 350w, https:\/\/www.lacivicapermerano.eu\/wp-content\/uploads\/2020\/08\/CPM2020_8_rossignoli-480x321.jpg 480w, https:\/\/www.lacivicapermerano.eu\/wp-content\/uploads\/2020\/08\/CPM2020_8_rossignoli.jpg 1000w\" sizes=\"(max-width: 300px) 100vw, 300px\" \/>\t\t\t\t\t\t\t\t\t\t\t\t\t\t\t<\/div>\n\t\t\t\t<\/div>\n\t\t\t\t<div class=\"elementor-element elementor-element-f8479b3 elementor-align-center elementor-widget elementor-widget-button\" data-id=\"f8479b3\" data-element_type=\"widget\" data-e-type=\"widget\" data-widget_type=\"button.default\">\n\t\t\t\t<div class=\"elementor-widget-container\">\n\t\t\t\t\t\t\t\t\t<div class=\"elementor-button-wrapper\">\n\t\t\t\t\t<a class=\"elementor-button elementor-button-link elementor-size-sm\" href=\"https:\/\/www.lacivicapermerano.eu\/wp-content\/uploads\/2021\/09\/certificato-penale-Rossignoli.pdf\">\n\t\t\t\t\t\t<span class=\"elementor-button-content-wrapper\">\n\t\t\t\t\t\t\t\t\t<span class=\"elementor-button-text\">Cert. penale<\/span>\n\t\t\t\t\t<\/span>\n\t\t\t\t\t<\/a>\n\t\t\t\t<\/div>\n\t\t\t\t\t\t\t\t<\/div>\n\t\t\t\t<\/div>\n\t\t\t\t\t<\/div>\n\t\t<\/div>\n\t\t\t\t<div class=\"elementor-column elementor-col-50 elementor-inner-column elementor-element elementor-element-e6e7e3a\" data-id=\"e6e7e3a\" data-element_type=\"column\" data-e-type=\"column\">\n\t\t\t<div class=\"elementor-widget-wrap elementor-element-populated\">\n\t\t\t\t\t\t<div class=\"elementor-element elementor-element-bc9a791 elementor-widget elementor-widget-heading\" data-id=\"bc9a791\" data-element_type=\"widget\" data-e-type=\"widget\" data-widget_type=\"heading.default\">\n\t\t\t\t<div class=\"elementor-widget-container\">\n\t\t\t\t\t<h2 class=\"elementor-heading-title elementor-size-default\">Francesco Rossignoli<\/h2>\t\t\t\t<\/div>\n\t\t\t\t<\/div>\n\t\t\t\t<div class=\"elementor-element elementor-element-264a86d elementor-widget elementor-widget-text-editor\" data-id=\"264a86d\" data-element_type=\"widget\" data-e-type=\"widget\" data-widget_type=\"text-editor.default\">\n\t\t\t\t<div class=\"elementor-widget-container\">\n\t\t\t\t\t\t\t\t\t<p>69 anni. Sposato con Leonora da 43 anni con la quale ho 2 figli: Valeria e Luca. Dipendente SASA per 40 anni e per 20 anni cassiere del &#8220;GA Bubi Calcio a 5&#8221; e Presidente del suddetto per 2 anni.<\/p>\t\t\t\t\t\t\t\t<\/div>\n\t\t\t\t<\/div>\n\t\t\t\t\t<\/div>\n\t\t<\/div>\n\t\t\t\t\t<\/div>\n\t\t<\/section>\n\t\t\t\t<section class=\"elementor-section elementor-inner-section elementor-element elementor-element-e30b1b7 elementor-section-boxed elementor-section-height-default elementor-section-height-default\" data-id=\"e30b1b7\" data-element_type=\"section\" data-e-type=\"section\">\n\t\t\t\t\t\t<div class=\"elementor-container elementor-column-gap-default\">\n\t\t\t\t\t<div class=\"elementor-column elementor-col-100 elementor-inner-column elementor-element elementor-element-1b38f18\" data-id=\"1b38f18\" data-element_type=\"column\" data-e-type=\"column\">\n\t\t\t<div class=\"elementor-widget-wrap elementor-element-populated\">\n\t\t\t\t\t\t<div class=\"elementor-element elementor-element-9241cf8 elementor-widget elementor-widget-toggle\" data-id=\"9241cf8\" data-element_type=\"widget\" data-e-type=\"widget\" data-widget_type=\"toggle.default\">\n\t\t\t\t<div class=\"elementor-widget-container\">\n\t\t\t\t\t\t\t<div class=\"elementor-toggle\">\n\t\t\t\t\t\t\t<div class=\"elementor-toggle-item\">\n\t\t\t\t\t<div id=\"elementor-tab-title-1531\" class=\"elementor-tab-title\" data-tab=\"1\" role=\"button\" aria-controls=\"elementor-tab-content-1531\" aria-expanded=\"false\">\n\t\t\t\t\t\t\t\t\t\t\t\t<span class=\"elementor-toggle-icon elementor-toggle-icon-left\" aria-hidden=\"true\">\n\t\t\t\t\t\t\t\t\t\t\t\t\t\t\t<span class=\"elementor-toggle-icon-closed\"><i class=\"fas fa-comment-dots\"><\/i><\/span>\n\t\t\t\t\t\t\t\t<span class=\"elementor-toggle-icon-opened\"><i class=\"elementor-toggle-icon-opened fas fa-caret-up\"><\/i><\/span>\n\t\t\t\t\t\t\t\t\t\t\t\t\t<\/span>\n\t\t\t\t\t\t\t\t\t\t\t\t<a class=\"elementor-toggle-title\" tabindex=\"0\">Mi presento<\/a>\n\t\t\t\t\t<\/div>\n\n\t\t\t\t\t<div id=\"elementor-tab-content-1531\" class=\"elementor-tab-content elementor-clearfix\" data-tab=\"1\" role=\"region\" aria-labelledby=\"elementor-tab-title-1531\"><div class=\"page\" title=\"Page 1\"><div class=\"section\"><div class=\"layoutArea\"><div class=\"column\"><p>Francesco Rossignoli detto Cesco, a Merano nato il 07.09.1951<\/p><p>Sono sposato da 43 anni con Leonora, abbiamo avuto due figli Valeria e Luca.<br \/>Ho lavorato come autista della SASA per 40 anni. Ora mi godo la meritata pensione.<br \/>Sono tra i soci fondatori del G.A Bubi calcio a 5, di cui per 25 anni sono stato incaricato di svolgere l\u2019incarico di tesoriere della societa\u0300. Sono stato per due anni anche presidente di detta associazione sportiva.<\/p><\/div><\/div><\/div><\/div><\/div>\n\t\t\t\t<\/div>\n\t\t\t\t\t\t\t\t<\/div>\n\t\t\t\t\t\t<\/div>\n\t\t\t\t<\/div>\n\t\t\t\t\t<\/div>\n\t\t<\/div>\n\t\t\t\t\t<\/div>\n\t\t<\/section>\n\t\t\t\t\t<\/div>\n\t\t<\/div>\n\t\t\t\t\t<\/div>\n\t\t<\/section>\n\t\t\t\t<section class=\"elementor-section elementor-top-section elementor-element elementor-element-ff5a632 elementor-section-boxed elementor-section-height-default elementor-section-height-default\" data-id=\"ff5a632\" data-element_type=\"section\" data-e-type=\"section\" data-settings=\"{&quot;background_background&quot;:&quot;classic&quot;}\">\n\t\t\t\t\t\t<div class=\"elementor-container elementor-column-gap-default\">\n\t\t\t\t\t<div class=\"elementor-column elementor-col-100 elementor-top-column elementor-element elementor-element-f830d0e\" data-id=\"f830d0e\" data-element_type=\"column\" data-e-type=\"column\">\n\t\t\t<div class=\"elementor-widget-wrap elementor-element-populated\">\n\t\t\t\t\t\t<section class=\"elementor-section elementor-inner-section elementor-element elementor-element-60f7bac elementor-section-boxed elementor-section-height-default elementor-section-height-default\" data-id=\"60f7bac\" data-element_type=\"section\" data-e-type=\"section\">\n\t\t\t\t\t\t<div class=\"elementor-container elementor-column-gap-default\">\n\t\t\t\t\t<div class=\"elementor-column elementor-col-50 elementor-inner-column elementor-element elementor-element-ebb0542\" data-id=\"ebb0542\" data-element_type=\"column\" data-e-type=\"column\">\n\t\t\t<div class=\"elementor-widget-wrap elementor-element-populated\">\n\t\t\t\t\t\t<div class=\"elementor-element elementor-element-2ad9340 elementor-widget elementor-widget-image\" data-id=\"2ad9340\" data-element_type=\"widget\" data-e-type=\"widget\" data-widget_type=\"image.default\">\n\t\t\t\t<div class=\"elementor-widget-container\">\n\t\t\t\t\t\t\t\t\t\t\t\t\t\t\t<img loading=\"lazy\" decoding=\"async\" width=\"300\" height=\"200\" src=\"https:\/\/www.lacivicapermerano.eu\/wp-content\/uploads\/2021\/09\/Foto_candidati13-300x200.jpg\" class=\"attachment-medium size-medium wp-image-1110\" alt=\"\" srcset=\"https:\/\/www.lacivicapermerano.eu\/wp-content\/uploads\/2021\/09\/Foto_candidati13-300x200.jpg 300w, https:\/\/www.lacivicapermerano.eu\/wp-content\/uploads\/2021\/09\/Foto_candidati13-768x513.jpg 768w, https:\/\/www.lacivicapermerano.eu\/wp-content\/uploads\/2021\/09\/Foto_candidati13-18x12.jpg 18w, https:\/\/www.lacivicapermerano.eu\/wp-content\/uploads\/2021\/09\/Foto_candidati13-230x154.jpg 230w, https:\/\/www.lacivicapermerano.eu\/wp-content\/uploads\/2021\/09\/Foto_candidati13-350x234.jpg 350w, https:\/\/www.lacivicapermerano.eu\/wp-content\/uploads\/2021\/09\/Foto_candidati13-480x320.jpg 480w, https:\/\/www.lacivicapermerano.eu\/wp-content\/uploads\/2021\/09\/Foto_candidati13.jpg 800w\" sizes=\"(max-width: 300px) 100vw, 300px\" \/>\t\t\t\t\t\t\t\t\t\t\t\t\t\t\t<\/div>\n\t\t\t\t<\/div>\n\t\t\t\t<div class=\"elementor-element elementor-element-e130cf5 elementor-align-center elementor-widget elementor-widget-button\" data-id=\"e130cf5\" data-element_type=\"widget\" data-e-type=\"widget\" data-widget_type=\"button.default\">\n\t\t\t\t<div class=\"elementor-widget-container\">\n\t\t\t\t\t\t\t\t\t<div class=\"elementor-button-wrapper\">\n\t\t\t\t\t<a class=\"elementor-button elementor-button-link elementor-size-sm\" href=\"https:\/\/www.lacivicapermerano.eu\/wp-content\/uploads\/2021\/09\/Certificato-Penale-Rusu-Mariana-Cristina.pdf\">\n\t\t\t\t\t\t<span class=\"elementor-button-content-wrapper\">\n\t\t\t\t\t\t\t\t\t<span class=\"elementor-button-text\">Cert. penale<\/span>\n\t\t\t\t\t<\/span>\n\t\t\t\t\t<\/a>\n\t\t\t\t<\/div>\n\t\t\t\t\t\t\t\t<\/div>\n\t\t\t\t<\/div>\n\t\t\t\t\t<\/div>\n\t\t<\/div>\n\t\t\t\t<div class=\"elementor-column elementor-col-50 elementor-inner-column elementor-element elementor-element-fada45b\" data-id=\"fada45b\" data-element_type=\"column\" data-e-type=\"column\">\n\t\t\t<div class=\"elementor-widget-wrap elementor-element-populated\">\n\t\t\t\t\t\t<div class=\"elementor-element elementor-element-c9116b3 elementor-widget elementor-widget-heading\" data-id=\"c9116b3\" data-element_type=\"widget\" data-e-type=\"widget\" data-widget_type=\"heading.default\">\n\t\t\t\t<div class=\"elementor-widget-container\">\n\t\t\t\t\t<h2 class=\"elementor-heading-title elementor-size-default\">Mariana Cristina Rusu<\/h2>\t\t\t\t<\/div>\n\t\t\t\t<\/div>\n\t\t\t\t<div class=\"elementor-element elementor-element-a5a9d19 elementor-widget elementor-widget-text-editor\" data-id=\"a5a9d19\" data-element_type=\"widget\" data-e-type=\"widget\" data-widget_type=\"text-editor.default\">\n\t\t\t\t<div class=\"elementor-widget-container\">\n\t\t\t\t\t\t\t\t\t<p>43 anni. Nata in Romania, diplomata in Economia e Commercio e trasferita a Merano per scelte di cuore.<\/p>\t\t\t\t\t\t\t\t<\/div>\n\t\t\t\t<\/div>\n\t\t\t\t\t<\/div>\n\t\t<\/div>\n\t\t\t\t\t<\/div>\n\t\t<\/section>\n\t\t\t\t<section class=\"elementor-section elementor-inner-section elementor-element elementor-element-6e28a08 elementor-section-boxed elementor-section-height-default elementor-section-height-default\" data-id=\"6e28a08\" data-element_type=\"section\" data-e-type=\"section\">\n\t\t\t\t\t\t<div class=\"elementor-container elementor-column-gap-default\">\n\t\t\t\t\t<div class=\"elementor-column elementor-col-100 elementor-inner-column elementor-element elementor-element-f99ad2a\" data-id=\"f99ad2a\" data-element_type=\"column\" data-e-type=\"column\">\n\t\t\t<div class=\"elementor-widget-wrap elementor-element-populated\">\n\t\t\t\t\t\t<div class=\"elementor-element elementor-element-4eebda5 elementor-widget elementor-widget-toggle\" data-id=\"4eebda5\" data-element_type=\"widget\" data-e-type=\"widget\" data-widget_type=\"toggle.default\">\n\t\t\t\t<div class=\"elementor-widget-container\">\n\t\t\t\t\t\t\t<div class=\"elementor-toggle\">\n\t\t\t\t\t\t\t<div class=\"elementor-toggle-item\">\n\t\t\t\t\t<div id=\"elementor-tab-title-8271\" class=\"elementor-tab-title\" data-tab=\"1\" role=\"button\" aria-controls=\"elementor-tab-content-8271\" aria-expanded=\"false\">\n\t\t\t\t\t\t\t\t\t\t\t\t<span class=\"elementor-toggle-icon elementor-toggle-icon-left\" aria-hidden=\"true\">\n\t\t\t\t\t\t\t\t\t\t\t\t\t\t\t<span class=\"elementor-toggle-icon-closed\"><i class=\"fas fa-comment-dots\"><\/i><\/span>\n\t\t\t\t\t\t\t\t<span class=\"elementor-toggle-icon-opened\"><i class=\"elementor-toggle-icon-opened fas fa-caret-up\"><\/i><\/span>\n\t\t\t\t\t\t\t\t\t\t\t\t\t<\/span>\n\t\t\t\t\t\t\t\t\t\t\t\t<a class=\"elementor-toggle-title\" tabindex=\"0\">Mi presento<\/a>\n\t\t\t\t\t<\/div>\n\n\t\t\t\t\t<div id=\"elementor-tab-content-8271\" class=\"elementor-tab-content elementor-clearfix\" data-tab=\"1\" role=\"region\" aria-labelledby=\"elementor-tab-title-8271\"><p>Nata in Romania nel 1978 a Drobeta-Turnu Severin (RO), ho vissuto in una famiglia complessa, di artigiani del vetro (genitori, nonni materni, zii, zie, cugine e cugini); il cortile enorme della nostra casa faceva da anfiteatro per la vita in comune. A maggiore et\u00e0 mi sono trasferita a Timisoara per continuare gli studi.<\/p><p>Dopo il diploma in Economia &amp; Commercio nel 2001 (Master nel 2004) ho lavorato come commercialista e consulente per alcune aziende italiane, improntata nel settore agricolo. Il mio legame con la terra, ereditato dai miei nonni paterni, \u00e8 tuttora molto forte.<\/p><p>Trasferita a Merano per scelte di cuore, ho conosciuto un territorio che pian pianino ho iniziato ad apprezzare e amare, al quale sono in debito con un mio contributo da cittadino acquisito.<\/p><p>Ottimista di base, tendo a vedere le opportunit\u00e0. La fatica per raggiungere gli obbiettivi non mi spaventa, anzi; la considero un viaggio, un\u2019esperienza.<\/p><\/div>\n\t\t\t\t<\/div>\n\t\t\t\t\t\t\t\t<\/div>\n\t\t\t\t\t\t<\/div>\n\t\t\t\t<\/div>\n\t\t\t\t\t<\/div>\n\t\t<\/div>\n\t\t\t\t\t<\/div>\n\t\t<\/section>\n\t\t\t\t\t<\/div>\n\t\t<\/div>\n\t\t\t\t\t<\/div>\n\t\t<\/section>\n\t\t\t\t<section class=\"elementor-section elementor-top-section elementor-element elementor-element-d1cf58a elementor-section-boxed elementor-section-height-default elementor-section-height-default\" data-id=\"d1cf58a\" data-element_type=\"section\" data-e-type=\"section\" data-settings=\"{&quot;background_background&quot;:&quot;classic&quot;}\">\n\t\t\t\t\t\t<div class=\"elementor-container elementor-column-gap-default\">\n\t\t\t\t\t<div class=\"elementor-column elementor-col-100 elementor-top-column elementor-element elementor-element-a48d890\" data-id=\"a48d890\" data-element_type=\"column\" data-e-type=\"column\">\n\t\t\t<div class=\"elementor-widget-wrap elementor-element-populated\">\n\t\t\t\t\t\t<section class=\"elementor-section elementor-inner-section elementor-element elementor-element-cb3c006 elementor-section-boxed elementor-section-height-default elementor-section-height-default\" data-id=\"cb3c006\" data-element_type=\"section\" data-e-type=\"section\">\n\t\t\t\t\t\t<div class=\"elementor-container elementor-column-gap-default\">\n\t\t\t\t\t<div class=\"elementor-column elementor-col-50 elementor-inner-column elementor-element elementor-element-bf38c70\" data-id=\"bf38c70\" data-element_type=\"column\" data-e-type=\"column\">\n\t\t\t<div class=\"elementor-widget-wrap elementor-element-populated\">\n\t\t\t\t\t\t<div class=\"elementor-element elementor-element-69bf797 elementor-widget elementor-widget-image\" data-id=\"69bf797\" data-element_type=\"widget\" data-e-type=\"widget\" data-widget_type=\"image.default\">\n\t\t\t\t<div class=\"elementor-widget-container\">\n\t\t\t\t\t\t\t\t\t\t\t\t\t\t\t<img loading=\"lazy\" decoding=\"async\" width=\"300\" height=\"200\" src=\"https:\/\/www.lacivicapermerano.eu\/wp-content\/uploads\/2021\/09\/Foto_candidati17-300x200.jpg\" class=\"attachment-medium size-medium wp-image-1111\" alt=\"\" srcset=\"https:\/\/www.lacivicapermerano.eu\/wp-content\/uploads\/2021\/09\/Foto_candidati17-300x200.jpg 300w, https:\/\/www.lacivicapermerano.eu\/wp-content\/uploads\/2021\/09\/Foto_candidati17-768x513.jpg 768w, https:\/\/www.lacivicapermerano.eu\/wp-content\/uploads\/2021\/09\/Foto_candidati17-18x12.jpg 18w, https:\/\/www.lacivicapermerano.eu\/wp-content\/uploads\/2021\/09\/Foto_candidati17-230x154.jpg 230w, https:\/\/www.lacivicapermerano.eu\/wp-content\/uploads\/2021\/09\/Foto_candidati17-350x234.jpg 350w, https:\/\/www.lacivicapermerano.eu\/wp-content\/uploads\/2021\/09\/Foto_candidati17-480x320.jpg 480w, https:\/\/www.lacivicapermerano.eu\/wp-content\/uploads\/2021\/09\/Foto_candidati17.jpg 800w\" sizes=\"(max-width: 300px) 100vw, 300px\" \/>\t\t\t\t\t\t\t\t\t\t\t\t\t\t\t<\/div>\n\t\t\t\t<\/div>\n\t\t\t\t<div class=\"elementor-element elementor-element-ff22392 elementor-align-center elementor-widget elementor-widget-button\" data-id=\"ff22392\" data-element_type=\"widget\" data-e-type=\"widget\" data-widget_type=\"button.default\">\n\t\t\t\t<div class=\"elementor-widget-container\">\n\t\t\t\t\t\t\t\t\t<div class=\"elementor-button-wrapper\">\n\t\t\t\t\t<a class=\"elementor-button elementor-button-link elementor-size-sm\" href=\"https:\/\/www.lacivicapermerano.eu\/wp-content\/uploads\/2021\/09\/Certificato-Penale-Sofroni-Liliana.pdf\">\n\t\t\t\t\t\t<span class=\"elementor-button-content-wrapper\">\n\t\t\t\t\t\t\t\t\t<span class=\"elementor-button-text\">Cert. penale<\/span>\n\t\t\t\t\t<\/span>\n\t\t\t\t\t<\/a>\n\t\t\t\t<\/div>\n\t\t\t\t\t\t\t\t<\/div>\n\t\t\t\t<\/div>\n\t\t\t\t\t<\/div>\n\t\t<\/div>\n\t\t\t\t<div class=\"elementor-column elementor-col-50 elementor-inner-column elementor-element elementor-element-2a15529\" data-id=\"2a15529\" data-element_type=\"column\" data-e-type=\"column\">\n\t\t\t<div class=\"elementor-widget-wrap elementor-element-populated\">\n\t\t\t\t\t\t<div class=\"elementor-element elementor-element-1709acc elementor-widget elementor-widget-heading\" data-id=\"1709acc\" data-element_type=\"widget\" data-e-type=\"widget\" data-widget_type=\"heading.default\">\n\t\t\t\t<div class=\"elementor-widget-container\">\n\t\t\t\t\t<h2 class=\"elementor-heading-title elementor-size-default\">Liliana Sofroni<\/h2>\t\t\t\t<\/div>\n\t\t\t\t<\/div>\n\t\t\t\t<div class=\"elementor-element elementor-element-ae28463 elementor-widget elementor-widget-text-editor\" data-id=\"ae28463\" data-element_type=\"widget\" data-e-type=\"widget\" data-widget_type=\"text-editor.default\">\n\t\t\t\t<div class=\"elementor-widget-container\">\n\t\t\t\t\t\t\t\t\t<p>Ho 52 anni. Sono nata in Moldavia ma vivo a Merano da 16 anni. Sono mamma e nonna. Ho deciso di candidarmi con La Civica perch\u00e9 condivido appieno i suoi valori ed \u00e8 pi\u00f9 vicina alla gente extracomunitaria che come me cerca di integrarsi nel tessuto sociale.<\/p>\t\t\t\t\t\t\t\t<\/div>\n\t\t\t\t<\/div>\n\t\t\t\t\t<\/div>\n\t\t<\/div>\n\t\t\t\t\t<\/div>\n\t\t<\/section>\n\t\t\t\t<section class=\"elementor-section elementor-inner-section elementor-element elementor-element-248e758 elementor-section-boxed elementor-section-height-default elementor-section-height-default\" data-id=\"248e758\" data-element_type=\"section\" data-e-type=\"section\">\n\t\t\t\t\t\t<div class=\"elementor-container elementor-column-gap-default\">\n\t\t\t\t\t<div class=\"elementor-column elementor-col-100 elementor-inner-column elementor-element elementor-element-a4cd76e\" data-id=\"a4cd76e\" data-element_type=\"column\" data-e-type=\"column\">\n\t\t\t<div class=\"elementor-widget-wrap elementor-element-populated\">\n\t\t\t\t\t\t<div class=\"elementor-element elementor-element-61c20a0 elementor-widget elementor-widget-toggle\" data-id=\"61c20a0\" data-element_type=\"widget\" data-e-type=\"widget\" data-widget_type=\"toggle.default\">\n\t\t\t\t<div class=\"elementor-widget-container\">\n\t\t\t\t\t\t\t<div class=\"elementor-toggle\">\n\t\t\t\t\t\t\t<div class=\"elementor-toggle-item\">\n\t\t\t\t\t<div id=\"elementor-tab-title-1021\" class=\"elementor-tab-title\" data-tab=\"1\" role=\"button\" aria-controls=\"elementor-tab-content-1021\" aria-expanded=\"false\">\n\t\t\t\t\t\t\t\t\t\t\t\t<span class=\"elementor-toggle-icon elementor-toggle-icon-left\" aria-hidden=\"true\">\n\t\t\t\t\t\t\t\t\t\t\t\t\t\t\t<span class=\"elementor-toggle-icon-closed\"><i class=\"fas fa-comment-dots\"><\/i><\/span>\n\t\t\t\t\t\t\t\t<span class=\"elementor-toggle-icon-opened\"><i class=\"elementor-toggle-icon-opened fas fa-caret-up\"><\/i><\/span>\n\t\t\t\t\t\t\t\t\t\t\t\t\t<\/span>\n\t\t\t\t\t\t\t\t\t\t\t\t<a class=\"elementor-toggle-title\" tabindex=\"0\">Mi presento<\/a>\n\t\t\t\t\t<\/div>\n\n\t\t\t\t\t<div id=\"elementor-tab-content-1021\" class=\"elementor-tab-content elementor-clearfix\" data-tab=\"1\" role=\"region\" aria-labelledby=\"elementor-tab-title-1021\"><p>Mi chiamo Sofroni Liliana, ho 52 anni. Sono nata in Moldavia, ma vivo nella citt\u00e0 di Merano da circa 16 anni. Ho una figlia di 26 anni e una nipotina di un anno e mezzo. Qui, in Alto Adige, si \u00e8 trasferita anche parte della mia famiglia d\u2019origine. In questi anni ho svolto le professioni pi\u00f9 umili ma anche gratificanti perch\u00e9 mi hanno consentito di costruirmi un futuro con dignit\u00e0. Ringrazio per questo la citt\u00e0 di Merano che mi ha accolta dandomi la possibilit\u00e0 di rifarmi una vita. Attualmente lavoro come donna delle pulizie.<br \/>Ho deciso di candidarmi con La Civica perch\u00e9 condivido appieno i suoi valori ed \u00e8 pi\u00f9 vicina alla gente extracomunitaria che come me cerca di integrarsi nel tessuto sociale.<\/p><\/div>\n\t\t\t\t<\/div>\n\t\t\t\t\t\t\t\t<\/div>\n\t\t\t\t\t\t<\/div>\n\t\t\t\t<\/div>\n\t\t\t\t\t<\/div>\n\t\t<\/div>\n\t\t\t\t\t<\/div>\n\t\t<\/section>\n\t\t\t\t\t<\/div>\n\t\t<\/div>\n\t\t\t\t\t<\/div>\n\t\t<\/section>\n\t\t\t\t<section class=\"elementor-section elementor-top-section elementor-element elementor-element-cff5cfa elementor-section-boxed elementor-section-height-default elementor-section-height-default\" data-id=\"cff5cfa\" data-element_type=\"section\" data-e-type=\"section\" data-settings=\"{&quot;background_background&quot;:&quot;classic&quot;}\">\n\t\t\t\t\t\t<div class=\"elementor-container elementor-column-gap-default\">\n\t\t\t\t\t<div class=\"elementor-column elementor-col-100 elementor-top-column elementor-element elementor-element-a615fe3\" data-id=\"a615fe3\" data-element_type=\"column\" data-e-type=\"column\">\n\t\t\t<div class=\"elementor-widget-wrap elementor-element-populated\">\n\t\t\t\t\t\t<section class=\"elementor-section elementor-inner-section elementor-element elementor-element-8287e3e elementor-section-boxed elementor-section-height-default elementor-section-height-default\" data-id=\"8287e3e\" data-element_type=\"section\" data-e-type=\"section\">\n\t\t\t\t\t\t<div class=\"elementor-container elementor-column-gap-default\">\n\t\t\t\t\t<div class=\"elementor-column elementor-col-50 elementor-inner-column elementor-element elementor-element-faa2acc\" data-id=\"faa2acc\" data-element_type=\"column\" data-e-type=\"column\">\n\t\t\t<div class=\"elementor-widget-wrap elementor-element-populated\">\n\t\t\t\t\t\t<div class=\"elementor-element elementor-element-8809063 elementor-widget elementor-widget-image\" data-id=\"8809063\" data-element_type=\"widget\" data-e-type=\"widget\" data-widget_type=\"image.default\">\n\t\t\t\t<div class=\"elementor-widget-container\">\n\t\t\t\t\t\t\t\t\t\t\t\t\t\t\t<img loading=\"lazy\" decoding=\"async\" width=\"300\" height=\"200\" src=\"https:\/\/www.lacivicapermerano.eu\/wp-content\/uploads\/2020\/08\/CPM2020_20_stolcis-300x200.jpg\" class=\"attachment-medium size-medium wp-image-901\" alt=\"\" srcset=\"https:\/\/www.lacivicapermerano.eu\/wp-content\/uploads\/2020\/08\/CPM2020_20_stolcis-300x200.jpg 300w, https:\/\/www.lacivicapermerano.eu\/wp-content\/uploads\/2020\/08\/CPM2020_20_stolcis-768x513.jpg 768w, https:\/\/www.lacivicapermerano.eu\/wp-content\/uploads\/2020\/08\/CPM2020_20_stolcis-830x554.jpg 830w, https:\/\/www.lacivicapermerano.eu\/wp-content\/uploads\/2020\/08\/CPM2020_20_stolcis-230x154.jpg 230w, https:\/\/www.lacivicapermerano.eu\/wp-content\/uploads\/2020\/08\/CPM2020_20_stolcis-350x234.jpg 350w, https:\/\/www.lacivicapermerano.eu\/wp-content\/uploads\/2020\/08\/CPM2020_20_stolcis-480x321.jpg 480w, https:\/\/www.lacivicapermerano.eu\/wp-content\/uploads\/2020\/08\/CPM2020_20_stolcis.jpg 1000w\" sizes=\"(max-width: 300px) 100vw, 300px\" \/>\t\t\t\t\t\t\t\t\t\t\t\t\t\t\t<\/div>\n\t\t\t\t<\/div>\n\t\t\t\t<div class=\"elementor-element elementor-element-6297171 elementor-align-center elementor-widget elementor-widget-button\" data-id=\"6297171\" data-element_type=\"widget\" data-e-type=\"widget\" data-widget_type=\"button.default\">\n\t\t\t\t<div class=\"elementor-widget-container\">\n\t\t\t\t\t\t\t\t\t<div class=\"elementor-button-wrapper\">\n\t\t\t\t\t<a class=\"elementor-button elementor-button-link elementor-size-sm\" href=\"https:\/\/www.lacivicapermerano.eu\/wp-content\/uploads\/2021\/09\/certificato-penale-Stolcis.pdf\">\n\t\t\t\t\t\t<span class=\"elementor-button-content-wrapper\">\n\t\t\t\t\t\t\t\t\t<span class=\"elementor-button-text\">Cert. penale<\/span>\n\t\t\t\t\t<\/span>\n\t\t\t\t\t<\/a>\n\t\t\t\t<\/div>\n\t\t\t\t\t\t\t\t<\/div>\n\t\t\t\t<\/div>\n\t\t\t\t\t<\/div>\n\t\t<\/div>\n\t\t\t\t<div class=\"elementor-column elementor-col-50 elementor-inner-column elementor-element elementor-element-3041258\" data-id=\"3041258\" data-element_type=\"column\" data-e-type=\"column\">\n\t\t\t<div class=\"elementor-widget-wrap elementor-element-populated\">\n\t\t\t\t\t\t<div class=\"elementor-element elementor-element-94938ec elementor-widget elementor-widget-heading\" data-id=\"94938ec\" data-element_type=\"widget\" data-e-type=\"widget\" data-widget_type=\"heading.default\">\n\t\t\t\t<div class=\"elementor-widget-container\">\n\t\t\t\t\t<h2 class=\"elementor-heading-title elementor-size-default\">Lara Stolcis<\/h2>\t\t\t\t<\/div>\n\t\t\t\t<\/div>\n\t\t\t\t<div class=\"elementor-element elementor-element-83b66ac elementor-widget elementor-widget-text-editor\" data-id=\"83b66ac\" data-element_type=\"widget\" data-e-type=\"widget\" data-widget_type=\"text-editor.default\">\n\t\t\t\t<div class=\"elementor-widget-container\">\n\t\t\t\t\t\t\t\t\t<p>22 anni, di madrelingua tedesca, nata e cresciuta a Merano.<\/p>\t\t\t\t\t\t\t\t<\/div>\n\t\t\t\t<\/div>\n\t\t\t\t\t<\/div>\n\t\t<\/div>\n\t\t\t\t\t<\/div>\n\t\t<\/section>\n\t\t\t\t<section class=\"elementor-section elementor-inner-section elementor-element elementor-element-2910618 elementor-section-boxed elementor-section-height-default elementor-section-height-default\" data-id=\"2910618\" data-element_type=\"section\" data-e-type=\"section\">\n\t\t\t\t\t\t<div class=\"elementor-container elementor-column-gap-default\">\n\t\t\t\t\t<div class=\"elementor-column elementor-col-100 elementor-inner-column elementor-element elementor-element-b21c717\" data-id=\"b21c717\" data-element_type=\"column\" data-e-type=\"column\">\n\t\t\t<div class=\"elementor-widget-wrap elementor-element-populated\">\n\t\t\t\t\t\t<div class=\"elementor-element elementor-element-0b36dad elementor-widget elementor-widget-toggle\" data-id=\"0b36dad\" data-element_type=\"widget\" data-e-type=\"widget\" data-widget_type=\"toggle.default\">\n\t\t\t\t<div class=\"elementor-widget-container\">\n\t\t\t\t\t\t\t<div class=\"elementor-toggle\">\n\t\t\t\t\t\t\t<div class=\"elementor-toggle-item\">\n\t\t\t\t\t<div id=\"elementor-tab-title-1171\" class=\"elementor-tab-title\" data-tab=\"1\" role=\"button\" aria-controls=\"elementor-tab-content-1171\" aria-expanded=\"false\">\n\t\t\t\t\t\t\t\t\t\t\t\t<span class=\"elementor-toggle-icon elementor-toggle-icon-left\" aria-hidden=\"true\">\n\t\t\t\t\t\t\t\t\t\t\t\t\t\t\t<span class=\"elementor-toggle-icon-closed\"><i class=\"fas fa-comment-dots\"><\/i><\/span>\n\t\t\t\t\t\t\t\t<span class=\"elementor-toggle-icon-opened\"><i class=\"elementor-toggle-icon-opened fas fa-caret-up\"><\/i><\/span>\n\t\t\t\t\t\t\t\t\t\t\t\t\t<\/span>\n\t\t\t\t\t\t\t\t\t\t\t\t<a class=\"elementor-toggle-title\" tabindex=\"0\">Mi presento<\/a>\n\t\t\t\t\t<\/div>\n\n\t\t\t\t\t<div id=\"elementor-tab-content-1171\" class=\"elementor-tab-content elementor-clearfix\" data-tab=\"1\" role=\"region\" aria-labelledby=\"elementor-tab-title-1171\"><div class=\"page\" title=\"Page 1\"><div class=\"section\"><div class=\"layoutArea\"><div class=\"column\"><p>Lara Stolcis, 22 anni, di madrelingua tedesca, nata e cresciuta a Merano e studentessa di Economia e Management all\u2019Universita\u0300 di Bolzano. Gia\u0300 esperienza politica. Mi piacerebbe impegnarmi per la mia generazione, quella del futuro, per dare voce a noi giovani.<\/p><\/div><\/div><\/div><\/div><\/div>\n\t\t\t\t<\/div>\n\t\t\t\t\t\t\t\t<\/div>\n\t\t\t\t\t\t<\/div>\n\t\t\t\t<\/div>\n\t\t\t\t\t<\/div>\n\t\t<\/div>\n\t\t\t\t\t<\/div>\n\t\t<\/section>\n\t\t\t\t\t<\/div>\n\t\t<\/div>\n\t\t\t\t\t<\/div>\n\t\t<\/section>\n\t\t\t\t<section class=\"elementor-section elementor-top-section elementor-element elementor-element-c531d99 elementor-section-boxed elementor-section-height-default elementor-section-height-default\" data-id=\"c531d99\" data-element_type=\"section\" data-e-type=\"section\" data-settings=\"{&quot;background_background&quot;:&quot;classic&quot;}\">\n\t\t\t\t\t\t<div class=\"elementor-container elementor-column-gap-default\">\n\t\t\t\t\t<div class=\"elementor-column elementor-col-100 elementor-top-column elementor-element elementor-element-29c5a38\" data-id=\"29c5a38\" data-element_type=\"column\" data-e-type=\"column\">\n\t\t\t<div class=\"elementor-widget-wrap elementor-element-populated\">\n\t\t\t\t\t\t<section class=\"elementor-section elementor-inner-section elementor-element elementor-element-ae1d300 elementor-section-boxed elementor-section-height-default elementor-section-height-default\" data-id=\"ae1d300\" data-element_type=\"section\" data-e-type=\"section\">\n\t\t\t\t\t\t<div class=\"elementor-container elementor-column-gap-default\">\n\t\t\t\t\t<div class=\"elementor-column elementor-col-50 elementor-inner-column elementor-element elementor-element-c8ad2cb\" data-id=\"c8ad2cb\" data-element_type=\"column\" data-e-type=\"column\">\n\t\t\t<div class=\"elementor-widget-wrap elementor-element-populated\">\n\t\t\t\t\t\t<div class=\"elementor-element elementor-element-67d5d56 elementor-widget elementor-widget-image\" data-id=\"67d5d56\" data-element_type=\"widget\" data-e-type=\"widget\" data-widget_type=\"image.default\">\n\t\t\t\t<div class=\"elementor-widget-container\">\n\t\t\t\t\t\t\t\t\t\t\t\t\t\t\t<img loading=\"lazy\" decoding=\"async\" width=\"300\" height=\"200\" src=\"https:\/\/www.lacivicapermerano.eu\/wp-content\/uploads\/2020\/08\/CPM2020_34_-muhammad-300x200.jpg\" class=\"attachment-medium size-medium wp-image-981\" alt=\"\" srcset=\"https:\/\/www.lacivicapermerano.eu\/wp-content\/uploads\/2020\/08\/CPM2020_34_-muhammad-300x200.jpg 300w, https:\/\/www.lacivicapermerano.eu\/wp-content\/uploads\/2020\/08\/CPM2020_34_-muhammad-768x513.jpg 768w, https:\/\/www.lacivicapermerano.eu\/wp-content\/uploads\/2020\/08\/CPM2020_34_-muhammad-830x554.jpg 830w, https:\/\/www.lacivicapermerano.eu\/wp-content\/uploads\/2020\/08\/CPM2020_34_-muhammad-230x154.jpg 230w, https:\/\/www.lacivicapermerano.eu\/wp-content\/uploads\/2020\/08\/CPM2020_34_-muhammad-350x234.jpg 350w, https:\/\/www.lacivicapermerano.eu\/wp-content\/uploads\/2020\/08\/CPM2020_34_-muhammad-480x321.jpg 480w, https:\/\/www.lacivicapermerano.eu\/wp-content\/uploads\/2020\/08\/CPM2020_34_-muhammad.jpg 1000w\" sizes=\"(max-width: 300px) 100vw, 300px\" \/>\t\t\t\t\t\t\t\t\t\t\t\t\t\t\t<\/div>\n\t\t\t\t<\/div>\n\t\t\t\t<div class=\"elementor-element elementor-element-e479d7b elementor-align-center elementor-widget elementor-widget-button\" data-id=\"e479d7b\" data-element_type=\"widget\" data-e-type=\"widget\" data-widget_type=\"button.default\">\n\t\t\t\t<div class=\"elementor-widget-container\">\n\t\t\t\t\t\t\t\t\t<div class=\"elementor-button-wrapper\">\n\t\t\t\t\t<a class=\"elementor-button elementor-button-link elementor-size-sm\" href=\"https:\/\/www.lacivicapermerano.eu\/wp-content\/uploads\/2021\/09\/certificato-penale-Syed.pdf\">\n\t\t\t\t\t\t<span class=\"elementor-button-content-wrapper\">\n\t\t\t\t\t\t\t\t\t<span class=\"elementor-button-text\">Cert. penale<\/span>\n\t\t\t\t\t<\/span>\n\t\t\t\t\t<\/a>\n\t\t\t\t<\/div>\n\t\t\t\t\t\t\t\t<\/div>\n\t\t\t\t<\/div>\n\t\t\t\t\t<\/div>\n\t\t<\/div>\n\t\t\t\t<div class=\"elementor-column elementor-col-50 elementor-inner-column elementor-element elementor-element-45c0b40\" data-id=\"45c0b40\" data-element_type=\"column\" data-e-type=\"column\">\n\t\t\t<div class=\"elementor-widget-wrap elementor-element-populated\">\n\t\t\t\t\t\t<div class=\"elementor-element elementor-element-c11b8b5 elementor-widget elementor-widget-heading\" data-id=\"c11b8b5\" data-element_type=\"widget\" data-e-type=\"widget\" data-widget_type=\"heading.default\">\n\t\t\t\t<div class=\"elementor-widget-container\">\n\t\t\t\t\t<h2 class=\"elementor-heading-title elementor-size-default\">Saghir Ul Hassan Syed Muhammad<\/h2>\t\t\t\t<\/div>\n\t\t\t\t<\/div>\n\t\t\t\t<div class=\"elementor-element elementor-element-e556088 elementor-widget elementor-widget-text-editor\" data-id=\"e556088\" data-element_type=\"widget\" data-e-type=\"widget\" data-widget_type=\"text-editor.default\">\n\t\t\t\t<div class=\"elementor-widget-container\">\n\t\t\t\t\t\t\t\t\t<p>47 anni. Nato in Pakistan. Sposato con quattro figli tutti nati a Merano. Laureato in economia e commercio a Londra. Arrivato in Italia nel 2002 e nel 2006 ho aperto una lavanderia a Merano,<\/p>\t\t\t\t\t\t\t\t<\/div>\n\t\t\t\t<\/div>\n\t\t\t\t\t<\/div>\n\t\t<\/div>\n\t\t\t\t\t<\/div>\n\t\t<\/section>\n\t\t\t\t<section class=\"elementor-section elementor-inner-section elementor-element elementor-element-ca57a4b elementor-section-boxed elementor-section-height-default elementor-section-height-default\" data-id=\"ca57a4b\" data-element_type=\"section\" data-e-type=\"section\">\n\t\t\t\t\t\t<div class=\"elementor-container elementor-column-gap-default\">\n\t\t\t\t\t<div class=\"elementor-column elementor-col-100 elementor-inner-column elementor-element elementor-element-fc4754d\" data-id=\"fc4754d\" data-element_type=\"column\" data-e-type=\"column\">\n\t\t\t<div class=\"elementor-widget-wrap elementor-element-populated\">\n\t\t\t\t\t\t<div class=\"elementor-element elementor-element-7777fe0 elementor-widget elementor-widget-toggle\" data-id=\"7777fe0\" data-element_type=\"widget\" data-e-type=\"widget\" data-widget_type=\"toggle.default\">\n\t\t\t\t<div class=\"elementor-widget-container\">\n\t\t\t\t\t\t\t<div class=\"elementor-toggle\">\n\t\t\t\t\t\t\t<div class=\"elementor-toggle-item\">\n\t\t\t\t\t<div id=\"elementor-tab-title-1251\" class=\"elementor-tab-title\" data-tab=\"1\" role=\"button\" aria-controls=\"elementor-tab-content-1251\" aria-expanded=\"false\">\n\t\t\t\t\t\t\t\t\t\t\t\t<span class=\"elementor-toggle-icon elementor-toggle-icon-left\" aria-hidden=\"true\">\n\t\t\t\t\t\t\t\t\t\t\t\t\t\t\t<span class=\"elementor-toggle-icon-closed\"><i class=\"fas fa-comment-dots\"><\/i><\/span>\n\t\t\t\t\t\t\t\t<span class=\"elementor-toggle-icon-opened\"><i class=\"elementor-toggle-icon-opened fas fa-caret-up\"><\/i><\/span>\n\t\t\t\t\t\t\t\t\t\t\t\t\t<\/span>\n\t\t\t\t\t\t\t\t\t\t\t\t<a class=\"elementor-toggle-title\" tabindex=\"0\">Mi presento<\/a>\n\t\t\t\t\t<\/div>\n\n\t\t\t\t\t<div id=\"elementor-tab-content-1251\" class=\"elementor-tab-content elementor-clearfix\" data-tab=\"1\" role=\"region\" aria-labelledby=\"elementor-tab-title-1251\"><div class=\"page\" title=\"Page 1\"><div class=\"section\"><div class=\"layoutArea\"><div class=\"column\"><p>Syed Muhammad Saghir Ul Hassan, nato il 13.07.1974 in Pakistan Sposato con quattro figli tutti nati a Merano.<br \/>Laureato in economia e commercio a Londra (commercialista) Arrivato in Italia nel 2002 e a Merano nell\u2019agosto del 2003.<\/p><p>Nel 2006 ha aperto la lavanderia in via Manzoni all\u2019altezza della passerella di via Leopardi.<br \/>Nel 2014 sono diventato cittadino italiano.<br \/>Sono attivo in varie associazioni culturali sia in Alto Adige che in altre zone del nord Italia.<br \/>Mi reputo un punto di riferimento per tutti i pakistani residenti in Alto Adige a cui presto il mio aiuto per sbrigare tutte le pratiche amministrative relative ai permessi di soggiorno e alle domande per ottenere la cittadinanza.<\/p><\/div><\/div><\/div><\/div><\/div>\n\t\t\t\t<\/div>\n\t\t\t\t\t\t\t\t<\/div>\n\t\t\t\t\t\t<\/div>\n\t\t\t\t<\/div>\n\t\t\t\t\t<\/div>\n\t\t<\/div>\n\t\t\t\t\t<\/div>\n\t\t<\/section>\n\t\t\t\t\t<\/div>\n\t\t<\/div>\n\t\t\t\t\t<\/div>\n\t\t<\/section>\n\t\t\t\t<section class=\"elementor-section elementor-top-section elementor-element elementor-element-23a97a0 elementor-section-boxed elementor-section-height-default elementor-section-height-default\" data-id=\"23a97a0\" data-element_type=\"section\" data-e-type=\"section\" data-settings=\"{&quot;background_background&quot;:&quot;classic&quot;}\">\n\t\t\t\t\t\t<div class=\"elementor-container elementor-column-gap-default\">\n\t\t\t\t\t<div class=\"elementor-column elementor-col-100 elementor-top-column elementor-element elementor-element-d0d5cba\" data-id=\"d0d5cba\" data-element_type=\"column\" data-e-type=\"column\">\n\t\t\t<div class=\"elementor-widget-wrap elementor-element-populated\">\n\t\t\t\t\t\t<section class=\"elementor-section elementor-inner-section elementor-element elementor-element-aa6cce6 elementor-section-boxed elementor-section-height-default elementor-section-height-default\" data-id=\"aa6cce6\" data-element_type=\"section\" data-e-type=\"section\">\n\t\t\t\t\t\t<div class=\"elementor-container elementor-column-gap-default\">\n\t\t\t\t\t<div class=\"elementor-column elementor-col-50 elementor-inner-column elementor-element elementor-element-85f4f27\" data-id=\"85f4f27\" data-element_type=\"column\" data-e-type=\"column\">\n\t\t\t<div class=\"elementor-widget-wrap elementor-element-populated\">\n\t\t\t\t\t\t<div class=\"elementor-element elementor-element-42659a8 elementor-widget elementor-widget-image\" data-id=\"42659a8\" data-element_type=\"widget\" data-e-type=\"widget\" data-widget_type=\"image.default\">\n\t\t\t\t<div class=\"elementor-widget-container\">\n\t\t\t\t\t\t\t\t\t\t\t\t\t\t\t<img loading=\"lazy\" decoding=\"async\" width=\"300\" height=\"200\" src=\"https:\/\/www.lacivicapermerano.eu\/wp-content\/uploads\/2020\/08\/CPM2020_18_tirello-300x200.jpg\" class=\"attachment-medium size-medium wp-image-927\" alt=\"\" srcset=\"https:\/\/www.lacivicapermerano.eu\/wp-content\/uploads\/2020\/08\/CPM2020_18_tirello-300x200.jpg 300w, https:\/\/www.lacivicapermerano.eu\/wp-content\/uploads\/2020\/08\/CPM2020_18_tirello-768x513.jpg 768w, https:\/\/www.lacivicapermerano.eu\/wp-content\/uploads\/2020\/08\/CPM2020_18_tirello-830x554.jpg 830w, https:\/\/www.lacivicapermerano.eu\/wp-content\/uploads\/2020\/08\/CPM2020_18_tirello-230x154.jpg 230w, https:\/\/www.lacivicapermerano.eu\/wp-content\/uploads\/2020\/08\/CPM2020_18_tirello-350x234.jpg 350w, https:\/\/www.lacivicapermerano.eu\/wp-content\/uploads\/2020\/08\/CPM2020_18_tirello-480x321.jpg 480w, https:\/\/www.lacivicapermerano.eu\/wp-content\/uploads\/2020\/08\/CPM2020_18_tirello.jpg 1000w\" sizes=\"(max-width: 300px) 100vw, 300px\" \/>\t\t\t\t\t\t\t\t\t\t\t\t\t\t\t<\/div>\n\t\t\t\t<\/div>\n\t\t\t\t<div class=\"elementor-element elementor-element-366e0a5 elementor-align-center elementor-widget elementor-widget-button\" data-id=\"366e0a5\" data-element_type=\"widget\" data-e-type=\"widget\" data-widget_type=\"button.default\">\n\t\t\t\t<div class=\"elementor-widget-container\">\n\t\t\t\t\t\t\t\t\t<div class=\"elementor-button-wrapper\">\n\t\t\t\t\t<a class=\"elementor-button elementor-button-link elementor-size-sm\" href=\"https:\/\/www.lacivicapermerano.eu\/wp-content\/uploads\/2021\/09\/Certificato-Penale-Tirello-Francesco.pdf\">\n\t\t\t\t\t\t<span class=\"elementor-button-content-wrapper\">\n\t\t\t\t\t\t\t\t\t<span class=\"elementor-button-text\">Cert. penale<\/span>\n\t\t\t\t\t<\/span>\n\t\t\t\t\t<\/a>\n\t\t\t\t<\/div>\n\t\t\t\t\t\t\t\t<\/div>\n\t\t\t\t<\/div>\n\t\t\t\t\t<\/div>\n\t\t<\/div>\n\t\t\t\t<div class=\"elementor-column elementor-col-50 elementor-inner-column elementor-element elementor-element-5f23624\" data-id=\"5f23624\" data-element_type=\"column\" data-e-type=\"column\">\n\t\t\t<div class=\"elementor-widget-wrap elementor-element-populated\">\n\t\t\t\t\t\t<div class=\"elementor-element elementor-element-6d2a99d elementor-widget elementor-widget-heading\" data-id=\"6d2a99d\" data-element_type=\"widget\" data-e-type=\"widget\" data-widget_type=\"heading.default\">\n\t\t\t\t<div class=\"elementor-widget-container\">\n\t\t\t\t\t<h2 class=\"elementor-heading-title elementor-size-default\">Francesco Tirello<\/h2>\t\t\t\t<\/div>\n\t\t\t\t<\/div>\n\t\t\t\t<div class=\"elementor-element elementor-element-8bdd3ca elementor-widget elementor-widget-text-editor\" data-id=\"8bdd3ca\" data-element_type=\"widget\" data-e-type=\"widget\" data-widget_type=\"text-editor.default\">\n\t\t\t\t<div class=\"elementor-widget-container\">\n\t\t\t\t\t\t\t\t\t<p>26 anni. Studio Informatica presso l&#8217;Universita\u0300 degli Studi di Trento. Dal 2015 lavoro come animatore presso il &#8220;Grest&#8221; di Merano e faccio volontariato all&#8217;interno dell&#8217;associazione giovanile &#8220;Cilla&#8221; .<\/p>\t\t\t\t\t\t\t\t<\/div>\n\t\t\t\t<\/div>\n\t\t\t\t\t<\/div>\n\t\t<\/div>\n\t\t\t\t\t<\/div>\n\t\t<\/section>\n\t\t\t\t<section class=\"elementor-section elementor-inner-section elementor-element elementor-element-79c003d elementor-section-boxed elementor-section-height-default elementor-section-height-default\" data-id=\"79c003d\" data-element_type=\"section\" data-e-type=\"section\">\n\t\t\t\t\t\t<div class=\"elementor-container elementor-column-gap-default\">\n\t\t\t\t\t<div class=\"elementor-column elementor-col-100 elementor-inner-column elementor-element elementor-element-18d45f6\" data-id=\"18d45f6\" data-element_type=\"column\" data-e-type=\"column\">\n\t\t\t<div class=\"elementor-widget-wrap elementor-element-populated\">\n\t\t\t\t\t\t<div class=\"elementor-element elementor-element-a069ac7 elementor-widget elementor-widget-toggle\" data-id=\"a069ac7\" data-element_type=\"widget\" data-e-type=\"widget\" data-widget_type=\"toggle.default\">\n\t\t\t\t<div class=\"elementor-widget-container\">\n\t\t\t\t\t\t\t<div class=\"elementor-toggle\">\n\t\t\t\t\t\t\t<div class=\"elementor-toggle-item\">\n\t\t\t\t\t<div id=\"elementor-tab-title-1681\" class=\"elementor-tab-title\" data-tab=\"1\" role=\"button\" aria-controls=\"elementor-tab-content-1681\" aria-expanded=\"false\">\n\t\t\t\t\t\t\t\t\t\t\t\t<span class=\"elementor-toggle-icon elementor-toggle-icon-left\" aria-hidden=\"true\">\n\t\t\t\t\t\t\t\t\t\t\t\t\t\t\t<span class=\"elementor-toggle-icon-closed\"><i class=\"fas fa-comment-dots\"><\/i><\/span>\n\t\t\t\t\t\t\t\t<span class=\"elementor-toggle-icon-opened\"><i class=\"elementor-toggle-icon-opened fas fa-caret-up\"><\/i><\/span>\n\t\t\t\t\t\t\t\t\t\t\t\t\t<\/span>\n\t\t\t\t\t\t\t\t\t\t\t\t<a class=\"elementor-toggle-title\" tabindex=\"0\">Mi presento<\/a>\n\t\t\t\t\t<\/div>\n\n\t\t\t\t\t<div id=\"elementor-tab-content-1681\" class=\"elementor-tab-content elementor-clearfix\" data-tab=\"1\" role=\"region\" aria-labelledby=\"elementor-tab-title-1681\"><div class=\"page\" title=\"Page 1\"><div class=\"section\"><div class=\"layoutArea\"><div class=\"column\"><p>Mi chiamo Francesco Tirello e sono nato a Merano il 03.04.1995. Mi sono diplomato al liceo scientifico<\/p><p>tecnologico Blaise Pascal e attualmente studio Informatica presso l&#8217;Universita\u0300 degli Studi di Trento.<\/p><p>Dal 2015 lavoro come animatore presso il &#8220;Grest&#8221; di Merano.<br \/>Dal 2015 faccio volontariato all&#8217;interno dell&#8217;associazione giovanile &#8220;Cilla&#8221; dedicandomi ai ragazzi delle superiori svolgendo con loro varie attivita\u0300.<br \/>Dal 2015 sono membro del consiglio direttivo della Consulta Giovani del Comune di Merano.<br \/>Dal 2016 sono allenatore di una squadra giovanile di pallavolo.<br \/>Dal 2019 sono Vicepresidente della Consulta Giovani del Comune di Merano.<br \/>Dal 2019 sono dirigente della sezione volley del &#8220;CUS Trento&#8221;.<\/p><\/div><\/div><\/div><\/div><\/div>\n\t\t\t\t<\/div>\n\t\t\t\t\t\t\t\t<\/div>\n\t\t\t\t\t\t<\/div>\n\t\t\t\t<\/div>\n\t\t\t\t\t<\/div>\n\t\t<\/div>\n\t\t\t\t\t<\/div>\n\t\t<\/section>\n\t\t\t\t\t<\/div>\n\t\t<\/div>\n\t\t\t\t\t<\/div>\n\t\t<\/section>\n\t\t\t\t<section class=\"elementor-section elementor-top-section elementor-element elementor-element-89da43b elementor-section-boxed elementor-section-height-default elementor-section-height-default\" data-id=\"89da43b\" data-element_type=\"section\" data-e-type=\"section\" data-settings=\"{&quot;background_background&quot;:&quot;classic&quot;}\">\n\t\t\t\t\t\t<div class=\"elementor-container elementor-column-gap-default\">\n\t\t\t\t\t<div class=\"elementor-column elementor-col-100 elementor-top-column elementor-element elementor-element-b0e96eb\" data-id=\"b0e96eb\" data-element_type=\"column\" data-e-type=\"column\">\n\t\t\t<div class=\"elementor-widget-wrap elementor-element-populated\">\n\t\t\t\t\t\t<section class=\"elementor-section elementor-inner-section elementor-element elementor-element-405c481 elementor-section-boxed elementor-section-height-default elementor-section-height-default\" data-id=\"405c481\" data-element_type=\"section\" data-e-type=\"section\">\n\t\t\t\t\t\t<div class=\"elementor-container elementor-column-gap-default\">\n\t\t\t\t\t<div class=\"elementor-column elementor-col-50 elementor-inner-column elementor-element elementor-element-b419bf5\" data-id=\"b419bf5\" data-element_type=\"column\" data-e-type=\"column\">\n\t\t\t<div class=\"elementor-widget-wrap elementor-element-populated\">\n\t\t\t\t\t\t<div class=\"elementor-element elementor-element-38bc033 elementor-widget elementor-widget-image\" data-id=\"38bc033\" data-element_type=\"widget\" data-e-type=\"widget\" data-widget_type=\"image.default\">\n\t\t\t\t<div class=\"elementor-widget-container\">\n\t\t\t\t\t\t\t\t\t\t\t\t\t\t\t<img loading=\"lazy\" decoding=\"async\" width=\"300\" height=\"200\" src=\"https:\/\/www.lacivicapermerano.eu\/wp-content\/uploads\/2020\/08\/CPM2020_19_trunzo-300x200.jpg\" class=\"attachment-medium size-medium wp-image-928\" alt=\"\" srcset=\"https:\/\/www.lacivicapermerano.eu\/wp-content\/uploads\/2020\/08\/CPM2020_19_trunzo-300x200.jpg 300w, https:\/\/www.lacivicapermerano.eu\/wp-content\/uploads\/2020\/08\/CPM2020_19_trunzo-768x513.jpg 768w, https:\/\/www.lacivicapermerano.eu\/wp-content\/uploads\/2020\/08\/CPM2020_19_trunzo-830x554.jpg 830w, https:\/\/www.lacivicapermerano.eu\/wp-content\/uploads\/2020\/08\/CPM2020_19_trunzo-230x154.jpg 230w, https:\/\/www.lacivicapermerano.eu\/wp-content\/uploads\/2020\/08\/CPM2020_19_trunzo-350x234.jpg 350w, https:\/\/www.lacivicapermerano.eu\/wp-content\/uploads\/2020\/08\/CPM2020_19_trunzo-480x321.jpg 480w, https:\/\/www.lacivicapermerano.eu\/wp-content\/uploads\/2020\/08\/CPM2020_19_trunzo.jpg 1000w\" sizes=\"(max-width: 300px) 100vw, 300px\" \/>\t\t\t\t\t\t\t\t\t\t\t\t\t\t\t<\/div>\n\t\t\t\t<\/div>\n\t\t\t\t<div class=\"elementor-element elementor-element-d2fbfe9 elementor-align-center elementor-widget elementor-widget-button\" data-id=\"d2fbfe9\" data-element_type=\"widget\" data-e-type=\"widget\" data-widget_type=\"button.default\">\n\t\t\t\t<div class=\"elementor-widget-container\">\n\t\t\t\t\t\t\t\t\t<div class=\"elementor-button-wrapper\">\n\t\t\t\t\t<a class=\"elementor-button elementor-button-link elementor-size-sm\" href=\"https:\/\/www.lacivicapermerano.eu\/wp-content\/uploads\/2021\/09\/certificato-penale-Trunzo.pdf\">\n\t\t\t\t\t\t<span class=\"elementor-button-content-wrapper\">\n\t\t\t\t\t\t\t\t\t<span class=\"elementor-button-text\">Cert. penale<\/span>\n\t\t\t\t\t<\/span>\n\t\t\t\t\t<\/a>\n\t\t\t\t<\/div>\n\t\t\t\t\t\t\t\t<\/div>\n\t\t\t\t<\/div>\n\t\t\t\t\t<\/div>\n\t\t<\/div>\n\t\t\t\t<div class=\"elementor-column elementor-col-50 elementor-inner-column elementor-element elementor-element-1fe05b7\" data-id=\"1fe05b7\" data-element_type=\"column\" data-e-type=\"column\">\n\t\t\t<div class=\"elementor-widget-wrap elementor-element-populated\">\n\t\t\t\t\t\t<div class=\"elementor-element elementor-element-5556ed5 elementor-widget elementor-widget-heading\" data-id=\"5556ed5\" data-element_type=\"widget\" data-e-type=\"widget\" data-widget_type=\"heading.default\">\n\t\t\t\t<div class=\"elementor-widget-container\">\n\t\t\t\t\t<h2 class=\"elementor-heading-title elementor-size-default\">Federica Dolores Trunzo<\/h2>\t\t\t\t<\/div>\n\t\t\t\t<\/div>\n\t\t\t\t<div class=\"elementor-element elementor-element-7eeae74 elementor-widget elementor-widget-text-editor\" data-id=\"7eeae74\" data-element_type=\"widget\" data-e-type=\"widget\" data-widget_type=\"text-editor.default\">\n\t\t\t\t<div class=\"elementor-widget-container\">\n\t\t\t\t\t\t\t\t\t<p>\u00a026 anni. Nata in Calabria, ma vivo Merano da quando avevo due anni. Sono Estetista, responsabile tecnico della cabina estetica all\u2019interno della farmacia 10.<\/p>\t\t\t\t\t\t\t\t<\/div>\n\t\t\t\t<\/div>\n\t\t\t\t\t<\/div>\n\t\t<\/div>\n\t\t\t\t\t<\/div>\n\t\t<\/section>\n\t\t\t\t<section class=\"elementor-section elementor-inner-section elementor-element elementor-element-7546821 elementor-section-boxed elementor-section-height-default elementor-section-height-default\" data-id=\"7546821\" data-element_type=\"section\" data-e-type=\"section\">\n\t\t\t\t\t\t<div class=\"elementor-container elementor-column-gap-default\">\n\t\t\t\t\t<div class=\"elementor-column elementor-col-100 elementor-inner-column elementor-element elementor-element-b9eb8d3\" data-id=\"b9eb8d3\" data-element_type=\"column\" data-e-type=\"column\">\n\t\t\t<div class=\"elementor-widget-wrap elementor-element-populated\">\n\t\t\t\t\t\t<div class=\"elementor-element elementor-element-4193216 elementor-widget elementor-widget-toggle\" data-id=\"4193216\" data-element_type=\"widget\" data-e-type=\"widget\" data-widget_type=\"toggle.default\">\n\t\t\t\t<div class=\"elementor-widget-container\">\n\t\t\t\t\t\t\t<div class=\"elementor-toggle\">\n\t\t\t\t\t\t\t<div class=\"elementor-toggle-item\">\n\t\t\t\t\t<div id=\"elementor-tab-title-6871\" class=\"elementor-tab-title\" data-tab=\"1\" role=\"button\" aria-controls=\"elementor-tab-content-6871\" aria-expanded=\"false\">\n\t\t\t\t\t\t\t\t\t\t\t\t<span class=\"elementor-toggle-icon elementor-toggle-icon-left\" aria-hidden=\"true\">\n\t\t\t\t\t\t\t\t\t\t\t\t\t\t\t<span class=\"elementor-toggle-icon-closed\"><i class=\"fas fa-comment-dots\"><\/i><\/span>\n\t\t\t\t\t\t\t\t<span class=\"elementor-toggle-icon-opened\"><i class=\"elementor-toggle-icon-opened fas fa-caret-up\"><\/i><\/span>\n\t\t\t\t\t\t\t\t\t\t\t\t\t<\/span>\n\t\t\t\t\t\t\t\t\t\t\t\t<a class=\"elementor-toggle-title\" tabindex=\"0\">Mi presento<\/a>\n\t\t\t\t\t<\/div>\n\n\t\t\t\t\t<div id=\"elementor-tab-content-6871\" class=\"elementor-tab-content elementor-clearfix\" data-tab=\"1\" role=\"region\" aria-labelledby=\"elementor-tab-title-6871\"><div class=\"page\" title=\"Page 1\"><div class=\"section\"><div class=\"layoutArea\"><div class=\"column\"><p>Federica Dolores Trunzo, nata a Lamezia Terme il 4 febbraio 1995.\u00a0Sono sposata con Simone da 4 anni, vivo a Lagundo.<\/p><p>Sono estetista, ho frequentato la scuola per estetista a Bolzano. Dal 2011 lavoro come estetista.\u00a0Dopo una prima esperienza in studio, dal 2019 gestisco cabine estetiche nelle farmacie. Attualmente sono responsabile tecnico in farmacia 10.<\/p><p>La mia passione piu\u0300 grande e\u0300 la cucina, avere la tavola piena di buon cibo assieme ad amici e famiglia e\u0300 per me una gioia.\u00a0Mi piacciono le serate riunite, credo nel valore della famiglia, e\u0300 la mia prima priorita\u0300.<\/p><\/div><\/div><\/div><\/div><\/div>\n\t\t\t\t<\/div>\n\t\t\t\t\t\t\t\t<\/div>\n\t\t\t\t\t\t<\/div>\n\t\t\t\t<\/div>\n\t\t\t\t\t<\/div>\n\t\t<\/div>\n\t\t\t\t\t<\/div>\n\t\t<\/section>\n\t\t\t\t\t<\/div>\n\t\t<\/div>\n\t\t\t\t\t<\/div>\n\t\t<\/section>\n\t\t\t\t<section class=\"elementor-section elementor-top-section elementor-element elementor-element-2946f73 elementor-section-boxed elementor-section-height-default elementor-section-height-default\" data-id=\"2946f73\" data-element_type=\"section\" data-e-type=\"section\" data-settings=\"{&quot;background_background&quot;:&quot;classic&quot;}\">\n\t\t\t\t\t\t<div class=\"elementor-container elementor-column-gap-default\">\n\t\t\t\t\t<div class=\"elementor-column elementor-col-100 elementor-top-column elementor-element elementor-element-5452ad7\" data-id=\"5452ad7\" data-element_type=\"column\" data-e-type=\"column\">\n\t\t\t<div class=\"elementor-widget-wrap elementor-element-populated\">\n\t\t\t\t\t\t<section class=\"elementor-section elementor-inner-section elementor-element elementor-element-4dd9399 elementor-section-boxed elementor-section-height-default elementor-section-height-default\" data-id=\"4dd9399\" data-element_type=\"section\" data-e-type=\"section\">\n\t\t\t\t\t\t<div class=\"elementor-container elementor-column-gap-default\">\n\t\t\t\t\t<div class=\"elementor-column elementor-col-50 elementor-inner-column elementor-element elementor-element-d85b88b\" data-id=\"d85b88b\" data-element_type=\"column\" data-e-type=\"column\">\n\t\t\t<div class=\"elementor-widget-wrap elementor-element-populated\">\n\t\t\t\t\t\t<div class=\"elementor-element elementor-element-4d6dc65 elementor-widget elementor-widget-image\" data-id=\"4d6dc65\" data-element_type=\"widget\" data-e-type=\"widget\" data-widget_type=\"image.default\">\n\t\t\t\t<div class=\"elementor-widget-container\">\n\t\t\t\t\t\t\t\t\t\t\t\t\t\t\t<img loading=\"lazy\" decoding=\"async\" width=\"300\" height=\"200\" src=\"https:\/\/www.lacivicapermerano.eu\/wp-content\/uploads\/2020\/08\/CPM2020_14_ciurc-300x200.jpg\" class=\"attachment-medium size-medium wp-image-914\" alt=\"\" srcset=\"https:\/\/www.lacivicapermerano.eu\/wp-content\/uploads\/2020\/08\/CPM2020_14_ciurc-300x200.jpg 300w, https:\/\/www.lacivicapermerano.eu\/wp-content\/uploads\/2020\/08\/CPM2020_14_ciurc-768x513.jpg 768w, https:\/\/www.lacivicapermerano.eu\/wp-content\/uploads\/2020\/08\/CPM2020_14_ciurc-830x554.jpg 830w, https:\/\/www.lacivicapermerano.eu\/wp-content\/uploads\/2020\/08\/CPM2020_14_ciurc-230x154.jpg 230w, https:\/\/www.lacivicapermerano.eu\/wp-content\/uploads\/2020\/08\/CPM2020_14_ciurc-350x234.jpg 350w, https:\/\/www.lacivicapermerano.eu\/wp-content\/uploads\/2020\/08\/CPM2020_14_ciurc-480x321.jpg 480w, https:\/\/www.lacivicapermerano.eu\/wp-content\/uploads\/2020\/08\/CPM2020_14_ciurc.jpg 1000w\" sizes=\"(max-width: 300px) 100vw, 300px\" \/>\t\t\t\t\t\t\t\t\t\t\t\t\t\t\t<\/div>\n\t\t\t\t<\/div>\n\t\t\t\t<div class=\"elementor-element elementor-element-2224286 elementor-align-center elementor-widget elementor-widget-button\" data-id=\"2224286\" data-element_type=\"widget\" data-e-type=\"widget\" data-widget_type=\"button.default\">\n\t\t\t\t<div class=\"elementor-widget-container\">\n\t\t\t\t\t\t\t\t\t<div class=\"elementor-button-wrapper\">\n\t\t\t\t\t<a class=\"elementor-button elementor-button-link elementor-size-sm\" href=\"https:\/\/www.lacivicapermerano.eu\/wp-content\/uploads\/2021\/09\/Certificato-Penale-Tschurtschenthaler-Robert.pdf\">\n\t\t\t\t\t\t<span class=\"elementor-button-content-wrapper\">\n\t\t\t\t\t\t\t\t\t<span class=\"elementor-button-text\">Cert. penale<\/span>\n\t\t\t\t\t<\/span>\n\t\t\t\t\t<\/a>\n\t\t\t\t<\/div>\n\t\t\t\t\t\t\t\t<\/div>\n\t\t\t\t<\/div>\n\t\t\t\t\t<\/div>\n\t\t<\/div>\n\t\t\t\t<div class=\"elementor-column elementor-col-50 elementor-inner-column elementor-element elementor-element-56bdee7\" data-id=\"56bdee7\" data-element_type=\"column\" data-e-type=\"column\">\n\t\t\t<div class=\"elementor-widget-wrap elementor-element-populated\">\n\t\t\t\t\t\t<div class=\"elementor-element elementor-element-4e2ffe8 elementor-widget elementor-widget-heading\" data-id=\"4e2ffe8\" data-element_type=\"widget\" data-e-type=\"widget\" data-widget_type=\"heading.default\">\n\t\t\t\t<div class=\"elementor-widget-container\">\n\t\t\t\t\t<h2 class=\"elementor-heading-title elementor-size-default\">Robert \"Ciurc\" Tschurtchenthaler<\/h2>\t\t\t\t<\/div>\n\t\t\t\t<\/div>\n\t\t\t\t<div class=\"elementor-element elementor-element-6976656 elementor-widget elementor-widget-text-editor\" data-id=\"6976656\" data-element_type=\"widget\" data-e-type=\"widget\" data-widget_type=\"text-editor.default\">\n\t\t\t\t<div class=\"elementor-widget-container\">\n\t\t\t\t\t\t\t\t\t<p>59 anni. Amministratore condominiale, neofita della politica ma molto determinato.<\/p>\t\t\t\t\t\t\t\t<\/div>\n\t\t\t\t<\/div>\n\t\t\t\t\t<\/div>\n\t\t<\/div>\n\t\t\t\t\t<\/div>\n\t\t<\/section>\n\t\t\t\t<section class=\"elementor-section elementor-inner-section elementor-element elementor-element-ff15f35 elementor-section-boxed elementor-section-height-default elementor-section-height-default\" data-id=\"ff15f35\" data-element_type=\"section\" data-e-type=\"section\">\n\t\t\t\t\t\t<div class=\"elementor-container elementor-column-gap-default\">\n\t\t\t\t\t<div class=\"elementor-column elementor-col-100 elementor-inner-column elementor-element elementor-element-5d4dfb2\" data-id=\"5d4dfb2\" data-element_type=\"column\" data-e-type=\"column\">\n\t\t\t<div class=\"elementor-widget-wrap elementor-element-populated\">\n\t\t\t\t\t\t<div class=\"elementor-element elementor-element-aca3150 elementor-widget elementor-widget-toggle\" data-id=\"aca3150\" data-element_type=\"widget\" data-e-type=\"widget\" data-widget_type=\"toggle.default\">\n\t\t\t\t<div class=\"elementor-widget-container\">\n\t\t\t\t\t\t\t<div class=\"elementor-toggle\">\n\t\t\t\t\t\t\t<div class=\"elementor-toggle-item\">\n\t\t\t\t\t<div id=\"elementor-tab-title-1811\" class=\"elementor-tab-title\" data-tab=\"1\" role=\"button\" aria-controls=\"elementor-tab-content-1811\" aria-expanded=\"false\">\n\t\t\t\t\t\t\t\t\t\t\t\t<span class=\"elementor-toggle-icon elementor-toggle-icon-left\" aria-hidden=\"true\">\n\t\t\t\t\t\t\t\t\t\t\t\t\t\t\t<span class=\"elementor-toggle-icon-closed\"><i class=\"fas fa-comment-dots\"><\/i><\/span>\n\t\t\t\t\t\t\t\t<span class=\"elementor-toggle-icon-opened\"><i class=\"elementor-toggle-icon-opened fas fa-caret-up\"><\/i><\/span>\n\t\t\t\t\t\t\t\t\t\t\t\t\t<\/span>\n\t\t\t\t\t\t\t\t\t\t\t\t<a class=\"elementor-toggle-title\" tabindex=\"0\">Mi presento<\/a>\n\t\t\t\t\t<\/div>\n\n\t\t\t\t\t<div id=\"elementor-tab-content-1811\" class=\"elementor-tab-content elementor-clearfix\" data-tab=\"1\" role=\"region\" aria-labelledby=\"elementor-tab-title-1811\"><p>Potete scaricare da <a href=\"https:\/\/www.lacivicapermerano.eu\/wp-content\/uploads\/2020\/08\/AboutMe_Tschurtchenthaler.pdf\">qui<\/a> il mio Curriculum Vitae<\/p><\/div>\n\t\t\t\t<\/div>\n\t\t\t\t\t\t\t\t<\/div>\n\t\t\t\t\t\t<\/div>\n\t\t\t\t<\/div>\n\t\t\t\t\t<\/div>\n\t\t<\/div>\n\t\t\t\t\t<\/div>\n\t\t<\/section>\n\t\t\t\t\t<\/div>\n\t\t<\/div>\n\t\t\t\t\t<\/div>\n\t\t<\/section>\n\t\t\t\t<section class=\"elementor-section elementor-top-section elementor-element elementor-element-d394f32 elementor-section-boxed elementor-section-height-default elementor-section-height-default\" data-id=\"d394f32\" data-element_type=\"section\" data-e-type=\"section\" data-settings=\"{&quot;background_background&quot;:&quot;classic&quot;}\">\n\t\t\t\t\t\t<div class=\"elementor-container elementor-column-gap-default\">\n\t\t\t\t\t<div class=\"elementor-column elementor-col-100 elementor-top-column elementor-element elementor-element-edce024\" data-id=\"edce024\" data-element_type=\"column\" data-e-type=\"column\">\n\t\t\t<div class=\"elementor-widget-wrap elementor-element-populated\">\n\t\t\t\t\t\t<section class=\"elementor-section elementor-inner-section elementor-element elementor-element-dd327de elementor-section-boxed elementor-section-height-default elementor-section-height-default\" data-id=\"dd327de\" data-element_type=\"section\" data-e-type=\"section\">\n\t\t\t\t\t\t<div class=\"elementor-container elementor-column-gap-default\">\n\t\t\t\t\t<div class=\"elementor-column elementor-col-50 elementor-inner-column elementor-element elementor-element-a02afb6\" data-id=\"a02afb6\" data-element_type=\"column\" data-e-type=\"column\">\n\t\t\t<div class=\"elementor-widget-wrap elementor-element-populated\">\n\t\t\t\t\t\t<div class=\"elementor-element elementor-element-8346b90 elementor-widget elementor-widget-image\" data-id=\"8346b90\" data-element_type=\"widget\" data-e-type=\"widget\" data-widget_type=\"image.default\">\n\t\t\t\t<div class=\"elementor-widget-container\">\n\t\t\t\t\t\t\t\t\t\t\t\t\t\t\t<img loading=\"lazy\" decoding=\"async\" width=\"300\" height=\"200\" src=\"https:\/\/www.lacivicapermerano.eu\/wp-content\/uploads\/2020\/08\/CPM2020_33_volante-300x200.jpg\" class=\"attachment-medium size-medium wp-image-982\" alt=\"\" srcset=\"https:\/\/www.lacivicapermerano.eu\/wp-content\/uploads\/2020\/08\/CPM2020_33_volante-300x200.jpg 300w, https:\/\/www.lacivicapermerano.eu\/wp-content\/uploads\/2020\/08\/CPM2020_33_volante-768x513.jpg 768w, https:\/\/www.lacivicapermerano.eu\/wp-content\/uploads\/2020\/08\/CPM2020_33_volante-830x554.jpg 830w, https:\/\/www.lacivicapermerano.eu\/wp-content\/uploads\/2020\/08\/CPM2020_33_volante-230x154.jpg 230w, https:\/\/www.lacivicapermerano.eu\/wp-content\/uploads\/2020\/08\/CPM2020_33_volante-350x234.jpg 350w, https:\/\/www.lacivicapermerano.eu\/wp-content\/uploads\/2020\/08\/CPM2020_33_volante-480x321.jpg 480w, https:\/\/www.lacivicapermerano.eu\/wp-content\/uploads\/2020\/08\/CPM2020_33_volante.jpg 1000w\" sizes=\"(max-width: 300px) 100vw, 300px\" \/>\t\t\t\t\t\t\t\t\t\t\t\t\t\t\t<\/div>\n\t\t\t\t<\/div>\n\t\t\t\t<div class=\"elementor-element elementor-element-e0326e8 elementor-align-center elementor-widget elementor-widget-button\" data-id=\"e0326e8\" data-element_type=\"widget\" data-e-type=\"widget\" data-widget_type=\"button.default\">\n\t\t\t\t<div class=\"elementor-widget-container\">\n\t\t\t\t\t\t\t\t\t<div class=\"elementor-button-wrapper\">\n\t\t\t\t\t<a class=\"elementor-button elementor-button-link elementor-size-sm\" href=\"https:\/\/www.lacivicapermerano.eu\/wp-content\/uploads\/2021\/09\/Certificato-Penale-Volante-Mario-Raimondo.pdf\">\n\t\t\t\t\t\t<span class=\"elementor-button-content-wrapper\">\n\t\t\t\t\t\t\t\t\t<span class=\"elementor-button-text\">Cert. penale<\/span>\n\t\t\t\t\t<\/span>\n\t\t\t\t\t<\/a>\n\t\t\t\t<\/div>\n\t\t\t\t\t\t\t\t<\/div>\n\t\t\t\t<\/div>\n\t\t\t\t\t<\/div>\n\t\t<\/div>\n\t\t\t\t<div class=\"elementor-column elementor-col-50 elementor-inner-column elementor-element elementor-element-2af2c2b\" data-id=\"2af2c2b\" data-element_type=\"column\" data-e-type=\"column\">\n\t\t\t<div class=\"elementor-widget-wrap elementor-element-populated\">\n\t\t\t\t\t\t<div class=\"elementor-element elementor-element-8b72363 elementor-widget elementor-widget-heading\" data-id=\"8b72363\" data-element_type=\"widget\" data-e-type=\"widget\" data-widget_type=\"heading.default\">\n\t\t\t\t<div class=\"elementor-widget-container\">\n\t\t\t\t\t<h2 class=\"elementor-heading-title elementor-size-default\">Mario Raimondo Volante<\/h2>\t\t\t\t<\/div>\n\t\t\t\t<\/div>\n\t\t\t\t<div class=\"elementor-element elementor-element-74d79ef elementor-widget elementor-widget-text-editor\" data-id=\"74d79ef\" data-element_type=\"widget\" data-e-type=\"widget\" data-widget_type=\"text-editor.default\">\n\t\t\t\t<div class=\"elementor-widget-container\">\n\t\t\t\t\t\t\t\t\t<p>66 anni. Ingegnere libero professionista, meranese dalla nascita, sposato, padre e nonno.<\/p>\t\t\t\t\t\t\t\t<\/div>\n\t\t\t\t<\/div>\n\t\t\t\t\t<\/div>\n\t\t<\/div>\n\t\t\t\t\t<\/div>\n\t\t<\/section>\n\t\t\t\t<section class=\"elementor-section elementor-inner-section elementor-element elementor-element-7b82bba elementor-section-boxed elementor-section-height-default elementor-section-height-default\" data-id=\"7b82bba\" data-element_type=\"section\" data-e-type=\"section\">\n\t\t\t\t\t\t<div class=\"elementor-container elementor-column-gap-default\">\n\t\t\t\t\t<div class=\"elementor-column elementor-col-100 elementor-inner-column elementor-element elementor-element-6122af6\" data-id=\"6122af6\" data-element_type=\"column\" data-e-type=\"column\">\n\t\t\t<div class=\"elementor-widget-wrap elementor-element-populated\">\n\t\t\t\t\t\t<div class=\"elementor-element elementor-element-fcc7da4 elementor-widget elementor-widget-toggle\" data-id=\"fcc7da4\" data-element_type=\"widget\" data-e-type=\"widget\" data-widget_type=\"toggle.default\">\n\t\t\t\t<div class=\"elementor-widget-container\">\n\t\t\t\t\t\t\t<div class=\"elementor-toggle\">\n\t\t\t\t\t\t\t<div class=\"elementor-toggle-item\">\n\t\t\t\t\t<div id=\"elementor-tab-title-2651\" class=\"elementor-tab-title\" data-tab=\"1\" role=\"button\" aria-controls=\"elementor-tab-content-2651\" aria-expanded=\"false\">\n\t\t\t\t\t\t\t\t\t\t\t\t<span class=\"elementor-toggle-icon elementor-toggle-icon-left\" aria-hidden=\"true\">\n\t\t\t\t\t\t\t\t\t\t\t\t\t\t\t<span class=\"elementor-toggle-icon-closed\"><i class=\"fas fa-comment-dots\"><\/i><\/span>\n\t\t\t\t\t\t\t\t<span class=\"elementor-toggle-icon-opened\"><i class=\"elementor-toggle-icon-opened fas fa-caret-up\"><\/i><\/span>\n\t\t\t\t\t\t\t\t\t\t\t\t\t<\/span>\n\t\t\t\t\t\t\t\t\t\t\t\t<a class=\"elementor-toggle-title\" tabindex=\"0\">Mi presento<\/a>\n\t\t\t\t\t<\/div>\n\n\t\t\t\t\t<div id=\"elementor-tab-content-2651\" class=\"elementor-tab-content elementor-clearfix\" data-tab=\"1\" role=\"region\" aria-labelledby=\"elementor-tab-title-2651\"><div class=\"page\" title=\"Page 1\"><div class=\"section\"><div class=\"layoutArea\"><div class=\"column\"><p>Nato a Merano nel 1955. Ho sempre vissuto nella citta\u0300 in cui sono venuto alla luce. Sono sposato e padre orgoglioso di quattro figli, Rocco, Francesco, Stefano e Giacomo.<br \/>Nel 1974 ho iniziato i miei studi universitari presso il Politecnico di Milano e nel 1980 mi sono laureato in Ingegneria Civile Edile.<\/p><p>Oltre all&#8217;attivita\u0300 d&#8217;insegnante in scuole medie e superiori e in corsi d&#8217;informatica, fino al 1988 ho svolto la mia professione principalmente presso lo studio d&#8217;ingegneria civile idraulica dell&#8217;Ing. Volante Luigi Ercole.<br \/>Dal 1989 svolgo la mia attivita\u0300 professionale autonoma presso il mio studio di Merano, come progettista, direttore lavori, consulente e collaudatore.<\/p><p>Consigliere comunale dal 1996 al 2015, sono stato membro della Commissione Edilizia in due legislature. Impegnato da sempre nella realta\u0300 ecclesiale altoatesina, sono appassionato d\u2019arte figurativa e membro fondatore di Kunst Meran-Merano Arte.<br \/>Colleziono Jaguar (in scala 1:43) e il mio hobby prediletto e\u0300 l\u2019aeromodellismo.<\/p><p>Amo fare la marmellata di more e cucinare Kaiserschmarren, ma soprattutto sono bravissimo a lavare le pentole!<\/p><\/div><\/div><\/div><\/div><\/div>\n\t\t\t\t<\/div>\n\t\t\t\t\t\t\t\t<\/div>\n\t\t\t\t\t\t<\/div>\n\t\t\t\t<\/div>\n\t\t\t\t\t<\/div>\n\t\t<\/div>\n\t\t\t\t\t<\/div>\n\t\t<\/section>\n\t\t\t\t\t<\/div>\n\t\t<\/div>\n\t\t\t\t\t<\/div>\n\t\t<\/section>\n\t\t\t\t<section class=\"elementor-section elementor-top-section elementor-element elementor-element-b8f8ab4 elementor-section-boxed elementor-section-height-default elementor-section-height-default\" data-id=\"b8f8ab4\" data-element_type=\"section\" data-e-type=\"section\" data-settings=\"{&quot;background_background&quot;:&quot;classic&quot;}\">\n\t\t\t\t\t\t<div class=\"elementor-container elementor-column-gap-default\">\n\t\t\t\t\t<div class=\"elementor-column elementor-col-100 elementor-top-column elementor-element elementor-element-a8577b1\" data-id=\"a8577b1\" data-element_type=\"column\" data-e-type=\"column\">\n\t\t\t<div class=\"elementor-widget-wrap elementor-element-populated\">\n\t\t\t\t\t\t<section class=\"elementor-section elementor-inner-section elementor-element elementor-element-4f9b7d6 elementor-section-boxed elementor-section-height-default elementor-section-height-default\" data-id=\"4f9b7d6\" data-element_type=\"section\" data-e-type=\"section\">\n\t\t\t\t\t\t<div class=\"elementor-container elementor-column-gap-default\">\n\t\t\t\t\t<div class=\"elementor-column elementor-col-50 elementor-inner-column elementor-element elementor-element-36fe2bb\" data-id=\"36fe2bb\" data-element_type=\"column\" data-e-type=\"column\">\n\t\t\t<div class=\"elementor-widget-wrap elementor-element-populated\">\n\t\t\t\t\t\t<div class=\"elementor-element elementor-element-8cd494f elementor-widget elementor-widget-image\" data-id=\"8cd494f\" data-element_type=\"widget\" data-e-type=\"widget\" data-widget_type=\"image.default\">\n\t\t\t\t<div class=\"elementor-widget-container\">\n\t\t\t\t\t\t\t\t\t\t\t\t\t\t\t<img loading=\"lazy\" decoding=\"async\" width=\"300\" height=\"200\" src=\"https:\/\/www.lacivicapermerano.eu\/wp-content\/uploads\/2021\/09\/Foto_candidati12-300x200.jpg\" class=\"attachment-medium size-medium wp-image-1112\" alt=\"\" srcset=\"https:\/\/www.lacivicapermerano.eu\/wp-content\/uploads\/2021\/09\/Foto_candidati12-300x200.jpg 300w, https:\/\/www.lacivicapermerano.eu\/wp-content\/uploads\/2021\/09\/Foto_candidati12-768x513.jpg 768w, https:\/\/www.lacivicapermerano.eu\/wp-content\/uploads\/2021\/09\/Foto_candidati12-18x12.jpg 18w, https:\/\/www.lacivicapermerano.eu\/wp-content\/uploads\/2021\/09\/Foto_candidati12-230x154.jpg 230w, https:\/\/www.lacivicapermerano.eu\/wp-content\/uploads\/2021\/09\/Foto_candidati12-350x234.jpg 350w, https:\/\/www.lacivicapermerano.eu\/wp-content\/uploads\/2021\/09\/Foto_candidati12-480x320.jpg 480w, https:\/\/www.lacivicapermerano.eu\/wp-content\/uploads\/2021\/09\/Foto_candidati12.jpg 800w\" sizes=\"(max-width: 300px) 100vw, 300px\" \/>\t\t\t\t\t\t\t\t\t\t\t\t\t\t\t<\/div>\n\t\t\t\t<\/div>\n\t\t\t\t<div class=\"elementor-element elementor-element-e260fb8 elementor-align-center elementor-widget elementor-widget-button\" data-id=\"e260fb8\" data-element_type=\"widget\" data-e-type=\"widget\" data-widget_type=\"button.default\">\n\t\t\t\t<div class=\"elementor-widget-container\">\n\t\t\t\t\t\t\t\t\t<div class=\"elementor-button-wrapper\">\n\t\t\t\t\t<a class=\"elementor-button elementor-button-link elementor-size-sm\" href=\"https:\/\/www.lacivicapermerano.eu\/wp-content\/uploads\/2021\/09\/Certificato-Penale-Xheleshi-Sabri.pdf\">\n\t\t\t\t\t\t<span class=\"elementor-button-content-wrapper\">\n\t\t\t\t\t\t\t\t\t<span class=\"elementor-button-text\">Cert. penale<\/span>\n\t\t\t\t\t<\/span>\n\t\t\t\t\t<\/a>\n\t\t\t\t<\/div>\n\t\t\t\t\t\t\t\t<\/div>\n\t\t\t\t<\/div>\n\t\t\t\t\t<\/div>\n\t\t<\/div>\n\t\t\t\t<div class=\"elementor-column elementor-col-50 elementor-inner-column elementor-element elementor-element-e583f06\" data-id=\"e583f06\" data-element_type=\"column\" data-e-type=\"column\">\n\t\t\t<div class=\"elementor-widget-wrap elementor-element-populated\">\n\t\t\t\t\t\t<div class=\"elementor-element elementor-element-e77f59c elementor-widget elementor-widget-heading\" data-id=\"e77f59c\" data-element_type=\"widget\" data-e-type=\"widget\" data-widget_type=\"heading.default\">\n\t\t\t\t<div class=\"elementor-widget-container\">\n\t\t\t\t\t<h2 class=\"elementor-heading-title elementor-size-default\">Sabri Xheleshi<\/h2>\t\t\t\t<\/div>\n\t\t\t\t<\/div>\n\t\t\t\t<div class=\"elementor-element elementor-element-b5037e6 elementor-widget elementor-widget-text-editor\" data-id=\"b5037e6\" data-element_type=\"widget\" data-e-type=\"widget\" data-widget_type=\"text-editor.default\">\n\t\t\t\t<div class=\"elementor-widget-container\">\n\t\t\t\t\t\t\t\t\t<p>46 anni. Albanese. In Italia dal 1996 e a Merano dal 2002. Imprenditore, marito e padre di tre figli.<\/p>\t\t\t\t\t\t\t\t<\/div>\n\t\t\t\t<\/div>\n\t\t\t\t\t<\/div>\n\t\t<\/div>\n\t\t\t\t\t<\/div>\n\t\t<\/section>\n\t\t\t\t<section class=\"elementor-section elementor-inner-section elementor-element elementor-element-e193299 elementor-section-boxed elementor-section-height-default elementor-section-height-default\" data-id=\"e193299\" data-element_type=\"section\" data-e-type=\"section\">\n\t\t\t\t\t\t<div class=\"elementor-container elementor-column-gap-default\">\n\t\t\t\t\t<div class=\"elementor-column elementor-col-100 elementor-inner-column elementor-element elementor-element-7952ce6\" data-id=\"7952ce6\" data-element_type=\"column\" data-e-type=\"column\">\n\t\t\t<div class=\"elementor-widget-wrap elementor-element-populated\">\n\t\t\t\t\t\t<div class=\"elementor-element elementor-element-eaf6562 elementor-widget elementor-widget-toggle\" data-id=\"eaf6562\" data-element_type=\"widget\" data-e-type=\"widget\" data-widget_type=\"toggle.default\">\n\t\t\t\t<div class=\"elementor-widget-container\">\n\t\t\t\t\t\t\t<div class=\"elementor-toggle\">\n\t\t\t\t\t\t\t<div class=\"elementor-toggle-item\">\n\t\t\t\t\t<div id=\"elementor-tab-title-2461\" class=\"elementor-tab-title\" data-tab=\"1\" role=\"button\" aria-controls=\"elementor-tab-content-2461\" aria-expanded=\"false\">\n\t\t\t\t\t\t\t\t\t\t\t\t<span class=\"elementor-toggle-icon elementor-toggle-icon-left\" aria-hidden=\"true\">\n\t\t\t\t\t\t\t\t\t\t\t\t\t\t\t<span class=\"elementor-toggle-icon-closed\"><i class=\"fas fa-comment-dots\"><\/i><\/span>\n\t\t\t\t\t\t\t\t<span class=\"elementor-toggle-icon-opened\"><i class=\"elementor-toggle-icon-opened fas fa-caret-up\"><\/i><\/span>\n\t\t\t\t\t\t\t\t\t\t\t\t\t<\/span>\n\t\t\t\t\t\t\t\t\t\t\t\t<a class=\"elementor-toggle-title\" tabindex=\"0\">Mi presento<\/a>\n\t\t\t\t\t<\/div>\n\n\t\t\t\t\t<div id=\"elementor-tab-content-2461\" class=\"elementor-tab-content elementor-clearfix\" data-tab=\"1\" role=\"region\" aria-labelledby=\"elementor-tab-title-2461\"><p>Mi chiamo Sabri Xheleshi e sono nato a Shupenze\u00a0 in Albania il 18 luglio del 1975. Dopo aver conseguito il diploma di scuola secondaria mi sono trasferito in Grecia dove ho lavorato per qualche anno. Nel 1996 sono arrivato in Italia e ho lavorato come raccoglitore agricolo e poi nel commercio ortofrutticolo\u00a0 nella provincia di Caserta. Nel 2002 sono arrivato a\u00a0 Merano, dove\u00a0 vivo con\u00a0 mia moglie Fllanxa e i nostri tre figli J\u00fcrgen, Sabijana e Alesia. Da quando sono a Merano mi occupo di edilizia. Ho iniziato come manovale, poi come muratore e nel febbraio del 2013 mi sono messo in proprio e ho fondato la mia impresa di costruzioni che oggi conta nove dipendenti. Lavoro soprattutto a Merano e nel Burgraviato ma ho anche molti clienti in tutto l\u2019Alto Adige. Inoltre nel 2017 ho aperto insieme a mia moglie il BAR MERANO in via U.Foscolo, che stiamo meditando di ingrandire.<\/p><p>Ho deciso di candidarmi per dimostrare a tutti, agli stranieri che vivono in questa nostra bellissima citt\u00e0 ma anche a tutti i meranesi, che ognuno pu\u00f2 costruirsi un presente e un futuro fatto di soddisfazioni e benessere e che con impegno, lealt\u00e0, rispetto e tantissima voglia di lavorare si pu\u00f2 arrivare ovunque, invertendo in qualsiasi istante il corso della propria vita. Sempre.<\/p><\/div>\n\t\t\t\t<\/div>\n\t\t\t\t\t\t\t\t<\/div>\n\t\t\t\t\t\t<\/div>\n\t\t\t\t<\/div>\n\t\t\t\t\t<\/div>\n\t\t<\/div>\n\t\t\t\t\t<\/div>\n\t\t<\/section>\n\t\t\t\t\t<\/div>\n\t\t<\/div>\n\t\t\t\t\t<\/div>\n\t\t<\/section>\n\t\t\t\t<section class=\"elementor-section elementor-top-section elementor-element elementor-element-a94e840 elementor-section-boxed elementor-section-height-default elementor-section-height-default\" data-id=\"a94e840\" data-element_type=\"section\" data-e-type=\"section\" data-settings=\"{&quot;background_background&quot;:&quot;classic&quot;}\">\n\t\t\t\t\t\t<div class=\"elementor-container elementor-column-gap-default\">\n\t\t\t\t\t<div class=\"elementor-column elementor-col-100 elementor-top-column elementor-element elementor-element-b644ba1\" data-id=\"b644ba1\" data-element_type=\"column\" data-e-type=\"column\">\n\t\t\t<div class=\"elementor-widget-wrap elementor-element-populated\">\n\t\t\t\t\t\t<section class=\"elementor-section elementor-inner-section elementor-element elementor-element-31d6066 elementor-section-boxed elementor-section-height-default elementor-section-height-default\" data-id=\"31d6066\" data-element_type=\"section\" data-e-type=\"section\">\n\t\t\t\t\t\t<div class=\"elementor-container elementor-column-gap-default\">\n\t\t\t\t\t<div class=\"elementor-column elementor-col-50 elementor-inner-column elementor-element elementor-element-90b474d\" data-id=\"90b474d\" data-element_type=\"column\" data-e-type=\"column\">\n\t\t\t<div class=\"elementor-widget-wrap elementor-element-populated\">\n\t\t\t\t\t\t<div class=\"elementor-element elementor-element-571a653 elementor-widget elementor-widget-image\" data-id=\"571a653\" data-element_type=\"widget\" data-e-type=\"widget\" data-widget_type=\"image.default\">\n\t\t\t\t<div class=\"elementor-widget-container\">\n\t\t\t\t\t\t\t\t\t\t\t\t\t\t\t<img loading=\"lazy\" decoding=\"async\" width=\"300\" height=\"200\" src=\"https:\/\/www.lacivicapermerano.eu\/wp-content\/uploads\/2020\/08\/CPM2020_13_zadra-300x200.jpg\" class=\"attachment-medium size-medium wp-image-912\" alt=\"\" srcset=\"https:\/\/www.lacivicapermerano.eu\/wp-content\/uploads\/2020\/08\/CPM2020_13_zadra-300x200.jpg 300w, https:\/\/www.lacivicapermerano.eu\/wp-content\/uploads\/2020\/08\/CPM2020_13_zadra-768x513.jpg 768w, https:\/\/www.lacivicapermerano.eu\/wp-content\/uploads\/2020\/08\/CPM2020_13_zadra-830x554.jpg 830w, https:\/\/www.lacivicapermerano.eu\/wp-content\/uploads\/2020\/08\/CPM2020_13_zadra-230x154.jpg 230w, https:\/\/www.lacivicapermerano.eu\/wp-content\/uploads\/2020\/08\/CPM2020_13_zadra-350x234.jpg 350w, https:\/\/www.lacivicapermerano.eu\/wp-content\/uploads\/2020\/08\/CPM2020_13_zadra-480x321.jpg 480w, https:\/\/www.lacivicapermerano.eu\/wp-content\/uploads\/2020\/08\/CPM2020_13_zadra.jpg 1000w\" sizes=\"(max-width: 300px) 100vw, 300px\" \/>\t\t\t\t\t\t\t\t\t\t\t\t\t\t\t<\/div>\n\t\t\t\t<\/div>\n\t\t\t\t<div class=\"elementor-element elementor-element-22ea4c5 elementor-align-center elementor-widget elementor-widget-button\" data-id=\"22ea4c5\" data-element_type=\"widget\" data-e-type=\"widget\" data-widget_type=\"button.default\">\n\t\t\t\t<div class=\"elementor-widget-container\">\n\t\t\t\t\t\t\t\t\t<div class=\"elementor-button-wrapper\">\n\t\t\t\t\t<a class=\"elementor-button elementor-button-link elementor-size-sm\" href=\"https:\/\/www.lacivicapermerano.eu\/wp-content\/uploads\/2021\/09\/certificato-penale-Zadra.pdf\">\n\t\t\t\t\t\t<span class=\"elementor-button-content-wrapper\">\n\t\t\t\t\t\t\t\t\t<span class=\"elementor-button-text\">Cert. penale<\/span>\n\t\t\t\t\t<\/span>\n\t\t\t\t\t<\/a>\n\t\t\t\t<\/div>\n\t\t\t\t\t\t\t\t<\/div>\n\t\t\t\t<\/div>\n\t\t\t\t\t<\/div>\n\t\t<\/div>\n\t\t\t\t<div class=\"elementor-column elementor-col-50 elementor-inner-column elementor-element elementor-element-d7d02ce\" data-id=\"d7d02ce\" data-element_type=\"column\" data-e-type=\"column\">\n\t\t\t<div class=\"elementor-widget-wrap elementor-element-populated\">\n\t\t\t\t\t\t<div class=\"elementor-element elementor-element-36e153c elementor-widget elementor-widget-heading\" data-id=\"36e153c\" data-element_type=\"widget\" data-e-type=\"widget\" data-widget_type=\"heading.default\">\n\t\t\t\t<div class=\"elementor-widget-container\">\n\t\t\t\t\t<h2 class=\"elementor-heading-title elementor-size-default\">Renzo Zadra<\/h2>\t\t\t\t<\/div>\n\t\t\t\t<\/div>\n\t\t\t\t<div class=\"elementor-element elementor-element-f2239b4 elementor-widget elementor-widget-text-editor\" data-id=\"f2239b4\" data-element_type=\"widget\" data-e-type=\"widget\" data-widget_type=\"text-editor.default\">\n\t\t\t\t<div class=\"elementor-widget-container\">\n\t\t\t\t\t\t\t\t\t<p>51 anni. Sposato e con un figlio. Laureato in scienze giuridiche, lavoro in uno studio di commercialista e amministrazioni condominiali. Come hobby viaggio in moto.<\/p>\t\t\t\t\t\t\t\t<\/div>\n\t\t\t\t<\/div>\n\t\t\t\t\t<\/div>\n\t\t<\/div>\n\t\t\t\t\t<\/div>\n\t\t<\/section>\n\t\t\t\t<section class=\"elementor-section elementor-inner-section elementor-element elementor-element-e1be9a7 elementor-section-boxed elementor-section-height-default elementor-section-height-default\" data-id=\"e1be9a7\" data-element_type=\"section\" data-e-type=\"section\">\n\t\t\t\t\t\t<div class=\"elementor-container elementor-column-gap-default\">\n\t\t\t\t\t<div class=\"elementor-column elementor-col-100 elementor-inner-column elementor-element elementor-element-f87d90d\" data-id=\"f87d90d\" data-element_type=\"column\" data-e-type=\"column\">\n\t\t\t<div class=\"elementor-widget-wrap elementor-element-populated\">\n\t\t\t\t\t\t<div class=\"elementor-element elementor-element-9a4eb58 elementor-widget elementor-widget-toggle\" data-id=\"9a4eb58\" data-element_type=\"widget\" data-e-type=\"widget\" data-widget_type=\"toggle.default\">\n\t\t\t\t<div class=\"elementor-widget-container\">\n\t\t\t\t\t\t\t<div class=\"elementor-toggle\">\n\t\t\t\t\t\t\t<div class=\"elementor-toggle-item\">\n\t\t\t\t\t<div id=\"elementor-tab-title-1611\" class=\"elementor-tab-title\" data-tab=\"1\" role=\"button\" aria-controls=\"elementor-tab-content-1611\" aria-expanded=\"false\">\n\t\t\t\t\t\t\t\t\t\t\t\t<span class=\"elementor-toggle-icon elementor-toggle-icon-left\" aria-hidden=\"true\">\n\t\t\t\t\t\t\t\t\t\t\t\t\t\t\t<span class=\"elementor-toggle-icon-closed\"><i class=\"fas fa-comment-dots\"><\/i><\/span>\n\t\t\t\t\t\t\t\t<span class=\"elementor-toggle-icon-opened\"><i class=\"elementor-toggle-icon-opened fas fa-caret-up\"><\/i><\/span>\n\t\t\t\t\t\t\t\t\t\t\t\t\t<\/span>\n\t\t\t\t\t\t\t\t\t\t\t\t<a class=\"elementor-toggle-title\" tabindex=\"0\">Mi presento<\/a>\n\t\t\t\t\t<\/div>\n\n\t\t\t\t\t<div id=\"elementor-tab-content-1611\" class=\"elementor-tab-content elementor-clearfix\" data-tab=\"1\" role=\"region\" aria-labelledby=\"elementor-tab-title-1611\"><div class=\"page\" title=\"Page 1\"><div class=\"section\"><div class=\"layoutArea\"><div class=\"column\"><p>RENZO ZADRA, nato il 14\/04\/1970 a Merano ivi residente da sempre.<\/p><p>Sposato, un figlio<br \/>Laureato in scienze giuridiche<br \/>Ho uno studio di commercialista e amministrazioni condominiali. Come hobby ho quello di viaggiare in moto.<\/p><\/div><\/div><\/div><\/div><\/div>\n\t\t\t\t<\/div>\n\t\t\t\t\t\t\t\t<\/div>\n\t\t\t\t\t\t<\/div>\n\t\t\t\t<\/div>\n\t\t\t\t\t<\/div>\n\t\t<\/div>\n\t\t\t\t\t<\/div>\n\t\t<\/section>\n\t\t\t\t\t<\/div>\n\t\t<\/div>\n\t\t\t\t\t<\/div>\n\t\t<\/section>\n\t\t\t\t<section class=\"elementor-section elementor-top-section elementor-element elementor-element-030c490 elementor-section-boxed elementor-section-height-default elementor-section-height-default\" data-id=\"030c490\" data-element_type=\"section\" data-e-type=\"section\" data-settings=\"{&quot;background_background&quot;:&quot;classic&quot;}\">\n\t\t\t\t\t\t<div class=\"elementor-container elementor-column-gap-default\">\n\t\t\t\t\t<div class=\"elementor-column elementor-col-100 elementor-top-column elementor-element elementor-element-6381d59\" data-id=\"6381d59\" data-element_type=\"column\" data-e-type=\"column\">\n\t\t\t<div class=\"elementor-widget-wrap elementor-element-populated\">\n\t\t\t\t\t\t<section class=\"elementor-section elementor-inner-section elementor-element elementor-element-e8c8de6 elementor-section-boxed elementor-section-height-default elementor-section-height-default\" data-id=\"e8c8de6\" data-element_type=\"section\" data-e-type=\"section\">\n\t\t\t\t\t\t<div class=\"elementor-container elementor-column-gap-default\">\n\t\t\t\t\t<div class=\"elementor-column elementor-col-50 elementor-inner-column elementor-element elementor-element-9fd9c46\" data-id=\"9fd9c46\" data-element_type=\"column\" data-e-type=\"column\">\n\t\t\t<div class=\"elementor-widget-wrap elementor-element-populated\">\n\t\t\t\t\t\t<div class=\"elementor-element elementor-element-2afe98f elementor-widget elementor-widget-image\" data-id=\"2afe98f\" data-element_type=\"widget\" data-e-type=\"widget\" data-widget_type=\"image.default\">\n\t\t\t\t<div class=\"elementor-widget-container\">\n\t\t\t\t\t\t\t\t\t\t\t\t\t\t\t<img loading=\"lazy\" decoding=\"async\" width=\"300\" height=\"200\" src=\"https:\/\/www.lacivicapermerano.eu\/wp-content\/uploads\/2020\/08\/CPM2020_22_zanon-300x200.jpg\" class=\"attachment-medium size-medium wp-image-897\" alt=\"\" srcset=\"https:\/\/www.lacivicapermerano.eu\/wp-content\/uploads\/2020\/08\/CPM2020_22_zanon-300x200.jpg 300w, https:\/\/www.lacivicapermerano.eu\/wp-content\/uploads\/2020\/08\/CPM2020_22_zanon-768x513.jpg 768w, https:\/\/www.lacivicapermerano.eu\/wp-content\/uploads\/2020\/08\/CPM2020_22_zanon-830x554.jpg 830w, https:\/\/www.lacivicapermerano.eu\/wp-content\/uploads\/2020\/08\/CPM2020_22_zanon-230x154.jpg 230w, https:\/\/www.lacivicapermerano.eu\/wp-content\/uploads\/2020\/08\/CPM2020_22_zanon-350x234.jpg 350w, https:\/\/www.lacivicapermerano.eu\/wp-content\/uploads\/2020\/08\/CPM2020_22_zanon-480x321.jpg 480w, https:\/\/www.lacivicapermerano.eu\/wp-content\/uploads\/2020\/08\/CPM2020_22_zanon.jpg 1000w\" sizes=\"(max-width: 300px) 100vw, 300px\" \/>\t\t\t\t\t\t\t\t\t\t\t\t\t\t\t<\/div>\n\t\t\t\t<\/div>\n\t\t\t\t<div class=\"elementor-element elementor-element-743559c elementor-align-center elementor-widget elementor-widget-button\" data-id=\"743559c\" data-element_type=\"widget\" data-e-type=\"widget\" data-widget_type=\"button.default\">\n\t\t\t\t<div class=\"elementor-widget-container\">\n\t\t\t\t\t\t\t\t\t<div class=\"elementor-button-wrapper\">\n\t\t\t\t\t<a class=\"elementor-button elementor-button-link elementor-size-sm\" href=\"https:\/\/www.lacivicapermerano.eu\/wp-content\/uploads\/2021\/09\/certificato-penale-Zanon.pdf\">\n\t\t\t\t\t\t<span class=\"elementor-button-content-wrapper\">\n\t\t\t\t\t\t\t\t\t<span class=\"elementor-button-text\">Cert. penale<\/span>\n\t\t\t\t\t<\/span>\n\t\t\t\t\t<\/a>\n\t\t\t\t<\/div>\n\t\t\t\t\t\t\t\t<\/div>\n\t\t\t\t<\/div>\n\t\t\t\t\t<\/div>\n\t\t<\/div>\n\t\t\t\t<div class=\"elementor-column elementor-col-50 elementor-inner-column elementor-element elementor-element-a473809\" data-id=\"a473809\" data-element_type=\"column\" data-e-type=\"column\">\n\t\t\t<div class=\"elementor-widget-wrap elementor-element-populated\">\n\t\t\t\t\t\t<div class=\"elementor-element elementor-element-d03f55f elementor-widget elementor-widget-heading\" data-id=\"d03f55f\" data-element_type=\"widget\" data-e-type=\"widget\" data-widget_type=\"heading.default\">\n\t\t\t\t<div class=\"elementor-widget-container\">\n\t\t\t\t\t<h2 class=\"elementor-heading-title elementor-size-default\">Rodolfo Zanon<\/h2>\t\t\t\t<\/div>\n\t\t\t\t<\/div>\n\t\t\t\t<div class=\"elementor-element elementor-element-bb4e39b elementor-widget elementor-widget-text-editor\" data-id=\"bb4e39b\" data-element_type=\"widget\" data-e-type=\"widget\" data-widget_type=\"text-editor.default\">\n\t\t\t\t<div class=\"elementor-widget-container\">\n\t\t\t\t\t\t\t\t\t<p>79 anni. Da sempre nel volontariato e da 13 anni Presidente del Gruppo Anziani di Sinigo. Voglio continuare a dare il mio contributo per i non pi\u00f9 giovani di Sinigo.<\/p>\t\t\t\t\t\t\t\t<\/div>\n\t\t\t\t<\/div>\n\t\t\t\t\t<\/div>\n\t\t<\/div>\n\t\t\t\t\t<\/div>\n\t\t<\/section>\n\t\t\t\t<section class=\"elementor-section elementor-inner-section elementor-element elementor-element-f7fa6f2 elementor-section-boxed elementor-section-height-default elementor-section-height-default\" data-id=\"f7fa6f2\" data-element_type=\"section\" data-e-type=\"section\">\n\t\t\t\t\t\t<div class=\"elementor-container elementor-column-gap-default\">\n\t\t\t\t\t<div class=\"elementor-column elementor-col-100 elementor-inner-column elementor-element elementor-element-c09d661\" data-id=\"c09d661\" data-element_type=\"column\" data-e-type=\"column\">\n\t\t\t<div class=\"elementor-widget-wrap elementor-element-populated\">\n\t\t\t\t\t\t<div class=\"elementor-element elementor-element-7b84fee elementor-widget elementor-widget-toggle\" data-id=\"7b84fee\" data-element_type=\"widget\" data-e-type=\"widget\" data-widget_type=\"toggle.default\">\n\t\t\t\t<div class=\"elementor-widget-container\">\n\t\t\t\t\t\t\t<div class=\"elementor-toggle\">\n\t\t\t\t\t\t\t<div class=\"elementor-toggle-item\">\n\t\t\t\t\t<div id=\"elementor-tab-title-1291\" class=\"elementor-tab-title\" data-tab=\"1\" role=\"button\" aria-controls=\"elementor-tab-content-1291\" aria-expanded=\"false\">\n\t\t\t\t\t\t\t\t\t\t\t\t<span class=\"elementor-toggle-icon elementor-toggle-icon-left\" aria-hidden=\"true\">\n\t\t\t\t\t\t\t\t\t\t\t\t\t\t\t<span class=\"elementor-toggle-icon-closed\"><i class=\"fas fa-comment-dots\"><\/i><\/span>\n\t\t\t\t\t\t\t\t<span class=\"elementor-toggle-icon-opened\"><i class=\"elementor-toggle-icon-opened fas fa-caret-up\"><\/i><\/span>\n\t\t\t\t\t\t\t\t\t\t\t\t\t<\/span>\n\t\t\t\t\t\t\t\t\t\t\t\t<a class=\"elementor-toggle-title\" tabindex=\"0\">Mi presento<\/a>\n\t\t\t\t\t<\/div>\n\n\t\t\t\t\t<div id=\"elementor-tab-content-1291\" class=\"elementor-tab-content elementor-clearfix\" data-tab=\"1\" role=\"region\" aria-labelledby=\"elementor-tab-title-1291\"><div class=\"page\" title=\"Page 1\"><div class=\"section\"><div class=\"layoutArea\"><div class=\"column\"><p>Rodolfo Zanon, classe 1942, pensionato (agente di commercio)<br \/>Sposato con Carmen, tre figli, sei nipoti<br \/>Dal 1967, anno di fondazione della Croce Bianca sezione di Merano, sono stato, per oltre un lustro, assieme al fratello Roberto e ad altri amici \u2013 di entrambi i gruppi linguistici, uno dei numerosissimi volontari con l\u2019incarico di guidare le ambulanze. Sono stato per molti anni donatore di sangue nell\u2019Avis dove ho ricevuto anche la medaglia d\u2019argento.<br \/>Insieme alla moglie ho aperto nel 1971 in via Mozart la drogheria cartoleria rivendita giornali.<br \/>Dal 76 al 90 assieme al cognato il maestro Luigi Quaresima ed il giornalista Ezio Danieli abbiamo fondato i \u201cPueri Cantores\u201d.<br \/>Negli anni 80, quale amante della bicicletta, sono stato segretario per 5 anni dell\u2019Unione Ciclistica Meranese. Poi per 20 anni sono stato giudice di gara\/cronometristi regionali, contribuendo anche alla realizzazione dell\u2019arrivo della tappa del giro di Italia nel 1986 con i primi giri sprint a Merano.<br \/>Nel 1998 ho ricevuto il premio servizio allo Sport dalla Federazione Nazionale Ciclismo di Trento.<br \/>Mi sono trasferito a Sinigo nel 2004 (originario di piazza Steinach)<br \/>Nel settembre 2006 sono stato coinvolto nel Consiglio parrocchiale di Sinigo e sono altresi\u0300 entrato nel direttivo del Gruppo Anziani di Sinigo e d eletto come Presidente.<br \/>Dal 2006 ad oggi, il gruppo Anziani di Sinigo e\u0300 cresciuto a dismisura, dai 58 soci del 2006 agli attuali 571 del 2019. Questo gruppo Anziani e\u0300 divenuto un punto importante ed indispensabile per tutta la Comunita\u0300 di Sinigo e non solo, in quanto molti soci provengono anche da altri quartieri della citta\u0300 ed anche dai paesi limitrofi.<\/p><\/div><\/div><\/div><\/div><\/div>\n\t\t\t\t<\/div>\n\t\t\t\t\t\t\t\t<\/div>\n\t\t\t\t\t\t<\/div>\n\t\t\t\t<\/div>\n\t\t\t\t\t<\/div>\n\t\t<\/div>\n\t\t\t\t\t<\/div>\n\t\t<\/section>\n\t\t\t\t\t<\/div>\n\t\t<\/div>\n\t\t\t\t\t<\/div>\n\t\t<\/section>\n\t\t\t\t<section class=\"elementor-section elementor-top-section elementor-element elementor-element-0d61102 elementor-section-boxed elementor-section-height-default elementor-section-height-default\" data-id=\"0d61102\" data-element_type=\"section\" data-e-type=\"section\">\n\t\t\t\t\t\t<div class=\"elementor-container elementor-column-gap-default\">\n\t\t\t\t\t<div class=\"elementor-column elementor-col-100 elementor-top-column elementor-element elementor-element-757c1a2\" data-id=\"757c1a2\" data-element_type=\"column\" data-e-type=\"column\">\n\t\t\t<div class=\"elementor-widget-wrap elementor-element-populated\">\n\t\t\t\t\t\t<div class=\"elementor-element elementor-element-b5f2482 elementor-widget elementor-widget-text-editor\" data-id=\"b5f2482\" data-element_type=\"widget\" data-e-type=\"widget\" data-widget_type=\"text-editor.default\">\n\t\t\t\t<div class=\"elementor-widget-container\">\n\t\t\t\t\t\t\t\t\t<p>In ottemperanza alle disposizioni correnti, rendiamo disponibili anche il <a href=\"https:\/\/www.lacivicapermerano.eu\/wp-content\/uploads\/2020\/08\/CP_Dal-Medico.pdf\">Certificato penale<\/a> e il <a href=\"https:\/\/www.lacivicapermerano.eu\/wp-content\/uploads\/2020\/09\/AboutMe_DalMedico.pdf\">Curriculum Vitae<\/a> del candidato sindaco <strong>Dario Dal Medico<\/strong><\/p>\t\t\t\t\t\t\t\t<\/div>\n\t\t\t\t<\/div>\n\t\t\t\t\t<\/div>\n\t\t<\/div>\n\t\t\t\t\t<\/div>\n\t\t<\/section>\n\t\t\t\t<\/div>","protected":false},"excerpt":{"rendered":"<p>Comunali 2021: i nostri candidati Cert. penale Giorgio Balzarini 56 anni. Avvocato, impegnato nel volontariato sociale e giovanile, gi\u00e0 vicesindaco. Mi presento [&hellip;]<\/p>\n","protected":false},"author":1,"featured_media":0,"parent":0,"menu_order":0,"comment_status":"closed","ping_status":"closed","template":"elementor_header_footer","meta":{"footnotes":""},"class_list":["post-863","page","type-page","status-publish","hentry"],"_links":{"self":[{"href":"https:\/\/www.lacivicapermerano.eu\/de\/wp-json\/wp\/v2\/pages\/863","targetHints":{"allow":["GET"]}}],"collection":[{"href":"https:\/\/www.lacivicapermerano.eu\/de\/wp-json\/wp\/v2\/pages"}],"about":[{"href":"https:\/\/www.lacivicapermerano.eu\/de\/wp-json\/wp\/v2\/types\/page"}],"author":[{"embeddable":true,"href":"https:\/\/www.lacivicapermerano.eu\/de\/wp-json\/wp\/v2\/users\/1"}],"replies":[{"embeddable":true,"href":"https:\/\/www.lacivicapermerano.eu\/de\/wp-json\/wp\/v2\/comments?post=863"}],"version-history":[{"count":140,"href":"https:\/\/www.lacivicapermerano.eu\/de\/wp-json\/wp\/v2\/pages\/863\/revisions"}],"predecessor-version":[{"id":1642,"href":"https:\/\/www.lacivicapermerano.eu\/de\/wp-json\/wp\/v2\/pages\/863\/revisions\/1642"}],"wp:attachment":[{"href":"https:\/\/www.lacivicapermerano.eu\/de\/wp-json\/wp\/v2\/media?parent=863"}],"curies":[{"name":"wp","href":"https:\/\/api.w.org\/{rel}","templated":true}]}}