{"id":372,"date":"2019-10-30T19:49:14","date_gmt":"2019-10-30T19:49:14","guid":{"rendered":"http:\/\/demo.athemes.com\/sydney-redesign\/?page_id=372"},"modified":"2020-02-20T03:49:40","modified_gmt":"2020-02-20T02:49:40","slug":"temi","status":"publish","type":"page","link":"https:\/\/www.lacivicapermerano.eu\/de\/temi\/","title":{"rendered":"Die Themen"},"content":{"rendered":"<div id=\"fb-root\"><\/div>\n\t\t<div data-elementor-type=\"wp-page\" data-elementor-id=\"372\" class=\"elementor elementor-372\" data-elementor-post-type=\"page\">\n\t\t\t\t\t\t<section class=\"elementor-section elementor-top-section elementor-element elementor-element-44e53083 elementor-section-boxed elementor-section-height-default elementor-section-height-default\" data-id=\"44e53083\" data-element_type=\"section\" data-e-type=\"section\" data-settings=\"{&quot;background_background&quot;:&quot;classic&quot;}\">\n\t\t\t\t\t\t<div class=\"elementor-container elementor-column-gap-default\">\n\t\t\t\t\t<div class=\"elementor-column elementor-col-100 elementor-top-column elementor-element elementor-element-28ccb34b\" data-id=\"28ccb34b\" data-element_type=\"column\" data-e-type=\"column\">\n\t\t\t<div class=\"elementor-widget-wrap elementor-element-populated\">\n\t\t\t\t\t\t<div class=\"elementor-element elementor-element-4e74ea33 elementor-widget elementor-widget-heading\" data-id=\"4e74ea33\" data-element_type=\"widget\" data-e-type=\"widget\" data-widget_type=\"heading.default\">\n\t\t\t\t<div class=\"elementor-widget-container\">\n\t\t\t\t\t<p class=\"elementor-heading-title elementor-size-default\">Die Themen<\/p>\t\t\t\t<\/div>\n\t\t\t\t<\/div>\n\t\t\t\t<section class=\"elementor-section elementor-inner-section elementor-element elementor-element-1bb51272 elementor-section-boxed elementor-section-height-default elementor-section-height-default\" data-id=\"1bb51272\" data-element_type=\"section\" data-e-type=\"section\" id=\"cultura\">\n\t\t\t\t\t\t<div class=\"elementor-container elementor-column-gap-default\">\n\t\t\t\t\t<div class=\"elementor-column elementor-col-100 elementor-inner-column elementor-element elementor-element-1708faf2\" data-id=\"1708faf2\" data-element_type=\"column\" data-e-type=\"column\" data-settings=\"{&quot;background_background&quot;:&quot;classic&quot;}\">\n\t\t\t<div class=\"elementor-widget-wrap elementor-element-populated\">\n\t\t\t\t\t\t<div class=\"elementor-element elementor-element-2add265f elementor-view-stacked elementor-shape-circle elementor-position-block-start elementor-mobile-position-block-start elementor-widget elementor-widget-icon-box\" data-id=\"2add265f\" data-element_type=\"widget\" data-e-type=\"widget\" data-widget_type=\"icon-box.default\">\n\t\t\t\t<div class=\"elementor-widget-container\">\n\t\t\t\t\t\t\t<div class=\"elementor-icon-box-wrapper\">\n\n\t\t\t\t\t\t<div class=\"elementor-icon-box-icon\">\n\t\t\t\t<span  class=\"elementor-icon\">\n\t\t\t\t<i aria-hidden=\"true\" class=\"fas fa-book-reader\"><\/i>\t\t\t\t<\/span>\n\t\t\t<\/div>\n\t\t\t\n\t\t\t\t\t\t<div class=\"elementor-icon-box-content\">\n\n\t\t\t\t\t\t\t\t\t<h2 class=\"elementor-icon-box-title\">\n\t\t\t\t\t\t<span  >\n\t\t\t\t\t\t\tKULTUR\t\t\t\t\t\t<\/span>\n\t\t\t\t\t<\/h2>\n\t\t\t\t\n\t\t\t\t\t\t\t\t\t<p class=\"elementor-icon-box-description\">\n\t\t\t\t\t\tDie \u201eCivica per Merano\u201c hat sich immer f\u00fcr die Koordination und Unterst\u00fctzung (nicht nur wirtschaftlicher Art) von Vereinigungen eingesetzt und die Perspektiven so weit wie m\u00f6glich erweitert. Wir wollen einzelne, auch spontane Initiativen in ein neues kulturelles System verwandeln. Wir streben an, den Kalender der Initiativen zu intensivieren und die Kommunikation der Veranstaltungen zu verbessern. Wir halten das Prinzip der Subsidiarit\u00e4t f\u00fcr grundlegend, indem wir die bereits auf dem Territorium aktiven Realit\u00e4ten f\u00f6rdern, integrieren, unterst\u00fctzen und beraten. Die Kultur in Meran hat eine Geschichte: nicht immer ist es Improvisation, nicht immer ist es Zufall. Es ist daher notwendig, die Exzellenzbereiche zu identifizieren, auf die man sich konzentrieren sollte, wobei versucht werden muss, sie auch auf interregionaler\/nationaler\/internationaler Ebene entstehen zu lassen. Die Musik ist sicherlich eine davon und damit auch die figurative Kunst. Aber wenn die zeitgen\u00f6ssische Kunst bereits in R\u00e4umen auf h\u00f6chstem Niveau, wie dem Museion in Bozen, breiten Ausdruck findet, ist die moderne Kunst zweifellos konsistenter mit der Geschichte unserer Stadt. Diese Berufung fehlt in anderen Zentren unserer Region, weshalb wir uns bem\u00fchen, Projekte zu realisieren, die Ausdruck dieses immensen Potenzials sein k\u00f6nnen. Das Kino ist sicherlich ein weiterer wichtiger Sektor, der in Meran viel zu lange vernachl\u00e4ssigt wurde. Es ist notwendig, die bereits unternommenen Schritte zu verst\u00e4rken, indem wir uns st\u00e4rker zur Unterst\u00fctzung der bereits bestehenden Initiativen verpflichten (denken Sie an das Kino Ariston mit dem Filmclub) und die Initiativen m\u00f6glicherweise im Sommer zu intensivieren.\t\t\t\t\t<\/p>\n\t\t\t\t\n\t\t\t<\/div>\n\t\t\t\n\t\t<\/div>\n\t\t\t\t\t\t<\/div>\n\t\t\t\t<\/div>\n\t\t\t\t\t<\/div>\n\t\t<\/div>\n\t\t\t\t\t<\/div>\n\t\t<\/section>\n\t\t\t\t<section class=\"elementor-section elementor-inner-section elementor-element elementor-element-e97435e elementor-section-boxed elementor-section-height-default elementor-section-height-default\" data-id=\"e97435e\" data-element_type=\"section\" data-e-type=\"section\" id=\"urbanistica\">\n\t\t\t\t\t\t<div class=\"elementor-container elementor-column-gap-default\">\n\t\t\t\t\t<div class=\"elementor-column elementor-col-100 elementor-inner-column elementor-element elementor-element-7d3fb36\" data-id=\"7d3fb36\" data-element_type=\"column\" data-e-type=\"column\" data-settings=\"{&quot;background_background&quot;:&quot;classic&quot;}\">\n\t\t\t<div class=\"elementor-widget-wrap elementor-element-populated\">\n\t\t\t\t\t\t<div class=\"elementor-element elementor-element-544573b elementor-view-stacked elementor-shape-circle elementor-position-block-start elementor-mobile-position-block-start elementor-widget elementor-widget-icon-box\" data-id=\"544573b\" data-element_type=\"widget\" data-e-type=\"widget\" data-widget_type=\"icon-box.default\">\n\t\t\t\t<div class=\"elementor-widget-container\">\n\t\t\t\t\t\t\t<div class=\"elementor-icon-box-wrapper\">\n\n\t\t\t\t\t\t<div class=\"elementor-icon-box-icon\">\n\t\t\t\t<span  class=\"elementor-icon\">\n\t\t\t\t<i aria-hidden=\"true\" class=\"fas fa-city\"><\/i>\t\t\t\t<\/span>\n\t\t\t<\/div>\n\t\t\t\n\t\t\t\t\t\t<div class=\"elementor-icon-box-content\">\n\n\t\t\t\t\t\t\t\t\t<h2 class=\"elementor-icon-box-title\">\n\t\t\t\t\t\t<span  >\n\t\t\t\t\t\t\tStadtplanung\t\t\t\t\t\t<\/span>\n\t\t\t\t\t<\/h2>\n\t\t\t\t\n\t\t\t\t\t\t\t\t\t<p class=\"elementor-icon-box-description\">\n\t\t\t\t\t\tDopo l\u2019approvazione, peraltro in grave ritardo, del Masterplan \u00e8 necessario provvedere alla redazione del nuovo PUC (Piano Urbanistico Comunale). Esso dovr\u00e0 prevedere un sistema di varianti (paesaggistiche, ambientali, infrastrutturali), tenendo conto del quadro dei vincoli di \u201censamble\u201d, delle nuove mappature del rischio idrogeologico, della tutela del verde agricolo e, soprattutto dovr\u00e0 individuare zone per eventuali possibili espansioni abitative (nuovi alloggi anche per IPES), produttive, economiche e di servizi, prestando attenzione a non impattare troppo con il verde, da sempre grande ricchezza della nostra citt\u00e0.\n\nA Merano vi sono aree importanti che in futuro daranno nuova configurazione urbanistica alla citt\u00e0. Bisogner\u00e0 quindi impegnarsi con sensibilit\u00e0 e lungimiranza, affinch\u00e8 il risultato non sia un patchwork scomposto, ma una tavola armonica, omogenea e\u00a0 coerente.\n\nCentro storico:\n\nauspichiamo una revisione dei piani di recupero gi\u00e0 in vigore, in funzione di un maggior utilizzo residenziale di questa preziosa aerea della nostra citt\u00e0.\n\nSinigo:\n\nparticolare attenzione bisogner\u00e0 prestare al piano di recupero di Piazza Vittorio Veneto, il cui studio va fatto in una logica di integrazione e collegamento della frazione di Sinigo al resto della citt\u00e0, nonch\u00e8 di armonizzazione delle molteplici realt\u00e0 che la caratterizzano.\n\nAreale della stazione:\n\nrisulta di primaria importanza che il futuro PUC sia uno strumento capace di\u00a0 riqualificare tutto l\u2019areale stazione e che ne consenta la gestione organica pianificata di tutti gli interventi sia di mobilit\u00e0 che di riordino urbanistico, contestualmente alla realizzazione della nuova circonvallazione. La sua vocazione dovr\u00e0 essere valorizzata ulteriormente con la costruzione del centro intermodale di servizio (stazione ferroviaria, parcheggio interrato, stazione bus, noleggio e parcheggio bici, kiss &amp; ride ecc.).\n\nSi devono creare le condizioni urbanistiche affinch\u00e9 sia recuperata e valorizzata \u2013 con una visione globale e non parziale \u2013 tutta la zona della stazione (con un giusto rapporto tra cubature e spazi verdi), con particolare attenzione alla fascia tra via Segantini a via Cantiere. Tutta l\u2019area della stazione va considerata come\u00a0 vera e propria porta d\u2019 accesso alla citt\u00e0, una sorta di biglietto da visita, e come tale dovr\u00e0 essere riqualificata. Si dovr\u00e0 anche prevedere\u00a0 un sistema integrato di parcheggi di attestamento, che dovr\u00e0 avere, oltretutto, lo scopo di risolvere le situazioni di emergenza, decongestionando la viabilit\u00e0 interna.\n\nAreale delle caserme:\n\nriteniamo indispensabile, se non vitale, prevedere una pianificazione\u00a0 che porti ad una progettazione omogenea, con strutture destinate al pubblico, al privato e al tempo libero. E\u2019 fondamentale che tali strutture vengano realizzate nell\u2019assoluto rispetto del territorio, promuovendo l\u2019uso delle nuove tecnologie energetico-ambientali ad impatto zero e prevedendo ampie aree verdi.\n\nInfine \u00e8 assolutamente essenziale che quest\u2019area si integri con il resto della citt\u00e0 e affinch\u00e8 ci\u00f2 si realizzi dovr\u00e0 essere progettata non come \u201cquartiere satellite\u201d ma come estensione del quartiere di Maia Bassa.\t\t\t\t\t<\/p>\n\t\t\t\t\n\t\t\t<\/div>\n\t\t\t\n\t\t<\/div>\n\t\t\t\t\t\t<\/div>\n\t\t\t\t<\/div>\n\t\t\t\t\t<\/div>\n\t\t<\/div>\n\t\t\t\t\t<\/div>\n\t\t<\/section>\n\t\t\t\t<section class=\"elementor-section elementor-inner-section elementor-element elementor-element-d8e6b66 elementor-section-boxed elementor-section-height-default elementor-section-height-default\" data-id=\"d8e6b66\" data-element_type=\"section\" data-e-type=\"section\" id=\"sociale\">\n\t\t\t\t\t\t<div class=\"elementor-container elementor-column-gap-default\">\n\t\t\t\t\t<div class=\"elementor-column elementor-col-100 elementor-inner-column elementor-element elementor-element-2d3ed1d\" data-id=\"2d3ed1d\" data-element_type=\"column\" data-e-type=\"column\" data-settings=\"{&quot;background_background&quot;:&quot;classic&quot;}\">\n\t\t\t<div class=\"elementor-widget-wrap elementor-element-populated\">\n\t\t\t\t\t\t<div class=\"elementor-element elementor-element-86c72a0 elementor-view-stacked elementor-shape-circle elementor-position-block-start elementor-mobile-position-block-start elementor-widget elementor-widget-icon-box\" data-id=\"86c72a0\" data-element_type=\"widget\" data-e-type=\"widget\" data-widget_type=\"icon-box.default\">\n\t\t\t\t<div class=\"elementor-widget-container\">\n\t\t\t\t\t\t\t<div class=\"elementor-icon-box-wrapper\">\n\n\t\t\t\t\t\t<div class=\"elementor-icon-box-icon\">\n\t\t\t\t<span  class=\"elementor-icon\">\n\t\t\t\t<i aria-hidden=\"true\" class=\"fas fa-bullhorn\"><\/i>\t\t\t\t<\/span>\n\t\t\t<\/div>\n\t\t\t\n\t\t\t\t\t\t<div class=\"elementor-icon-box-content\">\n\n\t\t\t\t\t\t\t\t\t<h2 class=\"elementor-icon-box-title\">\n\t\t\t\t\t\t<span  >\n\t\t\t\t\t\t\tSoziale und junge Menschen\t\t\t\t\t\t<\/span>\n\t\t\t\t\t<\/h2>\n\t\t\t\t\n\t\t\t\t\t\t\t\t\t<p class=\"elementor-icon-box-description\">\n\t\t\t\t\t\tDie \u201eCivica per Merano\u201c legt besonderes Augenmerk auf die Sozialpolitik: die Person als Mittelpunkt und Ausgangspunkt f\u00fcr jede Entscheidung, die unsere Stadt betrifft; die Familie als grundlegende und grundlegende Zelle unserer Gesellschaft; die Gemeinschaft mit ihrem b\u00fcrgerlichen und sozialen Gef\u00fcge, die das Zugeh\u00f6rigkeitsgef\u00fchl des B\u00fcrgers zu einem Gebiet anerkennt und verst\u00e4rkt, das ihm geh\u00f6rt, das ihn repr\u00e4sentiert, das ihn sch\u00fctzt und unterst\u00fctzt. Solidarit\u00e4t und Subsidiarit\u00e4t sind Schl\u00fcsselw\u00f6rter, die wir als unverzichtbare Werte anerkennen, die in einer zunehmend selbstbezogenen und egoistischen Gesellschaft verbreitet werden m\u00fcssen. Freiwilligenarbeit, Kooperation und Assoziation sind Instrumente zugunsten der Gemeinschaft, und die Verwaltung muss in der Lage sein, sie intelligent und vorausschauend einzusetzen. Die \u201eCivica per Merano\u201c betrachtet die Jugendpolitik mit einem nachdenklichen und strategischen Blick, aber auch mit Neugierde und der F\u00e4higkeit zu beobachten und zuzuh\u00f6ren. Die Betreuung, Unterst\u00fctzung und F\u00f6rderung der neuen Generationen ist von grundlegender Bedeutung, wobei ein Zustand des allgemeinen Wohlbefindens gef\u00f6rdert werden soll, der es jungen Menschen erm\u00f6glicht, aktive B\u00fcrger zu werden. Informationen anbieten, Gelegenheiten schaffen, Angebote annehmen, sind unsere Ziele, um eine Politik umzusetzen, die das Gebiet zum Wachsen anregt und den neuen Generationen einen soliden \u00dcbergang ins Erwachsenenalter garantiert. Wir wollen sicherstellen, dass wir die Unterst\u00fctzung der bestehenden Strukturen, die sich f\u00fcr junge Menschen einsetzen, gew\u00e4hrleisten k\u00f6nnen, indem wir die Zusammenarbeit der verschiedenen Verb\u00e4nde und zust\u00e4ndigen Stellen f\u00f6rdern. Wir wollen weiterhin sowohl wirtschaftlich als auch b\u00fcrokratisch diejenigen unterst\u00fctzen, die f\u00fcr die Organisation von Veranstaltungen, Events und t\u00e4glichen Aktivit\u00e4ten im Jugendbereich arbeiten, und uns ernsthaft verpflichten, die komplizierte b\u00fcrokratisch-administrative Maschinerie zu rationalisieren, die oft dazu f\u00fchrt, dass selbst die Bereitwilligsten aufgeben. Wir brauchen einen definierten Ort, der den jungen Menschen und ihren k\u00fcnstlerischen, musikalischen und sportlichen Ausdrucksformen gewidmet ist, sowohl strukturiert als auch frei.\t\t\t\t\t<\/p>\n\t\t\t\t\n\t\t\t<\/div>\n\t\t\t\n\t\t<\/div>\n\t\t\t\t\t\t<\/div>\n\t\t\t\t<\/div>\n\t\t\t\t\t<\/div>\n\t\t<\/div>\n\t\t\t\t\t<\/div>\n\t\t<\/section>\n\t\t\t\t<section class=\"elementor-section elementor-inner-section elementor-element elementor-element-b0ba71a elementor-section-boxed elementor-section-height-default elementor-section-height-default\" data-id=\"b0ba71a\" data-element_type=\"section\" data-e-type=\"section\" id=\"bilinguismo\">\n\t\t\t\t\t\t<div class=\"elementor-container elementor-column-gap-default\">\n\t\t\t\t\t<div class=\"elementor-column elementor-col-100 elementor-inner-column elementor-element elementor-element-e3af130\" data-id=\"e3af130\" data-element_type=\"column\" data-e-type=\"column\" data-settings=\"{&quot;background_background&quot;:&quot;classic&quot;}\">\n\t\t\t<div class=\"elementor-widget-wrap elementor-element-populated\">\n\t\t\t\t\t\t<div class=\"elementor-element elementor-element-d5cde5a elementor-view-stacked elementor-shape-circle elementor-position-block-start elementor-mobile-position-block-start elementor-widget elementor-widget-icon-box\" data-id=\"d5cde5a\" data-element_type=\"widget\" data-e-type=\"widget\" data-widget_type=\"icon-box.default\">\n\t\t\t\t<div class=\"elementor-widget-container\">\n\t\t\t\t\t\t\t<div class=\"elementor-icon-box-wrapper\">\n\n\t\t\t\t\t\t<div class=\"elementor-icon-box-icon\">\n\t\t\t\t<span  class=\"elementor-icon\">\n\t\t\t\t<i aria-hidden=\"true\" class=\"fas fa-spell-check\"><\/i>\t\t\t\t<\/span>\n\t\t\t<\/div>\n\t\t\t\n\t\t\t\t\t\t<div class=\"elementor-icon-box-content\">\n\n\t\t\t\t\t\t\t\t\t<h2 class=\"elementor-icon-box-title\">\n\t\t\t\t\t\t<span  >\n\t\t\t\t\t\t\tEchte Zweisprachigkeit\t\t\t\t\t\t<\/span>\n\t\t\t\t\t<\/h2>\n\t\t\t\t\n\t\t\t\t\t\t\t\t\t<p class=\"elementor-icon-box-description\">\n\t\t\t\t\t\tW\u00e4hrend die Politik von Doppelp\u00e4ssen spricht, dr\u00e4ngt sich die Realit\u00e4t der Zweisprachigkeit auf, die immer noch nicht voll verbreitet ist. Neben der Verbesserung des Sprachlernweges, den die Schule bereits anbietet und in den wir neu und weiter investieren k\u00f6nnen, m\u00fcssen wir auch an jene Situationen denken, in denen die Kinder vollst\u00e4ndig in einen einzigen sprachlichen Kontext eingetaucht sind und daher spezifische und innovative Ma\u00dfnahmen ben\u00f6tigen. Im Anschluss an den von Francesco Palermo in der letzten Legislaturperiode im Parlament vorgelegten Gesetzentwurf unterst\u00fctzen wir die Bereitstellung einer Schule \"Dritter Weg\". Neben der deutschen und der italienischen Schule, die laut Autonomiestatut garantiert werden m\u00fcssen, halten wir die Einrichtung gemischter Sektionen mit gleichberechtigtem Unterricht in den beiden Sprachen (nach dem ladinischen Modell) f\u00fcr den besten Weg.\t\t\t\t\t<\/p>\n\t\t\t\t\n\t\t\t<\/div>\n\t\t\t\n\t\t<\/div>\n\t\t\t\t\t\t<\/div>\n\t\t\t\t<\/div>\n\t\t\t\t\t<\/div>\n\t\t<\/div>\n\t\t\t\t\t<\/div>\n\t\t<\/section>\n\t\t\t\t<section class=\"elementor-section elementor-inner-section elementor-element elementor-element-d681c49 elementor-section-boxed elementor-section-height-default elementor-section-height-default\" data-id=\"d681c49\" data-element_type=\"section\" data-e-type=\"section\" id=\"sport\">\n\t\t\t\t\t\t<div class=\"elementor-container elementor-column-gap-default\">\n\t\t\t\t\t<div class=\"elementor-column elementor-col-100 elementor-inner-column elementor-element elementor-element-84ff1ad\" data-id=\"84ff1ad\" data-element_type=\"column\" data-e-type=\"column\" data-settings=\"{&quot;background_background&quot;:&quot;classic&quot;}\">\n\t\t\t<div class=\"elementor-widget-wrap elementor-element-populated\">\n\t\t\t\t\t\t<div class=\"elementor-element elementor-element-6a37c0c elementor-view-stacked elementor-shape-circle elementor-position-block-start elementor-mobile-position-block-start elementor-widget elementor-widget-icon-box\" data-id=\"6a37c0c\" data-element_type=\"widget\" data-e-type=\"widget\" data-widget_type=\"icon-box.default\">\n\t\t\t\t<div class=\"elementor-widget-container\">\n\t\t\t\t\t\t\t<div class=\"elementor-icon-box-wrapper\">\n\n\t\t\t\t\t\t<div class=\"elementor-icon-box-icon\">\n\t\t\t\t<span  class=\"elementor-icon\">\n\t\t\t\t<i aria-hidden=\"true\" class=\"fas fa-volleyball-ball\"><\/i>\t\t\t\t<\/span>\n\t\t\t<\/div>\n\t\t\t\n\t\t\t\t\t\t<div class=\"elementor-icon-box-content\">\n\n\t\t\t\t\t\t\t\t\t<h2 class=\"elementor-icon-box-title\">\n\t\t\t\t\t\t<span  >\n\t\t\t\t\t\t\tSport\t\t\t\t\t\t<\/span>\n\t\t\t\t\t<\/h2>\n\t\t\t\t\n\t\t\t\t\t\t\t\t\t<p class=\"elementor-icon-box-description\">\n\t\t\t\t\t\t\nDas Endziel der Interventionen im Bereich des Sports muss es sein, eine leichtere und breitere Verwendbarkeit der bestehenden Strukturen im Gebiet durch die ans\u00e4ssige Bev\u00f6lkerung und G\u00e4ste aller Altersgruppen zu erm\u00f6glichen und zu beg\u00fcnstigen. Das Angebot in diesem Sinne ist sehr umfangreich und von hohen Qualit\u00e4tsstandards getragen, man denke nur an die Umstrukturierung, die jetzt im Prozess der Fertigstellung des st\u00e4dtischen Strandbades und dem Beginn der zweiten Phase der Renovierung des Combi stattfindet. Aber wenn f\u00fcr mehrere Disziplinen im Freien (Fu\u00dfball, Leichtathletik, Schwimmen, Tennis, Reiten usw. ...) und f\u00fcr einige Indoor-Disziplinen (Eishockey, Schlittschuhlaufen, Handball) viel getan wurde, m\u00fcssen noch einige Knoten gel\u00f6st werden. Die Hauptkritikpunkt ist unserer Meinung nach derzeit der  Sporthalle. Diese Struktur hat in Meran seit Jahrzehnten gefehlt. Heute sind endlich neue M\u00f6glichkeiten in Sicht. Durch die Arbeit an den Beziehungen zwischen Coni und der Provinz k\u00f6nnten wir den Weg f\u00fcr die Realisierung dieses wichtigen Projekts ebnen: eine Struktur, auf die Athleten und Fans von 5-a-side Fu\u00dfball, Volleyball, Basketball und andere schon immer gewartet haben. Das Gebiet k\u00f6nnte das des heutigen Palamainardo oder alternativ ein Teil des Parkplatzes hinter dem Bersaglio sein. Der Bau des Sporthalle w\u00fcrde es erm\u00f6glichen, gleichzeitig die zweite gro\u00dfe Kritikalit\u00e4t zu l\u00f6sen, unter der die Sportvereine leiden: die Verwaltungsb\u00fcros. Diese k\u00f6nnten (mit Ausnahme der Fu\u00dfballvereine, die im Combi und im Sportclub, der bereits \u00fcber ausreichend Platz verf\u00fcgt, Platz finden sollten) in der neuen Struktur zusammen mit den notwendigen Lagerhallen und einigen gemeinsamen Bereichen f\u00fcr Sitzungen, Treffen und spezifische Konferenzen realisiert werden. Ein weiteres Kampfpferd f\u00fcr die unmittelbare Zukunft muss die weitere Aufwertung und Nutzung der Rennbahn sein. Nach dem au\u00dferordentlichen Erfolg, den der \u201eMerano Galoppo\u201c in den letzten Jahren erzielt hat, muss die Struktur auch zu anderen Zeiten des Jahres und f\u00fcr Aktivit\u00e4ten, die nicht unbedingt mit der Welt des Pferderennens in Verbindung stehen, f\u00fcr die \u00d6ffentlichkeit zug\u00e4nglich sein. Ein weiteres wichtiges Projekt, das in den kommenden Jahren unbedingt in Angriff genommen werden muss, ist die Realisierung der Sporthalle, f\u00fcr die bisher noch kein endg\u00fcltiger Sitz festgelegt wurde. Wir haben das ehemalige Kasernengel\u00e4nde als den idealen Ort f\u00fcr den Bau des Sportzentrums der Zukunft identifiziert.  Tats\u00e4chlich gibt es in diesem Bereich bereits einen Teil der erforderlichen Einrichtungen, wie z.B. einen Fu\u00dfballplatz und eine Sporthalle, und der Platz f\u00fcr andere Einrichtungen fehlt sicher nicht. Der Bau eines gro\u00dfen G\u00e4stehauses, das Athleten und Veranstaltungen von internationalem Niveau beherbergen soll, w\u00e4re von grundlegender Bedeutung. Der Weg ist sicherlich noch lang, aber wir haben uns verpflichtet, den ganzen Weg zu gehen.\t\t\t\t\t<\/p>\n\t\t\t\t\n\t\t\t<\/div>\n\t\t\t\n\t\t<\/div>\n\t\t\t\t\t\t<\/div>\n\t\t\t\t<\/div>\n\t\t\t\t\t<\/div>\n\t\t<\/div>\n\t\t\t\t\t<\/div>\n\t\t<\/section>\n\t\t\t\t\t<\/div>\n\t\t<\/div>\n\t\t\t\t\t<\/div>\n\t\t<\/section>\n\t\t\t\t<\/div>","protected":false},"excerpt":{"rendered":"<p>I nostri temi Cultura La Civica per Merano \u00e8 da sempre impegnata nell&#8217;opera di coordinamento e di sostegno (non solo economico) all&#8217;associazionismo, [&hellip;]<\/p>\n","protected":false},"author":1,"featured_media":0,"parent":0,"menu_order":0,"comment_status":"closed","ping_status":"closed","template":"page-templates\/page_front-page.php","meta":{"footnotes":""},"class_list":["post-372","page","type-page","status-publish","hentry"],"_links":{"self":[{"href":"https:\/\/www.lacivicapermerano.eu\/de\/wp-json\/wp\/v2\/pages\/372","targetHints":{"allow":["GET"]}}],"collection":[{"href":"https:\/\/www.lacivicapermerano.eu\/de\/wp-json\/wp\/v2\/pages"}],"about":[{"href":"https:\/\/www.lacivicapermerano.eu\/de\/wp-json\/wp\/v2\/types\/page"}],"author":[{"embeddable":true,"href":"https:\/\/www.lacivicapermerano.eu\/de\/wp-json\/wp\/v2\/users\/1"}],"replies":[{"embeddable":true,"href":"https:\/\/www.lacivicapermerano.eu\/de\/wp-json\/wp\/v2\/comments?post=372"}],"version-history":[{"count":10,"href":"https:\/\/www.lacivicapermerano.eu\/de\/wp-json\/wp\/v2\/pages\/372\/revisions"}],"predecessor-version":[{"id":700,"href":"https:\/\/www.lacivicapermerano.eu\/de\/wp-json\/wp\/v2\/pages\/372\/revisions\/700"}],"wp:attachment":[{"href":"https:\/\/www.lacivicapermerano.eu\/de\/wp-json\/wp\/v2\/media?parent=372"}],"curies":[{"name":"wp","href":"https:\/\/api.w.org\/{rel}","templated":true}]}}