{"id":1887,"date":"2025-01-30T14:27:43","date_gmt":"2025-01-30T13:27:43","guid":{"rendered":"https:\/\/www.lacivicapermerano.eu\/?page_id=1887"},"modified":"2025-03-14T17:58:11","modified_gmt":"2025-03-14T16:58:11","slug":"press","status":"publish","type":"page","link":"https:\/\/www.lacivicapermerano.eu\/de\/press\/","title":{"rendered":"Press&amp;Social"},"content":{"rendered":"<div id=\"fb-root\"><\/div>\n\t\t<div data-elementor-type=\"wp-page\" data-elementor-id=\"1887\" class=\"elementor elementor-1887\" data-elementor-post-type=\"page\">\n\t\t\t\t\t\t<section class=\"elementor-section elementor-top-section elementor-element elementor-element-3cb3311 elementor-section-height-full elementor-section-boxed elementor-section-height-default elementor-section-items-middle\" data-id=\"3cb3311\" data-element_type=\"section\" data-e-type=\"section\" data-settings=\"{&quot;background_background&quot;:&quot;classic&quot;}\">\n\t\t\t\t\t\t\t<div class=\"elementor-background-overlay\"><\/div>\n\t\t\t\t\t\t\t<div class=\"elementor-container elementor-column-gap-default\">\n\t\t\t\t\t<div class=\"elementor-column elementor-col-100 elementor-top-column elementor-element elementor-element-7962b1f\" data-id=\"7962b1f\" data-element_type=\"column\" data-e-type=\"column\">\n\t\t\t<div class=\"elementor-widget-wrap elementor-element-populated\">\n\t\t\t\t\t\t<div class=\"elementor-element elementor-element-d277774 elementor-widget elementor-widget-heading\" data-id=\"d277774\" data-element_type=\"widget\" data-e-type=\"widget\" data-widget_type=\"heading.default\">\n\t\t\t\t<div class=\"elementor-widget-container\">\n\t\t\t\t\t<h2 class=\"elementor-heading-title elementor-size-default\">press&amp;social<\/h2>\t\t\t\t<\/div>\n\t\t\t\t<\/div>\n\t\t\t\t\t<\/div>\n\t\t<\/div>\n\t\t\t\t\t<\/div>\n\t\t<\/section>\n\t\t<div class=\"elementor-element elementor-element-3c4fcc7 e-flex e-con-boxed e-con e-parent\" data-id=\"3c4fcc7\" data-element_type=\"container\" data-e-type=\"container\">\n\t\t\t\t\t<div class=\"e-con-inner\">\n\t\t\t\t<div class=\"elementor-element elementor-element-eb8ea7d elementor-widget elementor-widget-heading\" data-id=\"eb8ea7d\" data-element_type=\"widget\" data-e-type=\"widget\" data-widget_type=\"heading.default\">\n\t\t\t\t<div class=\"elementor-widget-container\">\n\t\t\t\t\t<h1 class=\"elementor-heading-title elementor-size-default\">press<\/h1>\t\t\t\t<\/div>\n\t\t\t\t<\/div>\n\t\t\t\t<div class=\"elementor-element elementor-element-64102f8 elementor-grid-3 elementor-grid-tablet-2 elementor-grid-mobile-1 elementor-posts--thumbnail-top elementor-card-shadow-yes elementor-posts__hover-gradient elementor-widget elementor-widget-posts\" data-id=\"64102f8\" data-element_type=\"widget\" data-e-type=\"widget\" data-settings=\"{&quot;pagination_type&quot;:&quot;numbers&quot;,&quot;cards_columns&quot;:&quot;3&quot;,&quot;cards_columns_tablet&quot;:&quot;2&quot;,&quot;cards_columns_mobile&quot;:&quot;1&quot;,&quot;cards_row_gap&quot;:{&quot;unit&quot;:&quot;px&quot;,&quot;size&quot;:35,&quot;sizes&quot;:[]},&quot;cards_row_gap_tablet&quot;:{&quot;unit&quot;:&quot;px&quot;,&quot;size&quot;:&quot;&quot;,&quot;sizes&quot;:[]},&quot;cards_row_gap_mobile&quot;:{&quot;unit&quot;:&quot;px&quot;,&quot;size&quot;:&quot;&quot;,&quot;sizes&quot;:[]}}\" data-widget_type=\"posts.cards\">\n\t\t\t\t<div class=\"elementor-widget-container\">\n\t\t\t\t\t\t\t<div class=\"elementor-posts-container elementor-posts elementor-posts--skin-cards elementor-grid\" role=\"list\">\n\t\t\t\t<article class=\"elementor-post elementor-grid-item post-2079 post type-post status-publish format-standard hentry category-press\" role=\"listitem\">\n\t\t\t<div class=\"elementor-post__card\">\n\t\t\t\t<div class=\"elementor-post__text\">\n\t\t\t\t<h3 class=\"elementor-post__title\">\n\t\t\t<a href=\"https:\/\/www.lacivicapermerano.eu\/de\/2025\/01\/09\/per-una-merano-sostenibile-non-si-puo-fermare-la-transizione-energetica\/\" >\n\t\t\t\tPer una Merano sostenibile: non si pu\u00f2 fermare la transizione energetica\t\t\t<\/a>\n\t\t<\/h3>\n\t\t\t\t<div class=\"elementor-post__excerpt\">\n\t\t\t<p>In qualit\u00e0 di rappresentanti della Civica per Merano, desideriamo rispondere alle critiche avanzate dal gruppo dei Verdi riguardo alla destinazione di terreni<\/p>\n\t\t<\/div>\n\t\t\n\t\t<a class=\"elementor-post__read-more\" href=\"https:\/\/www.lacivicapermerano.eu\/de\/2025\/01\/09\/per-una-merano-sostenibile-non-si-puo-fermare-la-transizione-energetica\/\" aria-label=\"Mehr \u00fcber Per una Merano sostenibile: non si pu\u00f2 fermare la transizione energetica\" tabindex=\"-1\" >\n\t\t\tLeggi tutto \u00bb\t\t<\/a>\n\n\t\t\t\t<\/div>\n\t\t\t\t<div class=\"elementor-post__meta-data\">\n\t\t\t\t\t<span class=\"elementor-post-date\">\n\t\t\t9 Januar 2025\t\t<\/span>\n\t\t\t\t<\/div>\n\t\t\t\t\t<\/div>\n\t\t<\/article>\n\t\t\t\t<article class=\"elementor-post elementor-grid-item post-2077 post type-post status-publish format-standard hentry category-press\" role=\"listitem\">\n\t\t\t<div class=\"elementor-post__card\">\n\t\t\t\t<div class=\"elementor-post__text\">\n\t\t\t\t<h3 class=\"elementor-post__title\">\n\t\t\t<a href=\"https:\/\/www.lacivicapermerano.eu\/de\/2024\/12\/09\/woman-sport-festival\/\" >\n\t\t\t\tWoman Sport Festival\t\t\t<\/a>\n\t\t<\/h3>\n\t\t\t\t<div class=\"elementor-post__excerpt\">\n\t\t\t<p>In questi giorni Merano ospita la&nbsp;prima edizione del Woman Sport Festival, un evento che celebra lo sport al femminile e si candida<\/p>\n\t\t<\/div>\n\t\t\n\t\t<a class=\"elementor-post__read-more\" href=\"https:\/\/www.lacivicapermerano.eu\/de\/2024\/12\/09\/woman-sport-festival\/\" aria-label=\"Mehr \u00fcber Woman Sport Festival\" tabindex=\"-1\" >\n\t\t\tLeggi tutto \u00bb\t\t<\/a>\n\n\t\t\t\t<\/div>\n\t\t\t\t<div class=\"elementor-post__meta-data\">\n\t\t\t\t\t<span class=\"elementor-post-date\">\n\t\t\t9 Dezember 2024\t\t<\/span>\n\t\t\t\t<\/div>\n\t\t\t\t\t<\/div>\n\t\t<\/article>\n\t\t\t\t<article class=\"elementor-post elementor-grid-item post-2065 post type-post status-publish format-standard hentry category-press\" role=\"listitem\">\n\t\t\t<div class=\"elementor-post__card\">\n\t\t\t\t<div class=\"elementor-post__text\">\n\t\t\t\t<h3 class=\"elementor-post__title\">\n\t\t\t<a href=\"https:\/\/www.lacivicapermerano.eu\/de\/2024\/11\/13\/presa-di-posizione-in-merito-al-progetto-della-nuova-rockarena-e-al-palazzetto-dello-sport\/\" >\n\t\t\t\tPresa di posizione in merito al progetto della nuova Rockarena e al Palazzetto dello Sport\t\t\t<\/a>\n\t\t<\/h3>\n\t\t\t\t<div class=\"elementor-post__excerpt\">\n\t\t\t<p>Ma se la Provincia \u00e8 gi\u00e0 oggi in possesso di quattro ettari dell\u2019area delle caserme, perch\u00e9 noi non possiamo chiedere di utilizzarne<\/p>\n\t\t<\/div>\n\t\t\n\t\t<a class=\"elementor-post__read-more\" href=\"https:\/\/www.lacivicapermerano.eu\/de\/2024\/11\/13\/presa-di-posizione-in-merito-al-progetto-della-nuova-rockarena-e-al-palazzetto-dello-sport\/\" aria-label=\"Mehr \u00fcber Presa di posizione in merito al progetto della nuova Rockarena e al Palazzetto dello Sport\" tabindex=\"-1\" >\n\t\t\tLeggi tutto \u00bb\t\t<\/a>\n\n\t\t\t\t<\/div>\n\t\t\t\t<div class=\"elementor-post__meta-data\">\n\t\t\t\t\t<span class=\"elementor-post-date\">\n\t\t\t13 November 2024\t\t<\/span>\n\t\t\t\t<\/div>\n\t\t\t\t\t<\/div>\n\t\t<\/article>\n\t\t\t\t<article class=\"elementor-post elementor-grid-item post-1877 post type-post status-publish format-standard hentry category-press\" role=\"listitem\">\n\t\t\t<div class=\"elementor-post__card\">\n\t\t\t\t<div class=\"elementor-post__text\">\n\t\t\t\t<h3 class=\"elementor-post__title\">\n\t\t\t<a href=\"https:\/\/www.lacivicapermerano.eu\/de\/2024\/11\/08\/palazzetto-dello-sport\/\" >\n\t\t\t\tPalazzetto dello sport\t\t\t<\/a>\n\t\t<\/h3>\n\t\t\t\t<div class=\"elementor-post__excerpt\">\n\t\t\t<p>Replica al progetto di nuova Kletterhalle e alle recenti dichiarazioni della Vice Sindaca e del presidente AVS In merito all&#8217;articolo pubblicato sulla<\/p>\n\t\t<\/div>\n\t\t\n\t\t<a class=\"elementor-post__read-more\" href=\"https:\/\/www.lacivicapermerano.eu\/de\/2024\/11\/08\/palazzetto-dello-sport\/\" aria-label=\"Mehr \u00fcber Palazzetto dello sport\" tabindex=\"-1\" >\n\t\t\tLeggi tutto \u00bb\t\t<\/a>\n\n\t\t\t\t<\/div>\n\t\t\t\t<div class=\"elementor-post__meta-data\">\n\t\t\t\t\t<span class=\"elementor-post-date\">\n\t\t\t8 November 2024\t\t<\/span>\n\t\t\t\t<\/div>\n\t\t\t\t\t<\/div>\n\t\t<\/article>\n\t\t\t\t<article class=\"elementor-post elementor-grid-item post-1881 post type-post status-publish format-standard hentry category-press\" role=\"listitem\">\n\t\t\t<div class=\"elementor-post__card\">\n\t\t\t\t<div class=\"elementor-post__text\">\n\t\t\t\t<h3 class=\"elementor-post__title\">\n\t\t\t<a href=\"https:\/\/www.lacivicapermerano.eu\/de\/2024\/10\/14\/sicurezza-a-merano\/\" >\n\t\t\t\tSicurezza a Merano\t\t\t<\/a>\n\t\t<\/h3>\n\t\t\t\t<div class=\"elementor-post__excerpt\">\n\t\t\t<p>Civica per Merano: Solidariet\u00e0 ai commercianti sbeffeggiati dai ladri in citt\u00e0 Negli ultimi giorni e in particolare nello scorso weekend i commercianti<\/p>\n\t\t<\/div>\n\t\t\n\t\t<a class=\"elementor-post__read-more\" href=\"https:\/\/www.lacivicapermerano.eu\/de\/2024\/10\/14\/sicurezza-a-merano\/\" aria-label=\"Mehr \u00fcber Sicurezza a Merano\" tabindex=\"-1\" >\n\t\t\tLeggi tutto \u00bb\t\t<\/a>\n\n\t\t\t\t<\/div>\n\t\t\t\t<div class=\"elementor-post__meta-data\">\n\t\t\t\t\t<span class=\"elementor-post-date\">\n\t\t\t14 Oktober 2024\t\t<\/span>\n\t\t\t\t<\/div>\n\t\t\t\t\t<\/div>\n\t\t<\/article>\n\t\t\t\t<article class=\"elementor-post elementor-grid-item post-1865 post type-post status-publish format-standard hentry category-press\" role=\"listitem\">\n\t\t\t<div class=\"elementor-post__card\">\n\t\t\t\t<div class=\"elementor-post__text\">\n\t\t\t\t<h3 class=\"elementor-post__title\">\n\t\t\t<a href=\"https:\/\/www.lacivicapermerano.eu\/de\/2024\/10\/09\/chancenhaus\/\" >\n\t\t\t\tChancenhaus\t\t\t<\/a>\n\t\t<\/h3>\n\t\t\t\t<div class=\"elementor-post__excerpt\">\n\t\t\t<p>Wir begr\u00fc\u00dfen die Entscheidung der Landesregierung, dass Meran endlich das Haus der Chancen haben wird. Eine Einrichtung f\u00fcr Menschen in Wohnungsnot. Somit<\/p>\n\t\t<\/div>\n\t\t\n\t\t<a class=\"elementor-post__read-more\" href=\"https:\/\/www.lacivicapermerano.eu\/de\/2024\/10\/09\/chancenhaus\/\" aria-label=\"Mehr \u00fcber Chancenhaus\" tabindex=\"-1\" >\n\t\t\tLeggi tutto \u00bb\t\t<\/a>\n\n\t\t\t\t<\/div>\n\t\t\t\t<div class=\"elementor-post__meta-data\">\n\t\t\t\t\t<span class=\"elementor-post-date\">\n\t\t\t9 Oktober 2024\t\t<\/span>\n\t\t\t\t<\/div>\n\t\t\t\t\t<\/div>\n\t\t<\/article>\n\t\t\t\t<\/div>\n\t\t\n\t\t\t\t<div class=\"e-load-more-anchor\" data-page=\"1\" data-max-page=\"5\" data-next-page=\"https:\/\/www.lacivicapermerano.eu\/de\/wp-json\/wp\/v2\/pages\/1887\/page\/2\/\"><\/div>\n\t\t\t\t<nav class=\"elementor-pagination\" aria-label=\"Seitennummerierung\">\n\t\t\t<span aria-current=\"page\" class=\"page-numbers current\"><span class=\"elementor-screen-only\">Seite<\/span>1<\/span>\n<a class=\"page-numbers\" href=\"https:\/\/www.lacivicapermerano.eu\/de\/wp-json\/wp\/v2\/pages\/1887\/page\/2\/\"><span class=\"elementor-screen-only\">Seite<\/span>2<\/a>\n<a class=\"page-numbers\" href=\"https:\/\/www.lacivicapermerano.eu\/de\/wp-json\/wp\/v2\/pages\/1887\/page\/3\/\"><span class=\"elementor-screen-only\">Seite<\/span>3<\/a>\n<a class=\"page-numbers\" href=\"https:\/\/www.lacivicapermerano.eu\/de\/wp-json\/wp\/v2\/pages\/1887\/page\/4\/\"><span class=\"elementor-screen-only\">Seite<\/span>4<\/a>\n<a class=\"page-numbers\" href=\"https:\/\/www.lacivicapermerano.eu\/de\/wp-json\/wp\/v2\/pages\/1887\/page\/5\/\"><span class=\"elementor-screen-only\">Seite<\/span>5<\/a>\t\t<\/nav>\n\t\t\t\t\t\t<\/div>\n\t\t\t\t<\/div>\n\t\t\t\t\t<\/div>\n\t\t\t\t<\/div>\n\t\t<div class=\"elementor-element elementor-element-215e191 e-flex e-con-boxed e-con e-parent\" data-id=\"215e191\" data-element_type=\"container\" data-e-type=\"container\">\n\t\t\t\t\t<div class=\"e-con-inner\">\n\t\t\t\t<div class=\"elementor-element elementor-element-130c7a0 elementor-widget elementor-widget-heading\" data-id=\"130c7a0\" data-element_type=\"widget\" data-e-type=\"widget\" data-widget_type=\"heading.default\">\n\t\t\t\t<div class=\"elementor-widget-container\">\n\t\t\t\t\t<h1 class=\"elementor-heading-title elementor-size-default\">Facebook<\/h1>\t\t\t\t<\/div>\n\t\t\t\t<\/div>\n\t\t\t\t<div class=\"elementor-element elementor-element-4f2c239 elementor-widget elementor-widget-shortcode\" data-id=\"4f2c239\" data-element_type=\"widget\" data-e-type=\"widget\" data-widget_type=\"shortcode.default\">\n\t\t\t\t<div class=\"elementor-widget-container\">\n\t\t\t\t\t\t\t<div class=\"elementor-shortcode\"><div class=\"efbl_feed_wraper efbl_skin_2314\" >\n\n\t\n\t<div class=\"efbl_feeds_holder efbl_feeds_halfwidth\"  \t\t\tdata-template=\"halfwidth\">\n\t\t\n<div class=\"efbl-halfwidth-skin added_photos efbl-story-wrapper\">\n\t<div class=\"efbl-thumbnail-wrapper\">\n\t\t<div class=\"efbl-row efbl-content-wrapper\">\n\n\t\t\t\n\n\t\t\t\t<div class=\"efbl-thumbnail-col efbl-col-sm-6\">\n\n\t\t\t\t\t\n\t\t\t\t\t\t<a href=\"https:\/\/www.lacivicapermerano.eu\/wp-admin\/admin-ajax.php?action=efbl_generate_popup_html\" data-imagelink=\"https:\/\/scontent-dus1-1.xx.fbcdn.net\/v\/t51.82787-15\/674438645_18096031385158256_2213011044148230207_n.jpg?stp=dst-jpg_s960x960_tt6&amp;_nc_cat=101&amp;ccb=1-7&amp;_nc_sid=13d280&amp;_nc_ohc=vO8-Jp42TqUQ7kNvwF6Bpta&amp;_nc_oc=AdrI9-FXhfsyLys0lGzL7zeQMm0mevnPIIMopNRy7lamv6OMF_0xXgRYVTqbvcXJuew&amp;_nc_zt=23&amp;_nc_ht=scontent-dus1-1.xx&amp;edm=AJdBtusEAAAA&amp;_nc_gid=CTyDY29okEl1v3-hd2RbJg&amp;_nc_tpa=Q5bMBQEqC1hO2MScSP8Va1oy-guMaViAMaG2SrD7HOke77KXibo13zmQYmBinN-6jrs6tmmXK_rPAAge&amp;oh=00_Af4xc41V4_ReYt6LYl-L8k1h4WXvUlM6m6wLgETf5KPrZQ&amp;oe=69FC2FF7\t\t\t\t\t\t\tdata-storylink=\"https:>\n\t\t\t\t\t\t\t<img decoding=\"async\" src=\"https:\/\/scontent-dus1-1.xx.fbcdn.net\/v\/t51.82787-15\/674438645_18096031385158256_2213011044148230207_n.jpg?stp=dst-jpg_s960x960_tt6&#038;_nc_cat=101&#038;ccb=1-7&#038;_nc_sid=13d280&#038;_nc_ohc=vO8-Jp42TqUQ7kNvwF6Bpta&#038;_nc_oc=AdrI9-FXhfsyLys0lGzL7zeQMm0mevnPIIMopNRy7lamv6OMF_0xXgRYVTqbvcXJuew&#038;_nc_zt=23&#038;_nc_ht=scontent-dus1-1.xx&#038;edm=AJdBtusEAAAA&#038;_nc_gid=CTyDY29okEl1v3-hd2RbJg&#038;_nc_tpa=Q5bMBQEqC1hO2MScSP8Va1oy-guMaViAMaG2SrD7HOke77KXibo13zmQYmBinN-6jrs6tmmXK_rPAAge&#038;oh=00_Af4xc41V4_ReYt6LYl-L8k1h4WXvUlM6m6wLgETf5KPrZQ&#038;oe=69FC2FF7\"\n\t\t\t\t\t\t\t\tclass=\"img-responsive\"\n\t\t\t\t\t\t\t\talt=\"La Civica per Merano\"\/>\n\t\t\t\t\t\t\t<div class=\"efbl-overlay\">\n\n\n\t\t\t\t\t\t\t\t\n\t\t\t\t\t\t\t\t\t<i class=\"icon icon-esf-plus efbl-plus\"\n\t\t\t\t\t\t\t\t\t\taria-hidden=\"true\"><\/i>\n\n\t\t\t\t\t\t\t\t\t\t\t\t\t\t\t\t\t\t\t\t\t\t\t<\/div>\n\t\t\t\t\t\t<\/a>\n\n\t\t\t\t\t\n\n\t\t\t\t<\/div>\n\n\t\t\t\t<div class=\"efbl-feed-content efbl-col-sm-6\">\n\n\t\t\t\t\t\n\t\t\t\t\t\t<div class=\"efbl-d-flex\">\n\n\t\t\t\t\t\t\t\n\t\t\t\t\t\t\t\t<div class=\"efbl-profile-image\">\n\t\t\t\t\t\t\t\t\t<a href=\"https:\/\/facebook.com\/395484520711\"\n\t\t\t\t\t\t\t\t\t\ttitle=\"\"\n\t\t\t\t\t\t\t\t\t\trel=\"nofollow\"\n\t\t\t\t\t\t\t\t\t\ttarget=\"_blank\">\n\t\t\t\t\t\t\t\t\t\t<img alt=\"\"\n\t\t\t\t\t\t\t\t\t\t\tsrc=\"https:\/\/scontent-dus1-1.xx.fbcdn.net\/v\/t39.30808-1\/653713931_1404722238336453_6603064009065322135_n.jpg?stp=dst-jpg_s200x200_tt6&#038;_nc_cat=106&#038;ccb=1-7&#038;_nc_sid=f907e8&#038;_nc_ohc=FaztK8_cX1MQ7kNvwErFhu-&#038;_nc_oc=AdrgI-X-ok18J6TWSbS1IZK5rc48cct_i0EC8hJ7SR6ASV2Omhw8JFYZM-EIINtXsug&#038;_nc_zt=24&#038;_nc_ht=scontent-dus1-1.xx&#038;edm=AOf6bZoEAAAA&#038;_nc_gid=1XKYiivo9Rk-AJEcRUtmGA&#038;_nc_tpa=Q5bMBQFwVVtaawUL9Cns2mDKIoXs03BK1a6Vo0FG5siedmnuMkKz_JQjrK_wIwj17e0px_OHZHCJkxS2&#038;oh=00_Af3RIMeCCQDpNh1eDki3MaUJAkbQiknyRhz3bZ-icVqSRw&#038;oe=69F7C728\"\/><\/a>\n\t\t\t\t\t\t\t\t<\/div>\n\n\t\t\t\t\t\t\t\n\t\t\t\t\t\t\t<div class=\"efbl-profile-title\">\n\t\t\t\t\t\t\t\t<div class=\"efbl-profile-title-wrap\">\n\t\t\t\t\t\t\t\t\t<h2>La Civica per Merano\t\t\t\t\t\t\t\t\t\t\t\t\t\t\t\t\t\t\t\t<span class=\"efbl-profile-story-text\"> <\/span>\n\t\t\t\t\t\t\t\t\t<\/h2>\n\t\t\t\t\t\t\t\t<\/div>\n\t\t\t\t\t\t\t\t<span>1 Woche 1 Tag vor<\/span>\n\t\t\t\t\t\t\t<\/div>\n\t\t\t\t\t\t<\/div>\n\n\t\t\t\t\t\n\n\t\t\t\t\t\n\n\t\t\t\t\t\n\t\t\t\t\t\t\t\t\t\t\t\t\t<p class=\"description\">\n\t\t\t\t\t\t\t\t<span class=\"efbl-description-wrap\">Il 25 aprile \u00e8 una data che invita a fermarsi e riflettere.<br \/>\nNon soltanto su ci\u00f2 che \u00e8 stato, ma su ci\u00f2 che continua a parlare al presente.<br \/>\nLa memoria di quegli anni \u2013 delle scelte difficili, dei conflitti, delle responsabilit\u00e0 individuali e collettive \u2013 non pu\u00f2 limitarsi ad essere mero esercizio celebrativo, bens\u00ec deve diventare strumento critico.<br \/>\nRicordare significa riconoscere i segnali, sviluppare anticorpi, evitare che certe dinamiche si ripetano sotto altre forme.<br \/>\nAllo stesso tempo, per\u00f2, la memoria non pu\u00f2 diventare un rifugio comodo.<br \/>\nSarebbe un errore limitarsi a leggere il presente con categorie rigide del passato, come se bastasse sovrapporle all\u2019oggi per orientarsi.<br \/>\nOgni epoca ha le proprie peculiarit\u00e0, le proprie tensioni, le proprie insidie.<br \/>\nIl rischio \u00e8 quello di inseguire i fantasmi della storia senza accorgersi delle trasformazioni in corso, delle nuove forme di disuguaglianza, delle derive meno evidenti, dei mutamenti che sfuggono agli schemi ordinari.<br \/>\nIn questo senso, celebrare il 25 aprile vuol dire ricordare da dove veniamo e quali sono i valori che riteniamo irrinunciabili, senza perdere di vista la necessit\u00e0 di leggere criticamente il presente.<br \/>\nLa Liberazione non \u00e8 qualcosa da archiviare nella memoria, bens\u00ec un impegno da rinnovare ne presente: quello di interrogare la realt\u00e0 senza scorciatoie, di riconoscere la complessit\u00e0 senza smarrire i principi e di difendere la libert\u00e0 non come una certezza acquisita, ma come una responsabilit\u00e0 quotidiana.<br \/>\nLa storia non \u00e8 un museo, ma un luogo pieno di segnali.<\/span>\n\n\n\t\t\t\t\t\t\t\t\n\n\t\t\t\t\t\t\t<\/p>\n\n\t\t\t\t\t\t\n\t\t\t\t\t\n\t\t\t\t\t\n\t\t\t\t<\/div>\n\t\t\t\t\t\t<\/div>\n\n\t\t\t<div class=\"efbl-post-footer\">\n\n\n\t\t<div class=\"efbl-d-flex efbl-justify-content-between\">\n\t\t\t\t\t\t\t<div class=\"efbl-reacted efbl-d-flex efbl-align-items-center\">\n\n\t\t\t\t\t\n\t\t\t\t\t\t\n\t\t\t\t\t\t\t<div class=\"efbl-reacted-item emotis\" >\n\n\t\t\t\t\t\t\t\t\t\t\t\t\t\t\t\t\t<i class=\"icon icon-esf-thumbs-o-up\"><\/i>\n\t\t\t\t\t\t\t\t\n\t\t\t\t\t\t\t\t\t\t\t\t\t\t\t\t9\t\t\t\t\t\t\t<\/div>\n\t\t\t\t\t\t\t\n\n\n\t\t\t\t\t\t\t\t\t\t\t<div class=\"efbl-reacted-item\">\n\n\t\t\t\t\t\t\t\n\t\t\t\t\t\t\t\t<i class=\"icon icon-esf-comment-o\"><\/i>1\n\t\t\t\t\t\t\t\t\n\t\t\t\t\t\t<\/div>\n\t\t\t\t\t\n\t\t\t\t\t\t\t\n\n\t\t\t\t<\/div>\n\t\t\t\n\n\n\t\t\t<div class=\"efbl-view-share efbl-d-flex efbl-justify-content-between efbl-align-items-center efbl-mb-1 efbl-mt-1\">\n\n\t\t\t\t\n\t\t\t\t\t<a href=\"https:\/\/www.facebook.com\/395484520711_1437839638358046\"\n\t\t\t\t\t   target=\"_blank\"\n\t\t\t\t\t   rel=\"nofollow\"\n\t\t\t\t\t   class=\"efbl-view-on-fb no-anchor-style link efbl-mr-1\">Auf Facebook ansehen<\/a>\n\n\t\t\t\t\n\t\t\t\t\n\t\t\t\t\t<div class=\"esf-share-wrapper\">\n\t\t\t\t\t\t<a href=\"#\" class=\"no-anchor-style link esf-share\">Teilen<\/a>\n\t\t\t\t\t\t<div class=\"esf-social-share\">\n\t\t\t\t\t\t\t<button>\n\t\t\t\t\t\t\t\t<a class=\"efbl_facebook\"\n\t\t\t\t\t\t\t\t   href=\"https:\/\/www.facebook.com\/sharer\/sharer.php?u=https:\/\/www.facebook.com\/395484520711_1437839638358046\"\n\t\t\t\t\t\t\t\t   rel=\"nofollow\"\n\t\t\t\t\t\t\t\t   target=\"_blank\">\n\t\t\t\t\t\t\t\t\t<i class=\"icon icon-esf-facebook\"><\/i>\n\t\t\t\t\t\t\t\t<\/a>\n\t\t\t\t\t\t\t<\/button>\n\n\t\t\t\t\t\t\t<button>\n\t\t\t\t\t\t\t\t<a class=\"efbl_twitter\"\n\t\t\t\t\t\t\t\t   href=\"https:\/\/twitter.com\/intent\/tweet?text=https:\/\/www.facebook.com\/395484520711_1437839638358046\"\n\t\t\t\t\t\t\t\t   rel=\"nofollow\"\n\t\t\t\t\t\t\t\t   target=\"_blank\">\n\t\t\t\t\t\t\t\t\t<i class=\"icon icon-esf-twitter\"><\/i>\n\t\t\t\t\t\t\t\t<\/a>\n\t\t\t\t\t\t\t<\/button>\n\n\t\t\t\t\t\t\t<button>\n\t\t\t\t\t\t\t\t<a class=\"efbl_linked_in\"\n\t\t\t\t\t\t\t\t   href=\"https:\/\/www.linkedin.com\/shareArticle?mini=true&url=https:\/\/www.facebook.com\/395484520711_1437839638358046\"\n\t\t\t\t\t\t\t\t   rel=\"nofollow\"\n\t\t\t\t\t\t\t\t   target=\"_blank\">\n\t\t\t\t\t\t\t\t\t<i class=\"icon icon-esf-linkedin\"><\/i>\n\t\t\t\t\t\t\t\t<\/a>\n\t\t\t\t\t\t\t<\/button>\n\t\t\t\t\t\t<\/div>\n\t\t\t\t\t<\/div>\n\t\t\t\t\n\t\t\t<\/div>\n\n\t\t<\/div>\n\n\n\t<\/div>\n\n\n\t<\/div>\n\n<\/div>\n\n\n<div class=\"efbl-halfwidth-skin added_photos efbl-story-wrapper\">\n\t<div class=\"efbl-thumbnail-wrapper\">\n\t\t<div class=\"efbl-row efbl-content-wrapper\">\n\n\t\t\t\n\n\t\t\t\t<div class=\"efbl-thumbnail-col efbl-col-sm-6\">\n\n\t\t\t\t\t\n\t\t\t\t\t\t<a href=\"https:\/\/www.lacivicapermerano.eu\/wp-admin\/admin-ajax.php?action=efbl_generate_popup_html\" data-imagelink=\"https:\/\/scontent-dus1-1.xx.fbcdn.net\/v\/t51.82787-15\/663077327_18094405874158256_203387468214232859_n.jpg?stp=dst-jpg_p720x720_tt6&amp;_nc_cat=111&amp;ccb=1-7&amp;_nc_sid=13d280&amp;_nc_ohc=acph0PCwOKMQ7kNvwH98Bm2&amp;_nc_oc=AdpgcFCORIiGFyihRH9Qysbw9EZAM5axOTzUlJ1FVGFPqmYm0PoOchrkmaJC3CTlepQ&amp;_nc_zt=23&amp;_nc_ht=scontent-dus1-1.xx&amp;edm=AJdBtusEAAAA&amp;_nc_gid=CTyDY29okEl1v3-hd2RbJg&amp;_nc_tpa=Q5bMBQHA78u4PNbh50nKCo_JjvEQ66IJqvIMQw633JG063lIwLKWrrJkPSpY_aBYAWu0Jcvb1Q7xTPXg&amp;oh=00_Af7awXA0cxuz6yMqMVPAUmVxbBla4vUaHxJwDNlShP5CLQ&amp;oe=69FC3F23\t\t\t\t\t\t\tdata-storylink=\"https:>\n\t\t\t\t\t\t\t<img decoding=\"async\" src=\"https:\/\/scontent-dus1-1.xx.fbcdn.net\/v\/t51.82787-15\/663077327_18094405874158256_203387468214232859_n.jpg?stp=dst-jpg_p720x720_tt6&#038;_nc_cat=111&#038;ccb=1-7&#038;_nc_sid=13d280&#038;_nc_ohc=acph0PCwOKMQ7kNvwH98Bm2&#038;_nc_oc=AdpgcFCORIiGFyihRH9Qysbw9EZAM5axOTzUlJ1FVGFPqmYm0PoOchrkmaJC3CTlepQ&#038;_nc_zt=23&#038;_nc_ht=scontent-dus1-1.xx&#038;edm=AJdBtusEAAAA&#038;_nc_gid=CTyDY29okEl1v3-hd2RbJg&#038;_nc_tpa=Q5bMBQHA78u4PNbh50nKCo_JjvEQ66IJqvIMQw633JG063lIwLKWrrJkPSpY_aBYAWu0Jcvb1Q7xTPXg&#038;oh=00_Af7awXA0cxuz6yMqMVPAUmVxbBla4vUaHxJwDNlShP5CLQ&#038;oe=69FC3F23\"\n\t\t\t\t\t\t\t\tclass=\"img-responsive\"\n\t\t\t\t\t\t\t\talt=\"La Civica per Merano\"\/>\n\t\t\t\t\t\t\t<div class=\"efbl-overlay\">\n\n\n\t\t\t\t\t\t\t\t\n\t\t\t\t\t\t\t\t\t<i class=\"icon icon-esf-plus efbl-plus\"\n\t\t\t\t\t\t\t\t\t\taria-hidden=\"true\"><\/i>\n\n\t\t\t\t\t\t\t\t\t\t\t\t\t\t\t\t\t\t\t\t\t\t\t<\/div>\n\t\t\t\t\t\t<\/a>\n\n\t\t\t\t\t\n\n\t\t\t\t<\/div>\n\n\t\t\t\t<div class=\"efbl-feed-content efbl-col-sm-6\">\n\n\t\t\t\t\t\n\t\t\t\t\t\t<div class=\"efbl-d-flex\">\n\n\t\t\t\t\t\t\t\n\t\t\t\t\t\t\t\t<div class=\"efbl-profile-image\">\n\t\t\t\t\t\t\t\t\t<a href=\"https:\/\/facebook.com\/395484520711\"\n\t\t\t\t\t\t\t\t\t\ttitle=\"\"\n\t\t\t\t\t\t\t\t\t\trel=\"nofollow\"\n\t\t\t\t\t\t\t\t\t\ttarget=\"_blank\">\n\t\t\t\t\t\t\t\t\t\t<img alt=\"\"\n\t\t\t\t\t\t\t\t\t\t\tsrc=\"https:\/\/scontent-dus1-1.xx.fbcdn.net\/v\/t39.30808-1\/653713931_1404722238336453_6603064009065322135_n.jpg?stp=dst-jpg_s200x200_tt6&#038;_nc_cat=106&#038;ccb=1-7&#038;_nc_sid=f907e8&#038;_nc_ohc=FaztK8_cX1MQ7kNvwErFhu-&#038;_nc_oc=AdrgI-X-ok18J6TWSbS1IZK5rc48cct_i0EC8hJ7SR6ASV2Omhw8JFYZM-EIINtXsug&#038;_nc_zt=24&#038;_nc_ht=scontent-dus1-1.xx&#038;edm=AOf6bZoEAAAA&#038;_nc_gid=1XKYiivo9Rk-AJEcRUtmGA&#038;_nc_tpa=Q5bMBQFwVVtaawUL9Cns2mDKIoXs03BK1a6Vo0FG5siedmnuMkKz_JQjrK_wIwj17e0px_OHZHCJkxS2&#038;oh=00_Af3RIMeCCQDpNh1eDki3MaUJAkbQiknyRhz3bZ-icVqSRw&#038;oe=69F7C728\"\/><\/a>\n\t\t\t\t\t\t\t\t<\/div>\n\n\t\t\t\t\t\t\t\n\t\t\t\t\t\t\t<div class=\"efbl-profile-title\">\n\t\t\t\t\t\t\t\t<div class=\"efbl-profile-title-wrap\">\n\t\t\t\t\t\t\t\t\t<h2>La Civica per Merano\t\t\t\t\t\t\t\t\t\t\t\t\t\t\t\t\t\t\t\t<span class=\"efbl-profile-story-text\"> <\/span>\n\t\t\t\t\t\t\t\t\t<\/h2>\n\t\t\t\t\t\t\t\t<\/div>\n\t\t\t\t\t\t\t\t<span>3 Wochen 2 tage vor<\/span>\n\t\t\t\t\t\t\t<\/div>\n\t\t\t\t\t\t<\/div>\n\n\t\t\t\t\t\n\n\t\t\t\t\t\n\n\t\t\t\t\t\n\t\t\t\t\t\t\t\t\t\t\t\t\t<p class=\"description\">\n\t\t\t\t\t\t\t\t<span class=\"efbl-description-wrap\">Care\/i Amici\/che,<br \/>\n<br \/>\nsiamo felici di annunciare la ripresa degli incontri del luned\u00ec sera, un ciclo di appuntamenti pensato per creare momenti di confronto costruttivo, condividere idee e raccogliere proposte per il futuro della nostra citt\u00e0.<br \/>\n<br \/>\nIl primo appuntamento sar\u00e0 dedicato a un tema centrale per Merano: lo sviluppo urbanistico.<br \/>\n<br \/>\n\ud83d\udcc5 Quando: luned\u00ec 13 aprile 2026, ore 20:30<br \/>\n\ud83d\udccd Dove: presso la nostra sede, via Plankenstein 4, Merano<br \/>\n<br \/>\nDurante la serata discuteremo insieme di:<br \/>\n\u2022 Il futuro delle aree industriali<br \/>\n\u2022 Nuovi spazi verdi o densificazione<br \/>\n\u2022 La mobilit\u00e0 sostenibile: sfide e opportunit\u00e0<br \/>\n<br \/>\nL\u2019obiettivo di questi incontri \u00e8 creare uno spazio aperto e partecipativo, in cui ogni contributo possa aiutare a costruire una visione condivisa e concreta per Merano.<br \/>\n<br \/>\nVi aspettiamo!<\/span>\n\n\n\t\t\t\t\t\t\t\t\n\n\t\t\t\t\t\t\t<\/p>\n\n\t\t\t\t\t\t\n\t\t\t\t\t\n\t\t\t\t\t\n\t\t\t\t<\/div>\n\t\t\t\t\t\t<\/div>\n\n\t\t\t<div class=\"efbl-post-footer\">\n\n\n\t\t<div class=\"efbl-d-flex efbl-justify-content-between\">\n\t\t\t\t\t\t\t<div class=\"efbl-reacted efbl-d-flex efbl-align-items-center\">\n\n\t\t\t\t\t\n\t\t\t\t\t\t\n\t\t\t\t\t\t\t<div class=\"efbl-reacted-item emotis\" >\n\n\t\t\t\t\t\t\t\t\t\t\t\t\t\t\t\t\t<i class=\"icon icon-esf-thumbs-o-up\"><\/i>\n\t\t\t\t\t\t\t\t\n\t\t\t\t\t\t\t\t\t\t\t\t\t\t\t\t3\t\t\t\t\t\t\t<\/div>\n\t\t\t\t\t\t\t\n\n\n\t\t\t\t\t\n\t\t\t\t\t\t\t\n\n\t\t\t\t<\/div>\n\t\t\t\n\n\n\t\t\t<div class=\"efbl-view-share efbl-d-flex efbl-justify-content-between efbl-align-items-center efbl-mb-1 efbl-mt-1\">\n\n\t\t\t\t\n\t\t\t\t\t<a href=\"https:\/\/www.facebook.com\/395484520711_1424499249692085\"\n\t\t\t\t\t   target=\"_blank\"\n\t\t\t\t\t   rel=\"nofollow\"\n\t\t\t\t\t   class=\"efbl-view-on-fb no-anchor-style link efbl-mr-1\">Auf Facebook ansehen<\/a>\n\n\t\t\t\t\n\t\t\t\t\n\t\t\t\t\t<div class=\"esf-share-wrapper\">\n\t\t\t\t\t\t<a href=\"#\" class=\"no-anchor-style link esf-share\">Teilen<\/a>\n\t\t\t\t\t\t<div class=\"esf-social-share\">\n\t\t\t\t\t\t\t<button>\n\t\t\t\t\t\t\t\t<a class=\"efbl_facebook\"\n\t\t\t\t\t\t\t\t   href=\"https:\/\/www.facebook.com\/sharer\/sharer.php?u=https:\/\/www.facebook.com\/395484520711_1424499249692085\"\n\t\t\t\t\t\t\t\t   rel=\"nofollow\"\n\t\t\t\t\t\t\t\t   target=\"_blank\">\n\t\t\t\t\t\t\t\t\t<i class=\"icon icon-esf-facebook\"><\/i>\n\t\t\t\t\t\t\t\t<\/a>\n\t\t\t\t\t\t\t<\/button>\n\n\t\t\t\t\t\t\t<button>\n\t\t\t\t\t\t\t\t<a class=\"efbl_twitter\"\n\t\t\t\t\t\t\t\t   href=\"https:\/\/twitter.com\/intent\/tweet?text=https:\/\/www.facebook.com\/395484520711_1424499249692085\"\n\t\t\t\t\t\t\t\t   rel=\"nofollow\"\n\t\t\t\t\t\t\t\t   target=\"_blank\">\n\t\t\t\t\t\t\t\t\t<i class=\"icon icon-esf-twitter\"><\/i>\n\t\t\t\t\t\t\t\t<\/a>\n\t\t\t\t\t\t\t<\/button>\n\n\t\t\t\t\t\t\t<button>\n\t\t\t\t\t\t\t\t<a class=\"efbl_linked_in\"\n\t\t\t\t\t\t\t\t   href=\"https:\/\/www.linkedin.com\/shareArticle?mini=true&url=https:\/\/www.facebook.com\/395484520711_1424499249692085\"\n\t\t\t\t\t\t\t\t   rel=\"nofollow\"\n\t\t\t\t\t\t\t\t   target=\"_blank\">\n\t\t\t\t\t\t\t\t\t<i class=\"icon icon-esf-linkedin\"><\/i>\n\t\t\t\t\t\t\t\t<\/a>\n\t\t\t\t\t\t\t<\/button>\n\t\t\t\t\t\t<\/div>\n\t\t\t\t\t<\/div>\n\t\t\t\t\n\t\t\t<\/div>\n\n\t\t<\/div>\n\n\n\t<\/div>\n\n\n\t<\/div>\n\n<\/div>\n\n\n<div class=\"efbl-halfwidth-skin added_photos efbl-story-wrapper\">\n\t<div class=\"efbl-thumbnail-wrapper\">\n\t\t<div class=\"efbl-row efbl-content-wrapper\">\n\n\t\t\t\n\n\t\t\t\t<div class=\"efbl-thumbnail-col efbl-col-sm-6\">\n\n\t\t\t\t\t\n\t\t\t\t\t\t<a href=\"https:\/\/www.lacivicapermerano.eu\/wp-admin\/admin-ajax.php?action=efbl_generate_popup_html\" data-imagelink=\"https:\/\/scontent-dus1-1.xx.fbcdn.net\/v\/t39.30808-6\/653171057_1404739898334687_103235991254037830_n.jpg?stp=cp1_dst-jpg_s1080x2048_tt6&amp;_nc_cat=109&amp;ccb=1-7&amp;_nc_sid=7b2446&amp;_nc_ohc=SJN1dNfMu0AQ7kNvwEc06gh&amp;_nc_oc=AdqStlmj0DPaOj-V2BXGVYhYev3bmgO2Wn8aWU2Ljz2Fb96LmH0beSfvza7cebQblfM&amp;_nc_zt=23&amp;_nc_ht=scontent-dus1-1.xx&amp;edm=AJdBtusEAAAA&amp;_nc_gid=CTyDY29okEl1v3-hd2RbJg&amp;_nc_tpa=Q5bMBQGkVAKexiDM8Bp7sfl_fOo_-XQKmWzJznA0QkjQ3Xc2K7PkrO8BD_Hc7MrkwC2YKyJz9TNNUwqC&amp;oh=00_Af7n2TSswPX8C8YlhfbkhSWMEGdphs5nfJRako4kkY7QqQ&amp;oe=69FC4843\t\t\t\t\t\t\tdata-storylink=\"https:>\n\t\t\t\t\t\t\t<img decoding=\"async\" src=\"https:\/\/scontent-dus1-1.xx.fbcdn.net\/v\/t39.30808-6\/653171057_1404739898334687_103235991254037830_n.jpg?stp=cp1_dst-jpg_s1080x2048_tt6&#038;_nc_cat=109&#038;ccb=1-7&#038;_nc_sid=7b2446&#038;_nc_ohc=SJN1dNfMu0AQ7kNvwEc06gh&#038;_nc_oc=AdqStlmj0DPaOj-V2BXGVYhYev3bmgO2Wn8aWU2Ljz2Fb96LmH0beSfvza7cebQblfM&#038;_nc_zt=23&#038;_nc_ht=scontent-dus1-1.xx&#038;edm=AJdBtusEAAAA&#038;_nc_gid=CTyDY29okEl1v3-hd2RbJg&#038;_nc_tpa=Q5bMBQGkVAKexiDM8Bp7sfl_fOo_-XQKmWzJznA0QkjQ3Xc2K7PkrO8BD_Hc7MrkwC2YKyJz9TNNUwqC&#038;oh=00_Af7n2TSswPX8C8YlhfbkhSWMEGdphs5nfJRako4kkY7QqQ&#038;oe=69FC4843\"\n\t\t\t\t\t\t\t\tclass=\"img-responsive\"\n\t\t\t\t\t\t\t\talt=\"La Civica per Merano\"\/>\n\t\t\t\t\t\t\t<div class=\"efbl-overlay\">\n\n\n\t\t\t\t\t\t\t\t\n\t\t\t\t\t\t\t\t\t<i class=\"icon icon-esf-plus efbl-plus\"\n\t\t\t\t\t\t\t\t\t\taria-hidden=\"true\"><\/i>\n\n\t\t\t\t\t\t\t\t\t\t\t\t\t\t\t\t\t\t\t\t\t\t\t\t\t<i class=\"icon icon-esf-clone efbl_multimedia\"\n\t\t\t\t\t\t\t\t\t\taria-hidden=\"true\"><\/i>\n\t\t\t\t\t\t\t\t\t\t\t\t\t\t\t<\/div>\n\t\t\t\t\t\t<\/a>\n\n\t\t\t\t\t\n\n\t\t\t\t<\/div>\n\n\t\t\t\t<div class=\"efbl-feed-content efbl-col-sm-6\">\n\n\t\t\t\t\t\n\t\t\t\t\t\t<div class=\"efbl-d-flex\">\n\n\t\t\t\t\t\t\t\n\t\t\t\t\t\t\t\t<div class=\"efbl-profile-image\">\n\t\t\t\t\t\t\t\t\t<a href=\"https:\/\/facebook.com\/395484520711\"\n\t\t\t\t\t\t\t\t\t\ttitle=\"\"\n\t\t\t\t\t\t\t\t\t\trel=\"nofollow\"\n\t\t\t\t\t\t\t\t\t\ttarget=\"_blank\">\n\t\t\t\t\t\t\t\t\t\t<img alt=\"\"\n\t\t\t\t\t\t\t\t\t\t\tsrc=\"https:\/\/scontent-dus1-1.xx.fbcdn.net\/v\/t39.30808-1\/653713931_1404722238336453_6603064009065322135_n.jpg?stp=dst-jpg_s200x200_tt6&#038;_nc_cat=106&#038;ccb=1-7&#038;_nc_sid=f907e8&#038;_nc_ohc=FaztK8_cX1MQ7kNvwErFhu-&#038;_nc_oc=AdrgI-X-ok18J6TWSbS1IZK5rc48cct_i0EC8hJ7SR6ASV2Omhw8JFYZM-EIINtXsug&#038;_nc_zt=24&#038;_nc_ht=scontent-dus1-1.xx&#038;edm=AOf6bZoEAAAA&#038;_nc_gid=1XKYiivo9Rk-AJEcRUtmGA&#038;_nc_tpa=Q5bMBQFwVVtaawUL9Cns2mDKIoXs03BK1a6Vo0FG5siedmnuMkKz_JQjrK_wIwj17e0px_OHZHCJkxS2&#038;oh=00_Af3RIMeCCQDpNh1eDki3MaUJAkbQiknyRhz3bZ-icVqSRw&#038;oe=69F7C728\"\/><\/a>\n\t\t\t\t\t\t\t\t<\/div>\n\n\t\t\t\t\t\t\t\n\t\t\t\t\t\t\t<div class=\"efbl-profile-title\">\n\t\t\t\t\t\t\t\t<div class=\"efbl-profile-title-wrap\">\n\t\t\t\t\t\t\t\t\t<h2>La Civica per Merano\t\t\t\t\t\t\t\t\t\t\t\t\t\t\t\t\t\t\t\t<span class=\"efbl-profile-story-text\"> <\/span>\n\t\t\t\t\t\t\t\t\t<\/h2>\n\t\t\t\t\t\t\t\t<\/div>\n\t\t\t\t\t\t\t\t<span>1 Monat 2 Wochen vor<\/span>\n\t\t\t\t\t\t\t<\/div>\n\t\t\t\t\t\t<\/div>\n\n\t\t\t\t\t\n\n\t\t\t\t\t\n\n\t\t\t\t\t\n\t\t\t\t\t\t\t\t\t\t\t\t\t<p class=\"description\">\n\t\t\t\t\t\t\t\t<span class=\"efbl-description-wrap\">Sabato si \u00e8 svolta l\u2019assemblea generale de \u201cla Civica per Merano\u201d.<br \/>\nUn momento di riflessione, di ringraziamento e di visioni future. <br \/>\nBeatrice Calligione ha lasciato il testimone a favore di una rivoluzione interna: il quadriumvirato composto da Emanuela  Albieri, Andrea Casolari, Tommaso Carbone e Andrea Rizzo. <br \/>\nA Beatrice va tutto il nostro ringraziamento per l\u2019immenso lavoro fatto e alla nuova formazione, la nostra piena fiducia e un grande in bocca al lupo per il lavoro che li aspetta!<\/span>\n\n\n\t\t\t\t\t\t\t\t\n\n\t\t\t\t\t\t\t<\/p>\n\n\t\t\t\t\t\t\n\t\t\t\t\t\n\t\t\t\t\t\n\t\t\t\t<\/div>\n\t\t\t\t\t\t<\/div>\n\n\t\t\t<div class=\"efbl-post-footer\">\n\n\n\t\t<div class=\"efbl-d-flex efbl-justify-content-between\">\n\t\t\t\t\t\t\t<div class=\"efbl-reacted efbl-d-flex efbl-align-items-center\">\n\n\t\t\t\t\t\n\t\t\t\t\t\t\n\t\t\t\t\t\t\t<div class=\"efbl-reacted-item emotis\" >\n\n\t\t\t\t\t\t\t\t\t\t\t\t\t\t\t\t\t<i class=\"icon icon-esf-thumbs-o-up\"><\/i>\n\t\t\t\t\t\t\t\t\n\t\t\t\t\t\t\t\t\t\t\t\t\t\t\t\t24\t\t\t\t\t\t\t<\/div>\n\t\t\t\t\t\t\t\n\n\n\t\t\t\t\t\t\t\t\t\t\t<div class=\"efbl-reacted-item\">\n\n\t\t\t\t\t\t\t\n\t\t\t\t\t\t\t\t<i class=\"icon icon-esf-comment-o\"><\/i>1\n\t\t\t\t\t\t\t\t\n\t\t\t\t\t\t<\/div>\n\t\t\t\t\t\n\t\t\t\t\t\t\t\n\n\t\t\t\t<\/div>\n\t\t\t\n\n\n\t\t\t<div class=\"efbl-view-share efbl-d-flex efbl-justify-content-between efbl-align-items-center efbl-mb-1 efbl-mt-1\">\n\n\t\t\t\t\n\t\t\t\t\t<a href=\"https:\/\/www.facebook.com\/395484520711_1404739705001373\"\n\t\t\t\t\t   target=\"_blank\"\n\t\t\t\t\t   rel=\"nofollow\"\n\t\t\t\t\t   class=\"efbl-view-on-fb no-anchor-style link efbl-mr-1\">Auf Facebook ansehen<\/a>\n\n\t\t\t\t\n\t\t\t\t\n\t\t\t\t\t<div class=\"esf-share-wrapper\">\n\t\t\t\t\t\t<a href=\"#\" class=\"no-anchor-style link esf-share\">Teilen<\/a>\n\t\t\t\t\t\t<div class=\"esf-social-share\">\n\t\t\t\t\t\t\t<button>\n\t\t\t\t\t\t\t\t<a class=\"efbl_facebook\"\n\t\t\t\t\t\t\t\t   href=\"https:\/\/www.facebook.com\/sharer\/sharer.php?u=https:\/\/www.facebook.com\/395484520711_1404739705001373\"\n\t\t\t\t\t\t\t\t   rel=\"nofollow\"\n\t\t\t\t\t\t\t\t   target=\"_blank\">\n\t\t\t\t\t\t\t\t\t<i class=\"icon icon-esf-facebook\"><\/i>\n\t\t\t\t\t\t\t\t<\/a>\n\t\t\t\t\t\t\t<\/button>\n\n\t\t\t\t\t\t\t<button>\n\t\t\t\t\t\t\t\t<a class=\"efbl_twitter\"\n\t\t\t\t\t\t\t\t   href=\"https:\/\/twitter.com\/intent\/tweet?text=https:\/\/www.facebook.com\/395484520711_1404739705001373\"\n\t\t\t\t\t\t\t\t   rel=\"nofollow\"\n\t\t\t\t\t\t\t\t   target=\"_blank\">\n\t\t\t\t\t\t\t\t\t<i class=\"icon icon-esf-twitter\"><\/i>\n\t\t\t\t\t\t\t\t<\/a>\n\t\t\t\t\t\t\t<\/button>\n\n\t\t\t\t\t\t\t<button>\n\t\t\t\t\t\t\t\t<a class=\"efbl_linked_in\"\n\t\t\t\t\t\t\t\t   href=\"https:\/\/www.linkedin.com\/shareArticle?mini=true&url=https:\/\/www.facebook.com\/395484520711_1404739705001373\"\n\t\t\t\t\t\t\t\t   rel=\"nofollow\"\n\t\t\t\t\t\t\t\t   target=\"_blank\">\n\t\t\t\t\t\t\t\t\t<i class=\"icon icon-esf-linkedin\"><\/i>\n\t\t\t\t\t\t\t\t<\/a>\n\t\t\t\t\t\t\t<\/button>\n\t\t\t\t\t\t<\/div>\n\t\t\t\t\t<\/div>\n\t\t\t\t\n\t\t\t<\/div>\n\n\t\t<\/div>\n\n\n\t<\/div>\n\n\n\t<\/div>\n\n<\/div>\n\n\n<div class=\"efbl-halfwidth-skin added_photos efbl-story-wrapper\">\n\t<div class=\"efbl-thumbnail-wrapper\">\n\t\t<div class=\"efbl-row efbl-content-wrapper\">\n\n\t\t\t\n\n\t\t\t\t<div class=\"efbl-thumbnail-col efbl-col-sm-6\">\n\n\t\t\t\t\t\n\t\t\t\t\t\t<a href=\"https:\/\/www.lacivicapermerano.eu\/wp-admin\/admin-ajax.php?action=efbl_generate_popup_html\" data-imagelink=\"https:\/\/scontent-dus1-1.xx.fbcdn.net\/v\/t39.30808-6\/653712851_1404729755002368_3090705752602450190_n.jpg?stp=dst-jpg_s1080x2048_tt6&amp;_nc_cat=110&amp;ccb=1-7&amp;_nc_sid=2a1932&amp;_nc_ohc=nBsWpgBWhS0Q7kNvwHITeVo&amp;_nc_oc=AdrGVF71jJbNsV8G_PCZht9dsJoQz4q7sSPKWx7pEKXAo--gTY7O6eHL64dhg7bvpQQ&amp;_nc_zt=23&amp;_nc_ht=scontent-dus1-1.xx&amp;edm=AJdBtusEAAAA&amp;_nc_gid=CTyDY29okEl1v3-hd2RbJg&amp;_nc_tpa=Q5bMBQHM4vIJL-nSFNJr744dFcd-POvkjWsftJaGDZ42Gjai6lBeZIwA8ylTqKNsVvEC6S6fTXJG-a5f&amp;oh=00_Af46O2_57iJaNPlGyfBrHYCyYjpHvuHq5UYDcrNUF0BK1g&amp;oe=69FC207C\t\t\t\t\t\t\tdata-storylink=\"https:>\n\t\t\t\t\t\t\t<img decoding=\"async\" src=\"https:\/\/scontent-dus1-1.xx.fbcdn.net\/v\/t39.30808-6\/653712851_1404729755002368_3090705752602450190_n.jpg?stp=dst-jpg_s1080x2048_tt6&#038;_nc_cat=110&#038;ccb=1-7&#038;_nc_sid=2a1932&#038;_nc_ohc=nBsWpgBWhS0Q7kNvwHITeVo&#038;_nc_oc=AdrGVF71jJbNsV8G_PCZht9dsJoQz4q7sSPKWx7pEKXAo--gTY7O6eHL64dhg7bvpQQ&#038;_nc_zt=23&#038;_nc_ht=scontent-dus1-1.xx&#038;edm=AJdBtusEAAAA&#038;_nc_gid=CTyDY29okEl1v3-hd2RbJg&#038;_nc_tpa=Q5bMBQHM4vIJL-nSFNJr744dFcd-POvkjWsftJaGDZ42Gjai6lBeZIwA8ylTqKNsVvEC6S6fTXJG-a5f&#038;oh=00_Af46O2_57iJaNPlGyfBrHYCyYjpHvuHq5UYDcrNUF0BK1g&#038;oe=69FC207C\"\n\t\t\t\t\t\t\t\tclass=\"img-responsive\"\n\t\t\t\t\t\t\t\talt=\"La Civica per Merano\"\/>\n\t\t\t\t\t\t\t<div class=\"efbl-overlay\">\n\n\n\t\t\t\t\t\t\t\t\n\t\t\t\t\t\t\t\t\t<i class=\"icon icon-esf-plus efbl-plus\"\n\t\t\t\t\t\t\t\t\t\taria-hidden=\"true\"><\/i>\n\n\t\t\t\t\t\t\t\t\t\t\t\t\t\t\t\t\t\t\t\t\t\t\t<\/div>\n\t\t\t\t\t\t<\/a>\n\n\t\t\t\t\t\n\n\t\t\t\t<\/div>\n\n\t\t\t\t<div class=\"efbl-feed-content efbl-col-sm-6\">\n\n\t\t\t\t\t\n\t\t\t\t\t\t<div class=\"efbl-d-flex\">\n\n\t\t\t\t\t\t\t\n\t\t\t\t\t\t\t\t<div class=\"efbl-profile-image\">\n\t\t\t\t\t\t\t\t\t<a href=\"https:\/\/facebook.com\/395484520711\"\n\t\t\t\t\t\t\t\t\t\ttitle=\"\"\n\t\t\t\t\t\t\t\t\t\trel=\"nofollow\"\n\t\t\t\t\t\t\t\t\t\ttarget=\"_blank\">\n\t\t\t\t\t\t\t\t\t\t<img alt=\"\"\n\t\t\t\t\t\t\t\t\t\t\tsrc=\"https:\/\/scontent-dus1-1.xx.fbcdn.net\/v\/t39.30808-1\/653713931_1404722238336453_6603064009065322135_n.jpg?stp=dst-jpg_s200x200_tt6&#038;_nc_cat=106&#038;ccb=1-7&#038;_nc_sid=f907e8&#038;_nc_ohc=FaztK8_cX1MQ7kNvwErFhu-&#038;_nc_oc=AdrgI-X-ok18J6TWSbS1IZK5rc48cct_i0EC8hJ7SR6ASV2Omhw8JFYZM-EIINtXsug&#038;_nc_zt=24&#038;_nc_ht=scontent-dus1-1.xx&#038;edm=AOf6bZoEAAAA&#038;_nc_gid=1XKYiivo9Rk-AJEcRUtmGA&#038;_nc_tpa=Q5bMBQFwVVtaawUL9Cns2mDKIoXs03BK1a6Vo0FG5siedmnuMkKz_JQjrK_wIwj17e0px_OHZHCJkxS2&#038;oh=00_Af3RIMeCCQDpNh1eDki3MaUJAkbQiknyRhz3bZ-icVqSRw&#038;oe=69F7C728\"\/><\/a>\n\t\t\t\t\t\t\t\t<\/div>\n\n\t\t\t\t\t\t\t\n\t\t\t\t\t\t\t<div class=\"efbl-profile-title\">\n\t\t\t\t\t\t\t\t<div class=\"efbl-profile-title-wrap\">\n\t\t\t\t\t\t\t\t\t<h2>La Civica per Merano\t\t\t\t\t\t\t\t\t\t\t\t\t\t\t\t\t\t\t\t<span class=\"efbl-profile-story-text\"> updated their cover photo. <\/span>\n\t\t\t\t\t\t\t\t\t<\/h2>\n\t\t\t\t\t\t\t\t<\/div>\n\t\t\t\t\t\t\t\t<span>1 Monat 2 Wochen vor<\/span>\n\t\t\t\t\t\t\t<\/div>\n\t\t\t\t\t\t<\/div>\n\n\t\t\t\t\t\n\n\t\t\t\t\t\n\n\t\t\t\t\t\n\t\t\t\t\t\n\t\t\t\t<\/div>\n\t\t\t\t\t\t<\/div>\n\n\t\t\t<div class=\"efbl-post-footer\">\n\n\n\t\t<div class=\"efbl-d-flex efbl-justify-content-between\">\n\t\t\t\t\t\t\t<div class=\"efbl-reacted efbl-d-flex efbl-align-items-center\">\n\n\t\t\t\t\t\n\t\t\t\t\t\t\n\t\t\t\t\t\t\t<div class=\"efbl-reacted-item emotis\" >\n\n\t\t\t\t\t\t\t\t\t\t\t\t\t\t\t\t\t<i class=\"icon icon-esf-thumbs-o-up\"><\/i>\n\t\t\t\t\t\t\t\t\n\t\t\t\t\t\t\t\t\t\t\t\t\t\t\t\t18\t\t\t\t\t\t\t<\/div>\n\t\t\t\t\t\t\t\n\n\n\t\t\t\t\t\n\t\t\t\t\t\t\t\n\n\t\t\t\t<\/div>\n\t\t\t\n\n\n\t\t\t<div class=\"efbl-view-share efbl-d-flex efbl-justify-content-between efbl-align-items-center efbl-mb-1 efbl-mt-1\">\n\n\t\t\t\t\n\t\t\t\t\t<a href=\"https:\/\/www.facebook.com\/395484520711_1427418469078223\"\n\t\t\t\t\t   target=\"_blank\"\n\t\t\t\t\t   rel=\"nofollow\"\n\t\t\t\t\t   class=\"efbl-view-on-fb no-anchor-style link efbl-mr-1\">Auf Facebook ansehen<\/a>\n\n\t\t\t\t\n\t\t\t\t\n\t\t\t\t\t<div class=\"esf-share-wrapper\">\n\t\t\t\t\t\t<a href=\"#\" class=\"no-anchor-style link esf-share\">Teilen<\/a>\n\t\t\t\t\t\t<div class=\"esf-social-share\">\n\t\t\t\t\t\t\t<button>\n\t\t\t\t\t\t\t\t<a class=\"efbl_facebook\"\n\t\t\t\t\t\t\t\t   href=\"https:\/\/www.facebook.com\/sharer\/sharer.php?u=https:\/\/www.facebook.com\/395484520711_1427418469078223\"\n\t\t\t\t\t\t\t\t   rel=\"nofollow\"\n\t\t\t\t\t\t\t\t   target=\"_blank\">\n\t\t\t\t\t\t\t\t\t<i class=\"icon icon-esf-facebook\"><\/i>\n\t\t\t\t\t\t\t\t<\/a>\n\t\t\t\t\t\t\t<\/button>\n\n\t\t\t\t\t\t\t<button>\n\t\t\t\t\t\t\t\t<a class=\"efbl_twitter\"\n\t\t\t\t\t\t\t\t   href=\"https:\/\/twitter.com\/intent\/tweet?text=https:\/\/www.facebook.com\/395484520711_1427418469078223\"\n\t\t\t\t\t\t\t\t   rel=\"nofollow\"\n\t\t\t\t\t\t\t\t   target=\"_blank\">\n\t\t\t\t\t\t\t\t\t<i class=\"icon icon-esf-twitter\"><\/i>\n\t\t\t\t\t\t\t\t<\/a>\n\t\t\t\t\t\t\t<\/button>\n\n\t\t\t\t\t\t\t<button>\n\t\t\t\t\t\t\t\t<a class=\"efbl_linked_in\"\n\t\t\t\t\t\t\t\t   href=\"https:\/\/www.linkedin.com\/shareArticle?mini=true&url=https:\/\/www.facebook.com\/395484520711_1427418469078223\"\n\t\t\t\t\t\t\t\t   rel=\"nofollow\"\n\t\t\t\t\t\t\t\t   target=\"_blank\">\n\t\t\t\t\t\t\t\t\t<i class=\"icon icon-esf-linkedin\"><\/i>\n\t\t\t\t\t\t\t\t<\/a>\n\t\t\t\t\t\t\t<\/button>\n\t\t\t\t\t\t<\/div>\n\t\t\t\t\t<\/div>\n\t\t\t\t\n\t\t\t<\/div>\n\n\t\t<\/div>\n\n\n\t<\/div>\n\n\n\t<\/div>\n\n<\/div>\n\n\n<div class=\"efbl-halfwidth-skin added_photos efbl-story-wrapper\">\n\t<div class=\"efbl-thumbnail-wrapper\">\n\t\t<div class=\"efbl-row efbl-content-wrapper\">\n\n\t\t\t\n\n\t\t\t\t<div class=\"efbl-thumbnail-col efbl-col-sm-6\">\n\n\t\t\t\t\t\n\t\t\t\t\t\t<a href=\"https:\/\/www.lacivicapermerano.eu\/wp-admin\/admin-ajax.php?action=efbl_generate_popup_html\" data-imagelink=\"https:\/\/scontent-dus1-1.xx.fbcdn.net\/v\/t39.30808-6\/653713931_1404722238336453_6603064009065322135_n.jpg?stp=dst-jpg_s720x720_tt6&amp;_nc_cat=106&amp;ccb=1-7&amp;_nc_sid=1d70fc&amp;_nc_ohc=588icJyjAQoQ7kNvwFyvXlO&amp;_nc_oc=Adr6kcdaFbDA0Zd19wQR-HKAeWwdXuu_ghRySWmPYPog6Oxg0-lDaINoNxzCM3zeDi4&amp;_nc_zt=23&amp;_nc_ht=scontent-dus1-1.xx&amp;edm=AJdBtusEAAAA&amp;_nc_gid=CTyDY29okEl1v3-hd2RbJg&amp;_nc_tpa=Q5bMBQHJBWusgRPG83VMDEo6WSCncNrdFGLWoP1etmDYhuZ8o9v_sTAoureZR6GM_Uc24HZz1TktvhoB&amp;oh=00_Af4F165RbOzLGXlF-MiPNyzq7O3ANc8C2q9Mf6euB8aV6w&amp;oe=69FC3566\t\t\t\t\t\t\tdata-storylink=\"https:>\n\t\t\t\t\t\t\t<img decoding=\"async\" src=\"https:\/\/scontent-dus1-1.xx.fbcdn.net\/v\/t39.30808-6\/653713931_1404722238336453_6603064009065322135_n.jpg?stp=dst-jpg_s720x720_tt6&#038;_nc_cat=106&#038;ccb=1-7&#038;_nc_sid=1d70fc&#038;_nc_ohc=588icJyjAQoQ7kNvwFyvXlO&#038;_nc_oc=Adr6kcdaFbDA0Zd19wQR-HKAeWwdXuu_ghRySWmPYPog6Oxg0-lDaINoNxzCM3zeDi4&#038;_nc_zt=23&#038;_nc_ht=scontent-dus1-1.xx&#038;edm=AJdBtusEAAAA&#038;_nc_gid=CTyDY29okEl1v3-hd2RbJg&#038;_nc_tpa=Q5bMBQHJBWusgRPG83VMDEo6WSCncNrdFGLWoP1etmDYhuZ8o9v_sTAoureZR6GM_Uc24HZz1TktvhoB&#038;oh=00_Af4F165RbOzLGXlF-MiPNyzq7O3ANc8C2q9Mf6euB8aV6w&#038;oe=69FC3566\"\n\t\t\t\t\t\t\t\tclass=\"img-responsive\"\n\t\t\t\t\t\t\t\talt=\"La Civica per Merano\"\/>\n\t\t\t\t\t\t\t<div class=\"efbl-overlay\">\n\n\n\t\t\t\t\t\t\t\t\n\t\t\t\t\t\t\t\t\t<i class=\"icon icon-esf-plus efbl-plus\"\n\t\t\t\t\t\t\t\t\t\taria-hidden=\"true\"><\/i>\n\n\t\t\t\t\t\t\t\t\t\t\t\t\t\t\t\t\t\t\t\t\t\t\t<\/div>\n\t\t\t\t\t\t<\/a>\n\n\t\t\t\t\t\n\n\t\t\t\t<\/div>\n\n\t\t\t\t<div class=\"efbl-feed-content efbl-col-sm-6\">\n\n\t\t\t\t\t\n\t\t\t\t\t\t<div class=\"efbl-d-flex\">\n\n\t\t\t\t\t\t\t\n\t\t\t\t\t\t\t\t<div class=\"efbl-profile-image\">\n\t\t\t\t\t\t\t\t\t<a href=\"https:\/\/facebook.com\/395484520711\"\n\t\t\t\t\t\t\t\t\t\ttitle=\"\"\n\t\t\t\t\t\t\t\t\t\trel=\"nofollow\"\n\t\t\t\t\t\t\t\t\t\ttarget=\"_blank\">\n\t\t\t\t\t\t\t\t\t\t<img alt=\"\"\n\t\t\t\t\t\t\t\t\t\t\tsrc=\"https:\/\/scontent-dus1-1.xx.fbcdn.net\/v\/t39.30808-1\/653713931_1404722238336453_6603064009065322135_n.jpg?stp=dst-jpg_s200x200_tt6&#038;_nc_cat=106&#038;ccb=1-7&#038;_nc_sid=f907e8&#038;_nc_ohc=FaztK8_cX1MQ7kNvwErFhu-&#038;_nc_oc=AdrgI-X-ok18J6TWSbS1IZK5rc48cct_i0EC8hJ7SR6ASV2Omhw8JFYZM-EIINtXsug&#038;_nc_zt=24&#038;_nc_ht=scontent-dus1-1.xx&#038;edm=AOf6bZoEAAAA&#038;_nc_gid=1XKYiivo9Rk-AJEcRUtmGA&#038;_nc_tpa=Q5bMBQFwVVtaawUL9Cns2mDKIoXs03BK1a6Vo0FG5siedmnuMkKz_JQjrK_wIwj17e0px_OHZHCJkxS2&#038;oh=00_Af3RIMeCCQDpNh1eDki3MaUJAkbQiknyRhz3bZ-icVqSRw&#038;oe=69F7C728\"\/><\/a>\n\t\t\t\t\t\t\t\t<\/div>\n\n\t\t\t\t\t\t\t\n\t\t\t\t\t\t\t<div class=\"efbl-profile-title\">\n\t\t\t\t\t\t\t\t<div class=\"efbl-profile-title-wrap\">\n\t\t\t\t\t\t\t\t\t<h2>La Civica per Merano\t\t\t\t\t\t\t\t\t\t\t\t\t\t\t\t\t\t\t\t<span class=\"efbl-profile-story-text\"> updated their profile picture. <\/span>\n\t\t\t\t\t\t\t\t\t<\/h2>\n\t\t\t\t\t\t\t\t<\/div>\n\t\t\t\t\t\t\t\t<span>1 Monat 2 Wochen vor<\/span>\n\t\t\t\t\t\t\t<\/div>\n\t\t\t\t\t\t<\/div>\n\n\t\t\t\t\t\n\n\t\t\t\t\t\n\n\t\t\t\t\t\n\t\t\t\t\t\n\t\t\t\t<\/div>\n\t\t\t\t\t\t<\/div>\n\n\t\t\t<div class=\"efbl-post-footer\">\n\n\n\t\t<div class=\"efbl-d-flex efbl-justify-content-between\">\n\t\t\t\t\t\t\t<div class=\"efbl-reacted efbl-d-flex efbl-align-items-center\">\n\n\t\t\t\t\t\n\t\t\t\t\t\t\n\t\t\t\t\t\t\t<div class=\"efbl-reacted-item emotis\" >\n\n\t\t\t\t\t\t\t\t\t\t\t\t\t\t\t\t\t<i class=\"icon icon-esf-thumbs-o-up\"><\/i>\n\t\t\t\t\t\t\t\t\n\t\t\t\t\t\t\t\t\t\t\t\t\t\t\t\t4\t\t\t\t\t\t\t<\/div>\n\t\t\t\t\t\t\t\n\n\n\t\t\t\t\t\n\t\t\t\t\t\t\t\n\n\t\t\t\t<\/div>\n\t\t\t\n\n\n\t\t\t<div class=\"efbl-view-share efbl-d-flex efbl-justify-content-between efbl-align-items-center efbl-mb-1 efbl-mt-1\">\n\n\t\t\t\t\n\t\t\t\t\t<a href=\"https:\/\/www.facebook.com\/395484520711_1404722411669769\"\n\t\t\t\t\t   target=\"_blank\"\n\t\t\t\t\t   rel=\"nofollow\"\n\t\t\t\t\t   class=\"efbl-view-on-fb no-anchor-style link efbl-mr-1\">Auf Facebook ansehen<\/a>\n\n\t\t\t\t\n\t\t\t\t\n\t\t\t\t\t<div class=\"esf-share-wrapper\">\n\t\t\t\t\t\t<a href=\"#\" class=\"no-anchor-style link esf-share\">Teilen<\/a>\n\t\t\t\t\t\t<div class=\"esf-social-share\">\n\t\t\t\t\t\t\t<button>\n\t\t\t\t\t\t\t\t<a class=\"efbl_facebook\"\n\t\t\t\t\t\t\t\t   href=\"https:\/\/www.facebook.com\/sharer\/sharer.php?u=https:\/\/www.facebook.com\/395484520711_1404722411669769\"\n\t\t\t\t\t\t\t\t   rel=\"nofollow\"\n\t\t\t\t\t\t\t\t   target=\"_blank\">\n\t\t\t\t\t\t\t\t\t<i class=\"icon icon-esf-facebook\"><\/i>\n\t\t\t\t\t\t\t\t<\/a>\n\t\t\t\t\t\t\t<\/button>\n\n\t\t\t\t\t\t\t<button>\n\t\t\t\t\t\t\t\t<a class=\"efbl_twitter\"\n\t\t\t\t\t\t\t\t   href=\"https:\/\/twitter.com\/intent\/tweet?text=https:\/\/www.facebook.com\/395484520711_1404722411669769\"\n\t\t\t\t\t\t\t\t   rel=\"nofollow\"\n\t\t\t\t\t\t\t\t   target=\"_blank\">\n\t\t\t\t\t\t\t\t\t<i class=\"icon icon-esf-twitter\"><\/i>\n\t\t\t\t\t\t\t\t<\/a>\n\t\t\t\t\t\t\t<\/button>\n\n\t\t\t\t\t\t\t<button>\n\t\t\t\t\t\t\t\t<a class=\"efbl_linked_in\"\n\t\t\t\t\t\t\t\t   href=\"https:\/\/www.linkedin.com\/shareArticle?mini=true&url=https:\/\/www.facebook.com\/395484520711_1404722411669769\"\n\t\t\t\t\t\t\t\t   rel=\"nofollow\"\n\t\t\t\t\t\t\t\t   target=\"_blank\">\n\t\t\t\t\t\t\t\t\t<i class=\"icon icon-esf-linkedin\"><\/i>\n\t\t\t\t\t\t\t\t<\/a>\n\t\t\t\t\t\t\t<\/button>\n\t\t\t\t\t\t<\/div>\n\t\t\t\t\t<\/div>\n\t\t\t\t\n\t\t\t<\/div>\n\n\t\t<\/div>\n\n\n\t<\/div>\n\n\n\t<\/div>\n\n<\/div>\n\n\n<div class=\"efbl-halfwidth-skin added_video efbl-story-wrapper\">\n\t<div class=\"efbl-thumbnail-wrapper\">\n\t\t<div class=\"efbl-row efbl-content-wrapper\">\n\n\t\t\t\n\n\t\t\t\t<div class=\"efbl-thumbnail-col efbl-col-sm-6\">\n\n\t\t\t\t\t\n\t\t\t\t\t\t<a href=\"https:\/\/www.lacivicapermerano.eu\/wp-admin\/admin-ajax.php?action=efbl_generate_popup_html\" data-video=\"https:\/\/video-dus1-1.xx.fbcdn.net\/o1\/v\/t2\/f2\/m366\/AQMSsFHTdCCW7-4q6OKB4lDUO-QQf3uZXf4svndBVFOvFIQJzgHJWqcZFT8OwD0pskmB7JkJs7EavdXVb85iXBCl7mmB9qBPUnpjhpY8ygP_HA.mp4?_nc_cat=107&amp;_nc_sid=5e9851&amp;_nc_ht=video-dus1-1.xx.fbcdn.net&amp;_nc_ohc=mIIdAUA7H-EQ7kNvwGuDRhz&amp;efg=eyJ2ZW5jb2RlX3RhZyI6Inhwdl9wcm9ncmVzc2l2ZS5GQUNFQk9PSy4uQzMuNjQwLmRhc2hfaDI2NC1iYXNpYy1nZW4yXzcyMHAiLCJ4cHZfYXNzZXRfaWQiOjEzNDY1MDcxMjA0NTU0NDgsImFzc2V0X2FnZV9kYXlzIjoxOTAsInZpX3VzZWNhc2VfaWQiOjEwMTIyLCJkdXJhdGlvbl9zIjozOTUsInVybGdlbl9zb3VyY2UiOiJ3d3cifQ%3D%3D&amp;ccb=17-1&amp;vs=9a4ba1624eb2de99&amp;_nc_vs=HBksFQIYRWZiX2VwaGVtZXJhbC8xNDQ0MDAyQkI2N0MxNTA5NTIzODM2NTBDM0REQjM4MV9tdF8xX3ZpZGVvX2Rhc2hpbml0Lm1wNBUAAsgBEgAVAhhAZmJfcGVybWFuZW50LzMzNDZENDMyNTNGRjYyMjNBQjBGOThERENDQTE1NEFBX2F1ZGlvX2Rhc2hpbml0Lm1wNBUCAsgBEgAoABgAGwKIB3VzZV9vaWwBMRJwcm9ncmVzc2l2ZV9yZWNpcGUBMRUAACawvNHpg6nkBBUCKAJDMywXQHi-ZmZmZmYYGWRhc2hfaDI2NC1iYXNpYy1nZW4yXzcyMHARAHUCZZSeAQA&amp;_nc_gid=CTyDY29okEl1v3-hd2RbJg&amp;edm=AJdBtusEAAAA&amp;_nc_zt=28&amp;_nc_tpa=Q5bMBQGy29thV7o33fDWDp91FItv2Q_WIr4Xa9vMmevjzaifSKb-BjU0nB8LhOixina63v5q2kCieEMT&amp;oh=00_Af6lLHXzGDepGFdXBJOOyBDf2B-ad5pcKd08eT5gdquCJQ&amp;oe=69FC3425&amp;bitrate=300927&amp;tag=dash_h264-basic-gen2_720p\t\t\t\t\t\t\tdata-storylink=\"https:>\n\t\t\t\t\t\t\t<img decoding=\"async\" src=\"https:\/\/scontent-dus1-1.xx.fbcdn.net\/v\/t15.5256-10\/568086374_1402721471185278_4373323939552721423_n.jpg?_nc_cat=102&#038;ccb=1-7&#038;_nc_sid=5fad0e&#038;_nc_ohc=C8wvKgaA2PIQ7kNvwECg2nD&#038;_nc_oc=AdqBMxeY9afJtVgKRtJBUqKPiBVzdDrmmbWGQzv3ekB0s33hP9rbtSB8lp7z73FbeU8&#038;_nc_zt=23&#038;_nc_ht=scontent-dus1-1.xx&#038;edm=AJdBtusEAAAA&#038;_nc_gid=CTyDY29okEl1v3-hd2RbJg&#038;_nc_tpa=Q5bMBQGVurKAXlw6ktOzk7JcFDSzjC-LqbUenU8KvPg3UliKv7MKmBYUn5u7Dh969fInE8_7vHHFUetp&#038;oh=00_Af6Z1qXHnspbtPzRNLUkG-44uuPS3nVMOEr5OMSG7Yhm6g&#038;oe=69FC3080\"\n\t\t\t\t\t\t\t\tclass=\"img-responsive\"\n\t\t\t\t\t\t\t\talt=\"La Civica per Merano\"\/>\n\t\t\t\t\t\t\t<div class=\"efbl-overlay\">\n\n\n\t\t\t\t\t\t\t\t\n\t\t\t\t\t\t\t\t\t<i class=\"icon icon-esf-plus efbl-plus\"\n\t\t\t\t\t\t\t\t\t\taria-hidden=\"true\"><\/i>\n\n\t\t\t\t\t\t\t\t\t\t\t\t\t\t\t\t\t\t\t\t\t\t\t\t\t<i class=\"icon icon-esf-clone icon-esf-video-camera\"\n\t\t\t\t\t\t\t\t\t\taria-hidden=\"true\"><\/i>\n\t\t\t\t\t\t\t\t\t\t\t\t\t\t\t\t<\/div>\n\t\t\t\t\t\t<\/a>\n\n\t\t\t\t\t\n\n\t\t\t\t<\/div>\n\n\t\t\t\t<div class=\"efbl-feed-content efbl-col-sm-6\">\n\n\t\t\t\t\t\n\t\t\t\t\t\t<div class=\"efbl-d-flex\">\n\n\t\t\t\t\t\t\t\n\t\t\t\t\t\t\t\t<div class=\"efbl-profile-image\">\n\t\t\t\t\t\t\t\t\t<a href=\"https:\/\/facebook.com\/395484520711\"\n\t\t\t\t\t\t\t\t\t\ttitle=\"\"\n\t\t\t\t\t\t\t\t\t\trel=\"nofollow\"\n\t\t\t\t\t\t\t\t\t\ttarget=\"_blank\">\n\t\t\t\t\t\t\t\t\t\t<img alt=\"\"\n\t\t\t\t\t\t\t\t\t\t\tsrc=\"https:\/\/scontent-dus1-1.xx.fbcdn.net\/v\/t39.30808-1\/653713931_1404722238336453_6603064009065322135_n.jpg?stp=dst-jpg_s200x200_tt6&#038;_nc_cat=106&#038;ccb=1-7&#038;_nc_sid=f907e8&#038;_nc_ohc=FaztK8_cX1MQ7kNvwErFhu-&#038;_nc_oc=AdrgI-X-ok18J6TWSbS1IZK5rc48cct_i0EC8hJ7SR6ASV2Omhw8JFYZM-EIINtXsug&#038;_nc_zt=24&#038;_nc_ht=scontent-dus1-1.xx&#038;edm=AOf6bZoEAAAA&#038;_nc_gid=1XKYiivo9Rk-AJEcRUtmGA&#038;_nc_tpa=Q5bMBQFwVVtaawUL9Cns2mDKIoXs03BK1a6Vo0FG5siedmnuMkKz_JQjrK_wIwj17e0px_OHZHCJkxS2&#038;oh=00_Af3RIMeCCQDpNh1eDki3MaUJAkbQiknyRhz3bZ-icVqSRw&#038;oe=69F7C728\"\/><\/a>\n\t\t\t\t\t\t\t\t<\/div>\n\n\t\t\t\t\t\t\t\n\t\t\t\t\t\t\t<div class=\"efbl-profile-title\">\n\t\t\t\t\t\t\t\t<div class=\"efbl-profile-title-wrap\">\n\t\t\t\t\t\t\t\t\t<h2>La Civica per Merano\t\t\t\t\t\t\t\t\t\t\t\t\t\t\t\t\t\t\t\t<span class=\"efbl-profile-story-text\"> <\/span>\n\t\t\t\t\t\t\t\t\t<\/h2>\n\t\t\t\t\t\t\t\t<\/div>\n\t\t\t\t\t\t\t\t<span>6 Monate 1 Woche vor<\/span>\n\t\t\t\t\t\t\t<\/div>\n\t\t\t\t\t\t<\/div>\n\n\t\t\t\t\t\n\n\t\t\t\t\t\n\n\t\t\t\t\t\n\t\t\t\t\t\t\t\t\t\t\t\t\t<p class=\"description\">\n\t\t\t\t\t\t\t\t<span class=\"efbl-description-wrap\">Ecco gli interventi dei nostri consiglieri comunali <a href=\"https:\/\/facebook.com\/2082459128431667\" target=\"_blank\">Andrea Casolari<\/a> e <a href=\"https:\/\/facebook.com\/2737513232989198\" target=\"_blank\">Ema Albieri<\/a> in merito alla richiesta di aumento di capitale da parte della societ\u00e0 partecipata Merano2000. <br \/>\nViene ribadito il sostegno alla societ\u00e0 ma si chiedono garanzie economiche e chiarezza su responsabilit\u00e0 gestionali, cos\u00ec come trasparenza sia economica che morale.<br \/>\n<br \/>\nParte 2<\/span>\n\n\n\t\t\t\t\t\t\t\t\n\n\t\t\t\t\t\t\t<\/p>\n\n\t\t\t\t\t\t\n\t\t\t\t\t\n\t\t\t\t\t\n\t\t\t\t<\/div>\n\t\t\t\t\t\t<\/div>\n\n\t\t\t<div class=\"efbl-post-footer\">\n\n\n\t\t<div class=\"efbl-d-flex efbl-justify-content-between\">\n\t\t\t\t\t\t\t<div class=\"efbl-reacted efbl-d-flex efbl-align-items-center\">\n\n\t\t\t\t\t\n\t\t\t\t\t\t\n\t\t\t\t\t\t\t<div class=\"efbl-reacted-item emotis\" >\n\n\t\t\t\t\t\t\t\t\t\t\t\t\t\t\t\t\t<i class=\"icon icon-esf-thumbs-o-up\"><\/i>\n\t\t\t\t\t\t\t\t\n\t\t\t\t\t\t\t\t\t\t\t\t\t\t\t\t8\t\t\t\t\t\t\t<\/div>\n\t\t\t\t\t\t\t\n\n\n\t\t\t\t\t\n\t\t\t\t\t\t\t\n\n\t\t\t\t<\/div>\n\t\t\t\n\n\n\t\t\t<div class=\"efbl-view-share efbl-d-flex efbl-justify-content-between efbl-align-items-center efbl-mb-1 efbl-mt-1\">\n\n\t\t\t\t\n\t\t\t\t\t<a href=\"https:\/\/www.facebook.com\/395484520711_1281325887342756\"\n\t\t\t\t\t   target=\"_blank\"\n\t\t\t\t\t   rel=\"nofollow\"\n\t\t\t\t\t   class=\"efbl-view-on-fb no-anchor-style link efbl-mr-1\">Auf Facebook ansehen<\/a>\n\n\t\t\t\t\n\t\t\t\t\n\t\t\t\t\t<div class=\"esf-share-wrapper\">\n\t\t\t\t\t\t<a href=\"#\" class=\"no-anchor-style link esf-share\">Teilen<\/a>\n\t\t\t\t\t\t<div class=\"esf-social-share\">\n\t\t\t\t\t\t\t<button>\n\t\t\t\t\t\t\t\t<a class=\"efbl_facebook\"\n\t\t\t\t\t\t\t\t   href=\"https:\/\/www.facebook.com\/sharer\/sharer.php?u=https:\/\/www.facebook.com\/395484520711_1281325887342756\"\n\t\t\t\t\t\t\t\t   rel=\"nofollow\"\n\t\t\t\t\t\t\t\t   target=\"_blank\">\n\t\t\t\t\t\t\t\t\t<i class=\"icon icon-esf-facebook\"><\/i>\n\t\t\t\t\t\t\t\t<\/a>\n\t\t\t\t\t\t\t<\/button>\n\n\t\t\t\t\t\t\t<button>\n\t\t\t\t\t\t\t\t<a class=\"efbl_twitter\"\n\t\t\t\t\t\t\t\t   href=\"https:\/\/twitter.com\/intent\/tweet?text=https:\/\/www.facebook.com\/395484520711_1281325887342756\"\n\t\t\t\t\t\t\t\t   rel=\"nofollow\"\n\t\t\t\t\t\t\t\t   target=\"_blank\">\n\t\t\t\t\t\t\t\t\t<i class=\"icon icon-esf-twitter\"><\/i>\n\t\t\t\t\t\t\t\t<\/a>\n\t\t\t\t\t\t\t<\/button>\n\n\t\t\t\t\t\t\t<button>\n\t\t\t\t\t\t\t\t<a class=\"efbl_linked_in\"\n\t\t\t\t\t\t\t\t   href=\"https:\/\/www.linkedin.com\/shareArticle?mini=true&url=https:\/\/www.facebook.com\/395484520711_1281325887342756\"\n\t\t\t\t\t\t\t\t   rel=\"nofollow\"\n\t\t\t\t\t\t\t\t   target=\"_blank\">\n\t\t\t\t\t\t\t\t\t<i class=\"icon icon-esf-linkedin\"><\/i>\n\t\t\t\t\t\t\t\t<\/a>\n\t\t\t\t\t\t\t<\/button>\n\t\t\t\t\t\t<\/div>\n\t\t\t\t\t<\/div>\n\t\t\t\t\n\t\t\t<\/div>\n\n\t\t<\/div>\n\n\n\t<\/div>\n\n\n\t<\/div>\n\n<\/div>\n\n\n<div class=\"efbl-halfwidth-skin added_video efbl-story-wrapper\">\n\t<div class=\"efbl-thumbnail-wrapper\">\n\t\t<div class=\"efbl-row efbl-content-wrapper\">\n\n\t\t\t\n\n\t\t\t\t<div class=\"efbl-thumbnail-col efbl-col-sm-6\">\n\n\t\t\t\t\t\n\t\t\t\t\t\t<a href=\"https:\/\/www.lacivicapermerano.eu\/wp-admin\/admin-ajax.php?action=efbl_generate_popup_html\" data-video=\"https:\/\/video-dus1-1.xx.fbcdn.net\/o1\/v\/t2\/f2\/m366\/AQPNeXqgBeSej1aib9AH5iV9ZTg7EbkseX0d7UCsFGFhvXuOu2ceJJHbqcc3tHjjd1gVvvGFIZRY6Es5CWjtHtTawMtARZUaqRaqnzEvkUunWA.mp4?_nc_cat=105&amp;_nc_sid=5e9851&amp;_nc_ht=video-dus1-1.xx.fbcdn.net&amp;_nc_ohc=bltbjBcH9FsQ7kNvwH-Oy-u&amp;efg=eyJ2ZW5jb2RlX3RhZyI6Inhwdl9wcm9ncmVzc2l2ZS5GQUNFQk9PSy4uQzMuNjQwLmRhc2hfaDI2NC1iYXNpYy1nZW4yXzcyMHAiLCJ4cHZfYXNzZXRfaWQiOjEyNjI3OTY4OTU4NjMyMjcsImFzc2V0X2FnZV9kYXlzIjoxOTAsInZpX3VzZWNhc2VfaWQiOjEwMTIyLCJkdXJhdGlvbl9zIjo0NDQsInVybGdlbl9zb3VyY2UiOiJ3d3cifQ%3D%3D&amp;ccb=17-1&amp;vs=3d8b4fe5d59f0936&amp;_nc_vs=HBksFQIYRWZiX2VwaGVtZXJhbC9FQTQzOEYxQTQ3QjFGNkU3RUNEQTYzRkFBMTQ5OUM4RV9tdF8xX3ZpZGVvX2Rhc2hpbml0Lm1wNBUAAsgBEgAVAhhAZmJfcGVybWFuZW50LzYwNDdGMjI5NjNCMkU3MjA5MDZGMzc3RDk3NDg0QjhEX2F1ZGlvX2Rhc2hpbml0Lm1wNBUCAsgBEgAoABgAGwKIB3VzZV9vaWwBMRJwcm9ncmVzc2l2ZV9yZWNpcGUBMRUAACb2hraGuqC-BBUCKAJDMywXQHvNU_fO2RcYGWRhc2hfaDI2NC1iYXNpYy1nZW4yXzcyMHARAHUCZZSeAQA&amp;_nc_gid=CTyDY29okEl1v3-hd2RbJg&amp;edm=AJdBtusEAAAA&amp;_nc_zt=28&amp;_nc_tpa=Q5bMBQG9bnxhpF6uaPy2NykdeIcJuPCgUWez8UUKiXdpj_TaNmgcOO_KiL6I6AuQrDSlCqXODy2YUljX&amp;oh=00_Af5u9mxuCY1LXmL5pARvaIWU2k6NHvMglTh0eRa3iPDhYA&amp;oe=69FC44A7&amp;bitrate=324281&amp;tag=dash_h264-basic-gen2_720p\t\t\t\t\t\t\tdata-storylink=\"https:>\n\t\t\t\t\t\t\t<img decoding=\"async\" src=\"https:\/\/scontent-dus1-1.xx.fbcdn.net\/v\/t15.5256-10\/566748415_846419438045769_6622949471478524218_n.jpg?_nc_cat=107&#038;ccb=1-7&#038;_nc_sid=5fad0e&#038;_nc_ohc=6V4PsjycKSwQ7kNvwG7uKA3&#038;_nc_oc=AdqA_VPkQV8KUjYReXDfYR35j-23z2uOk-XYe9IZrfzjDlGfkJA3gVwRQBNC9ffvwPU&#038;_nc_zt=23&#038;_nc_ht=scontent-dus1-1.xx&#038;edm=AJdBtusEAAAA&#038;_nc_gid=CTyDY29okEl1v3-hd2RbJg&#038;_nc_tpa=Q5bMBQEZ30LqehSHbcZWNjGVgEwX1UNJynWLq96LAzA1rCltaBKI6sneEEL2_6IRLdouMggvJGBJhhXO&#038;oh=00_Af5_b0rWlgibVt3m3yPkOE350yp6gfB9LqYoQXTOrfYaxQ&#038;oe=69FC3754\"\n\t\t\t\t\t\t\t\tclass=\"img-responsive\"\n\t\t\t\t\t\t\t\talt=\"La Civica per Merano\"\/>\n\t\t\t\t\t\t\t<div class=\"efbl-overlay\">\n\n\n\t\t\t\t\t\t\t\t\n\t\t\t\t\t\t\t\t\t<i class=\"icon icon-esf-plus efbl-plus\"\n\t\t\t\t\t\t\t\t\t\taria-hidden=\"true\"><\/i>\n\n\t\t\t\t\t\t\t\t\t\t\t\t\t\t\t\t\t\t\t\t\t\t\t\t\t<i class=\"icon icon-esf-clone icon-esf-video-camera\"\n\t\t\t\t\t\t\t\t\t\taria-hidden=\"true\"><\/i>\n\t\t\t\t\t\t\t\t\t\t\t\t\t\t\t\t<\/div>\n\t\t\t\t\t\t<\/a>\n\n\t\t\t\t\t\n\n\t\t\t\t<\/div>\n\n\t\t\t\t<div class=\"efbl-feed-content efbl-col-sm-6\">\n\n\t\t\t\t\t\n\t\t\t\t\t\t<div class=\"efbl-d-flex\">\n\n\t\t\t\t\t\t\t\n\t\t\t\t\t\t\t\t<div class=\"efbl-profile-image\">\n\t\t\t\t\t\t\t\t\t<a href=\"https:\/\/facebook.com\/395484520711\"\n\t\t\t\t\t\t\t\t\t\ttitle=\"\"\n\t\t\t\t\t\t\t\t\t\trel=\"nofollow\"\n\t\t\t\t\t\t\t\t\t\ttarget=\"_blank\">\n\t\t\t\t\t\t\t\t\t\t<img alt=\"\"\n\t\t\t\t\t\t\t\t\t\t\tsrc=\"https:\/\/scontent-dus1-1.xx.fbcdn.net\/v\/t39.30808-1\/653713931_1404722238336453_6603064009065322135_n.jpg?stp=dst-jpg_s200x200_tt6&#038;_nc_cat=106&#038;ccb=1-7&#038;_nc_sid=f907e8&#038;_nc_ohc=FaztK8_cX1MQ7kNvwErFhu-&#038;_nc_oc=AdrgI-X-ok18J6TWSbS1IZK5rc48cct_i0EC8hJ7SR6ASV2Omhw8JFYZM-EIINtXsug&#038;_nc_zt=24&#038;_nc_ht=scontent-dus1-1.xx&#038;edm=AOf6bZoEAAAA&#038;_nc_gid=1XKYiivo9Rk-AJEcRUtmGA&#038;_nc_tpa=Q5bMBQFwVVtaawUL9Cns2mDKIoXs03BK1a6Vo0FG5siedmnuMkKz_JQjrK_wIwj17e0px_OHZHCJkxS2&#038;oh=00_Af3RIMeCCQDpNh1eDki3MaUJAkbQiknyRhz3bZ-icVqSRw&#038;oe=69F7C728\"\/><\/a>\n\t\t\t\t\t\t\t\t<\/div>\n\n\t\t\t\t\t\t\t\n\t\t\t\t\t\t\t<div class=\"efbl-profile-title\">\n\t\t\t\t\t\t\t\t<div class=\"efbl-profile-title-wrap\">\n\t\t\t\t\t\t\t\t\t<h2>La Civica per Merano\t\t\t\t\t\t\t\t\t\t\t\t\t\t\t\t\t\t\t\t<span class=\"efbl-profile-story-text\"> <\/span>\n\t\t\t\t\t\t\t\t\t<\/h2>\n\t\t\t\t\t\t\t\t<\/div>\n\t\t\t\t\t\t\t\t<span>6 Monate 1 Woche vor<\/span>\n\t\t\t\t\t\t\t<\/div>\n\t\t\t\t\t\t<\/div>\n\n\t\t\t\t\t\n\n\t\t\t\t\t\n\n\t\t\t\t\t\n\t\t\t\t\t\t\t\t\t\t\t\t\t<p class=\"description\">\n\t\t\t\t\t\t\t\t<span class=\"efbl-description-wrap\">Ecco gli interventi dei nostri consiglieri comunali <a href=\"https:\/\/facebook.com\/2082459128431667\" target=\"_blank\">Andrea Casolari<\/a> e <a href=\"https:\/\/facebook.com\/2737513232989198\" target=\"_blank\">Ema Albieri<\/a> in merito alla richiesta di aumento di capitale da parte della societ\u00e0 partecipata Merano2000. <br \/>\nViene ribadito il sostegno alla societ\u00e0 ma si chiedono garanzie economiche e chiarezza su responsabilit\u00e0 gestionali, cos\u00ec come trasparenza sia economica che morale.<br \/>\n<br \/>\nParte 1<br \/>\nSegue parte 2\u2026.<\/span>\n\n\n\t\t\t\t\t\t\t\t\n\n\t\t\t\t\t\t\t<\/p>\n\n\t\t\t\t\t\t\n\t\t\t\t\t\n\t\t\t\t\t\n\t\t\t\t<\/div>\n\t\t\t\t\t\t<\/div>\n\n\t\t\t<div class=\"efbl-post-footer\">\n\n\n\t\t<div class=\"efbl-d-flex efbl-justify-content-between\">\n\t\t\t\t\t\t\t<div class=\"efbl-reacted efbl-d-flex efbl-align-items-center\">\n\n\t\t\t\t\t\n\t\t\t\t\t\t\n\t\t\t\t\t\t\t<div class=\"efbl-reacted-item emotis\" >\n\n\t\t\t\t\t\t\t\t\t\t\t\t\t\t\t\t\t<i class=\"icon icon-esf-thumbs-o-up\"><\/i>\n\t\t\t\t\t\t\t\t\n\t\t\t\t\t\t\t\t\t\t\t\t\t\t\t\t13\t\t\t\t\t\t\t<\/div>\n\t\t\t\t\t\t\t\n\n\n\t\t\t\t\t\n\t\t\t\t\t\t\t\n\n\t\t\t\t<\/div>\n\t\t\t\n\n\n\t\t\t<div class=\"efbl-view-share efbl-d-flex efbl-justify-content-between efbl-align-items-center efbl-mb-1 efbl-mt-1\">\n\n\t\t\t\t\n\t\t\t\t\t<a href=\"https:\/\/www.facebook.com\/395484520711_1281294544012557\"\n\t\t\t\t\t   target=\"_blank\"\n\t\t\t\t\t   rel=\"nofollow\"\n\t\t\t\t\t   class=\"efbl-view-on-fb no-anchor-style link efbl-mr-1\">Auf Facebook ansehen<\/a>\n\n\t\t\t\t\n\t\t\t\t\n\t\t\t\t\t<div class=\"esf-share-wrapper\">\n\t\t\t\t\t\t<a href=\"#\" class=\"no-anchor-style link esf-share\">Teilen<\/a>\n\t\t\t\t\t\t<div class=\"esf-social-share\">\n\t\t\t\t\t\t\t<button>\n\t\t\t\t\t\t\t\t<a class=\"efbl_facebook\"\n\t\t\t\t\t\t\t\t   href=\"https:\/\/www.facebook.com\/sharer\/sharer.php?u=https:\/\/www.facebook.com\/395484520711_1281294544012557\"\n\t\t\t\t\t\t\t\t   rel=\"nofollow\"\n\t\t\t\t\t\t\t\t   target=\"_blank\">\n\t\t\t\t\t\t\t\t\t<i class=\"icon icon-esf-facebook\"><\/i>\n\t\t\t\t\t\t\t\t<\/a>\n\t\t\t\t\t\t\t<\/button>\n\n\t\t\t\t\t\t\t<button>\n\t\t\t\t\t\t\t\t<a class=\"efbl_twitter\"\n\t\t\t\t\t\t\t\t   href=\"https:\/\/twitter.com\/intent\/tweet?text=https:\/\/www.facebook.com\/395484520711_1281294544012557\"\n\t\t\t\t\t\t\t\t   rel=\"nofollow\"\n\t\t\t\t\t\t\t\t   target=\"_blank\">\n\t\t\t\t\t\t\t\t\t<i class=\"icon icon-esf-twitter\"><\/i>\n\t\t\t\t\t\t\t\t<\/a>\n\t\t\t\t\t\t\t<\/button>\n\n\t\t\t\t\t\t\t<button>\n\t\t\t\t\t\t\t\t<a class=\"efbl_linked_in\"\n\t\t\t\t\t\t\t\t   href=\"https:\/\/www.linkedin.com\/shareArticle?mini=true&url=https:\/\/www.facebook.com\/395484520711_1281294544012557\"\n\t\t\t\t\t\t\t\t   rel=\"nofollow\"\n\t\t\t\t\t\t\t\t   target=\"_blank\">\n\t\t\t\t\t\t\t\t\t<i class=\"icon icon-esf-linkedin\"><\/i>\n\t\t\t\t\t\t\t\t<\/a>\n\t\t\t\t\t\t\t<\/button>\n\t\t\t\t\t\t<\/div>\n\t\t\t\t\t<\/div>\n\t\t\t\t\n\t\t\t<\/div>\n\n\t\t<\/div>\n\n\n\t<\/div>\n\n\n\t<\/div>\n\n<\/div>\n\n\n<div class=\"efbl-halfwidth-skin mobile_status_update efbl-story-wrapper\">\n\t<div class=\"efbl-thumbnail-wrapper\">\n\t\t<div class=\"efbl-row efbl-content-wrapper\">\n\n\t\t\t\n\t\t\t\t\t\t\t\t\t<div class=\"efbl-thumbnail-col efbl-col-sm-6\">\n\n\t\t\t\t\t\t\n\t\t\t\t\t\t\t<a href=\"https:\/\/www.lacivicapermerano.eu\/wp-admin\/admin-ajax.php?action=efbl_generate_popup_html\" \n\t\t\t\t\t\t\t\t\t\t\t\tdata-imagelink=\"https:\/\/scontent-dus1-1.xx.fbcdn.net\/v\/t39.30808-6\/549058461_1374052188059394_5427097738662067361_n.jpg?stp=dst-jpg_p720x720_tt6&amp;_nc_cat=110&amp;ccb=1-7&amp;_nc_sid=7b2446&amp;_nc_ohc=7Ga1e9ff0gsQ7kNvwHkXipx&amp;_nc_oc=Adp1zaHz8j1pc49v5UE6BSOB4h6UVLQGddygQ0V2XcLl4Na0_fajA5aT2TOWFIJ2Rpc&amp;_nc_zt=23&amp;_nc_ht=scontent-dus1-1.xx&amp;edm=AJdBtusEAAAA&amp;_nc_gid=CTyDY29okEl1v3-hd2RbJg&amp;_nc_tpa=Q5bMBQF6CLgaJGmUDUmM40B5Br9Jz8WervK-S4-Xn3hjSNO7K1yc_lFfwCHlI9nxJYRSmDBdyBpVkka0&amp;oh=00_Af7rh53dNVVc3q7rMGiuYIUIdcWA9sJw2T-Up09uZSxsxg&amp;oe=69FC3A6E\t\t\t\t\t\t\tdata-storylink=\"\t\t\t\t\t\t\thttps:>\n\t\t\t\t\t\t\t\t<div class=\"efbl-overlay\">\n\n\t\t\t\t\t\t\t\t\t\n\t\t\t\t\t\t\t\t\t\t<i class=\"icon icon-esf-plus efbl-plus\"\n\t\t\t\t\t\t\t\t\t\t\taria-hidden=\"true\"><\/i>\n\n\t\t\t\t\t\t\t\t\t\t\t\t\t\t\t\t\t\t\t\t\t\t\t\t\t\t\t\t<i class=\"icon icon-esf-clone efbl_multimedia\"\n\t\t\t\t\t\t\t\t\t\t\taria-hidden=\"true\"><\/i>\n\t\t\t\t\t\t\t\t\t\t\t\t\t\t\t\t\t<\/div>\n\t\t\t\t\t\t\t\t<img alt=\"\"\n\t\t\t\t\t\t\t\t\tsrc=\"https:\/\/scontent-dus1-1.xx.fbcdn.net\/v\/t39.30808-6\/549058461_1374052188059394_5427097738662067361_n.jpg?stp=dst-jpg_p720x720_tt6&#038;_nc_cat=110&#038;ccb=1-7&#038;_nc_sid=7b2446&#038;_nc_ohc=7Ga1e9ff0gsQ7kNvwHkXipx&#038;_nc_oc=Adp1zaHz8j1pc49v5UE6BSOB4h6UVLQGddygQ0V2XcLl4Na0_fajA5aT2TOWFIJ2Rpc&#038;_nc_zt=23&#038;_nc_ht=scontent-dus1-1.xx&#038;edm=AJdBtusEAAAA&#038;_nc_gid=CTyDY29okEl1v3-hd2RbJg&#038;_nc_tpa=Q5bMBQF6CLgaJGmUDUmM40B5Br9Jz8WervK-S4-Xn3hjSNO7K1yc_lFfwCHlI9nxJYRSmDBdyBpVkka0&#038;oh=00_Af7rh53dNVVc3q7rMGiuYIUIdcWA9sJw2T-Up09uZSxsxg&#038;oe=69FC3A6E\"\/>\n\t\t\t\t\t\t\t\t<div class=\"efbl-overlay\">\n\n\n\t\t\t\t\t\t\t\t\t\n\t\t\t\t\t\t\t\t\t\t<i class=\"icon icon-esf-plus efbl-plus\"\n\t\t\t\t\t\t\t\t\t\t\taria-hidden=\"true\"><\/i>\n\n\t\t\t\t\t\t\t\t\t\t\t\t\t\t\t\t\t\t\t\t\t\t\t\t\t\t\t\t\t<i class=\"icon icon-esf-clone efbl_multimedia\"\n\t\t\t\t\t\t\t\t\t\t\taria-hidden=\"true\"><\/i>\n\t\t\t\t\t\t\t\t\t\t\t\t\t\t\t\t\t\t<\/div>\n\t\t\t\t\t\t\t<\/a>\n\n\t\t\t\t\t\t\n\n\t\t\t\t\t<\/div>\n\t\t\t\t\n\n\t\t\t\t<div class=\"efbl-feed-content efbl-col-sm-6\">\n\n\t\t\t\t\t\n\t\t\t\t\t\t<div class=\"efbl-d-flex\">\n\n\t\t\t\t\t\t\t\n\t\t\t\t\t\t\t\t<div class=\"efbl-profile-image\">\n\t\t\t\t\t\t\t\t\t<a href=\"https:\/\/facebook.com\/395484520711\"\n\t\t\t\t\t\t\t\t\t\ttitle=\"\"\n\t\t\t\t\t\t\t\t\t\trel=\"nofollow\"\n\t\t\t\t\t\t\t\t\t\ttarget=\"_blank\">\n\t\t\t\t\t\t\t\t\t\t<img alt=\"\"\n\t\t\t\t\t\t\t\t\t\t\tsrc=\"https:\/\/scontent-dus1-1.xx.fbcdn.net\/v\/t39.30808-1\/653713931_1404722238336453_6603064009065322135_n.jpg?stp=dst-jpg_s200x200_tt6&#038;_nc_cat=106&#038;ccb=1-7&#038;_nc_sid=f907e8&#038;_nc_ohc=FaztK8_cX1MQ7kNvwErFhu-&#038;_nc_oc=AdrgI-X-ok18J6TWSbS1IZK5rc48cct_i0EC8hJ7SR6ASV2Omhw8JFYZM-EIINtXsug&#038;_nc_zt=24&#038;_nc_ht=scontent-dus1-1.xx&#038;edm=AOf6bZoEAAAA&#038;_nc_gid=1XKYiivo9Rk-AJEcRUtmGA&#038;_nc_tpa=Q5bMBQFwVVtaawUL9Cns2mDKIoXs03BK1a6Vo0FG5siedmnuMkKz_JQjrK_wIwj17e0px_OHZHCJkxS2&#038;oh=00_Af3RIMeCCQDpNh1eDki3MaUJAkbQiknyRhz3bZ-icVqSRw&#038;oe=69F7C728\"\/><\/a>\n\t\t\t\t\t\t\t\t<\/div>\n\n\t\t\t\t\t\t\t\n\t\t\t\t\t\t\t<div class=\"efbl-profile-title\">\n\t\t\t\t\t\t\t\t<div class=\"efbl-profile-title-wrap\">\n\t\t\t\t\t\t\t\t\t<h2>La Civica per Merano\t\t\t\t\t\t\t\t\t\t\t\t\t\t\t\t\t\t\t\t<span class=\"efbl-profile-story-text\"> <\/span>\n\t\t\t\t\t\t\t\t\t<\/h2>\n\t\t\t\t\t\t\t\t<\/div>\n\t\t\t\t\t\t\t\t<span>7 Monate 1 Woche vor<\/span>\n\t\t\t\t\t\t\t<\/div>\n\t\t\t\t\t\t<\/div>\n\n\t\t\t\t\t\n\n\t\t\t\t\t\n\t\t\t\t\t\t<div class=\"efbl_link_text\">\n\n\t\t\t\t\t\t\t<p class=\"efbl_title_link\">\n\t\t\t\t\t\t\t\t<a href=\"https:\/\/www.facebook.com\/395484520711_1248842370591108\"\n\t\t\t\t\t\t\t\t\trel=\"nofollow\"\n\t\t\t\t\t\t\t\t\ttarget=\"_blank\">\n\t\t\t\t\t\t\t\t\tPhotos from Beatrice Calligione&#039;s post\t\t\t\t\t\t\t\t<\/a>\n\t\t\t\t\t\t\t<\/p>\n\t\t\t\t\t\t<\/div>\n\n\t\t\t\t\t\t\t\t\t\t\t\t\t\t<p class=\"description\">\n\t\t\t\t\t\t\t\t\t<span class=\"efbl-description-wrap\">A Merano la crisi abitativa continua a gravare su giovani e famiglie. La Civica per Merano, attenta al bene della comunit\u00e0, sottolinea l\u2019inadeguatezza di scelte amministrative poco lungimiranti.<\/span>\n\n\t\t\t\t\t\t\t\t\t\n\n\t\t\t\t\t\t\t\t<\/p>\n\t\t\t\t\t\t\t\n\t\t\t\t\t\n\t\t\t\t<\/div>\n\n\t\t\t\t\t\t<\/div>\n\n\t\t\t<div class=\"efbl-post-footer\">\n\n\n\t\t<div class=\"efbl-d-flex efbl-justify-content-between\">\n\t\t\t\t\t\t\t<div class=\"efbl-reacted efbl-d-flex efbl-align-items-center\">\n\n\t\t\t\t\t\n\t\t\t\t\t\t\n\t\t\t\t\t\t\t<div class=\"efbl-reacted-item emotis\" >\n\n\t\t\t\t\t\t\t\t\t\t\t\t\t\t\t\t\t<i class=\"icon icon-esf-thumbs-o-up\"><\/i>\n\t\t\t\t\t\t\t\t\n\t\t\t\t\t\t\t\t\t\t\t\t\t\t\t\t7\t\t\t\t\t\t\t<\/div>\n\t\t\t\t\t\t\t\n\n\n\t\t\t\t\t\t\t\t\t\t\t<div class=\"efbl-reacted-item\">\n\n\t\t\t\t\t\t\t\n\t\t\t\t\t\t\t\t<i class=\"icon icon-esf-comment-o\"><\/i>1\n\t\t\t\t\t\t\t\t\n\t\t\t\t\t\t<\/div>\n\t\t\t\t\t\n\t\t\t\t\t\t\t\n\n\t\t\t\t<\/div>\n\t\t\t\n\n\n\t\t\t<div class=\"efbl-view-share efbl-d-flex efbl-justify-content-between efbl-align-items-center efbl-mb-1 efbl-mt-1\">\n\n\t\t\t\t\n\t\t\t\t\t<a href=\"https:\/\/www.facebook.com\/395484520711_1248842370591108\"\n\t\t\t\t\t   target=\"_blank\"\n\t\t\t\t\t   rel=\"nofollow\"\n\t\t\t\t\t   class=\"efbl-view-on-fb no-anchor-style link efbl-mr-1\">Auf Facebook ansehen<\/a>\n\n\t\t\t\t\n\t\t\t\t\n\t\t\t\t\t<div class=\"esf-share-wrapper\">\n\t\t\t\t\t\t<a href=\"#\" class=\"no-anchor-style link esf-share\">Teilen<\/a>\n\t\t\t\t\t\t<div class=\"esf-social-share\">\n\t\t\t\t\t\t\t<button>\n\t\t\t\t\t\t\t\t<a class=\"efbl_facebook\"\n\t\t\t\t\t\t\t\t   href=\"https:\/\/www.facebook.com\/sharer\/sharer.php?u=https:\/\/www.facebook.com\/395484520711_1248842370591108\"\n\t\t\t\t\t\t\t\t   rel=\"nofollow\"\n\t\t\t\t\t\t\t\t   target=\"_blank\">\n\t\t\t\t\t\t\t\t\t<i class=\"icon icon-esf-facebook\"><\/i>\n\t\t\t\t\t\t\t\t<\/a>\n\t\t\t\t\t\t\t<\/button>\n\n\t\t\t\t\t\t\t<button>\n\t\t\t\t\t\t\t\t<a class=\"efbl_twitter\"\n\t\t\t\t\t\t\t\t   href=\"https:\/\/twitter.com\/intent\/tweet?text=https:\/\/www.facebook.com\/395484520711_1248842370591108\"\n\t\t\t\t\t\t\t\t   rel=\"nofollow\"\n\t\t\t\t\t\t\t\t   target=\"_blank\">\n\t\t\t\t\t\t\t\t\t<i class=\"icon icon-esf-twitter\"><\/i>\n\t\t\t\t\t\t\t\t<\/a>\n\t\t\t\t\t\t\t<\/button>\n\n\t\t\t\t\t\t\t<button>\n\t\t\t\t\t\t\t\t<a class=\"efbl_linked_in\"\n\t\t\t\t\t\t\t\t   href=\"https:\/\/www.linkedin.com\/shareArticle?mini=true&url=https:\/\/www.facebook.com\/395484520711_1248842370591108\"\n\t\t\t\t\t\t\t\t   rel=\"nofollow\"\n\t\t\t\t\t\t\t\t   target=\"_blank\">\n\t\t\t\t\t\t\t\t\t<i class=\"icon icon-esf-linkedin\"><\/i>\n\t\t\t\t\t\t\t\t<\/a>\n\t\t\t\t\t\t\t<\/button>\n\t\t\t\t\t\t<\/div>\n\t\t\t\t\t<\/div>\n\t\t\t\t\n\t\t\t<\/div>\n\n\t\t<\/div>\n\n\n\t<\/div>\n\n\n\t<\/div>\n\n<\/div>\n\n\n<div class=\"efbl-halfwidth-skin mobile_status_update efbl-story-wrapper\">\n\t<div class=\"efbl-thumbnail-wrapper\">\n\t\t<div class=\"efbl-row efbl-content-wrapper\">\n\n\t\t\t\n\t\t\t\t\t\t\t\t\t<div class=\"efbl-thumbnail-col efbl-col-sm-6\">\n\n\t\t\t\t\t\t\n\t\t\t\t\t\t\t<a href=\"https:\/\/www.lacivicapermerano.eu\/wp-admin\/admin-ajax.php?action=efbl_generate_popup_html\" \n\t\t\t\t\t\t\t\t\t\t\t\tdata-imagelink=\"https:\/\/scontent-dus1-1.xx.fbcdn.net\/v\/t39.30808-6\/547386653_1371161451681801_4175114665581714041_n.jpg?stp=dst-jpg_p720x720_tt6&amp;_nc_cat=109&amp;ccb=1-7&amp;_nc_sid=7b2446&amp;_nc_ohc=nRfNkrK1o80Q7kNvwFLYWI1&amp;_nc_oc=AdroOodmU4KAo835NYZ8C25_VNRHxe37hBy_G2LXVaEZ2Nx7UqyaN8xj3OgSzJLqGUM&amp;_nc_zt=23&amp;_nc_ht=scontent-dus1-1.xx&amp;edm=AJdBtusEAAAA&amp;_nc_gid=CTyDY29okEl1v3-hd2RbJg&amp;_nc_tpa=Q5bMBQEQikqjANgDKcV3ThQdsIOPNxIOlCBJOTxW3hMeTiZx-zhS6Z_Kix_rwXt-m4nK-uhbSzRQ81Ix&amp;oh=00_Af6i8f6Ij9hMoN1joyz27degZP87oj7XZW_6hLsyUOqzVQ&amp;oe=69FC4010\t\t\t\t\t\t\tdata-storylink=\"\t\t\t\t\t\t\thttps:>\n\t\t\t\t\t\t\t\t<div class=\"efbl-overlay\">\n\n\t\t\t\t\t\t\t\t\t\n\t\t\t\t\t\t\t\t\t\t<i class=\"icon icon-esf-plus efbl-plus\"\n\t\t\t\t\t\t\t\t\t\t\taria-hidden=\"true\"><\/i>\n\n\t\t\t\t\t\t\t\t\t\t\t\t\t\t\t\t\t\t\t\t\t\t\t\t\t\t<\/div>\n\t\t\t\t\t\t\t\t<img alt=\"\"\n\t\t\t\t\t\t\t\t\tsrc=\"https:\/\/scontent-dus1-1.xx.fbcdn.net\/v\/t39.30808-6\/547386653_1371161451681801_4175114665581714041_n.jpg?stp=dst-jpg_p720x720_tt6&#038;_nc_cat=109&#038;ccb=1-7&#038;_nc_sid=7b2446&#038;_nc_ohc=nRfNkrK1o80Q7kNvwFLYWI1&#038;_nc_oc=AdroOodmU4KAo835NYZ8C25_VNRHxe37hBy_G2LXVaEZ2Nx7UqyaN8xj3OgSzJLqGUM&#038;_nc_zt=23&#038;_nc_ht=scontent-dus1-1.xx&#038;edm=AJdBtusEAAAA&#038;_nc_gid=CTyDY29okEl1v3-hd2RbJg&#038;_nc_tpa=Q5bMBQEQikqjANgDKcV3ThQdsIOPNxIOlCBJOTxW3hMeTiZx-zhS6Z_Kix_rwXt-m4nK-uhbSzRQ81Ix&#038;oh=00_Af6i8f6Ij9hMoN1joyz27degZP87oj7XZW_6hLsyUOqzVQ&#038;oe=69FC4010\"\/>\n\t\t\t\t\t\t\t\t<div class=\"efbl-overlay\">\n\n\n\t\t\t\t\t\t\t\t\t\n\t\t\t\t\t\t\t\t\t\t<i class=\"icon icon-esf-plus efbl-plus\"\n\t\t\t\t\t\t\t\t\t\t\taria-hidden=\"true\"><\/i>\n\n\t\t\t\t\t\t\t\t\t\t\t\t\t\t\t\t\t\t\t\t\t\t\t\t\t\t\t<\/div>\n\t\t\t\t\t\t\t<\/a>\n\n\t\t\t\t\t\t\n\n\t\t\t\t\t<\/div>\n\t\t\t\t\n\n\t\t\t\t<div class=\"efbl-feed-content efbl-col-sm-6\">\n\n\t\t\t\t\t\n\t\t\t\t\t\t<div class=\"efbl-d-flex\">\n\n\t\t\t\t\t\t\t\n\t\t\t\t\t\t\t\t<div class=\"efbl-profile-image\">\n\t\t\t\t\t\t\t\t\t<a href=\"https:\/\/facebook.com\/395484520711\"\n\t\t\t\t\t\t\t\t\t\ttitle=\"\"\n\t\t\t\t\t\t\t\t\t\trel=\"nofollow\"\n\t\t\t\t\t\t\t\t\t\ttarget=\"_blank\">\n\t\t\t\t\t\t\t\t\t\t<img alt=\"\"\n\t\t\t\t\t\t\t\t\t\t\tsrc=\"https:\/\/scontent-dus1-1.xx.fbcdn.net\/v\/t39.30808-1\/653713931_1404722238336453_6603064009065322135_n.jpg?stp=dst-jpg_s200x200_tt6&#038;_nc_cat=106&#038;ccb=1-7&#038;_nc_sid=f907e8&#038;_nc_ohc=FaztK8_cX1MQ7kNvwErFhu-&#038;_nc_oc=AdrgI-X-ok18J6TWSbS1IZK5rc48cct_i0EC8hJ7SR6ASV2Omhw8JFYZM-EIINtXsug&#038;_nc_zt=24&#038;_nc_ht=scontent-dus1-1.xx&#038;edm=AOf6bZoEAAAA&#038;_nc_gid=1XKYiivo9Rk-AJEcRUtmGA&#038;_nc_tpa=Q5bMBQFwVVtaawUL9Cns2mDKIoXs03BK1a6Vo0FG5siedmnuMkKz_JQjrK_wIwj17e0px_OHZHCJkxS2&#038;oh=00_Af3RIMeCCQDpNh1eDki3MaUJAkbQiknyRhz3bZ-icVqSRw&#038;oe=69F7C728\"\/><\/a>\n\t\t\t\t\t\t\t\t<\/div>\n\n\t\t\t\t\t\t\t\n\t\t\t\t\t\t\t<div class=\"efbl-profile-title\">\n\t\t\t\t\t\t\t\t<div class=\"efbl-profile-title-wrap\">\n\t\t\t\t\t\t\t\t\t<h2>La Civica per Merano\t\t\t\t\t\t\t\t\t\t\t\t\t\t\t\t\t\t\t\t<span class=\"efbl-profile-story-text\"> <\/span>\n\t\t\t\t\t\t\t\t\t<\/h2>\n\t\t\t\t\t\t\t\t<\/div>\n\t\t\t\t\t\t\t\t<span>7 Monate 2 Wochen vor<\/span>\n\t\t\t\t\t\t\t<\/div>\n\t\t\t\t\t\t<\/div>\n\n\t\t\t\t\t\n\n\t\t\t\t\t\n\t\t\t\t\t\t<div class=\"efbl_link_text\">\n\n\t\t\t\t\t\t\t<p class=\"efbl_title_link\">\n\t\t\t\t\t\t\t\t<a href=\"https:\/\/www.facebook.com\/395484520711_1246172677524744\"\n\t\t\t\t\t\t\t\t\trel=\"nofollow\"\n\t\t\t\t\t\t\t\t\ttarget=\"_blank\">\n\t\t\t\t\t\t\t\t\t\t\t\t\t\t\t\t\t<\/a>\n\t\t\t\t\t\t\t<\/p>\n\t\t\t\t\t\t<\/div>\n\n\t\t\t\t\t\t\t\t\t\t\t\t\t\t<p class=\"description\">\n\t\t\t\t\t\t\t\t\t<span class=\"efbl-description-wrap\">La nostra posizione sul Regolamento Comunale per l\u2019assegnazione dei posti letto turistici \u00e8 sempre stata chiara e lo abbiamo ribadito  nuovamente in consiglio comunale.<\/span>\n\n\t\t\t\t\t\t\t\t\t\n\n\t\t\t\t\t\t\t\t<\/p>\n\t\t\t\t\t\t\t\n\t\t\t\t\t\n\t\t\t\t<\/div>\n\n\t\t\t\t\t\t<\/div>\n\n\t\t\t<div class=\"efbl-post-footer\">\n\n\n\t\t<div class=\"efbl-d-flex efbl-justify-content-between\">\n\t\t\t\t\t\t\t<div class=\"efbl-reacted efbl-d-flex efbl-align-items-center\">\n\n\t\t\t\t\t\n\t\t\t\t\t\t\n\t\t\t\t\t\t\t<div class=\"efbl-reacted-item emotis\" >\n\n\t\t\t\t\t\t\t\t\t\t\t\t\t\t\t\t\t<i class=\"icon icon-esf-thumbs-o-up\"><\/i>\n\t\t\t\t\t\t\t\t\n\t\t\t\t\t\t\t\t\t\t\t\t\t\t\t\t6\t\t\t\t\t\t\t<\/div>\n\t\t\t\t\t\t\t\n\n\n\t\t\t\t\t\n\t\t\t\t\t\t\t\n\n\t\t\t\t<\/div>\n\t\t\t\n\n\n\t\t\t<div class=\"efbl-view-share efbl-d-flex efbl-justify-content-between efbl-align-items-center efbl-mb-1 efbl-mt-1\">\n\n\t\t\t\t\n\t\t\t\t\t<a href=\"https:\/\/www.facebook.com\/395484520711_1246172677524744\"\n\t\t\t\t\t   target=\"_blank\"\n\t\t\t\t\t   rel=\"nofollow\"\n\t\t\t\t\t   class=\"efbl-view-on-fb no-anchor-style link efbl-mr-1\">Auf Facebook ansehen<\/a>\n\n\t\t\t\t\n\t\t\t\t\n\t\t\t\t\t<div class=\"esf-share-wrapper\">\n\t\t\t\t\t\t<a href=\"#\" class=\"no-anchor-style link esf-share\">Teilen<\/a>\n\t\t\t\t\t\t<div class=\"esf-social-share\">\n\t\t\t\t\t\t\t<button>\n\t\t\t\t\t\t\t\t<a class=\"efbl_facebook\"\n\t\t\t\t\t\t\t\t   href=\"https:\/\/www.facebook.com\/sharer\/sharer.php?u=https:\/\/www.facebook.com\/395484520711_1246172677524744\"\n\t\t\t\t\t\t\t\t   rel=\"nofollow\"\n\t\t\t\t\t\t\t\t   target=\"_blank\">\n\t\t\t\t\t\t\t\t\t<i class=\"icon icon-esf-facebook\"><\/i>\n\t\t\t\t\t\t\t\t<\/a>\n\t\t\t\t\t\t\t<\/button>\n\n\t\t\t\t\t\t\t<button>\n\t\t\t\t\t\t\t\t<a class=\"efbl_twitter\"\n\t\t\t\t\t\t\t\t   href=\"https:\/\/twitter.com\/intent\/tweet?text=https:\/\/www.facebook.com\/395484520711_1246172677524744\"\n\t\t\t\t\t\t\t\t   rel=\"nofollow\"\n\t\t\t\t\t\t\t\t   target=\"_blank\">\n\t\t\t\t\t\t\t\t\t<i class=\"icon icon-esf-twitter\"><\/i>\n\t\t\t\t\t\t\t\t<\/a>\n\t\t\t\t\t\t\t<\/button>\n\n\t\t\t\t\t\t\t<button>\n\t\t\t\t\t\t\t\t<a class=\"efbl_linked_in\"\n\t\t\t\t\t\t\t\t   href=\"https:\/\/www.linkedin.com\/shareArticle?mini=true&url=https:\/\/www.facebook.com\/395484520711_1246172677524744\"\n\t\t\t\t\t\t\t\t   rel=\"nofollow\"\n\t\t\t\t\t\t\t\t   target=\"_blank\">\n\t\t\t\t\t\t\t\t\t<i class=\"icon icon-esf-linkedin\"><\/i>\n\t\t\t\t\t\t\t\t<\/a>\n\t\t\t\t\t\t\t<\/button>\n\t\t\t\t\t\t<\/div>\n\t\t\t\t\t<\/div>\n\t\t\t\t\n\t\t\t<\/div>\n\n\t\t<\/div>\n\n\n\t<\/div>\n\n\n\t<\/div>\n\n<\/div>\n\n\n<div class=\"efbl-halfwidth-skin mobile_status_update efbl-story-wrapper\">\n\t<div class=\"efbl-thumbnail-wrapper\">\n\t\t<div class=\"efbl-row efbl-content-wrapper\">\n\n\t\t\t\n\t\t\t\t\t\t\t\t\t<div class=\"efbl-thumbnail-col efbl-col-sm-6\">\n\n\t\t\t\t\t\t\n\t\t\t\t\t\t\t<a href=\"https:\/\/www.lacivicapermerano.eu\/wp-admin\/admin-ajax.php?action=efbl_generate_popup_html\" \n\t\t\t\t\t\t\t\t\t\t\t\tdata-imagelink=\"https:\/\/scontent-dus1-1.xx.fbcdn.net\/v\/t39.30808-6\/536279483_1345726477558632_8688790219067278199_n.jpg?_nc_cat=100&amp;ccb=1-7&amp;_nc_sid=7b2446&amp;_nc_ohc=uvH5Y3TEwMcQ7kNvwHWHu4p&amp;_nc_oc=Adpfo19blgzJdC1XT7F1XFPQ24mOhW-BiMXeKJa6Q2jlteS7EVn2t51-HEPyd0vI64M&amp;_nc_zt=23&amp;_nc_ht=scontent-dus1-1.xx&amp;edm=AJdBtusEAAAA&amp;_nc_gid=CTyDY29okEl1v3-hd2RbJg&amp;_nc_tpa=Q5bMBQHdHDsd3-jGvXt_Xo3zWtSARO9PkIT449n-Jgb1Hgd6B_VVoN-ZkXsXG-iY_FBmGCxqYTyyGARH&amp;oh=00_Af72n7V5nJ0L9Myeyh7s-d6-TShjVmskkUwJ-vU1zp_D6w&amp;oe=69FC1D16\t\t\t\t\t\t\tdata-storylink=\"\t\t\t\t\t\t\thttps:>\n\t\t\t\t\t\t\t\t<div class=\"efbl-overlay\">\n\n\t\t\t\t\t\t\t\t\t\n\t\t\t\t\t\t\t\t\t\t<i class=\"icon icon-esf-plus efbl-plus\"\n\t\t\t\t\t\t\t\t\t\t\taria-hidden=\"true\"><\/i>\n\n\t\t\t\t\t\t\t\t\t\t\t\t\t\t\t\t\t\t\t\t\t\t\t\t\t\t<\/div>\n\t\t\t\t\t\t\t\t<img alt=\"\"\n\t\t\t\t\t\t\t\t\tsrc=\"https:\/\/scontent-dus1-1.xx.fbcdn.net\/v\/t39.30808-6\/536279483_1345726477558632_8688790219067278199_n.jpg?_nc_cat=100&#038;ccb=1-7&#038;_nc_sid=7b2446&#038;_nc_ohc=uvH5Y3TEwMcQ7kNvwHWHu4p&#038;_nc_oc=Adpfo19blgzJdC1XT7F1XFPQ24mOhW-BiMXeKJa6Q2jlteS7EVn2t51-HEPyd0vI64M&#038;_nc_zt=23&#038;_nc_ht=scontent-dus1-1.xx&#038;edm=AJdBtusEAAAA&#038;_nc_gid=CTyDY29okEl1v3-hd2RbJg&#038;_nc_tpa=Q5bMBQHdHDsd3-jGvXt_Xo3zWtSARO9PkIT449n-Jgb1Hgd6B_VVoN-ZkXsXG-iY_FBmGCxqYTyyGARH&#038;oh=00_Af72n7V5nJ0L9Myeyh7s-d6-TShjVmskkUwJ-vU1zp_D6w&#038;oe=69FC1D16\"\/>\n\t\t\t\t\t\t\t\t<div class=\"efbl-overlay\">\n\n\n\t\t\t\t\t\t\t\t\t\n\t\t\t\t\t\t\t\t\t\t<i class=\"icon icon-esf-plus efbl-plus\"\n\t\t\t\t\t\t\t\t\t\t\taria-hidden=\"true\"><\/i>\n\n\t\t\t\t\t\t\t\t\t\t\t\t\t\t\t\t\t\t\t\t\t\t\t\t\t\t\t<\/div>\n\t\t\t\t\t\t\t<\/a>\n\n\t\t\t\t\t\t\n\n\t\t\t\t\t<\/div>\n\t\t\t\t\n\n\t\t\t\t<div class=\"efbl-feed-content efbl-col-sm-6\">\n\n\t\t\t\t\t\n\t\t\t\t\t\t<div class=\"efbl-d-flex\">\n\n\t\t\t\t\t\t\t\n\t\t\t\t\t\t\t\t<div class=\"efbl-profile-image\">\n\t\t\t\t\t\t\t\t\t<a href=\"https:\/\/facebook.com\/395484520711\"\n\t\t\t\t\t\t\t\t\t\ttitle=\"\"\n\t\t\t\t\t\t\t\t\t\trel=\"nofollow\"\n\t\t\t\t\t\t\t\t\t\ttarget=\"_blank\">\n\t\t\t\t\t\t\t\t\t\t<img alt=\"\"\n\t\t\t\t\t\t\t\t\t\t\tsrc=\"https:\/\/scontent-dus1-1.xx.fbcdn.net\/v\/t39.30808-1\/653713931_1404722238336453_6603064009065322135_n.jpg?stp=dst-jpg_s200x200_tt6&#038;_nc_cat=106&#038;ccb=1-7&#038;_nc_sid=f907e8&#038;_nc_ohc=FaztK8_cX1MQ7kNvwErFhu-&#038;_nc_oc=AdrgI-X-ok18J6TWSbS1IZK5rc48cct_i0EC8hJ7SR6ASV2Omhw8JFYZM-EIINtXsug&#038;_nc_zt=24&#038;_nc_ht=scontent-dus1-1.xx&#038;edm=AOf6bZoEAAAA&#038;_nc_gid=1XKYiivo9Rk-AJEcRUtmGA&#038;_nc_tpa=Q5bMBQFwVVtaawUL9Cns2mDKIoXs03BK1a6Vo0FG5siedmnuMkKz_JQjrK_wIwj17e0px_OHZHCJkxS2&#038;oh=00_Af3RIMeCCQDpNh1eDki3MaUJAkbQiknyRhz3bZ-icVqSRw&#038;oe=69F7C728\"\/><\/a>\n\t\t\t\t\t\t\t\t<\/div>\n\n\t\t\t\t\t\t\t\n\t\t\t\t\t\t\t<div class=\"efbl-profile-title\">\n\t\t\t\t\t\t\t\t<div class=\"efbl-profile-title-wrap\">\n\t\t\t\t\t\t\t\t\t<h2>La Civica per Merano\t\t\t\t\t\t\t\t\t\t\t\t\t\t\t\t\t\t\t\t<span class=\"efbl-profile-story-text\"> <\/span>\n\t\t\t\t\t\t\t\t\t<\/h2>\n\t\t\t\t\t\t\t\t<\/div>\n\t\t\t\t\t\t\t\t<span>8 Monate 1 Woche vor<\/span>\n\t\t\t\t\t\t\t<\/div>\n\t\t\t\t\t\t<\/div>\n\n\t\t\t\t\t\n\n\t\t\t\t\t\n\t\t\t\t\t\t<div class=\"efbl_link_text\">\n\n\t\t\t\t\t\t\t<p class=\"efbl_title_link\">\n\t\t\t\t\t\t\t\t<a href=\"https:\/\/www.facebook.com\/395484520711_1222219953253350\"\n\t\t\t\t\t\t\t\t\trel=\"nofollow\"\n\t\t\t\t\t\t\t\t\ttarget=\"_blank\">\n\t\t\t\t\t\t\t\t\t\t\t\t\t\t\t\t\t<\/a>\n\t\t\t\t\t\t\t<\/p>\n\t\t\t\t\t\t<\/div>\n\n\t\t\t\t\t\t\t\t\t\t\t\t\t\t<p class=\"description\">\n\t\t\t\t\t\t\t\t\t<span class=\"efbl-description-wrap\">Abbiamo posto all\u2019amministrazione comunale alcuni quesiti e siamo certi che giungeranno risposte puntuali, precise e circostanziate. <br \/>\nIl lavoro dei partiti di opposizione \u00e8 esattamente questo: osservare, vigilare e chiedere trasparenza!<\/span>\n\n\t\t\t\t\t\t\t\t\t\n\n\t\t\t\t\t\t\t\t<\/p>\n\t\t\t\t\t\t\t\n\t\t\t\t\t\n\t\t\t\t<\/div>\n\n\t\t\t\t\t\t<\/div>\n\n\t\t\t<div class=\"efbl-post-footer\">\n\n\n\t\t<div class=\"efbl-d-flex efbl-justify-content-between\">\n\t\t\t\t\t\t\t<div class=\"efbl-reacted efbl-d-flex efbl-align-items-center\">\n\n\t\t\t\t\t\n\t\t\t\t\t\t\n\t\t\t\t\t\t\t<div class=\"efbl-reacted-item emotis\" >\n\n\t\t\t\t\t\t\t\t\t\t\t\t\t\t\t\t\t<i class=\"icon icon-esf-thumbs-o-up\"><\/i>\n\t\t\t\t\t\t\t\t\n\t\t\t\t\t\t\t\t\t\t\t\t\t\t\t\t23\t\t\t\t\t\t\t<\/div>\n\t\t\t\t\t\t\t\n\n\n\t\t\t\t\t\n\t\t\t\t\t\t\t\n\n\t\t\t\t<\/div>\n\t\t\t\n\n\n\t\t\t<div class=\"efbl-view-share efbl-d-flex efbl-justify-content-between efbl-align-items-center efbl-mb-1 efbl-mt-1\">\n\n\t\t\t\t\n\t\t\t\t\t<a href=\"https:\/\/www.facebook.com\/395484520711_1222219953253350\"\n\t\t\t\t\t   target=\"_blank\"\n\t\t\t\t\t   rel=\"nofollow\"\n\t\t\t\t\t   class=\"efbl-view-on-fb no-anchor-style link efbl-mr-1\">Auf Facebook ansehen<\/a>\n\n\t\t\t\t\n\t\t\t\t\n\t\t\t\t\t<div class=\"esf-share-wrapper\">\n\t\t\t\t\t\t<a href=\"#\" class=\"no-anchor-style link esf-share\">Teilen<\/a>\n\t\t\t\t\t\t<div class=\"esf-social-share\">\n\t\t\t\t\t\t\t<button>\n\t\t\t\t\t\t\t\t<a class=\"efbl_facebook\"\n\t\t\t\t\t\t\t\t   href=\"https:\/\/www.facebook.com\/sharer\/sharer.php?u=https:\/\/www.facebook.com\/395484520711_1222219953253350\"\n\t\t\t\t\t\t\t\t   rel=\"nofollow\"\n\t\t\t\t\t\t\t\t   target=\"_blank\">\n\t\t\t\t\t\t\t\t\t<i class=\"icon icon-esf-facebook\"><\/i>\n\t\t\t\t\t\t\t\t<\/a>\n\t\t\t\t\t\t\t<\/button>\n\n\t\t\t\t\t\t\t<button>\n\t\t\t\t\t\t\t\t<a class=\"efbl_twitter\"\n\t\t\t\t\t\t\t\t   href=\"https:\/\/twitter.com\/intent\/tweet?text=https:\/\/www.facebook.com\/395484520711_1222219953253350\"\n\t\t\t\t\t\t\t\t   rel=\"nofollow\"\n\t\t\t\t\t\t\t\t   target=\"_blank\">\n\t\t\t\t\t\t\t\t\t<i class=\"icon icon-esf-twitter\"><\/i>\n\t\t\t\t\t\t\t\t<\/a>\n\t\t\t\t\t\t\t<\/button>\n\n\t\t\t\t\t\t\t<button>\n\t\t\t\t\t\t\t\t<a class=\"efbl_linked_in\"\n\t\t\t\t\t\t\t\t   href=\"https:\/\/www.linkedin.com\/shareArticle?mini=true&url=https:\/\/www.facebook.com\/395484520711_1222219953253350\"\n\t\t\t\t\t\t\t\t   rel=\"nofollow\"\n\t\t\t\t\t\t\t\t   target=\"_blank\">\n\t\t\t\t\t\t\t\t\t<i class=\"icon icon-esf-linkedin\"><\/i>\n\t\t\t\t\t\t\t\t<\/a>\n\t\t\t\t\t\t\t<\/button>\n\t\t\t\t\t\t<\/div>\n\t\t\t\t\t<\/div>\n\t\t\t\t\n\t\t\t<\/div>\n\n\t\t<\/div>\n\n\n\t<\/div>\n\n\n\t<\/div>\n\n<\/div>\n\n\t\t\t<\/div>\n\t\t\t\n\t\t<\/div>\n<\/div>\n\t\t\t\t\t\t<\/div>\n\t\t\t\t<\/div>\n\t\t\t\t\t<\/div>\n\t\t\t\t<\/div>\n\t\t\t\t<\/div>","protected":false},"excerpt":{"rendered":"<p>press&amp;social press Facebook<\/p>","protected":false},"author":1,"featured_media":0,"parent":0,"menu_order":0,"comment_status":"closed","ping_status":"closed","template":"page-templates\/page_front-page.php","meta":{"footnotes":""},"class_list":["post-1887","page","type-page","status-publish","hentry"],"_links":{"self":[{"href":"https:\/\/www.lacivicapermerano.eu\/de\/wp-json\/wp\/v2\/pages\/1887","targetHints":{"allow":["GET"]}}],"collection":[{"href":"https:\/\/www.lacivicapermerano.eu\/de\/wp-json\/wp\/v2\/pages"}],"about":[{"href":"https:\/\/www.lacivicapermerano.eu\/de\/wp-json\/wp\/v2\/types\/page"}],"author":[{"embeddable":true,"href":"https:\/\/www.lacivicapermerano.eu\/de\/wp-json\/wp\/v2\/users\/1"}],"replies":[{"embeddable":true,"href":"https:\/\/www.lacivicapermerano.eu\/de\/wp-json\/wp\/v2\/comments?post=1887"}],"version-history":[{"count":113,"href":"https:\/\/www.lacivicapermerano.eu\/de\/wp-json\/wp\/v2\/pages\/1887\/revisions"}],"predecessor-version":[{"id":2328,"href":"https:\/\/www.lacivicapermerano.eu\/de\/wp-json\/wp\/v2\/pages\/1887\/revisions\/2328"}],"wp:attachment":[{"href":"https:\/\/www.lacivicapermerano.eu\/de\/wp-json\/wp\/v2\/media?parent=1887"}],"curies":[{"name":"wp","href":"https:\/\/api.w.org\/{rel}","templated":true}]}}