{"id":1801,"date":"2025-01-21T21:53:40","date_gmt":"2025-01-21T20:53:40","guid":{"rendered":"https:\/\/www.lacivicapermerano.eu\/?page_id=1801"},"modified":"2025-03-01T10:23:03","modified_gmt":"2025-03-01T09:23:03","slug":"lo-statuto","status":"publish","type":"page","link":"https:\/\/www.lacivicapermerano.eu\/de\/lo-statuto\/","title":{"rendered":"Lo statuto"},"content":{"rendered":"<div id=\"fb-root\"><\/div>\n\t\t<div data-elementor-type=\"wp-page\" data-elementor-id=\"1801\" class=\"elementor elementor-1801\" data-elementor-post-type=\"page\">\n\t\t\t\t\t\t<section class=\"elementor-section elementor-top-section elementor-element elementor-element-91a2c70 elementor-section-height-full elementor-section-boxed elementor-section-height-default elementor-section-items-middle\" data-id=\"91a2c70\" data-element_type=\"section\" data-e-type=\"section\" data-settings=\"{&quot;background_background&quot;:&quot;classic&quot;}\">\n\t\t\t\t\t\t\t<div class=\"elementor-background-overlay\"><\/div>\n\t\t\t\t\t\t\t<div class=\"elementor-container elementor-column-gap-default\">\n\t\t\t\t\t<div class=\"elementor-column elementor-col-100 elementor-top-column elementor-element elementor-element-669e1a0\" data-id=\"669e1a0\" data-element_type=\"column\" data-e-type=\"column\">\n\t\t\t<div class=\"elementor-widget-wrap elementor-element-populated\">\n\t\t\t\t\t\t<div class=\"elementor-element elementor-element-aee090f elementor-widget elementor-widget-heading\" data-id=\"aee090f\" data-element_type=\"widget\" data-e-type=\"widget\" data-widget_type=\"heading.default\">\n\t\t\t\t<div class=\"elementor-widget-container\">\n\t\t\t\t\t<h2 class=\"elementor-heading-title elementor-size-default\">das Statut<\/h2>\t\t\t\t<\/div>\n\t\t\t\t<\/div>\n\t\t\t\t\t<\/div>\n\t\t<\/div>\n\t\t\t\t\t<\/div>\n\t\t<\/section>\n\t\t<div class=\"elementor-element elementor-element-3259f82 e-flex e-con-boxed e-con e-parent\" data-id=\"3259f82\" data-element_type=\"container\" data-e-type=\"container\">\n\t\t\t\t\t<div class=\"e-con-inner\">\n\t\t\t\t<div class=\"elementor-element elementor-element-f476820 elementor-widget elementor-widget-text-editor\" data-id=\"f476820\" data-element_type=\"widget\" data-e-type=\"widget\" data-widget_type=\"text-editor.default\">\n\t\t\t\t<div class=\"elementor-widget-container\">\n\t\t\t\t\t\t\t\t\t<h2><b>1.<\/b><b> <\/b><b>Natura dell\u2019Associazione e Principi Fondamentali<\/b><\/h2><p>La Civica per Merano \u00e8 una associazione che si propone, attraverso l\u2019impegno politico diretto, di assicurare migliori condizioni di vita a tutte le comunit\u00e0 conviventi nella citt\u00e0 di Merano e nella Provincia di Bolzano, senza distinzione di sesso, razza, lingua o religione.<\/p><p>La Civica per Merano associa donne e uomini che:<\/p><p>&#8211; fondano il proprio agire su ideali di uguaglianza, umanit\u00e0, giustizia e democrazia;<\/p><p>&#8211; ispirano la propria azione ai valori del cattolicesimo, del riformismo e del liberalismo;<\/p><p>&#8211; sostengono la creazione di una Unione Europea fondata sulla pari dignit\u00e0 di tutti i popoli e di tutti gli Stati membri;<\/p><p>&#8211; hanno il senso dello Stato e si riconoscono nella Costituzione della Repubblica Italiana;<\/p><p>&#8211; sostengono i principi del federalismo e si riconoscono nello Statuto di Autonomia della Regione Trentino-Alto Adige\/S\u00fcdtirol;<\/p><p>&#8211; si adoperano per la pacifica convivenza e collaborazione fra tutte le comunit\u00e0 dell&#8217;Alto Adige\/S\u00fcdtirol, consapevoli della grande ricchezza di lingue e culture presenti in questo territorio e ritengono dunque prioritario raggiungere e consolidare una effettiva parit\u00e0 tra tutti i gruppi linguistici;<\/p><p>&#8211; perseguono l&#8217;inclusione dei nuovi cittadini nella realt\u00e0 locale;<\/p><p>&#8211; sostengono che i principi di solidariet\u00e0 e lealt\u00e0 debbano stare alla base dei rapporti tra le persone e tra le comunit\u00e0;<\/p><p>&#8211; perseguono l\u2019etica della legalit\u00e0 e della responsabilit\u00e0;<\/p><p>&#8211; sostengono il lavoro come espressione di dignit\u00e0 e sviluppo della persona;<\/p><p>&#8211; pongono particolare attenzione al principio di sussidiariet\u00e0 quale fondamento di una avanzata societ\u00e0 civile, sostenendo anche per questo l&#8217;opera dell&#8217;associazionismo, della cooperazione e del volontariato;<\/p><p>&#8211; si impegnano per un&#8217; applicazione piena della sussidiariet\u00e0 anche a favore delle Amministrazioni comunali, perseguendo una gestione pi\u00f9 partecipata del potere provinciale;<\/p><p>&#8211; perseguono una presenza pubblica efficiente e trasparente, non invasiva, espressione dell\u2019interesse generale, al servizio delle cittadine e dei cittadini;<\/p><p>&#8211; ricercano uno sviluppo sostenibile anche nell&#8217;interesse delle generazioni future e pongono particolare attenzione alle problematiche della tutela ambientale;<\/p><p><i>(art. 1 cos\u00ec modificato all\u2019assemblea del 31 maggio 2019)<\/i><\/p><h2><b>2.<\/b><b> <\/b><b>Aderenti \u2013 Doveri e diritti<\/b><\/h2><p>Aderenti a \u201cLa Civica per Merano\u201d sono tutti coloro che fanno espressa richiesta di adesione, che hanno compiuto sedici anni di et\u00e0, che sono in possesso dei diritti civili e che risultino corretti nei loro comportamenti pubblici.<\/p><p>La richiesta di adesione viene approvata o respinta motivatamente dalla Commissione dei Garanti entro 30giorni dalla domanda.<\/p><p>Doveri delle\/degli aderenti:<\/p><p>a) Versare all\u2019associazione la quota annua di tesseramento e, per coloro che hanno incarichi ricevuti su indicazioni del partito per i quali sono previste indennit\u00e0, versare il contributo dovuto secondo Regolamento oppure concordato con il coordinatore\/trice;<\/p><p>b) Sostenere l\u2019associazione con partecipazione;<\/p><p>c) Rispettare lo Statuto ed il Regolamento, mantenere comportamenti confacenti al buon nome dell\u2019Associazione politica;<\/p><p>Diritti delle\/degli aderenti:<\/p><p>a) Partecipare alle Assemblee, con diritto di voto;<\/p><p>b) Partecipare al dibattito politico e culturale interno con il pi\u00f9 ampio diritto di parola;<\/p><p>c) Contribuire alla definizione della linea politica, all\u2019elaborazione programmatica;<\/p><p>d) Avanzare la propria candidatura sia per gli Organi dell\u2019Associazione che per cariche istituzionali elettive e vedersi riconosciute \u201cpari opportunit\u00e0\u201d, con garanzie di presenza, ove possibile, e partecipazione definite nel Regolamento.<\/p><h2><b>3.<\/b><b> <\/b><b>Organi dell\u2019Associazione e durata<\/b><\/h2><p>Sono organi de \u201cLa Civica per Merano\u201d, rispettivamente:<\/p><ul><li>l\u2019Assemblea,<\/li><li>il Comitato,<\/li><li>la\/il Coordinatrice\/ore,<\/li><li>i Vicecoordinatori<\/li><li>la Cabina di regia<\/li><li>il\/la Responsabile dell\u2019organizzazione,<\/li><li>il\/la Tesoriere,<\/li><li>la Commissione dei Garanti.<\/li><\/ul><p>Il Comitato, la\/il Coordinatrice\/ore, i Vicecoordinatori, la Cabina di regia, il\/la Responsabile dell\u2019organizzazione, il\/la Tesoriere, e la Commissione dei Garanti rimangono in carica per tre anni, prorogabili per un massimo di ulteriori 12 mesi nel caso di contingenti ed inderogabili motivi legati alle scadenze elettorali.<\/p><h2><b>4.<\/b><b> <\/b><b>L\u2019Assemblea<\/b><\/h2><p>l\u2019Assemblea de La Civica per Merano \u00e8 costituita dalle\/dagli aderenti regolarmente iscritti.<\/p><p>Essa \u00e8 convocata in via ordinaria dalla\/dal Coordinatrice\/tore, su delibera del Comitato, almeno una volta all&#8217;anno.<\/p><p>In via straordinaria \u00e8 convocata quando viene richiesta da un terzo dei componenti del Comitato o da 1\/10 degli aderenti.<\/p><p>L\u2019avviso di convocazione contenente l\u2019ordine del giorno e le modalit\u00e0 di lavoro dell\u2019Assemblea, approvati dal Comitato, \u00e8 comunicato, anche pubblicamente, a tutti gli aderenti almeno 15 giorni prima della data stabilita.<\/p><p>L\u2019Assemblea \u00e8 coordinata da una\/un Presidente nominato seduta stante. Per le assemblee ove sono previste deliberazioni essa \u00e8 validamente costituita se presenti, al momento del voto, almeno un quinto decimo degli Aderenti. \u00c8 ammessa una sola delega.<\/p><p>Il verbale \u00e8 redatto da una\/un segretaria\/o nominata\/o dall\u2019Assemblea stessa, su proposta del\/della Presidente.<\/p><p>Compete esclusivamente all\u2019Assemblea:<\/p><p>a) deliberare a maggioranza dei due terzi degli aderenti presenti l\u2019approvazione o le modifiche dello Statuto e del \u201cRegolamento\u201d<\/p><p>b) deliberare a maggioranza semplice degli aderenti presenti:<\/p><p>.\u2026 le linee generali dell\u2019azione politica,<\/p><p>.\u2026 l\u2019elezione delle\/ dei componenti del Comitato,<\/p><p>.\u2026 l&#8217;elezione del\/della Coordinatore\/trice,<\/p><p>\u2026.L\u2019elezione dei vicecoordinatori;<\/p><p>.\u2026 l\u2019elezione del\/della responsabile dell\u2019organizzazione;<\/p><p>.\u2026 l\u2019elezione delle\/dei componenti della Commissione dei Garanti,<\/p><h2><b>5.<\/b><b> <\/b><b>Il Comitato<\/b><\/h2><p>Il Comitato \u00e8 composto dagli eletti dall\u2019Assemblea, nel numero massimo di 25, e dai componenti di diritto, cio\u00e8 da:<\/p><p>Consiglieri ed Assessori comunali de \u201cLa Civica per Merano\u201d;<\/p><p>Il\/la Coordinatore\/trice, i vicecoordinatori, il responsabile dell\u2019organizzazione ed il tesoriere;<\/p><p>I membri eletti dall\u2019Assemblea del Comitato rivestono la carica per tre anni e sono rieleggibili.<\/p><p>Il Comitato \u00e8 convocato non meno di una volta al mese dalla\/dal Coordinatrice\/ore o da un suo delegato; la convocazione \u00e8 disposta anche quando a chiederla siano almeno un terzo dei membri del Comitato stesso.<\/p><p>Il Comitato, avendo a riferimento le linee generali dell\u2019azione politica:<\/p><p>\u2026..individua obiettivi, programmi ed alleanze politiche,<\/p><p>\u2026..individua le priorit\u00e0 e definisce le forme e i contenuti delle azioni da intraprendere,<\/p><p>\u2026..approva i programmi e le liste elettorali comunali dell\u2019associazione,<\/p><p>\u2026..definisce gli importi associativi e quelli contributivi a carico degli aderenti,<\/p><p>\u2026..valuta e definisce l\u2019entit\u00e0 e la destinazione delle risorse economiche dell\u2019associazione,<\/p><p>\u2026..pu\u00f2 costituire gruppi di lavoro su tematiche specifiche, e delegare specifiche funzioni ai suoi membri,<\/p><p>\u2026..nomina la delegazione interpartitica ed il suo coordinatore.<\/p><p>Compete al Comitato deliberare a maggioranza semplice dei presenti:<\/p><p>\u2026..l\u2019elezione della\/del Responsabile dell\u2019Organizzazione qualora non lo faccia direttamente l\u2019Assemblea,<\/p><p>\u2026..l\u2019elezione dei vicecoordinatori qualora non lo faccia direttamente l\u2019Assemblea;<\/p><p>\u2026..l\u2019elezione della\/del Tesoriere.<\/p><p>Il Comitato, a maggioranza assoluta dei componenti, su mozione motivata, pu\u00f2 proporre all&#8217;Assemblea la sfiducia della\/del Coordinatrice\/tore convocando entro trenta giorni un&#8217;assemblea straordinaria alla quale deve essere presente almeno un terzo degli aderenti e la sfiducia deve essere deliberata a maggioranza assoluta dei presenti.<\/p><p>Un terzo degli aderenti pu\u00f2 chiedere la convocazione straordinaria dell\u2019assemblea per presentare una mozione motivata di sfiducia del coordinatore.<\/p><p>Le delibere e le decisioni impegnative del Comitato devono essere riportate in apposito \u201clibro dei verbali\u201d.<\/p><h2><b>6.<\/b><b> <\/b><b>La\/il Coordinatrice\/ore<\/b><\/h2><p>La\/Il Coordinatrice\/ore \u00e8 responsabile della realizzazione della linea e dell\u2019azione politica indicate dal Comitato.<\/p><p>A lei\/lui sono delegati i rapporti con le altre forze politiche e con le istituzioni.<\/p><p>La\/Il Coordinatrice\/ore, convoca e presiede le sedute del Comitato, lo relaziona sulle iniziative politiche intraprese e d\u00e0 conto dei rapporti con le istituzioni e con le altre forze politiche. Accanto al Coordinatore\/trice possono essere eletti fino a due Vicecoordinatori ai quali il Comitato pu\u00f2 affidare specifiche competenze.<\/p><p>La\/Il Coordinatrice\/ore nello svolgere il proprio ruolo politico si pu\u00f2 avvalere di un gruppo di lavoro denominato cabina di regia che lo coadiuva nelle scelte.<\/p><p><b>6 bis La cabina di regia<\/b><\/p><p>La cabina di regia \u00e8 composta oltre che dal Coordinatore\/trice e dai suoi vicecoordinatori, dai membri eletti in consiglio comunale e da numero indicativo di 10 persone che potranno essere cooptate a discrezione del coordinatore\/trice.<\/p><p>La Cabina di regia ha un ruolo meramente consultivo, di aiuto e supporto al Coordinatore\/trice, nell\u2019organizzazione delle riunioni con il Comitato, nonch\u00e9 di aiuto e supporto ai lavori in Consiglio comunale ed in Giunta;<\/p><h2><b>7.<\/b><b> <\/b><b>La\/il Responsabile dell\u2019organizzazione<\/b><\/h2><p>La\/Il responsabile dell\u2019organizzazione, in funzione di quanto disposto dal Comitato e dalle risorse umane ed economiche assegnate, sovrintende\/coordina le attivit\u00e0 del \u201cLa Civica per Merano\u201d riguardanti le campagne per la raccolta delle adesioni, le campagne elettorali, le manifestazioni pubbliche dell\u2019Associazione, la gestione ordinaria della sede.<\/p><h2><b>8.<\/b><b> <\/b><b>La\/Il Tesoriere<\/b><\/h2><p>La\/Il Tesoriere provvede al controllo sulla correttezza delle operazioni che impegnano le risorse economiche dell\u2019Associazione, tiene aggiornati i libri contabili, redige i bilanci, propone gli importi delle contribuzioni, il tutto conformemente alle disposizioni legislativemriguardanti le associazioni politiche senza scopi di lucro.<\/p><h2><b>9.<\/b><b> <\/b><b>La Commissione dei Garanti<\/b><\/h2><p>La Commissione dei Garanti \u00e8 l\u2019organo di garanzia dell\u2019associazione.<\/p><p>La Commissione \u00e8 composta da tre membri effettivi ed un membro supplente, il loro incarico dura tre anni e sono rieleggibili.<\/p><p>Se non nominato dall\u2019Assemblea, la Commissione elegge il proprio Presidente.<\/p><p>La Commissione, su iniziativa propria o su formale denuncia presentata anche dal singolo Aderente, valuta e sanziona con le modalit\u00e0 previste dal Regolamento, i comportamenti non adeguati alle norme etiche, statutarie e regolamentari o che abbiano danneggiato l\u2019immagine dell\u2019Associazione, giudica inoltre sulle controversie fra gli aderenti e gli organi dell\u2019Associazione.<\/p><h2><b>10.<\/b><b> <\/b><b>Gruppo Consigliare<\/b><\/h2><p>Gli eletti dell\u2019Associazione nel Consiglio Comunale e Giunta costituiscono il Gruppo Consigliare del La Civica per Merano e designano al proprio interno il Capogruppo.<\/p><p>Il Gruppo consigliare vaglia le delibere poste in discussione in Consiglio Comunale e qualora l\u2019importanza e\/o complessit\u00e0 dell\u2019argomento lo richieda coinvolge la\/il coordinatrice\/tore, la Cabina di Regia e\/o il Comitato.<\/p>\t\t\t\t\t\t\t\t<\/div>\n\t\t\t\t<\/div>\n\t\t\t\t\t<\/div>\n\t\t\t\t<\/div>\n\t\t<div class=\"elementor-element elementor-element-5ef9b5c e-flex e-con-boxed e-con e-parent\" data-id=\"5ef9b5c\" data-element_type=\"container\" data-e-type=\"container\">\n\t\t\t\t\t<div class=\"e-con-inner\">\n\t\t\t\t<div class=\"elementor-element elementor-element-5b535a5 elementor-widget elementor-widget-text-editor\" data-id=\"5b535a5\" data-element_type=\"widget\" data-e-type=\"widget\" data-widget_type=\"text-editor.default\">\n\t\t\t\t<div class=\"elementor-widget-container\">\n\t\t\t\t\t\t\t\t\t<h2><b>11.<\/b><b> <\/b><b>Il Simbolo<\/b><\/h2><p>Il simbolo del \u201cLa Civica per Merano\u201d \u00e8 allegato al presente statuto e ne fa parte integrante dello stesso.<\/p><p>Il simbolo de \u201cLa Civica per Merano\u201d \u00e8 il seguente:<\/p>\t\t\t\t\t\t\t\t<\/div>\n\t\t\t\t<\/div>\n\t\t\t\t<div class=\"elementor-element elementor-element-c010f30 elementor-widget elementor-widget-image\" data-id=\"c010f30\" data-element_type=\"widget\" data-e-type=\"widget\" data-widget_type=\"image.default\">\n\t\t\t\t<div class=\"elementor-widget-container\">\n\t\t\t\t\t\t\t\t\t\t\t\t\t\t\t<img fetchpriority=\"high\" decoding=\"async\" width=\"480\" height=\"480\" src=\"https:\/\/www.lacivicapermerano.eu\/wp-content\/uploads\/2025\/03\/LogoLaCivicaDalMedico_DE-480x480.png\" class=\"attachment-sydney-mas-thumb size-sydney-mas-thumb wp-image-2182\" alt=\"\" srcset=\"https:\/\/www.lacivicapermerano.eu\/wp-content\/uploads\/2025\/03\/LogoLaCivicaDalMedico_DE-480x480.png 480w, https:\/\/www.lacivicapermerano.eu\/wp-content\/uploads\/2025\/03\/LogoLaCivicaDalMedico_DE-300x300.png 300w, https:\/\/www.lacivicapermerano.eu\/wp-content\/uploads\/2025\/03\/LogoLaCivicaDalMedico_DE-150x150.png 150w, https:\/\/www.lacivicapermerano.eu\/wp-content\/uploads\/2025\/03\/LogoLaCivicaDalMedico_DE-12x12.png 12w, https:\/\/www.lacivicapermerano.eu\/wp-content\/uploads\/2025\/03\/LogoLaCivicaDalMedico_DE-230x230.png 230w, https:\/\/www.lacivicapermerano.eu\/wp-content\/uploads\/2025\/03\/LogoLaCivicaDalMedico_DE-350x350.png 350w, https:\/\/www.lacivicapermerano.eu\/wp-content\/uploads\/2025\/03\/LogoLaCivicaDalMedico_DE.png 500w\" sizes=\"(max-width: 480px) 100vw, 480px\" \/>\t\t\t\t\t\t\t\t\t\t\t\t\t\t\t<\/div>\n\t\t\t\t<\/div>\n\t\t\t\t\t<\/div>\n\t\t\t\t<\/div>\n\t\t<div class=\"elementor-element elementor-element-7d23382 e-flex e-con-boxed e-con e-parent\" data-id=\"7d23382\" data-element_type=\"container\" data-e-type=\"container\">\n\t\t\t\t\t<div class=\"e-con-inner\">\n\t\t\t\t<div class=\"elementor-element elementor-element-05f540a elementor-widget elementor-widget-text-editor\" data-id=\"05f540a\" data-element_type=\"widget\" data-e-type=\"widget\" data-widget_type=\"text-editor.default\">\n\t\t\t\t<div class=\"elementor-widget-container\">\n\t\t\t\t\t\t\t\t\t<h2><b>12.<\/b><b> <\/b><b>Disposizioni accessorie<\/b><\/h2><p>Qualora il Comitato lo riterr\u00e0 opportuno e necessario provveder\u00e0 a predisporre un regolamento di gestione interna del partito da sottoporre all\u2019approvazione dell\u2019Assemblea.<\/p><p>Per regole e disposizioni applicative del presente Statuto dovr\u00e0 farsi riferimento al<\/p><p>\u201cRegolamento\u201d, da predisporre ed approvare entro tre mesi dall\u2019approvazione dello Statuto.<\/p><p>I contenuti del documento riguarderanno in particolare:<\/p><p>a. le procedure per le nomine e le votazioni interne;<\/p><p>b. le modalit\u00e0 per la raccolta delle adesioni;<\/p><p>c. le modalit\u00e0 di riconoscimento delle \u201cpari opportunit\u00e0\u201d;<\/p><p>d. le cause determinanti la decadenza da incarichi, la perdita della qualifica di<\/p><p>\u201cAderente\u201d, o determinanti altri provvedimenti a disposizione della Commissione dei<\/p><p>Garanti;<\/p><p>e. comportamento pubblici degli aderenti;<\/p><p>f. le modalit\u00e0 di subentro o sostituzione di dimissionari nei vari incarichi;<\/p><p>g. le competenze relativamente all\u2019apertura, alla chiusura, di conti correnti ed alle operazioni bancarie;<\/p><p><b>Norme transitorie della fase costituente<\/b><\/p><p><b>Istituzione del Comitato Promotore ed attivit\u00e0 connesse<\/b><\/p><p>Per l\u2019avvio della fase costituente \u00e8 istituito il Comitato Promotore del quale fanno parte tutti i candidati nella lista elettorale de \u201cLa Civica per Merano\u201d del maggio 2010 che ne facciano espressamente richiesta, i rappresentanti di lista e le persone delegate alle trattative.<\/p><p>Il Comitato Promotore assume le funzioni dell\u2019Assemblea, quindi:<\/p><p>\u2026..predispone ed approva lo Statuto;<\/p><p>\u2026..elegge il Comitato;<\/p><p>\u2026..elegge la\/il Coordinatrice\/tore;<\/p><p>\u2026..elegge il\/la Responsabile dell\u2019organizzazione;<\/p><p>\u2026..elegge la\/il Tesoriere;\u2026..elegge la Commissione dei Garanti;<\/p><p>\u2026..elegge il\/la coordinatore\/trice della delegazione per le interpartitiche;<\/p><p>Il Comitato e la Commissione dei Garanti neoeletti, si attiveranno ed agiranno conformemente a Statuto e Regolamento, fermo restando che entro sei mesi provvederanno alla predisposizione di quanto necessario per la convocazione della prima Assemblea degli Aderenti che adempir\u00e0 a tutte le incombenze statutarie, dopo di che si dovr\u00e0 considerare conclusa la fase costituente. Il Comitato neoeletto provveder\u00e0 entro tre mesi dall\u2019approvazione del presente Statuto alla elaborazione del \u201cRegolamento\u201d e alla sua approvazione a maggioranza assoluta dei componenti.<\/p>\t\t\t\t\t\t\t\t<\/div>\n\t\t\t\t<\/div>\n\t\t\t\t\t<\/div>\n\t\t\t\t<\/div>\n\t\t\t\t<\/div>","protected":false},"excerpt":{"rendered":"<p>lo statuto 1. Natura dell\u2019Associazione e Principi Fondamentali La Civica per Merano \u00e8 una associazione che si propone, attraverso l\u2019impegno politico diretto, [&hellip;]<\/p>\n","protected":false},"author":1,"featured_media":0,"parent":0,"menu_order":0,"comment_status":"closed","ping_status":"closed","template":"page-templates\/page_front-page.php","meta":{"footnotes":""},"class_list":["post-1801","page","type-page","status-publish","hentry"],"_links":{"self":[{"href":"https:\/\/www.lacivicapermerano.eu\/de\/wp-json\/wp\/v2\/pages\/1801","targetHints":{"allow":["GET"]}}],"collection":[{"href":"https:\/\/www.lacivicapermerano.eu\/de\/wp-json\/wp\/v2\/pages"}],"about":[{"href":"https:\/\/www.lacivicapermerano.eu\/de\/wp-json\/wp\/v2\/types\/page"}],"author":[{"embeddable":true,"href":"https:\/\/www.lacivicapermerano.eu\/de\/wp-json\/wp\/v2\/users\/1"}],"replies":[{"embeddable":true,"href":"https:\/\/www.lacivicapermerano.eu\/de\/wp-json\/wp\/v2\/comments?post=1801"}],"version-history":[{"count":19,"href":"https:\/\/www.lacivicapermerano.eu\/de\/wp-json\/wp\/v2\/pages\/1801\/revisions"}],"predecessor-version":[{"id":2218,"href":"https:\/\/www.lacivicapermerano.eu\/de\/wp-json\/wp\/v2\/pages\/1801\/revisions\/2218"}],"wp:attachment":[{"href":"https:\/\/www.lacivicapermerano.eu\/de\/wp-json\/wp\/v2\/media?parent=1801"}],"curies":[{"name":"wp","href":"https:\/\/api.w.org\/{rel}","templated":true}]}}