{"id":13,"date":"2019-10-25T09:50:44","date_gmt":"2019-10-25T09:50:44","guid":{"rendered":"http:\/\/demo.athemes.com\/sydney-redesign\/?page_id=13"},"modified":"2025-04-02T16:52:11","modified_gmt":"2025-04-02T14:52:11","slug":"home","status":"publish","type":"page","link":"https:\/\/www.lacivicapermerano.eu\/de\/","title":{"rendered":"Home"},"content":{"rendered":"<div id=\"fb-root\"><\/div>\n\t\t<div data-elementor-type=\"wp-page\" data-elementor-id=\"13\" class=\"elementor elementor-13\" data-elementor-post-type=\"page\">\n\t\t\t\t\t\t<section class=\"elementor-section elementor-top-section elementor-element elementor-element-80b7588 elementor-section-height-full elementor-section-full_width elementor-section-height-default elementor-section-items-middle\" data-id=\"80b7588\" data-element_type=\"section\" data-e-type=\"section\" data-settings=\"{&quot;background_background&quot;:&quot;classic&quot;}\">\n\t\t\t\t\t\t\t<div class=\"elementor-background-overlay\"><\/div>\n\t\t\t\t\t\t\t<div class=\"elementor-container elementor-column-gap-default\">\n\t\t\t\t\t<div class=\"elementor-column elementor-col-100 elementor-top-column elementor-element elementor-element-12b0cd0\" data-id=\"12b0cd0\" data-element_type=\"column\" data-e-type=\"column\">\n\t\t\t<div class=\"elementor-widget-wrap elementor-element-populated\">\n\t\t\t\t\t\t<div class=\"elementor-element elementor-element-a7022e5 elementor-widget elementor-widget-heading\" data-id=\"a7022e5\" data-element_type=\"widget\" data-e-type=\"widget\" data-widget_type=\"heading.default\">\n\t\t\t\t<div class=\"elementor-widget-container\">\n\t\t\t\t\t<h2 class=\"elementor-heading-title elementor-size-default\">la civica per merano<\/h2>\t\t\t\t<\/div>\n\t\t\t\t<\/div>\n\t\t\t\t\t<\/div>\n\t\t<\/div>\n\t\t\t\t\t<\/div>\n\t\t<\/section>\n\t\t\t\t<section class=\"elementor-section elementor-top-section elementor-element elementor-element-9a2cf52 elementor-section-boxed elementor-section-height-default elementor-section-height-default\" data-id=\"9a2cf52\" data-element_type=\"section\" data-e-type=\"section\">\n\t\t\t\t\t\t<div class=\"elementor-container elementor-column-gap-default\">\n\t\t\t\t\t<div class=\"elementor-column elementor-col-100 elementor-top-column elementor-element elementor-element-9f1dca7\" data-id=\"9f1dca7\" data-element_type=\"column\" data-e-type=\"column\">\n\t\t\t<div class=\"elementor-widget-wrap elementor-element-populated\">\n\t\t\t\t\t\t<div class=\"elementor-element elementor-element-6c79394 elementor-widget elementor-widget-heading\" data-id=\"6c79394\" data-element_type=\"widget\" data-e-type=\"widget\" data-widget_type=\"heading.default\">\n\t\t\t\t<div class=\"elementor-widget-container\">\n\t\t\t\t\t<h1 class=\"elementor-heading-title elementor-size-default\">wir stellen uns vor<\/h1>\t\t\t\t<\/div>\n\t\t\t\t<\/div>\n\t\t\t\t<div class=\"elementor-element elementor-element-548e7fc elementor-widget elementor-widget-text-editor\" data-id=\"548e7fc\" data-element_type=\"widget\" data-e-type=\"widget\" data-widget_type=\"text-editor.default\">\n\t\t\t\t<div class=\"elementor-widget-container\">\n\t\t\t\t\t\t\t\t\t<p class=\"p1\">Wir sind eine demokratische und volksnahe Bewegung, die im Jahr 2010 entstanden ist und sich innerhalb der Zivilgesellschaft von Meran entwickelt. Menschen mit unterschiedlichem Hintergrund, vereint durch ein gemeinsames Ziel, haben sich in einem Team organisiert, um Gutes f\u00fcr ihre Stadt zu tun. Die Vielfalt der Perspektiven ist unser Mehrwert: Wir sch\u00f6pfen aus der Professionalit\u00e4t und Erfahrung sowie der Sensibilit\u00e4t unseres Engagements in der Sozialarbeit und im Ehrenamt und stellen sie in den Dienst des Gemeinwohls. Wir haben unterschiedliche Visionen, aber wir haben einen gemeinsamen Auftrag: <span style=\"text-decoration: underline;\">jeden B\u00fcrger zu einem Protagonisten seiner Stadt machen.<\/span>.<\/p><p class=\"p1\">Wir geben all jenen B\u00fcrgern eine Stimme, die sich nicht angemessen vertreten f\u00fchlen. Wir geben den \u00c4lteren, den Jungen, den Arbeitern, den vielen Kleinbetrieben, den Handwerkern und Unternehmern eine Stimme, die es geschafft haben, trotz allem ihre Betriebe aufzubauen und zu erhalten, Menschen, die das soziale und wirtschaftliche Gef\u00fcge von Meran immer ausgezeichnet haben.<\/p><p class=\"p1\">Wir setzen uns daf\u00fcr ein, dass Werte wie Respekt, Toleranz, die Kultur des Wissens und des Lernens, intellektuelle Sensibilit\u00e4t, h\u00f6flicher und konstruktiver Dialog, Solidarit\u00e4t und Integration die gesamte Zivilgesellschaft zu der Erkenntnis f\u00fchren, dass es ohne sie keine echte Demokratie geben kann.<\/p><p class=\"p1\">Wir sind uns der neuen Herausforderungen, vor denen unsere Stadt steht, bewusst und st\u00fctzen uns auf die Erfahrungen aus jahrelanger politischer T\u00e4tigkeit sowohl in der Regierung als auch in der Opposition, um uns auf eine verantwortungsvolle und nachhaltige Zukunft vorzubereiten.<\/p><p class=\"p1 translation-block\">Unsere Glaubw\u00fcrdigkeit beruht auf konkreten Ergebnissen. Bei den Gemeindewahlen 2021 haben uns die B\u00fcrger von Meran ihr Vertrauen geschenkt und es uns erm\u00f6glicht, f\u00fcnf Sitze im Gemeinderat zu gewinnen und den aktuellen B\u00fcrgermeister, Dario Dal Medico, zu stellen. Dieses Mandat bedeutet f\u00fcr uns eine gro\u00dfe Verantwortung und eine Chance, weiterhin mit Entschlossenheit zum Wohle der Stadt zu arbeiten, stets unseren Prinzipien von Zuh\u00f6ren, Inklusion und Konkretheit treu bleibend.<\/p>\t\t\t\t\t\t\t\t<\/div>\n\t\t\t\t<\/div>\n\t\t<div class=\"elementor-element elementor-element-aae286a e-flex e-con-boxed e-con e-parent\" data-id=\"aae286a\" data-element_type=\"container\" data-e-type=\"container\">\n\t\t\t\t\t<div class=\"e-con-inner\">\n\t\t\t\t<div class=\"elementor-element elementor-element-b0bf657 elementor-align-left elementor-widget elementor-widget-button\" data-id=\"b0bf657\" data-element_type=\"widget\" data-e-type=\"widget\" data-widget_type=\"button.default\">\n\t\t\t\t<div class=\"elementor-widget-container\">\n\t\t\t\t\t\t\t\t\t<div class=\"elementor-button-wrapper\">\n\t\t\t\t\t<a class=\"elementor-button elementor-button-link elementor-size-xl\" href=\"https:\/\/civis.bz.it\/vote\/gem2021\/#!\/it\/2\/elect\/22229\/mayors\" target=\"_blank\">\n\t\t\t\t\t\t<span class=\"elementor-button-content-wrapper\">\n\t\t\t\t\t\t\t\t\t<span class=\"elementor-button-text\">Ergebnisse der Kommunalwahlen 2021<\/span>\n\t\t\t\t\t<\/span>\n\t\t\t\t\t<\/a>\n\t\t\t\t<\/div>\n\t\t\t\t\t\t\t\t<\/div>\n\t\t\t\t<\/div>\n\t\t\t\t<div class=\"elementor-element elementor-element-6245314 elementor-align-left elementor-widget elementor-widget-button\" data-id=\"6245314\" data-element_type=\"widget\" data-e-type=\"widget\" data-widget_type=\"button.default\">\n\t\t\t\t<div class=\"elementor-widget-container\">\n\t\t\t\t\t\t\t\t\t<div class=\"elementor-button-wrapper\">\n\t\t\t\t\t<a class=\"elementor-button elementor-button-link elementor-size-xl\" href=\"https:\/\/www.lacivicapermerano.eu\/wp-content\/uploads\/2025\/04\/PROGRAMMA-La-Civica-per-Merano-2025-2030.pdf\" target=\"_blank\">\n\t\t\t\t\t\t<span class=\"elementor-button-content-wrapper\">\n\t\t\t\t\t\t\t\t\t<span class=\"elementor-button-text\">Programm f\u00fc Meran 2025-2030<\/span>\n\t\t\t\t\t<\/span>\n\t\t\t\t\t<\/a>\n\t\t\t\t<\/div>\n\t\t\t\t\t\t\t\t<\/div>\n\t\t\t\t<\/div>\n\t\t\t\t\t<\/div>\n\t\t\t\t<\/div>\n\t\t\t\t\t<\/div>\n\t\t<\/div>\n\t\t\t\t\t<\/div>\n\t\t<\/section>\n\t\t<div class=\"elementor-element elementor-element-933c018 e-flex e-con-boxed e-con e-parent\" data-id=\"933c018\" data-element_type=\"container\" data-e-type=\"container\">\n\t\t\t\t\t<div class=\"e-con-inner\">\n\t\t<div class=\"elementor-element elementor-element-20aa0cd e-con-full e-flex e-con e-child\" data-id=\"20aa0cd\" data-element_type=\"container\" data-e-type=\"container\">\n\t\t<div class=\"elementor-element elementor-element-647cd94 e-con-full e-flex e-con e-child\" data-id=\"647cd94\" data-element_type=\"container\" data-e-type=\"container\">\n\t\t<div class=\"elementor-element elementor-element-eb4cff5 e-con-full e-flex e-con e-child\" data-id=\"eb4cff5\" data-element_type=\"container\" data-e-type=\"container\">\n\t\t<div class=\"elementor-element elementor-element-382cb40 e-con-full e-flex e-con e-child\" data-id=\"382cb40\" data-element_type=\"container\" data-e-type=\"container\">\n\t\t<div class=\"elementor-element elementor-element-948b861 e-con-full e-flex e-con e-child\" data-id=\"948b861\" data-element_type=\"container\" data-e-type=\"container\">\n\t\t\t\t<div class=\"elementor-element elementor-element-759bb77 elementor-widget elementor-widget-image\" data-id=\"759bb77\" data-element_type=\"widget\" data-e-type=\"widget\" data-widget_type=\"image.default\">\n\t\t\t\t<div class=\"elementor-widget-container\">\n\t\t\t\t\t\t\t\t\t\t\t\t\t\t\t<img fetchpriority=\"high\" decoding=\"async\" width=\"300\" height=\"300\" src=\"https:\/\/www.lacivicapermerano.eu\/wp-content\/uploads\/2025\/02\/1632240724471-300x300.jpeg\" class=\"attachment-medium size-medium wp-image-2116\" alt=\"\" srcset=\"https:\/\/www.lacivicapermerano.eu\/wp-content\/uploads\/2025\/02\/1632240724471-300x300.jpeg 300w, https:\/\/www.lacivicapermerano.eu\/wp-content\/uploads\/2025\/02\/1632240724471-150x150.jpeg 150w, https:\/\/www.lacivicapermerano.eu\/wp-content\/uploads\/2025\/02\/1632240724471-12x12.jpeg 12w, https:\/\/www.lacivicapermerano.eu\/wp-content\/uploads\/2025\/02\/1632240724471-230x230.jpeg 230w, https:\/\/www.lacivicapermerano.eu\/wp-content\/uploads\/2025\/02\/1632240724471-350x350.jpeg 350w, https:\/\/www.lacivicapermerano.eu\/wp-content\/uploads\/2025\/02\/1632240724471-480x480.jpeg 480w, https:\/\/www.lacivicapermerano.eu\/wp-content\/uploads\/2025\/02\/1632240724471.jpeg 690w\" sizes=\"(max-width: 300px) 100vw, 300px\" \/>\t\t\t\t\t\t\t\t\t\t\t\t\t\t\t<\/div>\n\t\t\t\t<\/div>\n\t\t\t\t<\/div>\n\t\t<div class=\"elementor-element elementor-element-2c7016e e-con-full e-flex e-con e-child\" data-id=\"2c7016e\" data-element_type=\"container\" data-e-type=\"container\">\n\t\t\t\t<div class=\"elementor-element elementor-element-72a18b8 elementor-widget elementor-widget-heading\" data-id=\"72a18b8\" data-element_type=\"widget\" data-e-type=\"widget\" data-widget_type=\"heading.default\">\n\t\t\t\t<div class=\"elementor-widget-container\">\n\t\t\t\t\t<h2 class=\"elementor-heading-title elementor-size-default\">Dario dal medico<\/h2>\t\t\t\t<\/div>\n\t\t\t\t<\/div>\n\t\t\t\t<div class=\"elementor-element elementor-element-9e42cc0 elementor-widget elementor-widget-heading\" data-id=\"9e42cc0\" data-element_type=\"widget\" data-e-type=\"widget\" data-widget_type=\"heading.default\">\n\t\t\t\t<div class=\"elementor-widget-container\">\n\t\t\t\t\t<h3 class=\"elementor-heading-title elementor-size-default\">B\u00fcrgermeister von Meran<\/h3>\t\t\t\t<\/div>\n\t\t\t\t<\/div>\n\t\t\t\t<\/div>\n\t\t\t\t<\/div>\n\t\t\t\t<\/div>\n\t\t\t\t<\/div>\n\t\t\t\t<\/div>\n\t\t<div class=\"elementor-element elementor-element-a9bd5cc e-con-full e-flex e-con e-child\" data-id=\"a9bd5cc\" data-element_type=\"container\" data-e-type=\"container\">\n\t\t<div class=\"elementor-element elementor-element-a0ab102 e-con-full e-flex e-con e-child\" data-id=\"a0ab102\" data-element_type=\"container\" data-e-type=\"container\">\n\t\t<div class=\"elementor-element elementor-element-9ea8972 e-con-full e-flex e-con e-child\" data-id=\"9ea8972\" data-element_type=\"container\" data-e-type=\"container\">\n\t\t<div class=\"elementor-element elementor-element-1ab35a0 e-con-full e-flex e-con e-child\" data-id=\"1ab35a0\" data-element_type=\"container\" data-e-type=\"container\">\n\t\t<div class=\"elementor-element elementor-element-ebade04 e-con-full e-flex e-con e-child\" data-id=\"ebade04\" data-element_type=\"container\" data-e-type=\"container\">\n\t\t\t\t<div class=\"elementor-element elementor-element-87682c2 elementor-widget elementor-widget-image\" data-id=\"87682c2\" data-element_type=\"widget\" data-e-type=\"widget\" data-widget_type=\"image.default\">\n\t\t\t\t<div class=\"elementor-widget-container\">\n\t\t\t\t\t\t\t\t\t\t\t\t\t\t\t<img decoding=\"async\" width=\"300\" height=\"300\" src=\"https:\/\/www.lacivicapermerano.eu\/wp-content\/uploads\/2021\/09\/CPM2020_30_albieri-768x513-modified-300x300.png\" class=\"attachment-medium size-medium wp-image-1159\" alt=\"\" srcset=\"https:\/\/www.lacivicapermerano.eu\/wp-content\/uploads\/2021\/09\/CPM2020_30_albieri-768x513-modified-300x300.png 300w, https:\/\/www.lacivicapermerano.eu\/wp-content\/uploads\/2021\/09\/CPM2020_30_albieri-768x513-modified-150x150.png 150w, https:\/\/www.lacivicapermerano.eu\/wp-content\/uploads\/2021\/09\/CPM2020_30_albieri-768x513-modified-12x12.png 12w, https:\/\/www.lacivicapermerano.eu\/wp-content\/uploads\/2021\/09\/CPM2020_30_albieri-768x513-modified-230x230.png 230w, https:\/\/www.lacivicapermerano.eu\/wp-content\/uploads\/2021\/09\/CPM2020_30_albieri-768x513-modified-350x350.png 350w, https:\/\/www.lacivicapermerano.eu\/wp-content\/uploads\/2021\/09\/elementor\/thumbs\/CPM2020_30_albieri-768x513-modified-pct82i2c7fiitfvlsj5qcmy770ws4ka85lfmkdm0nk.png 200w, https:\/\/www.lacivicapermerano.eu\/wp-content\/uploads\/2021\/09\/CPM2020_30_albieri-768x513-modified.png 384w\" sizes=\"(max-width: 300px) 100vw, 300px\" \/>\t\t\t\t\t\t\t\t\t\t\t\t\t\t\t<\/div>\n\t\t\t\t<\/div>\n\t\t\t\t<\/div>\n\t\t<div class=\"elementor-element elementor-element-87bb1da e-con-full e-flex e-con e-child\" data-id=\"87bb1da\" data-element_type=\"container\" data-e-type=\"container\">\n\t\t\t\t<div class=\"elementor-element elementor-element-fa63358 elementor-widget elementor-widget-heading\" data-id=\"fa63358\" data-element_type=\"widget\" data-e-type=\"widget\" data-widget_type=\"heading.default\">\n\t\t\t\t<div class=\"elementor-widget-container\">\n\t\t\t\t\t<h2 class=\"elementor-heading-title elementor-size-default\">Emanuela Albieri<\/h2>\t\t\t\t<\/div>\n\t\t\t\t<\/div>\n\t\t\t\t<div class=\"elementor-element elementor-element-d2ab7f6 elementor-widget elementor-widget-heading\" data-id=\"d2ab7f6\" data-element_type=\"widget\" data-e-type=\"widget\" data-widget_type=\"heading.default\">\n\t\t\t\t<div class=\"elementor-widget-container\">\n\t\t\t\t\t<h3 class=\"elementor-heading-title elementor-size-default\">Stadtr\u00e4tin<\/h3>\t\t\t\t<\/div>\n\t\t\t\t<\/div>\n\t\t\t\t<\/div>\n\t\t\t\t<\/div>\n\t\t\t\t<\/div>\n\t\t\t\t<\/div>\n\t\t\t\t<\/div>\n\t\t<div class=\"elementor-element elementor-element-4e53d8a e-con-full e-flex e-con e-child\" data-id=\"4e53d8a\" data-element_type=\"container\" data-e-type=\"container\">\n\t\t<div class=\"elementor-element elementor-element-9a602b7 e-con-full e-flex e-con e-child\" data-id=\"9a602b7\" data-element_type=\"container\" data-e-type=\"container\">\n\t\t<div class=\"elementor-element elementor-element-b40ba8a e-con-full e-flex e-con e-child\" data-id=\"b40ba8a\" data-element_type=\"container\" data-e-type=\"container\">\n\t\t<div class=\"elementor-element elementor-element-e59734e e-con-full e-flex e-con e-child\" data-id=\"e59734e\" data-element_type=\"container\" data-e-type=\"container\">\n\t\t<div class=\"elementor-element elementor-element-ed9f1f8 e-con-full e-flex e-con e-child\" data-id=\"ed9f1f8\" data-element_type=\"container\" data-e-type=\"container\">\n\t\t\t\t<div class=\"elementor-element elementor-element-9077ef9 elementor-widget elementor-widget-image\" data-id=\"9077ef9\" data-element_type=\"widget\" data-e-type=\"widget\" data-widget_type=\"image.default\">\n\t\t\t\t<div class=\"elementor-widget-container\">\n\t\t\t\t\t\t\t\t\t\t\t\t\t\t\t<img decoding=\"async\" width=\"300\" height=\"300\" src=\"https:\/\/www.lacivicapermerano.eu\/wp-content\/uploads\/2025\/03\/Beatrice_2025-300x300.jpg\" class=\"attachment-medium size-medium wp-image-2202\" alt=\"\" srcset=\"https:\/\/www.lacivicapermerano.eu\/wp-content\/uploads\/2025\/03\/Beatrice_2025-300x300.jpg 300w, https:\/\/www.lacivicapermerano.eu\/wp-content\/uploads\/2025\/03\/Beatrice_2025-150x150.jpg 150w, https:\/\/www.lacivicapermerano.eu\/wp-content\/uploads\/2025\/03\/Beatrice_2025-12x12.jpg 12w, https:\/\/www.lacivicapermerano.eu\/wp-content\/uploads\/2025\/03\/Beatrice_2025-230x230.jpg 230w, https:\/\/www.lacivicapermerano.eu\/wp-content\/uploads\/2025\/03\/Beatrice_2025-350x350.jpg 350w, https:\/\/www.lacivicapermerano.eu\/wp-content\/uploads\/2025\/03\/Beatrice_2025-480x480.jpg 480w, https:\/\/www.lacivicapermerano.eu\/wp-content\/uploads\/2025\/03\/Beatrice_2025.jpg 690w\" sizes=\"(max-width: 300px) 100vw, 300px\" \/>\t\t\t\t\t\t\t\t\t\t\t\t\t\t\t<\/div>\n\t\t\t\t<\/div>\n\t\t\t\t<\/div>\n\t\t<div class=\"elementor-element elementor-element-a5e755c e-con-full e-flex e-con e-child\" data-id=\"a5e755c\" data-element_type=\"container\" data-e-type=\"container\">\n\t\t\t\t<div class=\"elementor-element elementor-element-9449c6e elementor-widget elementor-widget-heading\" data-id=\"9449c6e\" data-element_type=\"widget\" data-e-type=\"widget\" data-widget_type=\"heading.default\">\n\t\t\t\t<div class=\"elementor-widget-container\">\n\t\t\t\t\t<h2 class=\"elementor-heading-title elementor-size-default\">beatrice Calligione<\/h2>\t\t\t\t<\/div>\n\t\t\t\t<\/div>\n\t\t\t\t<div class=\"elementor-element elementor-element-9ab6362 elementor-widget elementor-widget-heading\" data-id=\"9ab6362\" data-element_type=\"widget\" data-e-type=\"widget\" data-widget_type=\"heading.default\">\n\t\t\t\t<div class=\"elementor-widget-container\">\n\t\t\t\t\t<h3 class=\"elementor-heading-title elementor-size-default\">Sekret\u00e4rin von \"la civica per merano\"<\/h3>\t\t\t\t<\/div>\n\t\t\t\t<\/div>\n\t\t\t\t<\/div>\n\t\t\t\t<\/div>\n\t\t\t\t<\/div>\n\t\t\t\t<\/div>\n\t\t\t\t<\/div>\n\t\t\t\t\t<\/div>\n\t\t\t\t<\/div>\n\t\t<div class=\"elementor-element elementor-element-129d4b5 e-flex e-con-boxed e-con e-parent\" data-id=\"129d4b5\" data-element_type=\"container\" data-e-type=\"container\">\n\t\t\t\t\t<div class=\"e-con-inner\">\n\t\t\t\t<div class=\"elementor-element elementor-element-5429043 elementor-widget elementor-widget-image\" data-id=\"5429043\" data-element_type=\"widget\" data-e-type=\"widget\" data-widget_type=\"image.default\">\n\t\t\t\t<div class=\"elementor-widget-container\">\n\t\t\t\t\t\t\t\t\t\t\t\t\t\t\t<img loading=\"lazy\" decoding=\"async\" width=\"1024\" height=\"576\" src=\"https:\/\/www.lacivicapermerano.eu\/wp-content\/uploads\/2025\/01\/GruppoConsigliareCivica2025-1024x576.jpg\" class=\"attachment-large size-large wp-image-1824\" alt=\"\" srcset=\"https:\/\/www.lacivicapermerano.eu\/wp-content\/uploads\/2025\/01\/GruppoConsigliareCivica2025-1024x576.jpg 1024w, https:\/\/www.lacivicapermerano.eu\/wp-content\/uploads\/2025\/01\/GruppoConsigliareCivica2025-300x169.jpg 300w, https:\/\/www.lacivicapermerano.eu\/wp-content\/uploads\/2025\/01\/GruppoConsigliareCivica2025-768x432.jpg 768w, https:\/\/www.lacivicapermerano.eu\/wp-content\/uploads\/2025\/01\/GruppoConsigliareCivica2025-1536x864.jpg 1536w, https:\/\/www.lacivicapermerano.eu\/wp-content\/uploads\/2025\/01\/GruppoConsigliareCivica2025-18x10.jpg 18w, https:\/\/www.lacivicapermerano.eu\/wp-content\/uploads\/2025\/01\/GruppoConsigliareCivica2025-1000x563.jpg 1000w, https:\/\/www.lacivicapermerano.eu\/wp-content\/uploads\/2025\/01\/GruppoConsigliareCivica2025-230x129.jpg 230w, https:\/\/www.lacivicapermerano.eu\/wp-content\/uploads\/2025\/01\/GruppoConsigliareCivica2025-350x197.jpg 350w, https:\/\/www.lacivicapermerano.eu\/wp-content\/uploads\/2025\/01\/GruppoConsigliareCivica2025-480x270.jpg 480w, https:\/\/www.lacivicapermerano.eu\/wp-content\/uploads\/2025\/01\/GruppoConsigliareCivica2025.jpg 1920w\" sizes=\"(max-width: 1024px) 100vw, 1024px\" \/>\t\t\t\t\t\t\t\t\t\t\t\t\t\t\t<\/div>\n\t\t\t\t<\/div>\n\t\t\t\t<div class=\"elementor-element elementor-element-c5c7c64 elementor-widget elementor-widget-heading\" data-id=\"c5c7c64\" data-element_type=\"widget\" data-e-type=\"widget\" data-widget_type=\"heading.default\">\n\t\t\t\t<div class=\"elementor-widget-container\">\n\t\t\t\t\t<h5 class=\"elementor-heading-title elementor-size-default\">la civica per merano: die Beratungsgruppe<\/h5>\t\t\t\t<\/div>\n\t\t\t\t<\/div>\n\t\t\t\t\t<\/div>\n\t\t\t\t<\/div>\n\t\t\t\t<section class=\"elementor-section elementor-top-section elementor-element elementor-element-0232e55 elementor-section-boxed elementor-section-height-default elementor-section-height-default\" data-id=\"0232e55\" data-element_type=\"section\" data-e-type=\"section\" data-settings=\"{&quot;background_background&quot;:&quot;classic&quot;}\">\n\t\t\t\t\t\t<div class=\"elementor-container elementor-column-gap-default\">\n\t\t\t\t\t<div class=\"elementor-column elementor-col-100 elementor-top-column elementor-element elementor-element-2253cb9\" data-id=\"2253cb9\" data-element_type=\"column\" data-e-type=\"column\">\n\t\t\t<div class=\"elementor-widget-wrap elementor-element-populated\">\n\t\t\t\t\t\t<div class=\"elementor-element elementor-element-d29d24f elementor-widget elementor-widget-heading\" data-id=\"d29d24f\" data-element_type=\"widget\" data-e-type=\"widget\" id=\"temi\" data-widget_type=\"heading.default\">\n\t\t\t\t<div class=\"elementor-widget-container\">\n\t\t\t\t\t<h1 class=\"elementor-heading-title elementor-size-default\">Die Themen<\/h1>\t\t\t\t<\/div>\n\t\t\t\t<\/div>\n\t\t\t\t<section class=\"elementor-section elementor-inner-section elementor-element elementor-element-5e671bc elementor-section-boxed elementor-section-height-default elementor-section-height-default\" data-id=\"5e671bc\" data-element_type=\"section\" data-e-type=\"section\">\n\t\t\t\t\t\t<div class=\"elementor-container elementor-column-gap-default\">\n\t\t\t\t\t<div class=\"elementor-column elementor-col-33 elementor-inner-column elementor-element elementor-element-560a5ae elementor-invisible\" data-id=\"560a5ae\" data-element_type=\"column\" data-e-type=\"column\" data-settings=\"{&quot;background_background&quot;:&quot;classic&quot;,&quot;animation&quot;:&quot;bounceInDown&quot;}\">\n\t\t\t<div class=\"elementor-widget-wrap elementor-element-populated\">\n\t\t\t\t\t\t<div class=\"elementor-element elementor-element-1d85000 elementor-view-stacked elementor-shape-circle elementor-position-block-start elementor-mobile-position-block-start elementor-invisible elementor-widget elementor-widget-icon-box\" data-id=\"1d85000\" data-element_type=\"widget\" data-e-type=\"widget\" data-settings=\"{&quot;_animation&quot;:&quot;fadeInDown&quot;}\" data-widget_type=\"icon-box.default\">\n\t\t\t\t<div class=\"elementor-widget-container\">\n\t\t\t\t\t\t\t<div class=\"elementor-icon-box-wrapper\">\n\n\t\t\t\t\t\t<div class=\"elementor-icon-box-icon\">\n\t\t\t\t<span  class=\"elementor-icon elementor-animation-pulse\">\n\t\t\t\t<i aria-hidden=\"true\" class=\"fas fa-book-reader\"><\/i>\t\t\t\t<\/span>\n\t\t\t<\/div>\n\t\t\t\n\t\t\t\t\t\t<div class=\"elementor-icon-box-content\">\n\n\t\t\t\t\t\t\t\t\t<h2 class=\"elementor-icon-box-title\">\n\t\t\t\t\t\t<span  >\n\t\t\t\t\t\t\tKULTUR\t\t\t\t\t\t<\/span>\n\t\t\t\t\t<\/h2>\n\t\t\t\t\n\t\t\t\t\t\t\t\t\t<p class=\"elementor-icon-box-description\">\n\t\t\t\t\t\tDas Wohlergehen einer Stadt wird auch an ihrem kulturellen Angebot gemessen. Wir unterst\u00fctzen und koordinieren die lokalen kulturellen Gegebenheiten, indem wir die Exzellenz f\u00f6rdern und eine Vision mit nationaler und internationaler Reichweite unterst\u00fctzen. Kultur ist Hoffnung, Zusammenf\u00fchrung, Forschung, Sch\u00f6nheit und Reflexion. In Kultur zu investieren bedeutet, in die Zukunft unserer Gemeinschaft zu investieren.\t\t\t\t\t<\/p>\n\t\t\t\t\n\t\t\t<\/div>\n\t\t\t\n\t\t<\/div>\n\t\t\t\t\t\t<\/div>\n\t\t\t\t<\/div>\n\t\t\t\t\t<\/div>\n\t\t<\/div>\n\t\t\t\t<div class=\"elementor-column elementor-col-33 elementor-inner-column elementor-element elementor-element-cf4b21c elementor-invisible\" data-id=\"cf4b21c\" data-element_type=\"column\" data-e-type=\"column\" data-settings=\"{&quot;background_background&quot;:&quot;classic&quot;,&quot;animation&quot;:&quot;bounceInDown&quot;,&quot;animation_delay&quot;:100}\">\n\t\t\t<div class=\"elementor-widget-wrap elementor-element-populated\">\n\t\t\t\t\t\t<div class=\"elementor-element elementor-element-0640204 elementor-view-stacked elementor-shape-circle elementor-position-block-start elementor-mobile-position-block-start elementor-invisible elementor-widget elementor-widget-icon-box\" data-id=\"0640204\" data-element_type=\"widget\" data-e-type=\"widget\" data-settings=\"{&quot;_animation&quot;:&quot;fadeInDown&quot;}\" data-widget_type=\"icon-box.default\">\n\t\t\t\t<div class=\"elementor-widget-container\">\n\t\t\t\t\t\t\t<div class=\"elementor-icon-box-wrapper\">\n\n\t\t\t\t\t\t<div class=\"elementor-icon-box-icon\">\n\t\t\t\t<span  class=\"elementor-icon elementor-animation-pulse\">\n\t\t\t\t<i aria-hidden=\"true\" class=\"fas fa-city\"><\/i>\t\t\t\t<\/span>\n\t\t\t<\/div>\n\t\t\t\n\t\t\t\t\t\t<div class=\"elementor-icon-box-content\">\n\n\t\t\t\t\t\t\t\t\t<h2 class=\"elementor-icon-box-title\">\n\t\t\t\t\t\t<span  >\n\t\t\t\t\t\t\tStadtplanung\t\t\t\t\t\t<\/span>\n\t\t\t\t\t<\/h2>\n\t\t\t\t\n\t\t\t\t\t\t\t\t\t<p class=\"elementor-icon-box-description\">\n\t\t\t\t\t\tEine sch\u00f6ne, funktionale und nachhaltige Stadt entsteht durch sorgf\u00e4ltige und weitsichtige Planung. Wir wollen eine Stadtplanungspolitik, die das Territorium respektiert und die Lebensqualit\u00e4t verbessert, mit Blick auf die zuk\u00fcnftigen Generationen. Meran muss ein Modell f\u00fcr das Gleichgewicht zwischen Innovation und Umweltfreundlichkeit sein.\t\t\t\t\t<\/p>\n\t\t\t\t\n\t\t\t<\/div>\n\t\t\t\n\t\t<\/div>\n\t\t\t\t\t\t<\/div>\n\t\t\t\t<\/div>\n\t\t\t\t\t<\/div>\n\t\t<\/div>\n\t\t\t\t<div class=\"elementor-column elementor-col-33 elementor-inner-column elementor-element elementor-element-e84c0e6 elementor-invisible\" data-id=\"e84c0e6\" data-element_type=\"column\" data-e-type=\"column\" data-settings=\"{&quot;background_background&quot;:&quot;classic&quot;,&quot;animation&quot;:&quot;bounceInDown&quot;,&quot;animation_delay&quot;:200}\">\n\t\t\t<div class=\"elementor-widget-wrap elementor-element-populated\">\n\t\t\t\t\t\t<div class=\"elementor-element elementor-element-ca26008 elementor-view-stacked elementor-shape-circle elementor-position-block-start elementor-mobile-position-block-start elementor-invisible elementor-widget elementor-widget-icon-box\" data-id=\"ca26008\" data-element_type=\"widget\" data-e-type=\"widget\" data-settings=\"{&quot;_animation&quot;:&quot;fadeInDown&quot;}\" data-widget_type=\"icon-box.default\">\n\t\t\t\t<div class=\"elementor-widget-container\">\n\t\t\t\t\t\t\t<div class=\"elementor-icon-box-wrapper\">\n\n\t\t\t\t\t\t<div class=\"elementor-icon-box-icon\">\n\t\t\t\t<a href=\"https:\/\/www.lacivicapermerano.eu\/de\/temi\/#sociale\" class=\"elementor-icon elementor-animation-pulse\" tabindex=\"-1\" aria-label=\"Mobilit\u00e4t\">\n\t\t\t\t<i aria-hidden=\"true\" class=\"fas fa-traffic-light\"><\/i>\t\t\t\t<\/a>\n\t\t\t<\/div>\n\t\t\t\n\t\t\t\t\t\t<div class=\"elementor-icon-box-content\">\n\n\t\t\t\t\t\t\t\t\t<h2 class=\"elementor-icon-box-title\">\n\t\t\t\t\t\t<a href=\"https:\/\/www.lacivicapermerano.eu\/de\/temi\/#sociale\" >\n\t\t\t\t\t\t\tMobilit\u00e4t\t\t\t\t\t\t<\/a>\n\t\t\t\t\t<\/h2>\n\t\t\t\t\n\t\t\t\t\t\t\t\t\t<p class=\"elementor-icon-box-description\">\n\t\t\t\t\t\tDer Verkehr wird nicht nur durch die Sperrung einiger Stra\u00dfen gel\u00f6st. Wir streben eine intelligente Mobilit\u00e4t mit einem intermodalen Zentrum im Bahnhofsbereich und innovativen L\u00f6sungen zur Verringerung von Staus und Umweltverschmutzung an. Wir blicken in die Zukunft mit einem effizienten, nachhaltigen und barrierefreien Verkehr f\u00fcr alle.\t\t\t\t\t<\/p>\n\t\t\t\t\n\t\t\t<\/div>\n\t\t\t\n\t\t<\/div>\n\t\t\t\t\t\t<\/div>\n\t\t\t\t<\/div>\n\t\t\t\t\t<\/div>\n\t\t<\/div>\n\t\t\t\t\t<\/div>\n\t\t<\/section>\n\t\t\t\t<section class=\"elementor-section elementor-inner-section elementor-element elementor-element-d4bf057 elementor-section-boxed elementor-section-height-default elementor-section-height-default\" data-id=\"d4bf057\" data-element_type=\"section\" data-e-type=\"section\">\n\t\t\t\t\t\t<div class=\"elementor-container elementor-column-gap-default\">\n\t\t\t\t\t<div class=\"elementor-column elementor-col-33 elementor-inner-column elementor-element elementor-element-5fb8c1f elementor-invisible\" data-id=\"5fb8c1f\" data-element_type=\"column\" data-e-type=\"column\" data-settings=\"{&quot;background_background&quot;:&quot;classic&quot;,&quot;animation&quot;:&quot;bounceInDown&quot;}\">\n\t\t\t<div class=\"elementor-widget-wrap elementor-element-populated\">\n\t\t\t\t\t\t<div class=\"elementor-element elementor-element-d9917cd elementor-view-stacked elementor-shape-circle elementor-position-block-start elementor-mobile-position-block-start elementor-invisible elementor-widget elementor-widget-icon-box\" data-id=\"d9917cd\" data-element_type=\"widget\" data-e-type=\"widget\" data-settings=\"{&quot;_animation&quot;:&quot;fadeInDown&quot;}\" data-widget_type=\"icon-box.default\">\n\t\t\t\t<div class=\"elementor-widget-container\">\n\t\t\t\t\t\t\t<div class=\"elementor-icon-box-wrapper\">\n\n\t\t\t\t\t\t<div class=\"elementor-icon-box-icon\">\n\t\t\t\t<span  class=\"elementor-icon elementor-animation-pulse\">\n\t\t\t\t<i aria-hidden=\"true\" class=\"fas fa-heart\"><\/i>\t\t\t\t<\/span>\n\t\t\t<\/div>\n\t\t\t\n\t\t\t\t\t\t<div class=\"elementor-icon-box-content\">\n\n\t\t\t\t\t\t\t\t\t<h2 class=\"elementor-icon-box-title\">\n\t\t\t\t\t\t<span  >\n\t\t\t\t\t\t\tsozial\t\t\t\t\t\t<\/span>\n\t\t\t\t\t<\/h2>\n\t\t\t\t\n\t\t\t\t\t\t\t\t\t<p class=\"elementor-icon-box-description\">\n\t\t\t\t\t\tBei allem, was wir tun, steht der Mensch im Mittelpunkt. Wir glauben an Integration, Gemeinschaftssinn und den Wert der Familie als Grundlage der Gesellschaft. Eine wirksame Sozialpolitik ist keine Ausgabe, sondern eine Investition in das Wohlergehen aller.\t\t\t\t\t<\/p>\n\t\t\t\t\n\t\t\t<\/div>\n\t\t\t\n\t\t<\/div>\n\t\t\t\t\t\t<\/div>\n\t\t\t\t<\/div>\n\t\t\t\t\t<\/div>\n\t\t<\/div>\n\t\t\t\t<div class=\"elementor-column elementor-col-33 elementor-inner-column elementor-element elementor-element-81ef124 elementor-invisible\" data-id=\"81ef124\" data-element_type=\"column\" data-e-type=\"column\" data-settings=\"{&quot;background_background&quot;:&quot;classic&quot;,&quot;animation&quot;:&quot;bounceInDown&quot;,&quot;animation_delay&quot;:100}\">\n\t\t\t<div class=\"elementor-widget-wrap elementor-element-populated\">\n\t\t\t\t\t\t<div class=\"elementor-element elementor-element-e05a0a5 elementor-view-stacked elementor-shape-circle elementor-position-block-start elementor-mobile-position-block-start elementor-invisible elementor-widget elementor-widget-icon-box\" data-id=\"e05a0a5\" data-element_type=\"widget\" data-e-type=\"widget\" data-settings=\"{&quot;_animation&quot;:&quot;fadeInDown&quot;}\" data-widget_type=\"icon-box.default\">\n\t\t\t\t<div class=\"elementor-widget-container\">\n\t\t\t\t\t\t\t<div class=\"elementor-icon-box-wrapper\">\n\n\t\t\t\t\t\t<div class=\"elementor-icon-box-icon\">\n\t\t\t\t<span  class=\"elementor-icon elementor-animation-pulse\">\n\t\t\t\t<i aria-hidden=\"true\" class=\"fas fa-spell-check\"><\/i>\t\t\t\t<\/span>\n\t\t\t<\/div>\n\t\t\t\n\t\t\t\t\t\t<div class=\"elementor-icon-box-content\">\n\n\t\t\t\t\t\t\t\t\t<h2 class=\"elementor-icon-box-title\">\n\t\t\t\t\t\t<span  >\n\t\t\t\t\t\t\techte Zweisprachigkeit\t\t\t\t\t\t<\/span>\n\t\t\t\t\t<\/h2>\n\t\t\t\t\n\t\t\t\t\t\t\t\t\t<p class=\"elementor-icon-box-description\">\n\t\t\t\t\t\tWir wollen echte Zweisprachigkeit, mit gemischten Schulklassen und Peer Teaching. Die derzeitige Methode ist nicht ausreichend f\u00fcr diejenigen, die in einem einsprachigen Umfeld aufwachsen. Es werden innovative L\u00f6sungen ben\u00f6tigt, um ein effektives und nat\u00fcrliches Lernen f\u00fcr alle zu gew\u00e4hrleisten.\t\t\t\t\t<\/p>\n\t\t\t\t\n\t\t\t<\/div>\n\t\t\t\n\t\t<\/div>\n\t\t\t\t\t\t<\/div>\n\t\t\t\t<\/div>\n\t\t\t\t\t<\/div>\n\t\t<\/div>\n\t\t\t\t<div class=\"elementor-column elementor-col-33 elementor-inner-column elementor-element elementor-element-497bf66 elementor-invisible\" data-id=\"497bf66\" data-element_type=\"column\" data-e-type=\"column\" data-settings=\"{&quot;background_background&quot;:&quot;classic&quot;,&quot;animation&quot;:&quot;bounceInDown&quot;,&quot;animation_delay&quot;:200}\">\n\t\t\t<div class=\"elementor-widget-wrap elementor-element-populated\">\n\t\t\t\t\t\t<div class=\"elementor-element elementor-element-3a56cc1 elementor-view-stacked elementor-shape-circle elementor-position-block-start elementor-mobile-position-block-start elementor-invisible elementor-widget elementor-widget-icon-box\" data-id=\"3a56cc1\" data-element_type=\"widget\" data-e-type=\"widget\" data-settings=\"{&quot;_animation&quot;:&quot;fadeInDown&quot;}\" data-widget_type=\"icon-box.default\">\n\t\t\t\t<div class=\"elementor-widget-container\">\n\t\t\t\t\t\t\t<div class=\"elementor-icon-box-wrapper\">\n\n\t\t\t\t\t\t<div class=\"elementor-icon-box-icon\">\n\t\t\t\t<a href=\"https:\/\/www.lacivicapermerano.eu\/de\/temi\/#sociale\" class=\"elementor-icon elementor-animation-pulse\" tabindex=\"-1\" aria-label=\"sport\">\n\t\t\t\t<i aria-hidden=\"true\" class=\"fas fa-volleyball-ball\"><\/i>\t\t\t\t<\/a>\n\t\t\t<\/div>\n\t\t\t\n\t\t\t\t\t\t<div class=\"elementor-icon-box-content\">\n\n\t\t\t\t\t\t\t\t\t<h2 class=\"elementor-icon-box-title\">\n\t\t\t\t\t\t<a href=\"https:\/\/www.lacivicapermerano.eu\/de\/temi\/#sociale\" >\n\t\t\t\t\t\t\tsport\t\t\t\t\t\t<\/a>\n\t\t\t\t\t<\/h2>\n\t\t\t\t\n\t\t\t\t\t\t\t\t\t<p class=\"elementor-icon-box-description\">\n\t\t\t\t\t\tSport ist viel mehr als nur k\u00f6rperliche Bet\u00e4tigung: Er ist Geselligkeit, Wachstum und Wohlbefinden. Meran verf\u00fcgt \u00fcber hervorragende Einrichtungen, aber eine Sporthalle ist notwendig, um die derzeitigen Defizite auszugleichen. Der Zugang zum Sport muss f\u00fcr alle einfach sein, ohne Barrieren aufgrund des Alters oder der wirtschaftlichen M\u00f6glichkeiten.\t\t\t\t\t<\/p>\n\t\t\t\t\n\t\t\t<\/div>\n\t\t\t\n\t\t<\/div>\n\t\t\t\t\t\t<\/div>\n\t\t\t\t<\/div>\n\t\t\t\t\t<\/div>\n\t\t<\/div>\n\t\t\t\t\t<\/div>\n\t\t<\/section>\n\t\t\t\t<section class=\"elementor-section elementor-inner-section elementor-element elementor-element-9d3199c elementor-section-boxed elementor-section-height-default elementor-section-height-default\" data-id=\"9d3199c\" data-element_type=\"section\" data-e-type=\"section\">\n\t\t\t\t\t\t<div class=\"elementor-container elementor-column-gap-default\">\n\t\t\t\t\t<div class=\"elementor-column elementor-col-33 elementor-inner-column elementor-element elementor-element-12f4e47 elementor-invisible\" data-id=\"12f4e47\" data-element_type=\"column\" data-e-type=\"column\" data-settings=\"{&quot;background_background&quot;:&quot;classic&quot;,&quot;animation&quot;:&quot;bounceInDown&quot;}\">\n\t\t\t<div class=\"elementor-widget-wrap elementor-element-populated\">\n\t\t\t\t\t\t<div class=\"elementor-element elementor-element-f4bc86a elementor-view-stacked elementor-shape-circle elementor-position-block-start elementor-mobile-position-block-start elementor-invisible elementor-widget elementor-widget-icon-box\" data-id=\"f4bc86a\" data-element_type=\"widget\" data-e-type=\"widget\" data-settings=\"{&quot;_animation&quot;:&quot;fadeInDown&quot;}\" data-widget_type=\"icon-box.default\">\n\t\t\t\t<div class=\"elementor-widget-container\">\n\t\t\t\t\t\t\t<div class=\"elementor-icon-box-wrapper\">\n\n\t\t\t\t\t\t<div class=\"elementor-icon-box-icon\">\n\t\t\t\t<span  class=\"elementor-icon elementor-animation-pulse\">\n\t\t\t\t<i aria-hidden=\"true\" class=\"fas fa-lock\"><\/i>\t\t\t\t<\/span>\n\t\t\t<\/div>\n\t\t\t\n\t\t\t\t\t\t<div class=\"elementor-icon-box-content\">\n\n\t\t\t\t\t\t\t\t\t<h2 class=\"elementor-icon-box-title\">\n\t\t\t\t\t\t<span  >\n\t\t\t\t\t\t\tSicherheit\t\t\t\t\t\t<\/span>\n\t\t\t\t\t<\/h2>\n\t\t\t\t\n\t\t\t\t\t\t\t\t\t<p class=\"elementor-icon-box-description\">\n\t\t\t\t\t\tJeder B\u00fcrger hat das Recht, sich zu Hause, auf den Stra\u00dfen und in den Parks sicher zu f\u00fchlen. Wir wollen ein st\u00e4dtisches Sicherheitssystem, das Pr\u00e4vention, Mediation und, wo n\u00f6tig, entschlossenes Eingreifen kombiniert. Sicherheit ist ein Grundbed\u00fcrfnis und ein Ziel, das nicht warten kann.\t\t\t\t\t<\/p>\n\t\t\t\t\n\t\t\t<\/div>\n\t\t\t\n\t\t<\/div>\n\t\t\t\t\t\t<\/div>\n\t\t\t\t<\/div>\n\t\t\t\t\t<\/div>\n\t\t<\/div>\n\t\t\t\t<div class=\"elementor-column elementor-col-33 elementor-inner-column elementor-element elementor-element-2683fbe elementor-invisible\" data-id=\"2683fbe\" data-element_type=\"column\" data-e-type=\"column\" data-settings=\"{&quot;background_background&quot;:&quot;classic&quot;,&quot;animation&quot;:&quot;bounceInDown&quot;,&quot;animation_delay&quot;:100}\">\n\t\t\t<div class=\"elementor-widget-wrap elementor-element-populated\">\n\t\t\t\t\t\t<div class=\"elementor-element elementor-element-60c2870 elementor-view-stacked elementor-shape-circle elementor-position-block-start elementor-mobile-position-block-start elementor-invisible elementor-widget elementor-widget-icon-box\" data-id=\"60c2870\" data-element_type=\"widget\" data-e-type=\"widget\" data-settings=\"{&quot;_animation&quot;:&quot;fadeInDown&quot;}\" data-widget_type=\"icon-box.default\">\n\t\t\t\t<div class=\"elementor-widget-container\">\n\t\t\t\t\t\t\t<div class=\"elementor-icon-box-wrapper\">\n\n\t\t\t\t\t\t<div class=\"elementor-icon-box-icon\">\n\t\t\t\t<span  class=\"elementor-icon elementor-animation-pulse\">\n\t\t\t\t<i aria-hidden=\"true\" class=\"fab fa-envira\"><\/i>\t\t\t\t<\/span>\n\t\t\t<\/div>\n\t\t\t\n\t\t\t\t\t\t<div class=\"elementor-icon-box-content\">\n\n\t\t\t\t\t\t\t\t\t<h2 class=\"elementor-icon-box-title\">\n\t\t\t\t\t\t<span  >\n\t\t\t\t\t\t\tUmwelt\t\t\t\t\t\t<\/span>\n\t\t\t\t\t<\/h2>\n\t\t\t\t\n\t\t\t\t\t\t\t\t\t<p class=\"elementor-icon-box-description\">\n\t\t\t\t\t\tMeran muss ein Beispiel f\u00fcr Nachhaltigkeit sein. Wir unterst\u00fctzen die Agenda 2030 mit konkreten Ma\u00dfnahmen: verantwortungsvoller Umgang mit Wasser, bessere M\u00fcllsammlung, mehr Gr\u00fcnfl\u00e4chen, erneuerbare Energien und sauberere Luft. Die Umwelt ist kein Luxus, sie ist unsere Zukunft.\t\t\t\t\t<\/p>\n\t\t\t\t\n\t\t\t<\/div>\n\t\t\t\n\t\t<\/div>\n\t\t\t\t\t\t<\/div>\n\t\t\t\t<\/div>\n\t\t\t\t\t<\/div>\n\t\t<\/div>\n\t\t\t\t<div class=\"elementor-column elementor-col-33 elementor-inner-column elementor-element elementor-element-4a446c9 elementor-invisible\" data-id=\"4a446c9\" data-element_type=\"column\" data-e-type=\"column\" data-settings=\"{&quot;background_background&quot;:&quot;classic&quot;,&quot;animation&quot;:&quot;bounceInDown&quot;,&quot;animation_delay&quot;:200}\">\n\t\t\t<div class=\"elementor-widget-wrap elementor-element-populated\">\n\t\t\t\t\t\t<div class=\"elementor-element elementor-element-aa78a29 elementor-view-stacked elementor-shape-circle elementor-position-block-start elementor-mobile-position-block-start elementor-invisible elementor-widget elementor-widget-icon-box\" data-id=\"aa78a29\" data-element_type=\"widget\" data-e-type=\"widget\" data-settings=\"{&quot;_animation&quot;:&quot;fadeInDown&quot;}\" data-widget_type=\"icon-box.default\">\n\t\t\t\t<div class=\"elementor-widget-container\">\n\t\t\t\t\t\t\t<div class=\"elementor-icon-box-wrapper\">\n\n\t\t\t\t\t\t<div class=\"elementor-icon-box-icon\">\n\t\t\t\t<a href=\"https:\/\/www.lacivicapermerano.eu\/de\/temi\/#sociale\" class=\"elementor-icon elementor-animation-pulse\" tabindex=\"-1\" aria-label=\"nachhaltiger Tourismus\">\n\t\t\t\t<i aria-hidden=\"true\" class=\"fas fa-camera\"><\/i>\t\t\t\t<\/a>\n\t\t\t<\/div>\n\t\t\t\n\t\t\t\t\t\t<div class=\"elementor-icon-box-content\">\n\n\t\t\t\t\t\t\t\t\t<h2 class=\"elementor-icon-box-title\">\n\t\t\t\t\t\t<a href=\"https:\/\/www.lacivicapermerano.eu\/de\/temi\/#sociale\" >\n\t\t\t\t\t\t\tnachhaltiger Tourismus\t\t\t\t\t\t<\/a>\n\t\t\t\t\t<\/h2>\n\t\t\t\t\n\t\t\t\t\t\t\t\t\t<p class=\"elementor-icon-box-description\">\n\t\t\t\t\t\tDer Tourismus ist eine Ressource, aber er muss ausgewogen verwaltet werden. Wir wollen Besucher in der Nebensaison anlocken, die \u00dcberbelegung reduzieren und die Nicht-Hotels regulieren. Der Tourismus muss harmonisch mit der Stadt koexistieren, ohne sie zu st\u00f6ren.\t\t\t\t\t<\/p>\n\t\t\t\t\n\t\t\t<\/div>\n\t\t\t\n\t\t<\/div>\n\t\t\t\t\t\t<\/div>\n\t\t\t\t<\/div>\n\t\t\t\t\t<\/div>\n\t\t<\/div>\n\t\t\t\t\t<\/div>\n\t\t<\/section>\n\t\t\t\t<section class=\"elementor-section elementor-inner-section elementor-element elementor-element-9de1c8a elementor-section-boxed elementor-section-height-default elementor-section-height-default\" data-id=\"9de1c8a\" data-element_type=\"section\" data-e-type=\"section\">\n\t\t\t\t\t\t<div class=\"elementor-container elementor-column-gap-default\">\n\t\t\t\t\t<div class=\"elementor-column elementor-col-33 elementor-inner-column elementor-element elementor-element-a58a3d6 elementor-invisible\" data-id=\"a58a3d6\" data-element_type=\"column\" data-e-type=\"column\" data-settings=\"{&quot;background_background&quot;:&quot;classic&quot;,&quot;animation&quot;:&quot;bounceInDown&quot;}\">\n\t\t\t<div class=\"elementor-widget-wrap elementor-element-populated\">\n\t\t\t\t\t\t<div class=\"elementor-element elementor-element-15c99a9 elementor-view-stacked elementor-shape-circle elementor-position-block-start elementor-mobile-position-block-start elementor-invisible elementor-widget elementor-widget-icon-box\" data-id=\"15c99a9\" data-element_type=\"widget\" data-e-type=\"widget\" data-settings=\"{&quot;_animation&quot;:&quot;fadeInDown&quot;}\" data-widget_type=\"icon-box.default\">\n\t\t\t\t<div class=\"elementor-widget-container\">\n\t\t\t\t\t\t\t<div class=\"elementor-icon-box-wrapper\">\n\n\t\t\t\t\t\t<div class=\"elementor-icon-box-icon\">\n\t\t\t\t<span  class=\"elementor-icon elementor-animation-pulse\">\n\t\t\t\t<i aria-hidden=\"true\" class=\"fas fa-bullhorn\"><\/i>\t\t\t\t<\/span>\n\t\t\t<\/div>\n\t\t\t\n\t\t\t\t\t\t<div class=\"elementor-icon-box-content\">\n\n\t\t\t\t\t\t\t\t\t<h2 class=\"elementor-icon-box-title\">\n\t\t\t\t\t\t<span  >\n\t\t\t\t\t\t\tJugendliche\t\t\t\t\t\t<\/span>\n\t\t\t\t\t<\/h2>\n\t\t\t\t\n\t\t\t\t\t\t\t\t\t<p class=\"elementor-icon-box-description\">\n\t\t\t\t\t\tChancen f\u00fcr junge Menschen zu schaffen bedeutet, die Zukunft zu gestalten. Wir brauchen R\u00e4ume, Instrumente und M\u00f6glichkeiten, um Talente, Unabh\u00e4ngigkeit und aktive Beteiligung zu entwickeln. Wer heute in junge Menschen investiert, hat morgen bewusstere B\u00fcrger.\t\t\t\t\t<\/p>\n\t\t\t\t\n\t\t\t<\/div>\n\t\t\t\n\t\t<\/div>\n\t\t\t\t\t\t<\/div>\n\t\t\t\t<\/div>\n\t\t\t\t\t<\/div>\n\t\t<\/div>\n\t\t\t\t<div class=\"elementor-column elementor-col-33 elementor-inner-column elementor-element elementor-element-faa644e elementor-invisible\" data-id=\"faa644e\" data-element_type=\"column\" data-e-type=\"column\" data-settings=\"{&quot;background_background&quot;:&quot;classic&quot;,&quot;animation&quot;:&quot;bounceInDown&quot;,&quot;animation_delay&quot;:100}\">\n\t\t\t<div class=\"elementor-widget-wrap elementor-element-populated\">\n\t\t\t\t\t\t<div class=\"elementor-element elementor-element-35169ad elementor-view-stacked elementor-shape-circle elementor-position-block-start elementor-mobile-position-block-start elementor-invisible elementor-widget elementor-widget-icon-box\" data-id=\"35169ad\" data-element_type=\"widget\" data-e-type=\"widget\" data-settings=\"{&quot;_animation&quot;:&quot;fadeInDown&quot;}\" data-widget_type=\"icon-box.default\">\n\t\t\t\t<div class=\"elementor-widget-container\">\n\t\t\t\t\t\t\t<div class=\"elementor-icon-box-wrapper\">\n\n\t\t\t\t\t\t<div class=\"elementor-icon-box-icon\">\n\t\t\t\t<span  class=\"elementor-icon elementor-animation-pulse\">\n\t\t\t\t<i aria-hidden=\"true\" class=\"far fa-handshake\"><\/i>\t\t\t\t<\/span>\n\t\t\t<\/div>\n\t\t\t\n\t\t\t\t\t\t<div class=\"elementor-icon-box-content\">\n\n\t\t\t\t\t\t\t\t\t<h2 class=\"elementor-icon-box-title\">\n\t\t\t\t\t\t<span  >\n\t\t\t\t\t\t\tSubsidiarit\u00e4t\t\t\t\t\t\t<\/span>\n\t\t\t\t\t<\/h2>\n\t\t\t\t\n\t\t\t\t\t\t\t\t\t<p class=\"elementor-icon-box-description\">\n\t\t\t\t\t\tEine starke Gemeinschaft beruht auf Solidarit\u00e4t. Wir wollen eine Verwaltung, die ehrenamtliche Arbeit, Vereine und Zusammenarbeit wertsch\u00e4tzt. Subsidiarit\u00e4t ist nicht nur ein Prinzip, sondern ein Motor des gesellschaftlichen Zusammenhalts gegen den wachsenden Individualismus.\t\t\t\t\t<\/p>\n\t\t\t\t\n\t\t\t<\/div>\n\t\t\t\n\t\t<\/div>\n\t\t\t\t\t\t<\/div>\n\t\t\t\t<\/div>\n\t\t\t\t\t<\/div>\n\t\t<\/div>\n\t\t\t\t<div class=\"elementor-column elementor-col-33 elementor-inner-column elementor-element elementor-element-bd4e0eb elementor-invisible\" data-id=\"bd4e0eb\" data-element_type=\"column\" data-e-type=\"column\" data-settings=\"{&quot;background_background&quot;:&quot;classic&quot;,&quot;animation&quot;:&quot;bounceInDown&quot;,&quot;animation_delay&quot;:200}\">\n\t\t\t<div class=\"elementor-widget-wrap elementor-element-populated\">\n\t\t\t\t\t\t<div class=\"elementor-element elementor-element-eda20f3 elementor-view-stacked elementor-shape-circle elementor-position-block-start elementor-mobile-position-block-start elementor-invisible elementor-widget elementor-widget-icon-box\" data-id=\"eda20f3\" data-element_type=\"widget\" data-e-type=\"widget\" data-settings=\"{&quot;_animation&quot;:&quot;fadeInDown&quot;}\" data-widget_type=\"icon-box.default\">\n\t\t\t\t<div class=\"elementor-widget-container\">\n\t\t\t\t\t\t\t<div class=\"elementor-icon-box-wrapper\">\n\n\t\t\t\t\t\t<div class=\"elementor-icon-box-icon\">\n\t\t\t\t<a href=\"https:\/\/www.lacivicapermerano.eu\/de\/temi\/#sociale\" class=\"elementor-icon elementor-animation-pulse\" tabindex=\"-1\" aria-label=\"wohnen\">\n\t\t\t\t<i aria-hidden=\"true\" class=\"fas fa-home\"><\/i>\t\t\t\t<\/a>\n\t\t\t<\/div>\n\t\t\t\n\t\t\t\t\t\t<div class=\"elementor-icon-box-content\">\n\n\t\t\t\t\t\t\t\t\t<h2 class=\"elementor-icon-box-title\">\n\t\t\t\t\t\t<a href=\"https:\/\/www.lacivicapermerano.eu\/de\/temi\/#sociale\" >\n\t\t\t\t\t\t\twohnen\t\t\t\t\t\t<\/a>\n\t\t\t\t\t<\/h2>\n\t\t\t\t\n\t\t\t\t\t\t\t\t\t<p class=\"elementor-icon-box-description\">\n\t\t\t\t\t\tMeran muss eine Stadt sein, in der Wohnen f\u00fcr alle m\u00f6glich ist. Wir brauchen mehr Sozialwohnungen, gef\u00f6rderte Wohnungen und Wohnungen f\u00fcr die Mittelschicht. Steigende Preise erschweren die Wohnungssuche: Wir wollen konkrete L\u00f6sungen f\u00fcr ein Grundrecht wie Wohnen.\t\t\t\t\t<\/p>\n\t\t\t\t\n\t\t\t<\/div>\n\t\t\t\n\t\t<\/div>\n\t\t\t\t\t\t<\/div>\n\t\t\t\t<\/div>\n\t\t\t\t\t<\/div>\n\t\t<\/div>\n\t\t\t\t\t<\/div>\n\t\t<\/section>\n\t\t\t\t\t<\/div>\n\t\t<\/div>\n\t\t\t\t\t<\/div>\n\t\t<\/section>\n\t\t\t\t<section class=\"elementor-section elementor-top-section elementor-element elementor-element-9ff9d50 elementor-section-stretched elementor-section-height-min-height elementor-section-boxed elementor-section-height-default elementor-section-items-middle\" data-id=\"9ff9d50\" data-element_type=\"section\" data-e-type=\"section\" data-settings=\"{&quot;stretch_section&quot;:&quot;section-stretched&quot;,&quot;background_background&quot;:&quot;classic&quot;}\">\n\t\t\t\t\t\t\t<div class=\"elementor-background-overlay\"><\/div>\n\t\t\t\t\t\t\t<div class=\"elementor-container elementor-column-gap-default\">\n\t\t\t\t\t<div class=\"elementor-column elementor-col-100 elementor-top-column elementor-element elementor-element-df2dab3\" data-id=\"df2dab3\" data-element_type=\"column\" data-e-type=\"column\">\n\t\t\t<div class=\"elementor-widget-wrap elementor-element-populated\">\n\t\t\t\t\t\t<div class=\"elementor-element elementor-element-b8bb526 elementor-widget elementor-widget-heading\" data-id=\"b8bb526\" data-element_type=\"widget\" data-e-type=\"widget\" data-widget_type=\"heading.default\">\n\t\t\t\t<div class=\"elementor-widget-container\">\n\t\t\t\t\t<h1 class=\"elementor-heading-title elementor-size-default\">Protagonist werden<\/h1>\t\t\t\t<\/div>\n\t\t\t\t<\/div>\n\t\t\t\t<div class=\"elementor-element elementor-element-3331d80 elementor-align-center elementor-widget elementor-widget-button\" data-id=\"3331d80\" data-element_type=\"widget\" data-e-type=\"widget\" data-widget_type=\"button.default\">\n\t\t\t\t<div class=\"elementor-widget-container\">\n\t\t\t\t\t\t\t\t\t<div class=\"elementor-button-wrapper\">\n\t\t\t\t\t<a class=\"elementor-button elementor-button-link elementor-size-xl\" href=\"https:\/\/www.lacivicapermerano.eu\/de\/protagonista\/\">\n\t\t\t\t\t\t<span class=\"elementor-button-content-wrapper\">\n\t\t\t\t\t\t\t\t\t<span class=\"elementor-button-text\">Kontakt aufnehmen<\/span>\n\t\t\t\t\t<\/span>\n\t\t\t\t\t<\/a>\n\t\t\t\t<\/div>\n\t\t\t\t\t\t\t\t<\/div>\n\t\t\t\t<\/div>\n\t\t\t\t<section class=\"elementor-section elementor-inner-section elementor-element elementor-element-756e21f elementor-section-boxed elementor-section-height-default elementor-section-height-default\" data-id=\"756e21f\" data-element_type=\"section\" data-e-type=\"section\">\n\t\t\t\t\t\t<div class=\"elementor-container elementor-column-gap-default\">\n\t\t\t\t\t<div class=\"elementor-column elementor-col-50 elementor-inner-column elementor-element elementor-element-fff84df\" data-id=\"fff84df\" data-element_type=\"column\" data-e-type=\"column\">\n\t\t\t<div class=\"elementor-widget-wrap elementor-element-populated\">\n\t\t\t\t\t\t<div class=\"elementor-element elementor-element-6dea271 elementor-view-default elementor-widget elementor-widget-icon\" data-id=\"6dea271\" data-element_type=\"widget\" data-e-type=\"widget\" data-widget_type=\"icon.default\">\n\t\t\t\t<div class=\"elementor-widget-container\">\n\t\t\t\t\t\t\t<div class=\"elementor-icon-wrapper\">\n\t\t\t<a class=\"elementor-icon\" href=\"https:\/\/it-it.facebook.com\/LaCivicaMerano\/\">\n\t\t\t<i aria-hidden=\"true\" class=\"fab fa-facebook\"><\/i>\t\t\t<\/a>\n\t\t<\/div>\n\t\t\t\t\t\t<\/div>\n\t\t\t\t<\/div>\n\t\t\t\t\t<\/div>\n\t\t<\/div>\n\t\t\t\t<div class=\"elementor-column elementor-col-50 elementor-inner-column elementor-element elementor-element-7003e24\" data-id=\"7003e24\" data-element_type=\"column\" data-e-type=\"column\">\n\t\t\t<div class=\"elementor-widget-wrap elementor-element-populated\">\n\t\t\t\t\t\t<div class=\"elementor-element elementor-element-3204a7c elementor-view-default elementor-widget elementor-widget-icon\" data-id=\"3204a7c\" data-element_type=\"widget\" data-e-type=\"widget\" data-widget_type=\"icon.default\">\n\t\t\t\t<div class=\"elementor-widget-container\">\n\t\t\t\t\t\t\t<div class=\"elementor-icon-wrapper\">\n\t\t\t<a class=\"elementor-icon\" href=\"https:\/\/www.instagram.com\/lacivicapermerano\">\n\t\t\t<svg xmlns=\"http:\/\/www.w3.org\/2000\/svg\" height=\"511pt\" viewbox=\"0 0 511 511.9\" width=\"511pt\"><path d=\"m510.949219 150.5c-1.199219-27.199219-5.597657-45.898438-11.898438-62.101562-6.5-17.199219-16.5-32.597657-29.601562-45.398438-12.800781-13-28.300781-23.101562-45.300781-29.5-16.296876-6.300781-34.898438-10.699219-62.097657-11.898438-27.402343-1.300781-36.101562-1.601562-105.601562-1.601562s-78.199219.300781-105.5 1.5c-27.199219 1.199219-45.898438 5.601562-62.097657 11.898438-17.203124 6.5-32.601562 16.5-45.402343 29.601562-13 12.800781-23.097657 28.300781-29.5 45.300781-6.300781 16.300781-10.699219 34.898438-11.898438 62.097657-1.300781 27.402343-1.601562 36.101562-1.601562 105.601562s.300781 78.199219 1.5 105.5c1.199219 27.199219 5.601562 45.898438 11.902343 62.101562 6.5 17.199219 16.597657 32.597657 29.597657 45.398438 12.800781 13 28.300781 23.101562 45.300781 29.5 16.300781 6.300781 34.898438 10.699219 62.101562 11.898438 27.296876 1.203124 36 1.5 105.5 1.5s78.199219-.296876 105.5-1.5c27.199219-1.199219 45.898438-5.597657 62.097657-11.898438 34.402343-13.300781 61.601562-40.5 74.902343-74.898438 6.296876-16.300781 10.699219-34.902343 11.898438-62.101562 1.199219-27.300781 1.5-36 1.5-105.5s-.101562-78.199219-1.300781-105.5zm-46.097657 209c-1.101562 25-5.300781 38.5-8.800781 47.5-8.601562 22.300781-26.300781 40-48.601562 48.601562-9 3.5-22.597657 7.699219-47.5 8.796876-27 1.203124-35.097657 1.5-103.398438 1.5s-76.5-.296876-103.402343-1.5c-25-1.097657-38.5-5.296876-47.5-8.796876-11.097657-4.101562-21.199219-10.601562-29.398438-19.101562-8.5-8.300781-15-18.300781-19.101562-29.398438-3.5-9-7.699219-22.601562-8.796876-47.5-1.203124-27-1.5-35.101562-1.5-103.402343s.296876-76.5 1.5-103.398438c1.097657-25 5.296876-38.5 8.796876-47.5 4.101562-11.101562 10.601562-21.199219 19.203124-29.402343 8.296876-8.5 18.296876-15 29.398438-19.097657 9-3.5 22.601562-7.699219 47.5-8.800781 27-1.199219 35.101562-1.5 103.398438-1.5 68.402343 0 76.5.300781 103.402343 1.5 25 1.101562 38.5 5.300781 47.5 8.800781 11.097657 4.097657 21.199219 10.597657 29.398438 19.097657 8.5 8.300781 15 18.300781 19.101562 29.402343 3.5 9 7.699219 22.597657 8.800781 47.5 1.199219 27 1.5 35.097657 1.5 103.398438s-.300781 76.300781-1.5 103.300781zm0 0\"><\/path><path d=\"m256.449219 124.5c-72.597657 0-131.5 58.898438-131.5 131.5s58.902343 131.5 131.5 131.5c72.601562 0 131.5-58.898438 131.5-131.5s-58.898438-131.5-131.5-131.5zm0 216.800781c-47.097657 0-85.300781-38.199219-85.300781-85.300781s38.203124-85.300781 85.300781-85.300781c47.101562 0 85.300781 38.199219 85.300781 85.300781s-38.199219 85.300781-85.300781 85.300781zm0 0\"><\/path><path d=\"m423.851562 119.300781c0 16.953125-13.746093 30.699219-30.703124 30.699219-16.953126 0-30.699219-13.746094-30.699219-30.699219 0-16.957031 13.746093-30.699219 30.699219-30.699219 16.957031 0 30.703124 13.742188 30.703124 30.699219zm0 0\"><\/path><\/svg>\t\t\t<\/a>\n\t\t<\/div>\n\t\t\t\t\t\t<\/div>\n\t\t\t\t<\/div>\n\t\t\t\t\t<\/div>\n\t\t<\/div>\n\t\t\t\t\t<\/div>\n\t\t<\/section>\n\t\t\t\t\t<\/div>\n\t\t<\/div>\n\t\t\t\t\t<\/div>\n\t\t<\/section>\n\t\t\t\t<section class=\"elementor-section elementor-top-section elementor-element elementor-element-9c5411b elementor-section-boxed elementor-section-height-default elementor-section-height-default\" data-id=\"9c5411b\" data-element_type=\"section\" data-e-type=\"section\" data-settings=\"{&quot;background_background&quot;:&quot;classic&quot;}\">\n\t\t\t\t\t\t<div class=\"elementor-container elementor-column-gap-default\">\n\t\t\t\t\t<div class=\"elementor-column elementor-col-100 elementor-top-column elementor-element elementor-element-1eb1624\" data-id=\"1eb1624\" data-element_type=\"column\" data-e-type=\"column\">\n\t\t\t<div class=\"elementor-widget-wrap elementor-element-populated\">\n\t\t\t\t\t\t<div class=\"elementor-element elementor-element-9e42623 elementor-widget elementor-widget-spacer\" data-id=\"9e42623\" data-element_type=\"widget\" data-e-type=\"widget\" data-widget_type=\"spacer.default\">\n\t\t\t\t<div class=\"elementor-widget-container\">\n\t\t\t\t\t\t\t<div class=\"elementor-spacer\">\n\t\t\t<div class=\"elementor-spacer-inner\"><\/div>\n\t\t<\/div>\n\t\t\t\t\t\t<\/div>\n\t\t\t\t<\/div>\n\t\t\t\t<div class=\"elementor-element elementor-element-5da76e4 elementor-widget elementor-widget-heading\" data-id=\"5da76e4\" data-element_type=\"widget\" data-e-type=\"widget\" data-widget_type=\"heading.default\">\n\t\t\t\t<div class=\"elementor-widget-container\">\n\t\t\t\t\t<p class=\"elementor-heading-title elementor-size-large\">Unsere Geschichte<\/p>\t\t\t\t<\/div>\n\t\t\t\t<\/div>\n\t\t\t\t<div class=\"elementor-element elementor-element-9ea04b9 elementor-widget elementor-widget-text-editor\" data-id=\"9ea04b9\" data-element_type=\"widget\" data-e-type=\"widget\" data-widget_type=\"text-editor.default\">\n\t\t\t\t<div class=\"elementor-widget-container\">\n\t\t\t\t\t\t\t\t\t<p>Die \u201eCivica per Merano\u201c wurde im Februar 2010, wenige Monate vor den Kommunalwahlen, als Zentrum f\u00fcr die Zusammenf\u00fchrung der bereits im Zentrum t\u00e4tigen politischen Kr\u00e4fte und einiger aus den Reihen der PD ausgetretener Ratsmitglieder gegr\u00fcndet, die an dieses Projekt glaubten und ihre Erfahrungen und Werte zur Verf\u00fcgung stellten. Seitdem bis heute ist die \u201eCivica Per Merano\u201c zweifellos repr\u00e4sentativ f\u00fcr einen gro\u00dfen Teil der Bev\u00f6lkerung von Meran geworden, aus der sie auch w\u00e4hrend der beiden Wahlg\u00e4nge des letzten Jahrzehnts legitimiert wurde und deren Vertreter im Konsens ausgezeichnete Ergebnisse erzielt haben. Heute sind wir eine offene und geschlossene Gruppe, die in den letzten Jahren in der Opposition noch st\u00e4rker geworden ist. Dies ist sicherlich eine herausfordernde Erfahrung f\u00fcr diejenigen von uns, die sich mit Leidenschaft und Hingabe der Politik verschrieben haben, zu tun und nicht zuzusehen, aber gleichzeitig eine bereichernde Erfahrung.<br \/>Unsere stets positive und proaktive Einstellung und unsere Werte haben unser Team kompakter und aufgeladener gemacht als je zuvor. Wir haben unsere Gr\u00fcndungsprinzipien beibehalten k\u00f6nnen. F\u00fcr uns sind Solidarit\u00e4t, Subsidiarit\u00e4t, Freiwilligenarbeit, Kooperation und Assoziation keine leeren Worte, sondern Referenzwerte. Wir sind Teil eines riesigen Gebiets, das einen starken Sinn f\u00fcr Institutionen hat, das die Autonomie und den Wert des Zusammenlebens verteidigt und \u00fcberzeugend entwickelt, das den Staat zutiefst respektiert und das es f\u00fcr absolut koh\u00e4rent und nat\u00fcrlich h\u00e4lt, S\u00fcdtirol, S\u00fcdtirol, Italien und Europa gleichzeitig und mit derselben Kraft zu lieben.<br \/>Eine Gruppe, die dem Gebiet, in dem sie lebt, sehr aufmerksam gegen\u00fcbersteht und die ihre Heimat kennt und zutiefst liebt. Eine Gruppe, die, sensibel f\u00fcr neue Anforderungen, neue B\u00fcrger, neue soziale Szenarien und Unterschiede, einen weitsichtigen Blick auf die Welt wirft. In diesem Sinne ist die Civica wirklich die \"Partei der Meranesi\", aber im Allgemeinen glauben wir, dass wir zu denjenigen geh\u00f6ren, die an die Chancen dieses sch\u00f6nen Landes glauben und sich gemeinsam f\u00fcr sein Wachstum einsetzen wollen. Wir sind eine Kraft, die Ideale mit Konkretheit verbindet, die sich ehrgeizige, aber m\u00f6gliche Ziele setzt und diese dann ohne Pause, auch in Zeiten der Wirtschaftskrise, nacheinander realisiert. Ohne Parolen zu rufen, ohne nutzlose Polemik, ohne Vaniloquismus.<\/p>\t\t\t\t\t\t\t\t<\/div>\n\t\t\t\t<\/div>\n\t\t\t\t<div class=\"elementor-element elementor-element-27a8f84 elementor-widget elementor-widget-spacer\" data-id=\"27a8f84\" data-element_type=\"widget\" data-e-type=\"widget\" data-widget_type=\"spacer.default\">\n\t\t\t\t<div class=\"elementor-widget-container\">\n\t\t\t\t\t\t\t<div class=\"elementor-spacer\">\n\t\t\t<div class=\"elementor-spacer-inner\"><\/div>\n\t\t<\/div>\n\t\t\t\t\t\t<\/div>\n\t\t\t\t<\/div>\n\t\t\t\t\t<\/div>\n\t\t<\/div>\n\t\t\t\t\t<\/div>\n\t\t<\/section>\n\t\t<div class=\"elementor-element elementor-element-79d4e92 e-flex e-con-boxed e-con e-parent\" data-id=\"79d4e92\" data-element_type=\"container\" data-e-type=\"container\">\n\t\t\t\t\t<div class=\"e-con-inner\">\n\t\t\t\t<div class=\"elementor-element elementor-element-4342dc7 elementor-widget elementor-widget-shortcode\" data-id=\"4342dc7\" data-element_type=\"widget\" data-e-type=\"widget\" data-widget_type=\"shortcode.default\">\n\t\t\t\t<div class=\"elementor-widget-container\">\n\t\t\t\t\t\t\t<div class=\"elementor-shortcode\">\t\t<div id=\"instagram-gallery-feed-0\" class=\"instagram-gallery-feed\" data-feed=\"{&quot;id&quot;:0,&quot;account_id&quot;:&quot;8493833227382907&quot;,&quot;source&quot;:&quot;username&quot;,&quot;tag&quot;:&quot;wordpress&quot;,&quot;order_by&quot;:&quot;top_media&quot;,&quot;layout&quot;:&quot;carousel&quot;,&quot;limit&quot;:15,&quot;columns&quot;:3,&quot;spacing&quot;:10,&quot;lazy&quot;:false,&quot;responsive&quot;:{&quot;desktop&quot;:{&quot;columns&quot;:3,&quot;spacing&quot;:10},&quot;tablet&quot;:{&quot;columns&quot;:2,&quot;spacing&quot;:8},&quot;mobile&quot;:{&quot;columns&quot;:1,&quot;spacing&quot;:6},&quot;breakpoints&quot;:{&quot;tablet&quot;:768,&quot;mobile&quot;:480}},&quot;aspect_ratio&quot;:{&quot;width&quot;:1,&quot;height&quot;:1},&quot;highlight&quot;:{&quot;tag&quot;:&quot;&quot;,&quot;id&quot;:&quot;&quot;,&quot;position&quot;:&quot;1,3,5&quot;},&quot;reel&quot;:{&quot;hide&quot;:false},&quot;copyright&quot;:{&quot;hide&quot;:false,&quot;placeholder&quot;:&quot;&quot;},&quot;profile&quot;:{&quot;display&quot;:false,&quot;username&quot;:&quot;&quot;,&quot;nickname&quot;:&quot;&quot;,&quot;website&quot;:&quot;&quot;,&quot;biography&quot;:&quot;&quot;,&quot;link_text&quot;:&quot;Follow&quot;,&quot;website_text&quot;:&quot;Website&quot;,&quot;avatar&quot;:&quot;&quot;},&quot;box&quot;:{&quot;display&quot;:false,&quot;padding&quot;:1,&quot;radius&quot;:0,&quot;background&quot;:&quot;#fefefe&quot;,&quot;profile&quot;:false,&quot;desc&quot;:&quot;&quot;,&quot;text_color&quot;:&quot;#000000&quot;},&quot;mask&quot;:{&quot;display&quot;:true,&quot;background&quot;:&quot;#87b53c8c&quot;,&quot;icon_color&quot;:&quot;#ffffff&quot;,&quot;likes_count&quot;:true,&quot;comments_count&quot;:true},&quot;card&quot;:{&quot;display&quot;:false,&quot;radius&quot;:1,&quot;font_size&quot;:12,&quot;background&quot;:&quot;#ffffff&quot;,&quot;background_hover&quot;:&quot;&quot;,&quot;text_color&quot;:&quot;#000000&quot;,&quot;padding&quot;:5,&quot;likes_count&quot;:true,&quot;text_length&quot;:10,&quot;comments_count&quot;:true,&quot;text_align&quot;:&quot;left&quot;},&quot;carousel&quot;:{&quot;centered_slides&quot;:false,&quot;autoplay&quot;:false,&quot;autoplay_interval&quot;:3000,&quot;navarrows&quot;:true,&quot;navarrows_color&quot;:&quot;&quot;,&quot;pagination&quot;:true,&quot;pagination_color&quot;:&quot;&quot;},&quot;modal&quot;:{&quot;display&quot;:true,&quot;profile&quot;:true,&quot;media_description&quot;:true,&quot;likes_count&quot;:true,&quot;comments_count&quot;:true,&quot;comments_list&quot;:false,&quot;text_align&quot;:&quot;left&quot;,&quot;modal_align&quot;:&quot;right&quot;,&quot;text_length&quot;:10000,&quot;font_size&quot;:12},&quot;button&quot;:{&quot;display&quot;:true,&quot;text&quot;:&quot;vedi su instagram&quot;,&quot;text_color&quot;:&quot;#ffff&quot;,&quot;background&quot;:&quot;#87b53b&quot;,&quot;background_hover&quot;:&quot;&quot;},&quot;button_load&quot;:{&quot;display&quot;:false,&quot;text&quot;:&quot;Load more...&quot;,&quot;text_color&quot;:&quot;#ffff&quot;,&quot;background&quot;:&quot;&quot;,&quot;background_hover&quot;:&quot;&quot;}}\">\n\t\t<!-- <FeedContainer\/> -->\n\t\t<\/div>\n\t\t<\/div>\n\t\t\t\t\t\t<\/div>\n\t\t\t\t<\/div>\n\t\t\t\t\t<\/div>\n\t\t\t\t<\/div>\n\t\t\t\t<\/div>","protected":false},"excerpt":{"rendered":"<p>la civica per merano ci presentiamo Siamo un movimento democratico e popolare, nato nel 2010 e cresciuto all\u2019interno della societ\u00e0 civile di [&hellip;]<\/p>\n","protected":false},"author":1,"featured_media":0,"parent":0,"menu_order":0,"comment_status":"closed","ping_status":"closed","template":"page-templates\/page_front-page.php","meta":{"footnotes":""},"class_list":["post-13","page","type-page","status-publish","hentry"],"_links":{"self":[{"href":"https:\/\/www.lacivicapermerano.eu\/de\/wp-json\/wp\/v2\/pages\/13","targetHints":{"allow":["GET"]}}],"collection":[{"href":"https:\/\/www.lacivicapermerano.eu\/de\/wp-json\/wp\/v2\/pages"}],"about":[{"href":"https:\/\/www.lacivicapermerano.eu\/de\/wp-json\/wp\/v2\/types\/page"}],"author":[{"embeddable":true,"href":"https:\/\/www.lacivicapermerano.eu\/de\/wp-json\/wp\/v2\/users\/1"}],"replies":[{"embeddable":true,"href":"https:\/\/www.lacivicapermerano.eu\/de\/wp-json\/wp\/v2\/comments?post=13"}],"version-history":[{"count":279,"href":"https:\/\/www.lacivicapermerano.eu\/de\/wp-json\/wp\/v2\/pages\/13\/revisions"}],"predecessor-version":[{"id":2451,"href":"https:\/\/www.lacivicapermerano.eu\/de\/wp-json\/wp\/v2\/pages\/13\/revisions\/2451"}],"wp:attachment":[{"href":"https:\/\/www.lacivicapermerano.eu\/de\/wp-json\/wp\/v2\/media?parent=13"}],"curies":[{"name":"wp","href":"https:\/\/api.w.org\/{rel}","templated":true}]}}